{"id":963,"date":"2024-08-01T15:23:51","date_gmt":"2024-08-01T14:23:51","guid":{"rendered":"https:\/\/solaire-avantages.com\/?page_id=963"},"modified":"2024-08-01T15:44:47","modified_gmt":"2024-08-01T14:44:47","slug":"recrutement","status":"publish","type":"page","link":"https:\/\/solaire-avantages.com\/?page_id=963","title":{"rendered":"RECRUTEMENT"},"content":{"rendered":" <\\\/p>\\n<p>Nous vous contacterons \\u00e0 notre reprise fin Ao\\u00fbt.<\\\/p>\\n<p><!-- \\\/wp:paragraph --> <\\\/p>\\n<p>Bel \\u00e9t\\u00e9 (ensoleill\\u00e9)!<\\\/p>\\n<p><!-- \\\/wp:paragraph --><\\\/p>\u00ab\u00a0}},{\u00ab\u00a0type\u00a0\u00bb:\u00a0\u00bbimage\u00a0\u00bb,\u00a0\u00bbprops\u00a0\u00bb:{\u00ab\u00a0margin\u00a0\u00bb:\u00a0\u00bblarge\u00a0\u00bb,\u00a0\u00bbimage_svg_color\u00a0\u00bb:\u00a0\u00bbemphasis\u00a0\u00bb,\u00a0\u00bbimage\u00a0\u00bb:\u00a0\u00bbwp-content\\\/uploads\\\/2024\\\/08\\\/Recrutement-techniciens-2.jpg\u00a0\u00bb,\u00a0\u00bbmaxwidth\u00a0\u00bb:\u00a0\u00bblarge\u00a0\u00bb,\u00a0\u00bbblock_align\u00a0\u00bb:\u00a0\u00bbcenter\u00a0\u00bb}},{\u00ab\u00a0type\u00a0\u00bb:\u00a0\u00bbgallery\u00a0\u00bb,\u00a0\u00bbprops\u00a0\u00bb:{\u00ab\u00a0show_title\u00a0\u00bb:true,\u00a0\u00bbshow_meta\u00a0\u00bb:true,\u00a0\u00bbshow_content\u00a0\u00bb:true,\u00a0\u00bbshow_link\u00a0\u00bb:true,\u00a0\u00bbshow_hover_image\u00a0\u00bb:true,\u00a0\u00bbgrid_default\u00a0\u00bb:\u00a0\u00bb1&Prime;,\u00a0\u00bbgrid_medium\u00a0\u00bb:\u00a0\u00bb3&Prime;,\u00a0\u00bbfilter_style\u00a0\u00bb:\u00a0\u00bbtab\u00a0\u00bb,\u00a0\u00bbfilter_all\u00a0\u00bb:true,\u00a0\u00bbfilter_position\u00a0\u00bb:\u00a0\u00bbtop\u00a0\u00bb,\u00a0\u00bbfilter_align\u00a0\u00bb:\u00a0\u00bbleft\u00a0\u00bb,\u00a0\u00bbfilter_grid_width\u00a0\u00bb:\u00a0\u00bbauto\u00a0\u00bb,\u00a0\u00bbfilter_grid_breakpoint\u00a0\u00bb:\u00a0\u00bbm\u00a0\u00bb,\u00a0\u00bboverlay_mode\u00a0\u00bb:\u00a0\u00bbcover\u00a0\u00bb,\u00a0\u00bboverlay_hover\u00a0\u00bb:true,\u00a0\u00bboverlay_style\u00a0\u00bb:\u00a0\u00bboverlay-primary\u00a0\u00bb,\u00a0\u00bbtext_color\u00a0\u00bb:\u00a0\u00bblight\u00a0\u00bb,\u00a0\u00bboverlay_position\u00a0\u00bb:\u00a0\u00bbcenter\u00a0\u00bb,\u00a0\u00bboverlay_transition\u00a0\u00bb:\u00a0\u00bbfade\u00a0\u00bb,\u00a0\u00bbtitle_hover_style\u00a0\u00bb:\u00a0\u00bbreset\u00a0\u00bb,\u00a0\u00bbtitle_element\u00a0\u00bb:\u00a0\u00bbh3&Prime;,\u00a0\u00bbmeta_style\u00a0\u00bb:\u00a0\u00bbmeta\u00a0\u00bb,\u00a0\u00bbmeta_align\u00a0\u00bb:\u00a0\u00bbbelow-title\u00a0\u00bb,\u00a0\u00bbmeta_element\u00a0\u00bb:\u00a0\u00bbdiv\u00a0\u00bb,\u00a0\u00bblink_text\u00a0\u00bb:\u00a0\u00bbRead more\u00a0\u00bb,\u00a0\u00bblink_style\u00a0\u00bb:\u00a0\u00bbdefault\u00a0\u00bb,\u00a0\u00bbtext_align\u00a0\u00bb:\u00a0\u00bbcenter\u00a0\u00bb,\u00a0\u00bbmargin\u00a0\u00bb:\u00a0\u00bbdefault\u00a0\u00bb,\u00a0\u00bbitem_animation\u00a0\u00bb:\u00a0\u00bb\u00a0\u00bb},\u00a0\u00bbchildren\u00a0\u00bb:[{\u00ab\u00a0type\u00a0\u00bb:\u00a0\u00bbgallery_item\u00a0\u00bb,\u00a0\u00bbprops\u00a0\u00bb:{\u00ab\u00a0image\u00a0\u00bb:\u00a0\u00bbwp-content\\\/uploads\\\/2024\\\/03\\\/ipiccy_image-3.jpg\u00a0\u00bb}},{\u00ab\u00a0type\u00a0\u00bb:\u00a0\u00bbgallery_item\u00a0\u00bb,\u00a0\u00bbprops\u00a0\u00bb:{\u00ab\u00a0image\u00a0\u00bb:\u00a0\u00bbwp-content\\\/uploads\\\/2024\\\/08\\\/Brest.jpg\u00a0\u00bb}},{\u00ab\u00a0type\u00a0\u00bb:\u00a0\u00bbgallery_item\u00a0\u00bb,\u00a0\u00bbprops\u00a0\u00bb:{\u00ab\u00a0image\u00a0\u00bb:\u00a0\u00bbwp-content\\\/uploads\\\/2024\\\/06\\\/ipiccy_image2-1.jpg\u00a0\u00bb}}]}]}]}]}],\u00a0\u00bbversion\u00a0\u00bb:\u00a0\u00bb2.3.25&Prime;} &#8211;><\\\/p>\\n<p><strong>Merci de nous envoyer un CV \\u00e0 solaire-avantages@orange.fr<\\\/strong><\\\/p>\\n<p><!-- \\\/wp:paragraph --> <\\\/p>\\n<p>Nous vous contacterons \\u00e0 notre reprise fin Ao\\u00fbt.<\\\/p>\\n<p><!-- \\\/wp:paragraph --> <\\\/p>\\n<p>Bel \\u00e9t\\u00e9 (ensoleill\\u00e9)!<\\\/p>\\n<p><!-- \\\/wp:paragraph --><\\\/p>\u00ab\u00a0}},{\u00ab\u00a0type\u00a0\u00bb:\u00a0\u00bbimage\u00a0\u00bb,\u00a0\u00bbprops\u00a0\u00bb:{\u00ab\u00a0margin\u00a0\u00bb:\u00a0\u00bblarge\u00a0\u00bb,\u00a0\u00bbimage_svg_color\u00a0\u00bb:\u00a0\u00bbemphasis\u00a0\u00bb,\u00a0\u00bbimage\u00a0\u00bb:\u00a0\u00bbwp-content\\\/uploads\\\/2024\\\/08\\\/Recrutement-techniciens-2.jpg\u00a0\u00bb,\u00a0\u00bbmaxwidth\u00a0\u00bb:\u00a0\u00bblarge\u00a0\u00bb,\u00a0\u00bbblock_align\u00a0\u00bb:\u00a0\u00bbcenter\u00a0\u00bb}},{\u00ab\u00a0type\u00a0\u00bb:\u00a0\u00bbgallery\u00a0\u00bb,\u00a0\u00bbprops\u00a0\u00bb:{\u00ab\u00a0show_title\u00a0\u00bb:true,\u00a0\u00bbshow_meta\u00a0\u00bb:true,\u00a0\u00bbshow_content\u00a0\u00bb:true,\u00a0\u00bbshow_link\u00a0\u00bb:true,\u00a0\u00bbshow_hover_image\u00a0\u00bb:true,\u00a0\u00bbgrid_default\u00a0\u00bb:\u00a0\u00bb1&Prime;,\u00a0\u00bbgrid_medium\u00a0\u00bb:\u00a0\u00bb3&Prime;,\u00a0\u00bbfilter_style\u00a0\u00bb:\u00a0\u00bbtab\u00a0\u00bb,\u00a0\u00bbfilter_all\u00a0\u00bb:true,\u00a0\u00bbfilter_position\u00a0\u00bb:\u00a0\u00bbtop\u00a0\u00bb,\u00a0\u00bbfilter_align\u00a0\u00bb:\u00a0\u00bbleft\u00a0\u00bb,\u00a0\u00bbfilter_grid_width\u00a0\u00bb:\u00a0\u00bbauto\u00a0\u00bb,\u00a0\u00bbfilter_grid_breakpoint\u00a0\u00bb:\u00a0\u00bbm\u00a0\u00bb,\u00a0\u00bboverlay_mode\u00a0\u00bb:\u00a0\u00bbcover\u00a0\u00bb,\u00a0\u00bboverlay_hover\u00a0\u00bb:true,\u00a0\u00bboverlay_style\u00a0\u00bb:\u00a0\u00bboverlay-primary\u00a0\u00bb,\u00a0\u00bbtext_color\u00a0\u00bb:\u00a0\u00bblight\u00a0\u00bb,\u00a0\u00bboverlay_position\u00a0\u00bb:\u00a0\u00bbcenter\u00a0\u00bb,\u00a0\u00bboverlay_transition\u00a0\u00bb:\u00a0\u00bbfade\u00a0\u00bb,\u00a0\u00bbtitle_hover_style\u00a0\u00bb:\u00a0\u00bbreset\u00a0\u00bb,\u00a0\u00bbtitle_element\u00a0\u00bb:\u00a0\u00bbh3&Prime;,\u00a0\u00bbmeta_style\u00a0\u00bb:\u00a0\u00bbmeta\u00a0\u00bb,\u00a0\u00bbmeta_align\u00a0\u00bb:\u00a0\u00bbbelow-title\u00a0\u00bb,\u00a0\u00bbmeta_element\u00a0\u00bb:\u00a0\u00bbdiv\u00a0\u00bb,\u00a0\u00bblink_text\u00a0\u00bb:\u00a0\u00bbRead more\u00a0\u00bb,\u00a0\u00bblink_style\u00a0\u00bb:\u00a0\u00bbdefault\u00a0\u00bb,\u00a0\u00bbtext_align\u00a0\u00bb:\u00a0\u00bbcenter\u00a0\u00bb,\u00a0\u00bbmargin\u00a0\u00bb:\u00a0\u00bbdefault\u00a0\u00bb,\u00a0\u00bbitem_animation\u00a0\u00bb:\u00a0\u00bb\u00a0\u00bb},\u00a0\u00bbchildren\u00a0\u00bb:[{\u00ab\u00a0type\u00a0\u00bb:\u00a0\u00bbgallery_item\u00a0\u00bb,\u00a0\u00bbprops\u00a0\u00bb:{\u00ab\u00a0image\u00a0\u00bb:\u00a0\u00bbwp-content\\\/uploads\\\/2024\\\/03\\\/ipiccy_image-3.jpg\u00a0\u00bb}},{\u00ab\u00a0type\u00a0\u00bb:\u00a0\u00bbgallery_item\u00a0\u00bb,\u00a0\u00bbprops\u00a0\u00bb:{\u00ab\u00a0image\u00a0\u00bb:\u00a0\u00bbwp-content\\\/uploads\\\/2024\\\/08\\\/Brest.jpg\u00a0\u00bb}},{\u00ab\u00a0type\u00a0\u00bb:\u00a0\u00bbgallery_item\u00a0\u00bb,\u00a0\u00bbprops\u00a0\u00bb:{\u00ab\u00a0image\u00a0\u00bb:\u00a0\u00bbwp-content\\\/uploads\\\/2024\\\/06\\\/ipiccy_image2-1.jpg\u00a0\u00bb}}]}]}]}]}],\u00a0\u00bbversion\u00a0\u00bb:\u00a0\u00bb2.3.25&Prime;} &#8211;><\\\/p>\\n<p><strong>Dans le cadre d&rsquo;une ouverture d&rsquo;agence \\u00e0 PLABENNEC, Solaire Avantages recrute <em>2 Technicien(ne)s Photovolta\\u00efques<\\\/em>:<\\\/strong><\\\/p>\\n<p><!-- \\\/wp:paragraph --><\\\/p>\u00ab\u00a0}},{\u00ab\u00a0type\u00a0\u00bb:\u00a0\u00bbtext\u00a0\u00bb,\u00a0\u00bbprops\u00a0\u00bb:{\u00ab\u00a0margin\u00a0\u00bb:\u00a0\u00bbdefault\u00a0\u00bb,\u00a0\u00bbcolumn_breakpoint\u00a0\u00bb:\u00a0\u00bbm\u00a0\u00bb,\u00a0\u00bbcontent\u00a0\u00bb:\u00a0\u00bb<ul id=\\\"block-9d11f5f0-7cce-4641-9295-8f9abb2e6244\\\" class=\\\"block-editor-rich-text__editable block-editor-block-list__block wp-block is-selected rich-text\\\" tabindex=\\\"0\\\" role=\\\"group\\\" contenteditable=\\\"true\\\" aria-multiline=\\\"true\\\" aria-label=\\\"Bloc\\u00a0: Liste\\\" data-block=\\\"9d11f5f0-7cce-4641-9295-8f9abb2e6244\\\" data-type=\\\"core\\\/list\\\" data-title=\\\"Liste\\\">\\n<li>1 poste \\u00e0 PLOUESCAT, 1 poste \\u00e0 PLABENNEC<\\\/li>\\n<li>Profil: Couvreur, Electricien, D\\u00e9butant -&gt; Formation en interne<\\\/li>\\n<li>Prise de poste: Septembre 2024<\\\/li>\\n<li>Pose de panneaux photovolta\\u00efques sur tout type de toiture: ardoise, toit plat: membrane.., bac acier et \\u00e9vrites<\\\/li>\\n<li>Partie \\u00e9lectrique<\\\/li>\\n<li>Pr\\u00e9paration de chantiers \\u00e0 l&rsquo;atelier<\\\/li>\\n<li>Chantiers \\u00e0 30km autour de l&rsquo;entreprise<\\\/li>\\n<li>&#8230;<\\\/li>\\n<\\\/ul>\u00ab\u00a0}},{\u00ab\u00a0type\u00a0\u00bb:\u00a0\u00bbtext\u00a0\u00bb,\u00a0\u00bbprops\u00a0\u00bb:{\u00ab\u00a0margin\u00a0\u00bb:\u00a0\u00bbdefault\u00a0\u00bb,\u00a0\u00bbcolumn_breakpoint\u00a0\u00bb:\u00a0\u00bbm\u00a0\u00bb,\u00a0\u00bbcontent\u00a0\u00bb:\u00a0\u00bb<p><\\\/p>\\n<p><strong>Merci de nous envoyer un CV \\u00e0 solaire-avantages@orange.fr<\\\/strong><\\\/p>\\n<p><!-- \\\/wp:paragraph --> <!-- wp:paragraph --><\\\/p>\\n<p>Nous vous contacterons \\u00e0 notre reprise fin Ao\\u00fbt.<\\\/p>\\n<p><!-- \\\/wp:paragraph --> <!-- wp:paragraph --><\\\/p>\\n<p>Bel \\u00e9t\\u00e9 (ensoleill\\u00e9)!<\\\/p>\\n<p><!-- \\\/wp:paragraph --><\\\/p>\u00ab\u00a0}},{\u00ab\u00a0type\u00a0\u00bb:\u00a0\u00bbimage\u00a0\u00bb,\u00a0\u00bbprops\u00a0\u00bb:{\u00ab\u00a0margin\u00a0\u00bb:\u00a0\u00bblarge\u00a0\u00bb,\u00a0\u00bbimage_svg_color\u00a0\u00bb:\u00a0\u00bbemphasis\u00a0\u00bb,\u00a0\u00bbimage\u00a0\u00bb:\u00a0\u00bbwp-content\\\/uploads\\\/2024\\\/08\\\/Recrutement-techniciens-2.jpg\u00a0\u00bb,\u00a0\u00bbmaxwidth\u00a0\u00bb:\u00a0\u00bblarge\u00a0\u00bb,\u00a0\u00bbblock_align\u00a0\u00bb:\u00a0\u00bbcenter\u00a0\u00bb}},{\u00ab\u00a0type\u00a0\u00bb:\u00a0\u00bbgallery\u00a0\u00bb,\u00a0\u00bbprops\u00a0\u00bb:{\u00ab\u00a0show_title\u00a0\u00bb:true,\u00a0\u00bbshow_meta\u00a0\u00bb:true,\u00a0\u00bbshow_content\u00a0\u00bb:true,\u00a0\u00bbshow_link\u00a0\u00bb:true,\u00a0\u00bbshow_hover_image\u00a0\u00bb:true,\u00a0\u00bbgrid_default\u00a0\u00bb:\u00a0\u00bb1&Prime;,\u00a0\u00bbgrid_medium\u00a0\u00bb:\u00a0\u00bb3&Prime;,\u00a0\u00bbfilter_style\u00a0\u00bb:\u00a0\u00bbtab\u00a0\u00bb,\u00a0\u00bbfilter_all\u00a0\u00bb:true,\u00a0\u00bbfilter_position\u00a0\u00bb:\u00a0\u00bbtop\u00a0\u00bb,\u00a0\u00bbfilter_align\u00a0\u00bb:\u00a0\u00bbleft\u00a0\u00bb,\u00a0\u00bbfilter_grid_width\u00a0\u00bb:\u00a0\u00bbauto\u00a0\u00bb,\u00a0\u00bbfilter_grid_breakpoint\u00a0\u00bb:\u00a0\u00bbm\u00a0\u00bb,\u00a0\u00bboverlay_mode\u00a0\u00bb:\u00a0\u00bbcover\u00a0\u00bb,\u00a0\u00bboverlay_hover\u00a0\u00bb:true,\u00a0\u00bboverlay_style\u00a0\u00bb:\u00a0\u00bboverlay-primary\u00a0\u00bb,\u00a0\u00bbtext_color\u00a0\u00bb:\u00a0\u00bblight\u00a0\u00bb,\u00a0\u00bboverlay_position\u00a0\u00bb:\u00a0\u00bbcenter\u00a0\u00bb,\u00a0\u00bboverlay_transition\u00a0\u00bb:\u00a0\u00bbfade\u00a0\u00bb,\u00a0\u00bbtitle_hover_style\u00a0\u00bb:\u00a0\u00bbreset\u00a0\u00bb,\u00a0\u00bbtitle_element\u00a0\u00bb:\u00a0\u00bbh3&Prime;,\u00a0\u00bbmeta_style\u00a0\u00bb:\u00a0\u00bbmeta\u00a0\u00bb,\u00a0\u00bbmeta_align\u00a0\u00bb:\u00a0\u00bbbelow-title\u00a0\u00bb,\u00a0\u00bbmeta_element\u00a0\u00bb:\u00a0\u00bbdiv\u00a0\u00bb,\u00a0\u00bblink_text\u00a0\u00bb:\u00a0\u00bbRead more\u00a0\u00bb,\u00a0\u00bblink_style\u00a0\u00bb:\u00a0\u00bbdefault\u00a0\u00bb,\u00a0\u00bbtext_align\u00a0\u00bb:\u00a0\u00bbcenter\u00a0\u00bb,\u00a0\u00bbmargin\u00a0\u00bb:\u00a0\u00bbdefault\u00a0\u00bb,\u00a0\u00bbitem_animation\u00a0\u00bb:\u00a0\u00bb\u00a0\u00bb},\u00a0\u00bbchildren\u00a0\u00bb:[{\u00ab\u00a0type\u00a0\u00bb:\u00a0\u00bbgallery_item\u00a0\u00bb,\u00a0\u00bbprops\u00a0\u00bb:{\u00ab\u00a0image\u00a0\u00bb:\u00a0\u00bbwp-content\\\/uploads\\\/2024\\\/03\\\/ipiccy_image-3.jpg\u00a0\u00bb}},{\u00ab\u00a0type\u00a0\u00bb:\u00a0\u00bbgallery_item\u00a0\u00bb,\u00a0\u00bbprops\u00a0\u00bb:{\u00ab\u00a0image\u00a0\u00bb:\u00a0\u00bbwp-content\\\/uploads\\\/2024\\\/08\\\/Brest.jpg\u00a0\u00bb}},{\u00ab\u00a0type\u00a0\u00bb:\u00a0\u00bbgallery_item\u00a0\u00bb,\u00a0\u00bbprops\u00a0\u00bb:{\u00ab\u00a0image\u00a0\u00bb:\u00a0\u00bbwp-content\\\/uploads\\\/2024\\\/06\\\/ipiccy_image2-1.jpg\u00a0\u00bb}}]}]}]}]}],\u00a0\u00bbversion\u00a0\u00bb:\u00a0\u00bb2.3.25&Prime;} &#8211;><!-- \/wp:post-content --><\\\/p>\\n<p><strong>Le 01\\\/08\\\/2024:<\\\/strong><\\\/p>\\n<p><!-- \\\/wp:paragraph --> <\\\/p>\\n<p><strong>Dans le cadre d&rsquo;une ouverture d&rsquo;agence \\u00e0 PLABENNEC, Solaire Avantages recrute <em>2 Technicien(ne)s Photovolta\\u00efques<\\\/em>:<\\\/strong><\\\/p>\\n<p><!-- \\\/wp:paragraph --><\\\/p>\u00ab\u00a0}},{\u00ab\u00a0type\u00a0\u00bb:\u00a0\u00bbtext\u00a0\u00bb,\u00a0\u00bbprops\u00a0\u00bb:{\u00ab\u00a0margin\u00a0\u00bb:\u00a0\u00bbdefault\u00a0\u00bb,\u00a0\u00bbcolumn_breakpoint\u00a0\u00bb:\u00a0\u00bbm\u00a0\u00bb,\u00a0\u00bbcontent\u00a0\u00bb:\u00a0\u00bb<ul id=\\\"block-9d11f5f0-7cce-4641-9295-8f9abb2e6244\\\" class=\\\"block-editor-rich-text__editable block-editor-block-list__block wp-block is-selected rich-text\\\" tabindex=\\\"0\\\" role=\\\"group\\\" contenteditable=\\\"true\\\" aria-multiline=\\\"true\\\" aria-label=\\\"Bloc\\u00a0: Liste\\\" data-block=\\\"9d11f5f0-7cce-4641-9295-8f9abb2e6244\\\" data-type=\\\"core\\\/list\\\" data-title=\\\"Liste\\\">\\n<li>1 poste \\u00e0 PLOUESCAT, 1 poste \\u00e0 PLABENNEC<\\\/li>\\n<li>Profil: Couvreur, Electricien, D\\u00e9butant -&gt; Formation en interne<\\\/li>\\n<li>Prise de poste: Septembre 2024<\\\/li>\\n<li>Pose de panneaux photovolta\\u00efques sur tout type de toiture: ardoise, toit plat: membrane.., bac acier et \\u00e9vrites<\\\/li>\\n<li>Partie \\u00e9lectrique<\\\/li>\\n<li>Pr\\u00e9paration de chantiers \\u00e0 l&rsquo;atelier<\\\/li>\\n<li>Chantiers \\u00e0 30km autour de l&rsquo;entreprise<\\\/li>\\n<li>&#8230;<\\\/li>\\n<\\\/ul>\u00ab\u00a0}},{\u00ab\u00a0type\u00a0\u00bb:\u00a0\u00bbtext\u00a0\u00bb,\u00a0\u00bbprops\u00a0\u00bb:{\u00ab\u00a0margin\u00a0\u00bb:\u00a0\u00bbdefault\u00a0\u00bb,\u00a0\u00bbcolumn_breakpoint\u00a0\u00bb:\u00a0\u00bbm\u00a0\u00bb,\u00a0\u00bbcontent\u00a0\u00bb:\u00a0\u00bb<p><!-- wp:paragraph --><\\\/p>\\n<p><strong>Merci de nous envoyer un CV \\u00e0 solaire-avantages@orange.fr<\\\/strong><\\\/p>\\n<p><!-- \\\/wp:paragraph --> <!-- wp:paragraph --><\\\/p>\\n<p>Nous vous contacterons \\u00e0 notre reprise fin Ao\\u00fbt.<\\\/p>\\n<p><!-- \\\/wp:paragraph --> <!-- wp:paragraph --><\\\/p>\\n<p>Bel \\u00e9t\\u00e9 (ensoleill\\u00e9)!<\\\/p>\\n<p><!-- \\\/wp:paragraph --><\\\/p>\u00ab\u00a0}},{\u00ab\u00a0type\u00a0\u00bb:\u00a0\u00bbimage\u00a0\u00bb,\u00a0\u00bbprops\u00a0\u00bb:{\u00ab\u00a0margin\u00a0\u00bb:\u00a0\u00bblarge\u00a0\u00bb,\u00a0\u00bbimage_svg_color\u00a0\u00bb:\u00a0\u00bbemphasis\u00a0\u00bb,\u00a0\u00bbimage\u00a0\u00bb:\u00a0\u00bbwp-content\\\/uploads\\\/2024\\\/08\\\/Recrutement-techniciens-2.jpg\u00a0\u00bb,\u00a0\u00bbmaxwidth\u00a0\u00bb:\u00a0\u00bblarge\u00a0\u00bb,\u00a0\u00bbblock_align\u00a0\u00bb:\u00a0\u00bbcenter\u00a0\u00bb}},{\u00ab\u00a0type\u00a0\u00bb:\u00a0\u00bbgallery\u00a0\u00bb,\u00a0\u00bbprops\u00a0\u00bb:{\u00ab\u00a0show_title\u00a0\u00bb:true,\u00a0\u00bbshow_meta\u00a0\u00bb:true,\u00a0\u00bbshow_content\u00a0\u00bb:true,\u00a0\u00bbshow_link\u00a0\u00bb:true,\u00a0\u00bbshow_hover_image\u00a0\u00bb:true,\u00a0\u00bbgrid_default\u00a0\u00bb:\u00a0\u00bb1&Prime;,\u00a0\u00bbgrid_medium\u00a0\u00bb:\u00a0\u00bb3&Prime;,\u00a0\u00bbfilter_style\u00a0\u00bb:\u00a0\u00bbtab\u00a0\u00bb,\u00a0\u00bbfilter_all\u00a0\u00bb:true,\u00a0\u00bbfilter_position\u00a0\u00bb:\u00a0\u00bbtop\u00a0\u00bb,\u00a0\u00bbfilter_align\u00a0\u00bb:\u00a0\u00bbleft\u00a0\u00bb,\u00a0\u00bbfilter_grid_width\u00a0\u00bb:\u00a0\u00bbauto\u00a0\u00bb,\u00a0\u00bbfilter_grid_breakpoint\u00a0\u00bb:\u00a0\u00bbm\u00a0\u00bb,\u00a0\u00bboverlay_mode\u00a0\u00bb:\u00a0\u00bbcover\u00a0\u00bb,\u00a0\u00bboverlay_hover\u00a0\u00bb:true,\u00a0\u00bboverlay_style\u00a0\u00bb:\u00a0\u00bboverlay-primary\u00a0\u00bb,\u00a0\u00bbtext_color\u00a0\u00bb:\u00a0\u00bblight\u00a0\u00bb,\u00a0\u00bboverlay_position\u00a0\u00bb:\u00a0\u00bbcenter\u00a0\u00bb,\u00a0\u00bboverlay_transition\u00a0\u00bb:\u00a0\u00bbfade\u00a0\u00bb,\u00a0\u00bbtitle_hover_style\u00a0\u00bb:\u00a0\u00bbreset\u00a0\u00bb,\u00a0\u00bbtitle_element\u00a0\u00bb:\u00a0\u00bbh3&Prime;,\u00a0\u00bbmeta_style\u00a0\u00bb:\u00a0\u00bbmeta\u00a0\u00bb,\u00a0\u00bbmeta_align\u00a0\u00bb:\u00a0\u00bbbelow-title\u00a0\u00bb,\u00a0\u00bbmeta_element\u00a0\u00bb:\u00a0\u00bbdiv\u00a0\u00bb,\u00a0\u00bblink_text\u00a0\u00bb:\u00a0\u00bbRead more\u00a0\u00bb,\u00a0\u00bblink_style\u00a0\u00bb:\u00a0\u00bbdefault\u00a0\u00bb,\u00a0\u00bbtext_align\u00a0\u00bb:\u00a0\u00bbcenter\u00a0\u00bb,\u00a0\u00bbmargin\u00a0\u00bb:\u00a0\u00bbdefault\u00a0\u00bb,\u00a0\u00bbitem_animation\u00a0\u00bb:\u00a0\u00bb\u00a0\u00bb},\u00a0\u00bbchildren\u00a0\u00bb:[{\u00ab\u00a0type\u00a0\u00bb:\u00a0\u00bbgallery_item\u00a0\u00bb,\u00a0\u00bbprops\u00a0\u00bb:{\u00ab\u00a0image\u00a0\u00bb:\u00a0\u00bbwp-content\\\/uploads\\\/2024\\\/03\\\/ipiccy_image-3.jpg\u00a0\u00bb}},{\u00ab\u00a0type\u00a0\u00bb:\u00a0\u00bbgallery_item\u00a0\u00bb,\u00a0\u00bbprops\u00a0\u00bb:{\u00ab\u00a0image\u00a0\u00bb:\u00a0\u00bbwp-content\\\/uploads\\\/2024\\\/08\\\/Brest.jpg\u00a0\u00bb}},{\u00ab\u00a0type\u00a0\u00bb:\u00a0\u00bbgallery_item\u00a0\u00bb,\u00a0\u00bbprops\u00a0\u00bb:{\u00ab\u00a0image\u00a0\u00bb:\u00a0\u00bbwp-content\\\/uploads\\\/2024\\\/06\\\/ipiccy_image2-1.jpg\u00a0\u00bb}}]}]}]}]}],\u00a0\u00bbversion\u00a0\u00bb:\u00a0\u00bb2.3.25&Prime;} &#8211;><!-- \/wp:post-content --><\/p><\/div>\n<img decoding=\"async\" src=\"\/wp-content\/uploads\/2024\/08\/Recrutement-techniciens-2.jpg\" alt=\"\">\n<ul>\n        <li>\n\n        <img decoding=\"async\" src=\"\/wp-content\/uploads\/2024\/03\/ipiccy_image-3.jpg\" alt=\"\">\n\n\n\n\n\n    <\/li>\n        <li>\n\n        <img decoding=\"async\" src=\"\/wp-content\/uploads\/2024\/08\/Brest.jpg\" alt=\"\">\n\n\n\n\n\n    <\/li>\n        <li>\n\n        <img decoding=\"async\" src=\"\/wp-content\/uploads\/2024\/06\/ipiccy_image2-1.jpg\" alt=\"\">\n\n\n\n\n\n    <\/li>\n    <\/ul>\n\n<!-- {\"type\":\"layout\",\"children\":[{\"type\":\"section\",\"props\":{\"style\":\"default\",\"width\":\"default\",\"vertical_align\":\"middle\",\"title_position\":\"top-left\",\"title_rotation\":\"left\",\"title_breakpoint\":\"xl\",\"image_position\":\"center-center\"},\"children\":[{\"type\":\"row\",\"children\":[{\"type\":\"column\",\"props\":{\"image_position\":\"center-center\",\"media_overlay_gradient\":\"\"},\"children\":[{\"type\":\"text\",\"props\":{\"margin\":\"default\",\"column_breakpoint\":\"m\",\"content\":\"<h3><strong>REJOIGNEZ-NOUS!<\\\/strong><\\\/h3>\"}},{\"type\":\"text\",\"props\":{\"margin\":\"default\",\"column_breakpoint\":\"m\",\"content\":\"<p><\\\/p>\\n<p><strong>Le 01\\\/08\\\/2024:<\\\/strong><\\\/p>\\n<p><!-- \\\/wp:paragraph --> <!-- wp:paragraph --><\\\/p>\\n<p><strong>Dans le cadre d&rsquo;une ouverture d&rsquo;agence \\u00e0 PLABENNEC, Solaire Avantages recrute <em>2 Technicien(ne)s Photovolta\\u00efques<\\\/em>:<\\\/strong><\\\/p>\\n<p><!-- \\\/wp:paragraph --><\\\/p>\u00ab\u00a0}},{\u00ab\u00a0type\u00a0\u00bb:\u00a0\u00bbtext\u00a0\u00bb,\u00a0\u00bbprops\u00a0\u00bb:{\u00ab\u00a0margin\u00a0\u00bb:\u00a0\u00bbdefault\u00a0\u00bb,\u00a0\u00bbcolumn_breakpoint\u00a0\u00bb:\u00a0\u00bbm\u00a0\u00bb,\u00a0\u00bbcontent\u00a0\u00bb:\u00a0\u00bb<ul id=\\\"block-9d11f5f0-7cce-4641-9295-8f9abb2e6244\\\" class=\\\"block-editor-rich-text__editable block-editor-block-list__block wp-block is-selected rich-text\\\" tabindex=\\\"0\\\" role=\\\"group\\\" contenteditable=\\\"true\\\" aria-multiline=\\\"true\\\" aria-label=\\\"Bloc\\u00a0: Liste\\\" data-block=\\\"9d11f5f0-7cce-4641-9295-8f9abb2e6244\\\" data-type=\\\"core\\\/list\\\" data-title=\\\"Liste\\\">\\n<li>1 poste \\u00e0 PLOUESCAT, 1 poste \\u00e0 PLABENNEC<\\\/li>\\n<li>Profil: Couvreur, Electricien, D\\u00e9butant -&gt; Formation en interne<\\\/li>\\n<li>Prise de poste: Septembre 2024<\\\/li>\\n<li>Pose de panneaux photovolta\\u00efques sur tout type de toiture: ardoise, toit plat: membrane.., bac acier et \\u00e9vrites<\\\/li>\\n<li>Partie \\u00e9lectrique<\\\/li>\\n<li>Pr\\u00e9paration de chantiers \\u00e0 l&rsquo;atelier<\\\/li>\\n<li>Chantiers \\u00e0 30km autour de l&rsquo;entreprise<\\\/li>\\n<li>&#8230;<\\\/li>\\n<\\\/ul>\u00ab\u00a0}},{\u00ab\u00a0type\u00a0\u00bb:\u00a0\u00bbtext\u00a0\u00bb,\u00a0\u00bbprops\u00a0\u00bb:{\u00ab\u00a0margin\u00a0\u00bb:\u00a0\u00bbdefault\u00a0\u00bb,\u00a0\u00bbcolumn_breakpoint\u00a0\u00bb:\u00a0\u00bbm\u00a0\u00bb,\u00a0\u00bbcontent\u00a0\u00bb:\u00a0\u00bb<p><!-- wp:paragraph --><\\\/p>\\n<p><strong>Merci de nous envoyer un CV \\u00e0 solaire-avantages@orange.fr<\\\/strong><\\\/p>\\n<p><!-- \\\/wp:paragraph --> <!-- wp:paragraph --><\\\/p>\\n<p>Nous vous contacterons \\u00e0 notre reprise fin Ao\\u00fbt.<\\\/p>\\n<p><!-- \\\/wp:paragraph --> <!-- wp:paragraph --><\\\/p>\\n<p>Bel \\u00e9t\\u00e9 (ensoleill\\u00e9)!<\\\/p>\\n<p><!-- \\\/wp:paragraph --><\\\/p>\u00ab\u00a0}},{\u00ab\u00a0type\u00a0\u00bb:\u00a0\u00bbimage\u00a0\u00bb,\u00a0\u00bbprops\u00a0\u00bb:{\u00ab\u00a0margin\u00a0\u00bb:\u00a0\u00bblarge\u00a0\u00bb,\u00a0\u00bbimage_svg_color\u00a0\u00bb:\u00a0\u00bbemphasis\u00a0\u00bb,\u00a0\u00bbimage\u00a0\u00bb:\u00a0\u00bbwp-content\\\/uploads\\\/2024\\\/08\\\/Recrutement-techniciens-2.jpg\u00a0\u00bb,\u00a0\u00bbmaxwidth\u00a0\u00bb:\u00a0\u00bblarge\u00a0\u00bb,\u00a0\u00bbblock_align\u00a0\u00bb:\u00a0\u00bbcenter\u00a0\u00bb}},{\u00ab\u00a0type\u00a0\u00bb:\u00a0\u00bbgallery\u00a0\u00bb,\u00a0\u00bbprops\u00a0\u00bb:{\u00ab\u00a0show_title\u00a0\u00bb:true,\u00a0\u00bbshow_meta\u00a0\u00bb:true,\u00a0\u00bbshow_content\u00a0\u00bb:true,\u00a0\u00bbshow_link\u00a0\u00bb:true,\u00a0\u00bbshow_hover_image\u00a0\u00bb:true,\u00a0\u00bbgrid_default\u00a0\u00bb:\u00a0\u00bb1&Prime;,\u00a0\u00bbgrid_medium\u00a0\u00bb:\u00a0\u00bb3&Prime;,\u00a0\u00bbfilter_style\u00a0\u00bb:\u00a0\u00bbtab\u00a0\u00bb,\u00a0\u00bbfilter_all\u00a0\u00bb:true,\u00a0\u00bbfilter_position\u00a0\u00bb:\u00a0\u00bbtop\u00a0\u00bb,\u00a0\u00bbfilter_align\u00a0\u00bb:\u00a0\u00bbleft\u00a0\u00bb,\u00a0\u00bbfilter_grid_width\u00a0\u00bb:\u00a0\u00bbauto\u00a0\u00bb,\u00a0\u00bbfilter_grid_breakpoint\u00a0\u00bb:\u00a0\u00bbm\u00a0\u00bb,\u00a0\u00bboverlay_mode\u00a0\u00bb:\u00a0\u00bbcover\u00a0\u00bb,\u00a0\u00bboverlay_hover\u00a0\u00bb:true,\u00a0\u00bboverlay_style\u00a0\u00bb:\u00a0\u00bboverlay-primary\u00a0\u00bb,\u00a0\u00bbtext_color\u00a0\u00bb:\u00a0\u00bblight\u00a0\u00bb,\u00a0\u00bboverlay_position\u00a0\u00bb:\u00a0\u00bbcenter\u00a0\u00bb,\u00a0\u00bboverlay_transition\u00a0\u00bb:\u00a0\u00bbfade\u00a0\u00bb,\u00a0\u00bbtitle_hover_style\u00a0\u00bb:\u00a0\u00bbreset\u00a0\u00bb,\u00a0\u00bbtitle_element\u00a0\u00bb:\u00a0\u00bbh3&Prime;,\u00a0\u00bbmeta_style\u00a0\u00bb:\u00a0\u00bbmeta\u00a0\u00bb,\u00a0\u00bbmeta_align\u00a0\u00bb:\u00a0\u00bbbelow-title\u00a0\u00bb,\u00a0\u00bbmeta_element\u00a0\u00bb:\u00a0\u00bbdiv\u00a0\u00bb,\u00a0\u00bblink_text\u00a0\u00bb:\u00a0\u00bbRead more\u00a0\u00bb,\u00a0\u00bblink_style\u00a0\u00bb:\u00a0\u00bbdefault\u00a0\u00bb,\u00a0\u00bbtext_align\u00a0\u00bb:\u00a0\u00bbcenter\u00a0\u00bb,\u00a0\u00bbmargin\u00a0\u00bb:\u00a0\u00bbdefault\u00a0\u00bb,\u00a0\u00bbitem_animation\u00a0\u00bb:\u00a0\u00bb\u00a0\u00bb},\u00a0\u00bbchildren\u00a0\u00bb:[{\u00ab\u00a0type\u00a0\u00bb:\u00a0\u00bbgallery_item\u00a0\u00bb,\u00a0\u00bbprops\u00a0\u00bb:{\u00ab\u00a0image\u00a0\u00bb:\u00a0\u00bbwp-content\\\/uploads\\\/2024\\\/03\\\/ipiccy_image-3.jpg\u00a0\u00bb}},{\u00ab\u00a0type\u00a0\u00bb:\u00a0\u00bbgallery_item\u00a0\u00bb,\u00a0\u00bbprops\u00a0\u00bb:{\u00ab\u00a0image\u00a0\u00bb:\u00a0\u00bbwp-content\\\/uploads\\\/2024\\\/08\\\/Brest.jpg\u00a0\u00bb}},{\u00ab\u00a0type\u00a0\u00bb:\u00a0\u00bbgallery_item\u00a0\u00bb,\u00a0\u00bbprops\u00a0\u00bb:{\u00ab\u00a0image\u00a0\u00bb:\u00a0\u00bbwp-content\\\/uploads\\\/2024\\\/06\\\/ipiccy_image2-1.jpg\u00a0\u00bb}}]}]}]}]}],\u00a0\u00bbversion\u00a0\u00bb:\u00a0\u00bb2.3.25&Prime;} &#8211;><!-- \/wp:post-content --><div class=\"entry-content wp-block-post-content is-layout-flow wp-block-post-content-is-layout-flow\"> <\\\/p>\\n<p>Nous vous contacterons \\u00e0 notre reprise fin Ao\\u00fbt.<\\\/p>\\n<p><!-- \\\/wp:paragraph --> <\\\/p>\\n<p>Bel \\u00e9t\\u00e9 (ensoleill\\u00e9)!<\\\/p>\\n<p><!-- \\\/wp:paragraph --><\\\/p>\u00ab\u00a0}},{\u00ab\u00a0type\u00a0\u00bb:\u00a0\u00bbimage\u00a0\u00bb,\u00a0\u00bbprops\u00a0\u00bb:{\u00ab\u00a0margin\u00a0\u00bb:\u00a0\u00bblarge\u00a0\u00bb,\u00a0\u00bbimage_svg_color\u00a0\u00bb:\u00a0\u00bbemphasis\u00a0\u00bb,\u00a0\u00bbimage\u00a0\u00bb:\u00a0\u00bbwp-content\\\/uploads\\\/2024\\\/08\\\/Recrutement-techniciens-2.jpg\u00a0\u00bb,\u00a0\u00bbmaxwidth\u00a0\u00bb:\u00a0\u00bblarge\u00a0\u00bb,\u00a0\u00bbblock_align\u00a0\u00bb:\u00a0\u00bbcenter\u00a0\u00bb}},{\u00ab\u00a0type\u00a0\u00bb:\u00a0\u00bbgallery\u00a0\u00bb,\u00a0\u00bbprops\u00a0\u00bb:{\u00ab\u00a0show_title\u00a0\u00bb:true,\u00a0\u00bbshow_meta\u00a0\u00bb:true,\u00a0\u00bbshow_content\u00a0\u00bb:true,\u00a0\u00bbshow_link\u00a0\u00bb:true,\u00a0\u00bbshow_hover_image\u00a0\u00bb:true,\u00a0\u00bbgrid_default\u00a0\u00bb:\u00a0\u00bb1&Prime;,\u00a0\u00bbgrid_medium\u00a0\u00bb:\u00a0\u00bb3&Prime;,\u00a0\u00bbfilter_style\u00a0\u00bb:\u00a0\u00bbtab\u00a0\u00bb,\u00a0\u00bbfilter_all\u00a0\u00bb:true,\u00a0\u00bbfilter_position\u00a0\u00bb:\u00a0\u00bbtop\u00a0\u00bb,\u00a0\u00bbfilter_align\u00a0\u00bb:\u00a0\u00bbleft\u00a0\u00bb,\u00a0\u00bbfilter_grid_width\u00a0\u00bb:\u00a0\u00bbauto\u00a0\u00bb,\u00a0\u00bbfilter_grid_breakpoint\u00a0\u00bb:\u00a0\u00bbm\u00a0\u00bb,\u00a0\u00bboverlay_mode\u00a0\u00bb:\u00a0\u00bbcover\u00a0\u00bb,\u00a0\u00bboverlay_hover\u00a0\u00bb:true,\u00a0\u00bboverlay_style\u00a0\u00bb:\u00a0\u00bboverlay-primary\u00a0\u00bb,\u00a0\u00bbtext_color\u00a0\u00bb:\u00a0\u00bblight\u00a0\u00bb,\u00a0\u00bboverlay_position\u00a0\u00bb:\u00a0\u00bbcenter\u00a0\u00bb,\u00a0\u00bboverlay_transition\u00a0\u00bb:\u00a0\u00bbfade\u00a0\u00bb,\u00a0\u00bbtitle_hover_style\u00a0\u00bb:\u00a0\u00bbreset\u00a0\u00bb,\u00a0\u00bbtitle_element\u00a0\u00bb:\u00a0\u00bbh3&Prime;,\u00a0\u00bbmeta_style\u00a0\u00bb:\u00a0\u00bbmeta\u00a0\u00bb,\u00a0\u00bbmeta_align\u00a0\u00bb:\u00a0\u00bbbelow-title\u00a0\u00bb,\u00a0\u00bbmeta_element\u00a0\u00bb:\u00a0\u00bbdiv\u00a0\u00bb,\u00a0\u00bblink_text\u00a0\u00bb:\u00a0\u00bbRead more\u00a0\u00bb,\u00a0\u00bblink_style\u00a0\u00bb:\u00a0\u00bbdefault\u00a0\u00bb,\u00a0\u00bbtext_align\u00a0\u00bb:\u00a0\u00bbcenter\u00a0\u00bb,\u00a0\u00bbmargin\u00a0\u00bb:\u00a0\u00bbdefault\u00a0\u00bb,\u00a0\u00bbitem_animation\u00a0\u00bb:\u00a0\u00bb\u00a0\u00bb},\u00a0\u00bbchildren\u00a0\u00bb:[{\u00ab\u00a0type\u00a0\u00bb:\u00a0\u00bbgallery_item\u00a0\u00bb,\u00a0\u00bbprops\u00a0\u00bb:{\u00ab\u00a0image\u00a0\u00bb:\u00a0\u00bbwp-content\\\/uploads\\\/2024\\\/03\\\/ipiccy_image-3.jpg\u00a0\u00bb}},{\u00ab\u00a0type\u00a0\u00bb:\u00a0\u00bbgallery_item\u00a0\u00bb,\u00a0\u00bbprops\u00a0\u00bb:{\u00ab\u00a0image\u00a0\u00bb:\u00a0\u00bbwp-content\\\/uploads\\\/2024\\\/08\\\/Brest.jpg\u00a0\u00bb}},{\u00ab\u00a0type\u00a0\u00bb:\u00a0\u00bbgallery_item\u00a0\u00bb,\u00a0\u00bbprops\u00a0\u00bb:{\u00ab\u00a0image\u00a0\u00bb:\u00a0\u00bbwp-content\\\/uploads\\\/2024\\\/06\\\/ipiccy_image2-1.jpg\u00a0\u00bb}}]}]}]}]}],\u00a0\u00bbversion\u00a0\u00bb:\u00a0\u00bb2.3.25&Prime;} &#8211;><\\\/p>\\n<p><strong>Merci de nous envoyer un CV \\u00e0 solaire-avantages@orange.fr<\\\/strong><\\\/p>\\n<p><!-- \\\/wp:paragraph --> <\\\/p>\\n<p>Nous vous contacterons \\u00e0 notre reprise fin Ao\\u00fbt.<\\\/p>\\n<p><!-- \\\/wp:paragraph --> <\\\/p>\\n<p>Bel \\u00e9t\\u00e9 (ensoleill\\u00e9)!<\\\/p>\\n<p><!-- \\\/wp:paragraph --><\\\/p>\u00ab\u00a0}},{\u00ab\u00a0type\u00a0\u00bb:\u00a0\u00bbimage\u00a0\u00bb,\u00a0\u00bbprops\u00a0\u00bb:{\u00ab\u00a0margin\u00a0\u00bb:\u00a0\u00bblarge\u00a0\u00bb,\u00a0\u00bbimage_svg_color\u00a0\u00bb:\u00a0\u00bbemphasis\u00a0\u00bb,\u00a0\u00bbimage\u00a0\u00bb:\u00a0\u00bbwp-content\\\/uploads\\\/2024\\\/08\\\/Recrutement-techniciens-2.jpg\u00a0\u00bb,\u00a0\u00bbmaxwidth\u00a0\u00bb:\u00a0\u00bblarge\u00a0\u00bb,\u00a0\u00bbblock_align\u00a0\u00bb:\u00a0\u00bbcenter\u00a0\u00bb}},{\u00ab\u00a0type\u00a0\u00bb:\u00a0\u00bbgallery\u00a0\u00bb,\u00a0\u00bbprops\u00a0\u00bb:{\u00ab\u00a0show_title\u00a0\u00bb:true,\u00a0\u00bbshow_meta\u00a0\u00bb:true,\u00a0\u00bbshow_content\u00a0\u00bb:true,\u00a0\u00bbshow_link\u00a0\u00bb:true,\u00a0\u00bbshow_hover_image\u00a0\u00bb:true,\u00a0\u00bbgrid_default\u00a0\u00bb:\u00a0\u00bb1&Prime;,\u00a0\u00bbgrid_medium\u00a0\u00bb:\u00a0\u00bb3&Prime;,\u00a0\u00bbfilter_style\u00a0\u00bb:\u00a0\u00bbtab\u00a0\u00bb,\u00a0\u00bbfilter_all\u00a0\u00bb:true,\u00a0\u00bbfilter_position\u00a0\u00bb:\u00a0\u00bbtop\u00a0\u00bb,\u00a0\u00bbfilter_align\u00a0\u00bb:\u00a0\u00bbleft\u00a0\u00bb,\u00a0\u00bbfilter_grid_width\u00a0\u00bb:\u00a0\u00bbauto\u00a0\u00bb,\u00a0\u00bbfilter_grid_breakpoint\u00a0\u00bb:\u00a0\u00bbm\u00a0\u00bb,\u00a0\u00bboverlay_mode\u00a0\u00bb:\u00a0\u00bbcover\u00a0\u00bb,\u00a0\u00bboverlay_hover\u00a0\u00bb:true,\u00a0\u00bboverlay_style\u00a0\u00bb:\u00a0\u00bboverlay-primary\u00a0\u00bb,\u00a0\u00bbtext_color\u00a0\u00bb:\u00a0\u00bblight\u00a0\u00bb,\u00a0\u00bboverlay_position\u00a0\u00bb:\u00a0\u00bbcenter\u00a0\u00bb,\u00a0\u00bboverlay_transition\u00a0\u00bb:\u00a0\u00bbfade\u00a0\u00bb,\u00a0\u00bbtitle_hover_style\u00a0\u00bb:\u00a0\u00bbreset\u00a0\u00bb,\u00a0\u00bbtitle_element\u00a0\u00bb:\u00a0\u00bbh3&Prime;,\u00a0\u00bbmeta_style\u00a0\u00bb:\u00a0\u00bbmeta\u00a0\u00bb,\u00a0\u00bbmeta_align\u00a0\u00bb:\u00a0\u00bbbelow-title\u00a0\u00bb,\u00a0\u00bbmeta_element\u00a0\u00bb:\u00a0\u00bbdiv\u00a0\u00bb,\u00a0\u00bblink_text\u00a0\u00bb:\u00a0\u00bbRead more\u00a0\u00bb,\u00a0\u00bblink_style\u00a0\u00bb:\u00a0\u00bbdefault\u00a0\u00bb,\u00a0\u00bbtext_align\u00a0\u00bb:\u00a0\u00bbcenter\u00a0\u00bb,\u00a0\u00bbmargin\u00a0\u00bb:\u00a0\u00bbdefault\u00a0\u00bb,\u00a0\u00bbitem_animation\u00a0\u00bb:\u00a0\u00bb\u00a0\u00bb},\u00a0\u00bbchildren\u00a0\u00bb:[{\u00ab\u00a0type\u00a0\u00bb:\u00a0\u00bbgallery_item\u00a0\u00bb,\u00a0\u00bbprops\u00a0\u00bb:{\u00ab\u00a0image\u00a0\u00bb:\u00a0\u00bbwp-content\\\/uploads\\\/2024\\\/03\\\/ipiccy_image-3.jpg\u00a0\u00bb}},{\u00ab\u00a0type\u00a0\u00bb:\u00a0\u00bbgallery_item\u00a0\u00bb,\u00a0\u00bbprops\u00a0\u00bb:{\u00ab\u00a0image\u00a0\u00bb:\u00a0\u00bbwp-content\\\/uploads\\\/2024\\\/08\\\/Brest.jpg\u00a0\u00bb}},{\u00ab\u00a0type\u00a0\u00bb:\u00a0\u00bbgallery_item\u00a0\u00bb,\u00a0\u00bbprops\u00a0\u00bb:{\u00ab\u00a0image\u00a0\u00bb:\u00a0\u00bbwp-content\\\/uploads\\\/2024\\\/06\\\/ipiccy_image2-1.jpg\u00a0\u00bb}}]}]}]}]}],\u00a0\u00bbversion\u00a0\u00bb:\u00a0\u00bb2.3.25&Prime;} &#8211;><\\\/p>\\n<p><strong>Dans le cadre d&rsquo;une ouverture d&rsquo;agence \\u00e0 PLABENNEC, Solaire Avantages recrute <em>2 Technicien(ne)s Photovolta\\u00efques<\\\/em>:<\\\/strong><\\\/p>\\n<p><!-- \\\/wp:paragraph --><\\\/p>\u00ab\u00a0}},{\u00ab\u00a0type\u00a0\u00bb:\u00a0\u00bbtext\u00a0\u00bb,\u00a0\u00bbprops\u00a0\u00bb:{\u00ab\u00a0margin\u00a0\u00bb:\u00a0\u00bbdefault\u00a0\u00bb,\u00a0\u00bbcolumn_breakpoint\u00a0\u00bb:\u00a0\u00bbm\u00a0\u00bb,\u00a0\u00bbcontent\u00a0\u00bb:\u00a0\u00bb<ul id=\\\"block-9d11f5f0-7cce-4641-9295-8f9abb2e6244\\\" class=\\\"block-editor-rich-text__editable block-editor-block-list__block wp-block is-selected rich-text\\\" tabindex=\\\"0\\\" role=\\\"group\\\" contenteditable=\\\"true\\\" aria-multiline=\\\"true\\\" aria-label=\\\"Bloc\\u00a0: Liste\\\" data-block=\\\"9d11f5f0-7cce-4641-9295-8f9abb2e6244\\\" data-type=\\\"core\\\/list\\\" data-title=\\\"Liste\\\">\\n<li>1 poste \\u00e0 PLOUESCAT, 1 poste \\u00e0 PLABENNEC<\\\/li>\\n<li>Profil: Couvreur, Electricien, D\\u00e9butant -&gt; Formation en interne<\\\/li>\\n<li>Prise de poste: Septembre 2024<\\\/li>\\n<li>Pose de panneaux photovolta\\u00efques sur tout type de toiture: ardoise, toit plat: membrane.., bac acier et \\u00e9vrites<\\\/li>\\n<li>Partie \\u00e9lectrique<\\\/li>\\n<li>Pr\\u00e9paration de chantiers \\u00e0 l&rsquo;atelier<\\\/li>\\n<li>Chantiers \\u00e0 30km autour de l&rsquo;entreprise<\\\/li>\\n<li>&#8230;<\\\/li>\\n<\\\/ul>\u00ab\u00a0}},{\u00ab\u00a0type\u00a0\u00bb:\u00a0\u00bbtext\u00a0\u00bb,\u00a0\u00bbprops\u00a0\u00bb:{\u00ab\u00a0margin\u00a0\u00bb:\u00a0\u00bbdefault\u00a0\u00bb,\u00a0\u00bbcolumn_breakpoint\u00a0\u00bb:\u00a0\u00bbm\u00a0\u00bb,\u00a0\u00bbcontent\u00a0\u00bb:\u00a0\u00bb<p><\\\/p>\\n<p><strong>Merci de nous envoyer un CV \\u00e0 solaire-avantages@orange.fr<\\\/strong><\\\/p>\\n<p><!-- \\\/wp:paragraph --> <!-- wp:paragraph --><\\\/p>\\n<p>Nous vous contacterons \\u00e0 notre reprise fin Ao\\u00fbt.<\\\/p>\\n<p><!-- \\\/wp:paragraph --> <!-- wp:paragraph --><\\\/p>\\n<p>Bel \\u00e9t\\u00e9 (ensoleill\\u00e9)!<\\\/p>\\n<p><!-- \\\/wp:paragraph --><\\\/p>\u00ab\u00a0}},{\u00ab\u00a0type\u00a0\u00bb:\u00a0\u00bbimage\u00a0\u00bb,\u00a0\u00bbprops\u00a0\u00bb:{\u00ab\u00a0margin\u00a0\u00bb:\u00a0\u00bblarge\u00a0\u00bb,\u00a0\u00bbimage_svg_color\u00a0\u00bb:\u00a0\u00bbemphasis\u00a0\u00bb,\u00a0\u00bbimage\u00a0\u00bb:\u00a0\u00bbwp-content\\\/uploads\\\/2024\\\/08\\\/Recrutement-techniciens-2.jpg\u00a0\u00bb,\u00a0\u00bbmaxwidth\u00a0\u00bb:\u00a0\u00bblarge\u00a0\u00bb,\u00a0\u00bbblock_align\u00a0\u00bb:\u00a0\u00bbcenter\u00a0\u00bb}},{\u00ab\u00a0type\u00a0\u00bb:\u00a0\u00bbgallery\u00a0\u00bb,\u00a0\u00bbprops\u00a0\u00bb:{\u00ab\u00a0show_title\u00a0\u00bb:true,\u00a0\u00bbshow_meta\u00a0\u00bb:true,\u00a0\u00bbshow_content\u00a0\u00bb:true,\u00a0\u00bbshow_link\u00a0\u00bb:true,\u00a0\u00bbshow_hover_image\u00a0\u00bb:true,\u00a0\u00bbgrid_default\u00a0\u00bb:\u00a0\u00bb1&Prime;,\u00a0\u00bbgrid_medium\u00a0\u00bb:\u00a0\u00bb3&Prime;,\u00a0\u00bbfilter_style\u00a0\u00bb:\u00a0\u00bbtab\u00a0\u00bb,\u00a0\u00bbfilter_all\u00a0\u00bb:true,\u00a0\u00bbfilter_position\u00a0\u00bb:\u00a0\u00bbtop\u00a0\u00bb,\u00a0\u00bbfilter_align\u00a0\u00bb:\u00a0\u00bbleft\u00a0\u00bb,\u00a0\u00bbfilter_grid_width\u00a0\u00bb:\u00a0\u00bbauto\u00a0\u00bb,\u00a0\u00bbfilter_grid_breakpoint\u00a0\u00bb:\u00a0\u00bbm\u00a0\u00bb,\u00a0\u00bboverlay_mode\u00a0\u00bb:\u00a0\u00bbcover\u00a0\u00bb,\u00a0\u00bboverlay_hover\u00a0\u00bb:true,\u00a0\u00bboverlay_style\u00a0\u00bb:\u00a0\u00bboverlay-primary\u00a0\u00bb,\u00a0\u00bbtext_color\u00a0\u00bb:\u00a0\u00bblight\u00a0\u00bb,\u00a0\u00bboverlay_position\u00a0\u00bb:\u00a0\u00bbcenter\u00a0\u00bb,\u00a0\u00bboverlay_transition\u00a0\u00bb:\u00a0\u00bbfade\u00a0\u00bb,\u00a0\u00bbtitle_hover_style\u00a0\u00bb:\u00a0\u00bbreset\u00a0\u00bb,\u00a0\u00bbtitle_element\u00a0\u00bb:\u00a0\u00bbh3&Prime;,\u00a0\u00bbmeta_style\u00a0\u00bb:\u00a0\u00bbmeta\u00a0\u00bb,\u00a0\u00bbmeta_align\u00a0\u00bb:\u00a0\u00bbbelow-title\u00a0\u00bb,\u00a0\u00bbmeta_element\u00a0\u00bb:\u00a0\u00bbdiv\u00a0\u00bb,\u00a0\u00bblink_text\u00a0\u00bb:\u00a0\u00bbRead more\u00a0\u00bb,\u00a0\u00bblink_style\u00a0\u00bb:\u00a0\u00bbdefault\u00a0\u00bb,\u00a0\u00bbtext_align\u00a0\u00bb:\u00a0\u00bbcenter\u00a0\u00bb,\u00a0\u00bbmargin\u00a0\u00bb:\u00a0\u00bbdefault\u00a0\u00bb,\u00a0\u00bbitem_animation\u00a0\u00bb:\u00a0\u00bb\u00a0\u00bb},\u00a0\u00bbchildren\u00a0\u00bb:[{\u00ab\u00a0type\u00a0\u00bb:\u00a0\u00bbgallery_item\u00a0\u00bb,\u00a0\u00bbprops\u00a0\u00bb:{\u00ab\u00a0image\u00a0\u00bb:\u00a0\u00bbwp-content\\\/uploads\\\/2024\\\/03\\\/ipiccy_image-3.jpg\u00a0\u00bb}},{\u00ab\u00a0type\u00a0\u00bb:\u00a0\u00bbgallery_item\u00a0\u00bb,\u00a0\u00bbprops\u00a0\u00bb:{\u00ab\u00a0image\u00a0\u00bb:\u00a0\u00bbwp-content\\\/uploads\\\/2024\\\/08\\\/Brest.jpg\u00a0\u00bb}},{\u00ab\u00a0type\u00a0\u00bb:\u00a0\u00bbgallery_item\u00a0\u00bb,\u00a0\u00bbprops\u00a0\u00bb:{\u00ab\u00a0image\u00a0\u00bb:\u00a0\u00bbwp-content\\\/uploads\\\/2024\\\/06\\\/ipiccy_image2-1.jpg\u00a0\u00bb}}]}]}]}]}],\u00a0\u00bbversion\u00a0\u00bb:\u00a0\u00bb2.3.25&Prime;} &#8211;><!-- \/wp:post-content --><\\\/p>\\n<p><strong>Le 01\\\/08\\\/2024:<\\\/strong><\\\/p>\\n<p><!-- \\\/wp:paragraph --> <\\\/p>\\n<p><strong>Dans le cadre d&rsquo;une ouverture d&rsquo;agence \\u00e0 PLABENNEC, Solaire Avantages recrute <em>2 Technicien(ne)s Photovolta\\u00efques<\\\/em>:<\\\/strong><\\\/p>\\n<p><!-- \\\/wp:paragraph --><\\\/p>\u00ab\u00a0}},{\u00ab\u00a0type\u00a0\u00bb:\u00a0\u00bbtext\u00a0\u00bb,\u00a0\u00bbprops\u00a0\u00bb:{\u00ab\u00a0margin\u00a0\u00bb:\u00a0\u00bbdefault\u00a0\u00bb,\u00a0\u00bbcolumn_breakpoint\u00a0\u00bb:\u00a0\u00bbm\u00a0\u00bb,\u00a0\u00bbcontent\u00a0\u00bb:\u00a0\u00bb<ul id=\\\"block-9d11f5f0-7cce-4641-9295-8f9abb2e6244\\\" class=\\\"block-editor-rich-text__editable block-editor-block-list__block wp-block is-selected rich-text\\\" tabindex=\\\"0\\\" role=\\\"group\\\" contenteditable=\\\"true\\\" aria-multiline=\\\"true\\\" aria-label=\\\"Bloc\\u00a0: Liste\\\" data-block=\\\"9d11f5f0-7cce-4641-9295-8f9abb2e6244\\\" data-type=\\\"core\\\/list\\\" data-title=\\\"Liste\\\">\\n<li>1 poste \\u00e0 PLOUESCAT, 1 poste \\u00e0 PLABENNEC<\\\/li>\\n<li>Profil: Couvreur, Electricien, D\\u00e9butant -&gt; Formation en interne<\\\/li>\\n<li>Prise de poste: Septembre 2024<\\\/li>\\n<li>Pose de panneaux photovolta\\u00efques sur tout type de toiture: ardoise, toit plat: membrane.., bac acier et \\u00e9vrites<\\\/li>\\n<li>Partie \\u00e9lectrique<\\\/li>\\n<li>Pr\\u00e9paration de chantiers \\u00e0 l&rsquo;atelier<\\\/li>\\n<li>Chantiers \\u00e0 30km autour de l&rsquo;entreprise<\\\/li>\\n<li>&#8230;<\\\/li>\\n<\\\/ul>\u00ab\u00a0}},{\u00ab\u00a0type\u00a0\u00bb:\u00a0\u00bbtext\u00a0\u00bb,\u00a0\u00bbprops\u00a0\u00bb:{\u00ab\u00a0margin\u00a0\u00bb:\u00a0\u00bbdefault\u00a0\u00bb,\u00a0\u00bbcolumn_breakpoint\u00a0\u00bb:\u00a0\u00bbm\u00a0\u00bb,\u00a0\u00bbcontent\u00a0\u00bb:\u00a0\u00bb<p><!-- wp:paragraph --><\\\/p>\\n<p><strong>Merci de nous envoyer un CV \\u00e0 solaire-avantages@orange.fr<\\\/strong><\\\/p>\\n<p><!-- \\\/wp:paragraph --> <!-- wp:paragraph --><\\\/p>\\n<p>Nous vous contacterons \\u00e0 notre reprise fin Ao\\u00fbt.<\\\/p>\\n<p><!-- \\\/wp:paragraph --> <!-- wp:paragraph --><\\\/p>\\n<p>Bel \\u00e9t\\u00e9 (ensoleill\\u00e9)!<\\\/p>\\n<p><!-- \\\/wp:paragraph --><\\\/p>\u00ab\u00a0}},{\u00ab\u00a0type\u00a0\u00bb:\u00a0\u00bbimage\u00a0\u00bb,\u00a0\u00bbprops\u00a0\u00bb:{\u00ab\u00a0margin\u00a0\u00bb:\u00a0\u00bblarge\u00a0\u00bb,\u00a0\u00bbimage_svg_color\u00a0\u00bb:\u00a0\u00bbemphasis\u00a0\u00bb,\u00a0\u00bbimage\u00a0\u00bb:\u00a0\u00bbwp-content\\\/uploads\\\/2024\\\/08\\\/Recrutement-techniciens-2.jpg\u00a0\u00bb,\u00a0\u00bbmaxwidth\u00a0\u00bb:\u00a0\u00bblarge\u00a0\u00bb,\u00a0\u00bbblock_align\u00a0\u00bb:\u00a0\u00bbcenter\u00a0\u00bb}},{\u00ab\u00a0type\u00a0\u00bb:\u00a0\u00bbgallery\u00a0\u00bb,\u00a0\u00bbprops\u00a0\u00bb:{\u00ab\u00a0show_title\u00a0\u00bb:true,\u00a0\u00bbshow_meta\u00a0\u00bb:true,\u00a0\u00bbshow_content\u00a0\u00bb:true,\u00a0\u00bbshow_link\u00a0\u00bb:true,\u00a0\u00bbshow_hover_image\u00a0\u00bb:true,\u00a0\u00bbgrid_default\u00a0\u00bb:\u00a0\u00bb1&Prime;,\u00a0\u00bbgrid_medium\u00a0\u00bb:\u00a0\u00bb3&Prime;,\u00a0\u00bbfilter_style\u00a0\u00bb:\u00a0\u00bbtab\u00a0\u00bb,\u00a0\u00bbfilter_all\u00a0\u00bb:true,\u00a0\u00bbfilter_position\u00a0\u00bb:\u00a0\u00bbtop\u00a0\u00bb,\u00a0\u00bbfilter_align\u00a0\u00bb:\u00a0\u00bbleft\u00a0\u00bb,\u00a0\u00bbfilter_grid_width\u00a0\u00bb:\u00a0\u00bbauto\u00a0\u00bb,\u00a0\u00bbfilter_grid_breakpoint\u00a0\u00bb:\u00a0\u00bbm\u00a0\u00bb,\u00a0\u00bboverlay_mode\u00a0\u00bb:\u00a0\u00bbcover\u00a0\u00bb,\u00a0\u00bboverlay_hover\u00a0\u00bb:true,\u00a0\u00bboverlay_style\u00a0\u00bb:\u00a0\u00bboverlay-primary\u00a0\u00bb,\u00a0\u00bbtext_color\u00a0\u00bb:\u00a0\u00bblight\u00a0\u00bb,\u00a0\u00bboverlay_position\u00a0\u00bb:\u00a0\u00bbcenter\u00a0\u00bb,\u00a0\u00bboverlay_transition\u00a0\u00bb:\u00a0\u00bbfade\u00a0\u00bb,\u00a0\u00bbtitle_hover_style\u00a0\u00bb:\u00a0\u00bbreset\u00a0\u00bb,\u00a0\u00bbtitle_element\u00a0\u00bb:\u00a0\u00bbh3&Prime;,\u00a0\u00bbmeta_style\u00a0\u00bb:\u00a0\u00bbmeta\u00a0\u00bb,\u00a0\u00bbmeta_align\u00a0\u00bb:\u00a0\u00bbbelow-title\u00a0\u00bb,\u00a0\u00bbmeta_element\u00a0\u00bb:\u00a0\u00bbdiv\u00a0\u00bb,\u00a0\u00bblink_text\u00a0\u00bb:\u00a0\u00bbRead more\u00a0\u00bb,\u00a0\u00bblink_style\u00a0\u00bb:\u00a0\u00bbdefault\u00a0\u00bb,\u00a0\u00bbtext_align\u00a0\u00bb:\u00a0\u00bbcenter\u00a0\u00bb,\u00a0\u00bbmargin\u00a0\u00bb:\u00a0\u00bbdefault\u00a0\u00bb,\u00a0\u00bbitem_animation\u00a0\u00bb:\u00a0\u00bb\u00a0\u00bb},\u00a0\u00bbchildren\u00a0\u00bb:[{\u00ab\u00a0type\u00a0\u00bb:\u00a0\u00bbgallery_item\u00a0\u00bb,\u00a0\u00bbprops\u00a0\u00bb:{\u00ab\u00a0image\u00a0\u00bb:\u00a0\u00bbwp-content\\\/uploads\\\/2024\\\/03\\\/ipiccy_image-3.jpg\u00a0\u00bb}},{\u00ab\u00a0type\u00a0\u00bb:\u00a0\u00bbgallery_item\u00a0\u00bb,\u00a0\u00bbprops\u00a0\u00bb:{\u00ab\u00a0image\u00a0\u00bb:\u00a0\u00bbwp-content\\\/uploads\\\/2024\\\/08\\\/Brest.jpg\u00a0\u00bb}},{\u00ab\u00a0type\u00a0\u00bb:\u00a0\u00bbgallery_item\u00a0\u00bb,\u00a0\u00bbprops\u00a0\u00bb:{\u00ab\u00a0image\u00a0\u00bb:\u00a0\u00bbwp-content\\\/uploads\\\/2024\\\/06\\\/ipiccy_image2-1.jpg\u00a0\u00bb}}]}]}]}]}],\u00a0\u00bbversion\u00a0\u00bb:\u00a0\u00bb2.3.25&Prime;} &#8211;><!-- \/wp:post-content --><\/p><\/div>\n<img decoding=\"async\" src=\"\/wp-content\/uploads\/2024\/08\/Recrutement-techniciens-2.jpg\" alt=\"\">\n<ul>\n        <li>\n\n        <img decoding=\"async\" src=\"\/wp-content\/uploads\/2024\/03\/ipiccy_image-3.jpg\" alt=\"\">\n\n\n\n\n\n    <\/li>\n        <li>\n\n        <img decoding=\"async\" src=\"\/wp-content\/uploads\/2024\/08\/Brest.jpg\" alt=\"\">\n\n\n\n\n\n    <\/li>\n        <li>\n\n        <img decoding=\"async\" src=\"\/wp-content\/uploads\/2024\/06\/ipiccy_image2-1.jpg\" alt=\"\">\n\n\n\n\n\n    <\/li>\n    <\/ul>\n\n<!-- {\"type\":\"layout\",\"children\":[{\"type\":\"section\",\"props\":{\"style\":\"default\",\"width\":\"default\",\"vertical_align\":\"middle\",\"title_position\":\"top-left\",\"title_rotation\":\"left\",\"title_breakpoint\":\"xl\",\"image_position\":\"center-center\"},\"children\":[{\"type\":\"row\",\"children\":[{\"type\":\"column\",\"props\":{\"image_position\":\"center-center\",\"media_overlay_gradient\":\"\"},\"children\":[{\"type\":\"text\",\"props\":{\"margin\":\"default\",\"column_breakpoint\":\"m\",\"content\":\"<h3><strong>REJOIGNEZ-NOUS!<\\\/strong><\\\/h3>\"}},{\"type\":\"text\",\"props\":{\"margin\":\"default\",\"column_breakpoint\":\"m\",\"content\":\"<p><\\\/p>\\n<p><strong>Le 01\\\/08\\\/2024:<\\\/strong><\\\/p>\\n<p><!-- \\\/wp:paragraph --> <!-- wp:paragraph --><\\\/p>\\n<p><strong>Dans le cadre d&rsquo;une ouverture d&rsquo;agence \\u00e0 PLABENNEC, Solaire Avantages recrute <em>2 Technicien(ne)s Photovolta\\u00efques<\\\/em>:<\\\/strong><\\\/p>\\n<p><!-- \\\/wp:paragraph --><\\\/p>\u00ab\u00a0}},{\u00ab\u00a0type\u00a0\u00bb:\u00a0\u00bbtext\u00a0\u00bb,\u00a0\u00bbprops\u00a0\u00bb:{\u00ab\u00a0margin\u00a0\u00bb:\u00a0\u00bbdefault\u00a0\u00bb,\u00a0\u00bbcolumn_breakpoint\u00a0\u00bb:\u00a0\u00bbm\u00a0\u00bb,\u00a0\u00bbcontent\u00a0\u00bb:\u00a0\u00bb<ul id=\\\"block-9d11f5f0-7cce-4641-9295-8f9abb2e6244\\\" class=\\\"block-editor-rich-text__editable block-editor-block-list__block wp-block is-selected rich-text\\\" tabindex=\\\"0\\\" role=\\\"group\\\" contenteditable=\\\"true\\\" aria-multiline=\\\"true\\\" aria-label=\\\"Bloc\\u00a0: Liste\\\" data-block=\\\"9d11f5f0-7cce-4641-9295-8f9abb2e6244\\\" data-type=\\\"core\\\/list\\\" data-title=\\\"Liste\\\">\\n<li>1 poste \\u00e0 PLOUESCAT, 1 poste \\u00e0 PLABENNEC<\\\/li>\\n<li>Profil: Couvreur, Electricien, D\\u00e9butant -&gt; Formation en interne<\\\/li>\\n<li>Prise de poste: Septembre 2024<\\\/li>\\n<li>Pose de panneaux photovolta\\u00efques sur tout type de toiture: ardoise, toit plat: membrane.., bac acier et \\u00e9vrites<\\\/li>\\n<li>Partie \\u00e9lectrique<\\\/li>\\n<li>Pr\\u00e9paration de chantiers \\u00e0 l&rsquo;atelier<\\\/li>\\n<li>Chantiers \\u00e0 30km autour de l&rsquo;entreprise<\\\/li>\\n<li>&#8230;<\\\/li>\\n<\\\/ul>\u00ab\u00a0}},{\u00ab\u00a0type\u00a0\u00bb:\u00a0\u00bbtext\u00a0\u00bb,\u00a0\u00bbprops\u00a0\u00bb:{\u00ab\u00a0margin\u00a0\u00bb:\u00a0\u00bbdefault\u00a0\u00bb,\u00a0\u00bbcolumn_breakpoint\u00a0\u00bb:\u00a0\u00bbm\u00a0\u00bb,\u00a0\u00bbcontent\u00a0\u00bb:\u00a0\u00bb<p><!-- wp:paragraph --><\\\/p>\\n<p><strong>Merci de nous envoyer un CV \\u00e0 solaire-avantages@orange.fr<\\\/strong><\\\/p>\\n<p><!-- \\\/wp:paragraph --> <!-- wp:paragraph --><\\\/p>\\n<p>Nous vous contacterons \\u00e0 notre reprise fin Ao\\u00fbt.<\\\/p>\\n<p><!-- \\\/wp:paragraph --> <!-- wp:paragraph --><\\\/p>\\n<p>Bel \\u00e9t\\u00e9 (ensoleill\\u00e9)!<\\\/p>\\n<p><!-- \\\/wp:paragraph --><\\\/p>\u00ab\u00a0}},{\u00ab\u00a0type\u00a0\u00bb:\u00a0\u00bbimage\u00a0\u00bb,\u00a0\u00bbprops\u00a0\u00bb:{\u00ab\u00a0margin\u00a0\u00bb:\u00a0\u00bblarge\u00a0\u00bb,\u00a0\u00bbimage_svg_color\u00a0\u00bb:\u00a0\u00bbemphasis\u00a0\u00bb,\u00a0\u00bbimage\u00a0\u00bb:\u00a0\u00bbwp-content\\\/uploads\\\/2024\\\/08\\\/Recrutement-techniciens-2.jpg\u00a0\u00bb,\u00a0\u00bbmaxwidth\u00a0\u00bb:\u00a0\u00bblarge\u00a0\u00bb,\u00a0\u00bbblock_align\u00a0\u00bb:\u00a0\u00bbcenter\u00a0\u00bb}},{\u00ab\u00a0type\u00a0\u00bb:\u00a0\u00bbgallery\u00a0\u00bb,\u00a0\u00bbprops\u00a0\u00bb:{\u00ab\u00a0show_title\u00a0\u00bb:true,\u00a0\u00bbshow_meta\u00a0\u00bb:true,\u00a0\u00bbshow_content\u00a0\u00bb:true,\u00a0\u00bbshow_link\u00a0\u00bb:true,\u00a0\u00bbshow_hover_image\u00a0\u00bb:true,\u00a0\u00bbgrid_default\u00a0\u00bb:\u00a0\u00bb1&Prime;,\u00a0\u00bbgrid_medium\u00a0\u00bb:\u00a0\u00bb3&Prime;,\u00a0\u00bbfilter_style\u00a0\u00bb:\u00a0\u00bbtab\u00a0\u00bb,\u00a0\u00bbfilter_all\u00a0\u00bb:true,\u00a0\u00bbfilter_position\u00a0\u00bb:\u00a0\u00bbtop\u00a0\u00bb,\u00a0\u00bbfilter_align\u00a0\u00bb:\u00a0\u00bbleft\u00a0\u00bb,\u00a0\u00bbfilter_grid_width\u00a0\u00bb:\u00a0\u00bbauto\u00a0\u00bb,\u00a0\u00bbfilter_grid_breakpoint\u00a0\u00bb:\u00a0\u00bbm\u00a0\u00bb,\u00a0\u00bboverlay_mode\u00a0\u00bb:\u00a0\u00bbcover\u00a0\u00bb,\u00a0\u00bboverlay_hover\u00a0\u00bb:true,\u00a0\u00bboverlay_style\u00a0\u00bb:\u00a0\u00bboverlay-primary\u00a0\u00bb,\u00a0\u00bbtext_color\u00a0\u00bb:\u00a0\u00bblight\u00a0\u00bb,\u00a0\u00bboverlay_position\u00a0\u00bb:\u00a0\u00bbcenter\u00a0\u00bb,\u00a0\u00bboverlay_transition\u00a0\u00bb:\u00a0\u00bbfade\u00a0\u00bb,\u00a0\u00bbtitle_hover_style\u00a0\u00bb:\u00a0\u00bbreset\u00a0\u00bb,\u00a0\u00bbtitle_element\u00a0\u00bb:\u00a0\u00bbh3&Prime;,\u00a0\u00bbmeta_style\u00a0\u00bb:\u00a0\u00bbmeta\u00a0\u00bb,\u00a0\u00bbmeta_align\u00a0\u00bb:\u00a0\u00bbbelow-title\u00a0\u00bb,\u00a0\u00bbmeta_element\u00a0\u00bb:\u00a0\u00bbdiv\u00a0\u00bb,\u00a0\u00bblink_text\u00a0\u00bb:\u00a0\u00bbRead more\u00a0\u00bb,\u00a0\u00bblink_style\u00a0\u00bb:\u00a0\u00bbdefault\u00a0\u00bb,\u00a0\u00bbtext_align\u00a0\u00bb:\u00a0\u00bbcenter\u00a0\u00bb,\u00a0\u00bbmargin\u00a0\u00bb:\u00a0\u00bbdefault\u00a0\u00bb,\u00a0\u00bbitem_animation\u00a0\u00bb:\u00a0\u00bb\u00a0\u00bb},\u00a0\u00bbchildren\u00a0\u00bb:[{\u00ab\u00a0type\u00a0\u00bb:\u00a0\u00bbgallery_item\u00a0\u00bb,\u00a0\u00bbprops\u00a0\u00bb:{\u00ab\u00a0image\u00a0\u00bb:\u00a0\u00bbwp-content\\\/uploads\\\/2024\\\/03\\\/ipiccy_image-3.jpg\u00a0\u00bb}},{\u00ab\u00a0type\u00a0\u00bb:\u00a0\u00bbgallery_item\u00a0\u00bb,\u00a0\u00bbprops\u00a0\u00bb:{\u00ab\u00a0image\u00a0\u00bb:\u00a0\u00bbwp-content\\\/uploads\\\/2024\\\/08\\\/Brest.jpg\u00a0\u00bb}},{\u00ab\u00a0type\u00a0\u00bb:\u00a0\u00bbgallery_item\u00a0\u00bb,\u00a0\u00bbprops\u00a0\u00bb:{\u00ab\u00a0image\u00a0\u00bb:\u00a0\u00bbwp-content\\\/uploads\\\/2024\\\/06\\\/ipiccy_image2-1.jpg\u00a0\u00bb}}]}]}]}]}],\u00a0\u00bbversion\u00a0\u00bb:\u00a0\u00bb2.3.25&Prime;} &#8211;><!-- \/wp:post-content --><\\\/p>\\n<p><strong>Dans le cadre d&rsquo;une ouverture d&rsquo;agence \\u00e0 PLABENNEC, Solaire Avantages recrute <em>2 Technicien(ne)s Photovolta\\u00efques<\\\/em>:<\\\/strong><\\\/p>\\n<p><!-- \\\/wp:paragraph --><\\\/p>\u00ab\u00a0}},{\u00ab\u00a0type\u00a0\u00bb:\u00a0\u00bbtext\u00a0\u00bb,\u00a0\u00bbprops\u00a0\u00bb:{\u00ab\u00a0margin\u00a0\u00bb:\u00a0\u00bbdefault\u00a0\u00bb,\u00a0\u00bbcolumn_breakpoint\u00a0\u00bb:\u00a0\u00bbm\u00a0\u00bb,\u00a0\u00bbcontent\u00a0\u00bb:\u00a0\u00bb<ul id=\\\"block-9d11f5f0-7cce-4641-9295-8f9abb2e6244\\\" class=\\\"block-editor-rich-text__editable block-editor-block-list__block wp-block is-selected rich-text\\\" tabindex=\\\"0\\\" role=\\\"group\\\" contenteditable=\\\"true\\\" aria-multiline=\\\"true\\\" aria-label=\\\"Bloc\\u00a0: Liste\\\" data-block=\\\"9d11f5f0-7cce-4641-9295-8f9abb2e6244\\\" data-type=\\\"core\\\/list\\\" data-title=\\\"Liste\\\">\\n<li>1 poste \\u00e0 PLOUESCAT, 1 poste \\u00e0 PLABENNEC<\\\/li>\\n<li>Profil: Couvreur, Electricien, D\\u00e9butant -&gt; Formation en interne<\\\/li>\\n<li>Prise de poste: Septembre 2024<\\\/li>\\n<li>Pose de panneaux photovolta\\u00efques sur tout type de toiture: ardoise, toit plat: membrane.., bac acier et \\u00e9vrites<\\\/li>\\n<li>Partie \\u00e9lectrique<\\\/li>\\n<li>Pr\\u00e9paration de chantiers \\u00e0 l&rsquo;atelier<\\\/li>\\n<li>Chantiers \\u00e0 30km autour de l&rsquo;entreprise<\\\/li>\\n<li>&#8230;<\\\/li>\\n<\\\/ul>\u00ab\u00a0}},{\u00ab\u00a0type\u00a0\u00bb:\u00a0\u00bbtext\u00a0\u00bb,\u00a0\u00bbprops\u00a0\u00bb:{\u00ab\u00a0margin\u00a0\u00bb:\u00a0\u00bbdefault\u00a0\u00bb,\u00a0\u00bbcolumn_breakpoint\u00a0\u00bb:\u00a0\u00bbm\u00a0\u00bb,\u00a0\u00bbcontent\u00a0\u00bb:\u00a0\u00bb<p><\\\/p>\\n<p><strong>Merci de nous envoyer un CV \\u00e0 solaire-avantages@orange.fr<\\\/strong><\\\/p>\\n<p><!-- \\\/wp:paragraph --> <\\\/p>\\n<p>Nous vous contacterons \\u00e0 notre reprise fin Ao\\u00fbt.<\\\/p>\\n<p><!-- \\\/wp:paragraph --> <\\\/p>\\n<p>Bel \\u00e9t\\u00e9 (ensoleill\\u00e9)!<\\\/p>\\n<p><!-- \\\/wp:paragraph --><\\\/p>\u00ab\u00a0}},{\u00ab\u00a0type\u00a0\u00bb:\u00a0\u00bbimage\u00a0\u00bb,\u00a0\u00bbprops\u00a0\u00bb:{\u00ab\u00a0margin\u00a0\u00bb:\u00a0\u00bblarge\u00a0\u00bb,\u00a0\u00bbimage_svg_color\u00a0\u00bb:\u00a0\u00bbemphasis\u00a0\u00bb,\u00a0\u00bbimage\u00a0\u00bb:\u00a0\u00bbwp-content\\\/uploads\\\/2024\\\/08\\\/Recrutement-techniciens-2.jpg\u00a0\u00bb,\u00a0\u00bbmaxwidth\u00a0\u00bb:\u00a0\u00bblarge\u00a0\u00bb,\u00a0\u00bbblock_align\u00a0\u00bb:\u00a0\u00bbcenter\u00a0\u00bb}},{\u00ab\u00a0type\u00a0\u00bb:\u00a0\u00bbgallery\u00a0\u00bb,\u00a0\u00bbprops\u00a0\u00bb:{\u00ab\u00a0show_title\u00a0\u00bb:true,\u00a0\u00bbshow_meta\u00a0\u00bb:true,\u00a0\u00bbshow_content\u00a0\u00bb:true,\u00a0\u00bbshow_link\u00a0\u00bb:true,\u00a0\u00bbshow_hover_image\u00a0\u00bb:true,\u00a0\u00bbgrid_default\u00a0\u00bb:\u00a0\u00bb1&Prime;,\u00a0\u00bbgrid_medium\u00a0\u00bb:\u00a0\u00bb3&Prime;,\u00a0\u00bbfilter_style\u00a0\u00bb:\u00a0\u00bbtab\u00a0\u00bb,\u00a0\u00bbfilter_all\u00a0\u00bb:true,\u00a0\u00bbfilter_position\u00a0\u00bb:\u00a0\u00bbtop\u00a0\u00bb,\u00a0\u00bbfilter_align\u00a0\u00bb:\u00a0\u00bbleft\u00a0\u00bb,\u00a0\u00bbfilter_grid_width\u00a0\u00bb:\u00a0\u00bbauto\u00a0\u00bb,\u00a0\u00bbfilter_grid_breakpoint\u00a0\u00bb:\u00a0\u00bbm\u00a0\u00bb,\u00a0\u00bboverlay_mode\u00a0\u00bb:\u00a0\u00bbcover\u00a0\u00bb,\u00a0\u00bboverlay_hover\u00a0\u00bb:true,\u00a0\u00bboverlay_style\u00a0\u00bb:\u00a0\u00bboverlay-primary\u00a0\u00bb,\u00a0\u00bbtext_color\u00a0\u00bb:\u00a0\u00bblight\u00a0\u00bb,\u00a0\u00bboverlay_position\u00a0\u00bb:\u00a0\u00bbcenter\u00a0\u00bb,\u00a0\u00bboverlay_transition\u00a0\u00bb:\u00a0\u00bbfade\u00a0\u00bb,\u00a0\u00bbtitle_hover_style\u00a0\u00bb:\u00a0\u00bbreset\u00a0\u00bb,\u00a0\u00bbtitle_element\u00a0\u00bb:\u00a0\u00bbh3&Prime;,\u00a0\u00bbmeta_style\u00a0\u00bb:\u00a0\u00bbmeta\u00a0\u00bb,\u00a0\u00bbmeta_align\u00a0\u00bb:\u00a0\u00bbbelow-title\u00a0\u00bb,\u00a0\u00bbmeta_element\u00a0\u00bb:\u00a0\u00bbdiv\u00a0\u00bb,\u00a0\u00bblink_text\u00a0\u00bb:\u00a0\u00bbRead more\u00a0\u00bb,\u00a0\u00bblink_style\u00a0\u00bb:\u00a0\u00bbdefault\u00a0\u00bb,\u00a0\u00bbtext_align\u00a0\u00bb:\u00a0\u00bbcenter\u00a0\u00bb,\u00a0\u00bbmargin\u00a0\u00bb:\u00a0\u00bbdefault\u00a0\u00bb,\u00a0\u00bbitem_animation\u00a0\u00bb:\u00a0\u00bb\u00a0\u00bb},\u00a0\u00bbchildren\u00a0\u00bb:[{\u00ab\u00a0type\u00a0\u00bb:\u00a0\u00bbgallery_item\u00a0\u00bb,\u00a0\u00bbprops\u00a0\u00bb:{\u00ab\u00a0image\u00a0\u00bb:\u00a0\u00bbwp-content\\\/uploads\\\/2024\\\/03\\\/ipiccy_image-3.jpg\u00a0\u00bb}},{\u00ab\u00a0type\u00a0\u00bb:\u00a0\u00bbgallery_item\u00a0\u00bb,\u00a0\u00bbprops\u00a0\u00bb:{\u00ab\u00a0image\u00a0\u00bb:\u00a0\u00bbwp-content\\\/uploads\\\/2024\\\/08\\\/Brest.jpg\u00a0\u00bb}},{\u00ab\u00a0type\u00a0\u00bb:\u00a0\u00bbgallery_item\u00a0\u00bb,\u00a0\u00bbprops\u00a0\u00bb:{\u00ab\u00a0image\u00a0\u00bb:\u00a0\u00bbwp-content\\\/uploads\\\/2024\\\/06\\\/ipiccy_image2-1.jpg\u00a0\u00bb}}]}]}]}]}],\u00a0\u00bbversion\u00a0\u00bb:\u00a0\u00bb2.3.25&Prime;} &#8211;><!-- wp:post-content --><div><h3><strong>REJOIGNEZ-NOUS!<\/strong><\/h3><\/div>\n<div><p><!-- wp:paragraph --><\/p>\n<p><strong>Le 01\/08\/2024:<\/strong><\/p>\n<p><!-- \/wp:paragraph --> <!-- wp:paragraph --><\/p>\n<p><strong>Dans le cadre d&rsquo;une ouverture d&rsquo;agence \u00e0 PLABENNEC, Solaire Avantages recrute <em>2 Technicien(ne)s Photovolta\u00efques<\/em>:<\/strong><\/p>\n<p><!-- \/wp:paragraph --><\/p><\/div>\n<div><ul id=\"block-9d11f5f0-7cce-4641-9295-8f9abb2e6244\" class=\"block-editor-rich-text__editable block-editor-block-list__block wp-block is-selected rich-text\" tabindex=\"0\" role=\"group\" contenteditable=\"true\" aria-multiline=\"true\" aria-label=\"Bloc\u00a0: Liste\" data-block=\"9d11f5f0-7cce-4641-9295-8f9abb2e6244\" data-type=\"core\/list\" data-title=\"Liste\">\n<li>1 poste \u00e0 PLOUESCAT, 1 poste \u00e0 PLABENNEC<\/li>\n<li>Profil: Couvreur, Electricien, D\u00e9butant -&gt; Formation en interne<\/li>\n<li>Prise de poste: Septembre 2024<\/li>\n<li>Pose de panneaux photovolta\u00efques sur tout type de toiture: ardoise, toit plat: membrane.., bac acier et \u00e9vrites<\/li>\n<li>Partie \u00e9lectrique<\/li>\n<li>Pr\u00e9paration de chantiers \u00e0 l&rsquo;atelier<\/li>\n<li>Chantiers \u00e0 30km autour de l&rsquo;entreprise<\/li>\n<li>&#8230;<\/li>\n<\/ul><\/div>\n<div><p><!-- wp:paragraph --><\/p>\n<p><strong>Merci de nous envoyer un CV \u00e0 solaire-avantages@orange.fr<\/strong><\/p>\n<p><!-- \/wp:paragraph --> <!-- wp:paragraph --><\/p>\n<p>Nous vous contacterons \u00e0 notre reprise fin Ao\u00fbt.<\/p>\n<p><!-- \/wp:paragraph --> <!-- wp:paragraph --><\/p>\n<p>Bel \u00e9t\u00e9 (ensoleill\u00e9)!<\/p>\n<p><!-- \/wp:paragraph --><\/p><\/div>\n<img decoding=\"async\" src=\"\/wp-content\/uploads\/2024\/08\/Recrutement-techniciens-2.jpg\" alt=\"\">\n<ul>\n        <li>\n\n        <img decoding=\"async\" src=\"\/wp-content\/uploads\/2024\/03\/ipiccy_image-3.jpg\" alt=\"\">\n\n\n\n\n\n    <\/li>\n        <li>\n\n        <img decoding=\"async\" src=\"\/wp-content\/uploads\/2024\/08\/Brest.jpg\" alt=\"\">\n\n\n\n\n\n    <\/li>\n        <li>\n\n        <img decoding=\"async\" src=\"\/wp-content\/uploads\/2024\/06\/ipiccy_image2-1.jpg\" alt=\"\">\n\n\n\n\n\n    <\/li>\n    <\/ul>\n\n<!-- {\"type\":\"layout\",\"children\":[{\"type\":\"section\",\"props\":{\"style\":\"default\",\"width\":\"default\",\"vertical_align\":\"middle\",\"title_position\":\"top-left\",\"title_rotation\":\"left\",\"title_breakpoint\":\"xl\",\"image_position\":\"center-center\"},\"children\":[{\"type\":\"row\",\"children\":[{\"type\":\"column\",\"props\":{\"image_position\":\"center-center\",\"media_overlay_gradient\":\"\"},\"children\":[{\"type\":\"text\",\"props\":{\"margin\":\"default\",\"column_breakpoint\":\"m\",\"content\":\"<h3><strong>REJOIGNEZ-NOUS!<\\\/strong><\\\/h3>\"}},{\"type\":\"text\",\"props\":{\"margin\":\"default\",\"column_breakpoint\":\"m\",\"content\":\"<p><!-- wp:paragraph --><\\\/p>\\n<p><strong>Le 01\\\/08\\\/2024:<\\\/strong><\\\/p>\\n<p><!-- \\\/wp:paragraph --> <!-- wp:paragraph --><\\\/p>\\n<p><strong>Dans le cadre d&rsquo;une ouverture d&rsquo;agence \\u00e0 PLABENNEC, Solaire Avantages recrute <em>2 Technicien(ne)s Photovolta\\u00efques<\\\/em>:<\\\/strong><\\\/p>\\n<p><!-- \\\/wp:paragraph --><\\\/p>\u00ab\u00a0}},{\u00ab\u00a0type\u00a0\u00bb:\u00a0\u00bbtext\u00a0\u00bb,\u00a0\u00bbprops\u00a0\u00bb:{\u00ab\u00a0margin\u00a0\u00bb:\u00a0\u00bbdefault\u00a0\u00bb,\u00a0\u00bbcolumn_breakpoint\u00a0\u00bb:\u00a0\u00bbm\u00a0\u00bb,\u00a0\u00bbcontent\u00a0\u00bb:\u00a0\u00bb<ul id=\\\"block-9d11f5f0-7cce-4641-9295-8f9abb2e6244\\\" class=\\\"block-editor-rich-text__editable block-editor-block-list__block wp-block is-selected rich-text\\\" tabindex=\\\"0\\\" role=\\\"group\\\" contenteditable=\\\"true\\\" aria-multiline=\\\"true\\\" aria-label=\\\"Bloc\\u00a0: Liste\\\" data-block=\\\"9d11f5f0-7cce-4641-9295-8f9abb2e6244\\\" data-type=\\\"core\\\/list\\\" data-title=\\\"Liste\\\">\\n<li>1 poste \\u00e0 PLOUESCAT, 1 poste \\u00e0 PLABENNEC<\\\/li>\\n<li>Profil: Couvreur, Electricien, D\\u00e9butant -&gt; Formation en interne<\\\/li>\\n<li>Prise de poste: Septembre 2024<\\\/li>\\n<li>Pose de panneaux photovolta\\u00efques sur tout type de toiture: ardoise, toit plat: membrane.., bac acier et \\u00e9vrites<\\\/li>\\n<li>Partie \\u00e9lectrique<\\\/li>\\n<li>Pr\\u00e9paration de chantiers \\u00e0 l&rsquo;atelier<\\\/li>\\n<li>Chantiers \\u00e0 30km autour de l&rsquo;entreprise<\\\/li>\\n<li>&#8230;<\\\/li>\\n<\\\/ul>\u00ab\u00a0}},{\u00ab\u00a0type\u00a0\u00bb:\u00a0\u00bbtext\u00a0\u00bb,\u00a0\u00bbprops\u00a0\u00bb:{\u00ab\u00a0margin\u00a0\u00bb:\u00a0\u00bbdefault\u00a0\u00bb,\u00a0\u00bbcolumn_breakpoint\u00a0\u00bb:\u00a0\u00bbm\u00a0\u00bb,\u00a0\u00bbcontent\u00a0\u00bb:\u00a0\u00bb<p><!-- wp:paragraph --><\\\/p>\\n<p><strong>Merci de nous envoyer un CV \\u00e0 solaire-avantages@orange.fr<\\\/strong><\\\/p>\\n<p><!-- \\\/wp:paragraph --> <!-- wp:paragraph --><\\\/p>\\n<p>Nous vous contacterons \\u00e0 notre reprise fin Ao\\u00fbt.<\\\/p>\\n<p><!-- \\\/wp:paragraph --> <!-- wp:paragraph --><\\\/p>\\n<p>Bel \\u00e9t\\u00e9 (ensoleill\\u00e9)!<\\\/p>\\n<p><!-- \\\/wp:paragraph --><\\\/p>\u00ab\u00a0}},{\u00ab\u00a0type\u00a0\u00bb:\u00a0\u00bbimage\u00a0\u00bb,\u00a0\u00bbprops\u00a0\u00bb:{\u00ab\u00a0margin\u00a0\u00bb:\u00a0\u00bblarge\u00a0\u00bb,\u00a0\u00bbimage_svg_color\u00a0\u00bb:\u00a0\u00bbemphasis\u00a0\u00bb,\u00a0\u00bbimage\u00a0\u00bb:\u00a0\u00bbwp-content\\\/uploads\\\/2024\\\/08\\\/Recrutement-techniciens-2.jpg\u00a0\u00bb,\u00a0\u00bbmaxwidth\u00a0\u00bb:\u00a0\u00bblarge\u00a0\u00bb,\u00a0\u00bbblock_align\u00a0\u00bb:\u00a0\u00bbcenter\u00a0\u00bb}},{\u00ab\u00a0type\u00a0\u00bb:\u00a0\u00bbgallery\u00a0\u00bb,\u00a0\u00bbprops\u00a0\u00bb:{\u00ab\u00a0show_title\u00a0\u00bb:true,\u00a0\u00bbshow_meta\u00a0\u00bb:true,\u00a0\u00bbshow_content\u00a0\u00bb:true,\u00a0\u00bbshow_link\u00a0\u00bb:true,\u00a0\u00bbshow_hover_image\u00a0\u00bb:true,\u00a0\u00bbgrid_default\u00a0\u00bb:\u00a0\u00bb1&Prime;,\u00a0\u00bbgrid_medium\u00a0\u00bb:\u00a0\u00bb3&Prime;,\u00a0\u00bbfilter_style\u00a0\u00bb:\u00a0\u00bbtab\u00a0\u00bb,\u00a0\u00bbfilter_all\u00a0\u00bb:true,\u00a0\u00bbfilter_position\u00a0\u00bb:\u00a0\u00bbtop\u00a0\u00bb,\u00a0\u00bbfilter_align\u00a0\u00bb:\u00a0\u00bbleft\u00a0\u00bb,\u00a0\u00bbfilter_grid_width\u00a0\u00bb:\u00a0\u00bbauto\u00a0\u00bb,\u00a0\u00bbfilter_grid_breakpoint\u00a0\u00bb:\u00a0\u00bbm\u00a0\u00bb,\u00a0\u00bboverlay_mode\u00a0\u00bb:\u00a0\u00bbcover\u00a0\u00bb,\u00a0\u00bboverlay_hover\u00a0\u00bb:true,\u00a0\u00bboverlay_style\u00a0\u00bb:\u00a0\u00bboverlay-primary\u00a0\u00bb,\u00a0\u00bbtext_color\u00a0\u00bb:\u00a0\u00bblight\u00a0\u00bb,\u00a0\u00bboverlay_position\u00a0\u00bb:\u00a0\u00bbcenter\u00a0\u00bb,\u00a0\u00bboverlay_transition\u00a0\u00bb:\u00a0\u00bbfade\u00a0\u00bb,\u00a0\u00bbtitle_hover_style\u00a0\u00bb:\u00a0\u00bbreset\u00a0\u00bb,\u00a0\u00bbtitle_element\u00a0\u00bb:\u00a0\u00bbh3&Prime;,\u00a0\u00bbmeta_style\u00a0\u00bb:\u00a0\u00bbmeta\u00a0\u00bb,\u00a0\u00bbmeta_align\u00a0\u00bb:\u00a0\u00bbbelow-title\u00a0\u00bb,\u00a0\u00bbmeta_element\u00a0\u00bb:\u00a0\u00bbdiv\u00a0\u00bb,\u00a0\u00bblink_text\u00a0\u00bb:\u00a0\u00bbRead more\u00a0\u00bb,\u00a0\u00bblink_style\u00a0\u00bb:\u00a0\u00bbdefault\u00a0\u00bb,\u00a0\u00bbtext_align\u00a0\u00bb:\u00a0\u00bbcenter\u00a0\u00bb,\u00a0\u00bbmargin\u00a0\u00bb:\u00a0\u00bbdefault\u00a0\u00bb,\u00a0\u00bbitem_animation\u00a0\u00bb:\u00a0\u00bb\u00a0\u00bb},\u00a0\u00bbchildren\u00a0\u00bb:[{\u00ab\u00a0type\u00a0\u00bb:\u00a0\u00bbgallery_item\u00a0\u00bb,\u00a0\u00bbprops\u00a0\u00bb:{\u00ab\u00a0image\u00a0\u00bb:\u00a0\u00bbwp-content\\\/uploads\\\/2024\\\/03\\\/ipiccy_image-3.jpg\u00a0\u00bb}},{\u00ab\u00a0type\u00a0\u00bb:\u00a0\u00bbgallery_item\u00a0\u00bb,\u00a0\u00bbprops\u00a0\u00bb:{\u00ab\u00a0image\u00a0\u00bb:\u00a0\u00bbwp-content\\\/uploads\\\/2024\\\/08\\\/Brest.jpg\u00a0\u00bb}},{\u00ab\u00a0type\u00a0\u00bb:\u00a0\u00bbgallery_item\u00a0\u00bb,\u00a0\u00bbprops\u00a0\u00bb:{\u00ab\u00a0image\u00a0\u00bb:\u00a0\u00bbwp-content\\\/uploads\\\/2024\\\/06\\\/ipiccy_image2-1.jpg\u00a0\u00bb}}]}]}]}]}],\u00a0\u00bbversion\u00a0\u00bb:\u00a0\u00bb2.3.25&Prime;} &#8211;><!-- \/wp:post-content --><\\\/p>\\n<p><strong>Le 01\\\/08\\\/2024:<\\\/strong><\\\/p>\\n<p><!-- \\\/wp:paragraph --> <\\\/p>\\n<p><strong>Dans le cadre d&rsquo;une ouverture d&rsquo;agence \\u00e0 PLABENNEC, Solaire Avantages recrute <em>2 Technicien(ne)s Photovolta\\u00efques<\\\/em>:<\\\/strong><\\\/p>\\n<p><!-- \\\/wp:paragraph --><\\\/p>\u00ab\u00a0}},{\u00ab\u00a0type\u00a0\u00bb:\u00a0\u00bbtext\u00a0\u00bb,\u00a0\u00bbprops\u00a0\u00bb:{\u00ab\u00a0margin\u00a0\u00bb:\u00a0\u00bbdefault\u00a0\u00bb,\u00a0\u00bbcolumn_breakpoint\u00a0\u00bb:\u00a0\u00bbm\u00a0\u00bb,\u00a0\u00bbcontent\u00a0\u00bb:\u00a0\u00bb<ul id=\\\"block-9d11f5f0-7cce-4641-9295-8f9abb2e6244\\\" class=\\\"block-editor-rich-text__editable block-editor-block-list__block wp-block is-selected rich-text\\\" tabindex=\\\"0\\\" role=\\\"group\\\" contenteditable=\\\"true\\\" aria-multiline=\\\"true\\\" aria-label=\\\"Bloc\\u00a0: Liste\\\" data-block=\\\"9d11f5f0-7cce-4641-9295-8f9abb2e6244\\\" data-type=\\\"core\\\/list\\\" data-title=\\\"Liste\\\">\\n<li>1 poste \\u00e0 PLOUESCAT, 1 poste \\u00e0 PLABENNEC<\\\/li>\\n<li>Profil: Couvreur, Electricien, D\\u00e9butant -&gt; Formation en interne<\\\/li>\\n<li>Prise de poste: Septembre 2024<\\\/li>\\n<li>Pose de panneaux photovolta\\u00efques sur tout type de toiture: ardoise, toit plat: membrane.., bac acier et \\u00e9vrites<\\\/li>\\n<li>Partie \\u00e9lectrique<\\\/li>\\n<li>Pr\\u00e9paration de chantiers \\u00e0 l&rsquo;atelier<\\\/li>\\n<li>Chantiers \\u00e0 30km autour de l&rsquo;entreprise<\\\/li>\\n<li>&#8230;<\\\/li>\\n<\\\/ul>\u00ab\u00a0}},{\u00ab\u00a0type\u00a0\u00bb:\u00a0\u00bbtext\u00a0\u00bb,\u00a0\u00bbprops\u00a0\u00bb:{\u00ab\u00a0margin\u00a0\u00bb:\u00a0\u00bbdefault\u00a0\u00bb,\u00a0\u00bbcolumn_breakpoint\u00a0\u00bb:\u00a0\u00bbm\u00a0\u00bb,\u00a0\u00bbcontent\u00a0\u00bb:\u00a0\u00bb<p><!-- wp:paragraph --><\\\/p>\\n<p><strong>Merci de nous envoyer un CV \\u00e0 solaire-avantages@orange.fr<\\\/strong><\\\/p>\\n<p><!-- \\\/wp:paragraph --> <!-- wp:paragraph --><\\\/p>\\n<p>Nous vous contacterons \\u00e0 notre reprise fin Ao\\u00fbt.<\\\/p>\\n<p><!-- \\\/wp:paragraph --> <!-- wp:paragraph --><\\\/p>\\n<p>Bel \\u00e9t\\u00e9 (ensoleill\\u00e9)!<\\\/p>\\n<p><!-- \\\/wp:paragraph --><\\\/p>\u00ab\u00a0}},{\u00ab\u00a0type\u00a0\u00bb:\u00a0\u00bbimage\u00a0\u00bb,\u00a0\u00bbprops\u00a0\u00bb:{\u00ab\u00a0margin\u00a0\u00bb:\u00a0\u00bblarge\u00a0\u00bb,\u00a0\u00bbimage_svg_color\u00a0\u00bb:\u00a0\u00bbemphasis\u00a0\u00bb,\u00a0\u00bbimage\u00a0\u00bb:\u00a0\u00bbwp-content\\\/uploads\\\/2024\\\/08\\\/Recrutement-techniciens-2.jpg\u00a0\u00bb,\u00a0\u00bbmaxwidth\u00a0\u00bb:\u00a0\u00bblarge\u00a0\u00bb,\u00a0\u00bbblock_align\u00a0\u00bb:\u00a0\u00bbcenter\u00a0\u00bb}},{\u00ab\u00a0type\u00a0\u00bb:\u00a0\u00bbgallery\u00a0\u00bb,\u00a0\u00bbprops\u00a0\u00bb:{\u00ab\u00a0show_title\u00a0\u00bb:true,\u00a0\u00bbshow_meta\u00a0\u00bb:true,\u00a0\u00bbshow_content\u00a0\u00bb:true,\u00a0\u00bbshow_link\u00a0\u00bb:true,\u00a0\u00bbshow_hover_image\u00a0\u00bb:true,\u00a0\u00bbgrid_default\u00a0\u00bb:\u00a0\u00bb1&Prime;,\u00a0\u00bbgrid_medium\u00a0\u00bb:\u00a0\u00bb3&Prime;,\u00a0\u00bbfilter_style\u00a0\u00bb:\u00a0\u00bbtab\u00a0\u00bb,\u00a0\u00bbfilter_all\u00a0\u00bb:true,\u00a0\u00bbfilter_position\u00a0\u00bb:\u00a0\u00bbtop\u00a0\u00bb,\u00a0\u00bbfilter_align\u00a0\u00bb:\u00a0\u00bbleft\u00a0\u00bb,\u00a0\u00bbfilter_grid_width\u00a0\u00bb:\u00a0\u00bbauto\u00a0\u00bb,\u00a0\u00bbfilter_grid_breakpoint\u00a0\u00bb:\u00a0\u00bbm\u00a0\u00bb,\u00a0\u00bboverlay_mode\u00a0\u00bb:\u00a0\u00bbcover\u00a0\u00bb,\u00a0\u00bboverlay_hover\u00a0\u00bb:true,\u00a0\u00bboverlay_style\u00a0\u00bb:\u00a0\u00bboverlay-primary\u00a0\u00bb,\u00a0\u00bbtext_color\u00a0\u00bb:\u00a0\u00bblight\u00a0\u00bb,\u00a0\u00bboverlay_position\u00a0\u00bb:\u00a0\u00bbcenter\u00a0\u00bb,\u00a0\u00bboverlay_transition\u00a0\u00bb:\u00a0\u00bbfade\u00a0\u00bb,\u00a0\u00bbtitle_hover_style\u00a0\u00bb:\u00a0\u00bbreset\u00a0\u00bb,\u00a0\u00bbtitle_element\u00a0\u00bb:\u00a0\u00bbh3&Prime;,\u00a0\u00bbmeta_style\u00a0\u00bb:\u00a0\u00bbmeta\u00a0\u00bb,\u00a0\u00bbmeta_align\u00a0\u00bb:\u00a0\u00bbbelow-title\u00a0\u00bb,\u00a0\u00bbmeta_element\u00a0\u00bb:\u00a0\u00bbdiv\u00a0\u00bb,\u00a0\u00bblink_text\u00a0\u00bb:\u00a0\u00bbRead more\u00a0\u00bb,\u00a0\u00bblink_style\u00a0\u00bb:\u00a0\u00bbdefault\u00a0\u00bb,\u00a0\u00bbtext_align\u00a0\u00bb:\u00a0\u00bbcenter\u00a0\u00bb,\u00a0\u00bbmargin\u00a0\u00bb:\u00a0\u00bbdefault\u00a0\u00bb,\u00a0\u00bbitem_animation\u00a0\u00bb:\u00a0\u00bb\u00a0\u00bb},\u00a0\u00bbchildren\u00a0\u00bb:[{\u00ab\u00a0type\u00a0\u00bb:\u00a0\u00bbgallery_item\u00a0\u00bb,\u00a0\u00bbprops\u00a0\u00bb:{\u00ab\u00a0image\u00a0\u00bb:\u00a0\u00bbwp-content\\\/uploads\\\/2024\\\/03\\\/ipiccy_image-3.jpg\u00a0\u00bb}},{\u00ab\u00a0type\u00a0\u00bb:\u00a0\u00bbgallery_item\u00a0\u00bb,\u00a0\u00bbprops\u00a0\u00bb:{\u00ab\u00a0image\u00a0\u00bb:\u00a0\u00bbwp-content\\\/uploads\\\/2024\\\/08\\\/Brest.jpg\u00a0\u00bb}},{\u00ab\u00a0type\u00a0\u00bb:\u00a0\u00bbgallery_item\u00a0\u00bb,\u00a0\u00bbprops\u00a0\u00bb:{\u00ab\u00a0image\u00a0\u00bb:\u00a0\u00bbwp-content\\\/uploads\\\/2024\\\/06\\\/ipiccy_image2-1.jpg\u00a0\u00bb}}]}]}]}]}],\u00a0\u00bbversion\u00a0\u00bb:\u00a0\u00bb2.3.25&Prime;} &#8211;><!-- \/wp:post-content --><!-- \/wp:paragraph --><!-- wp:post-content --><div><h3><strong>REJOIGNEZ-NOUS!<\/strong><\/h3><\/div>\n<div><p><!-- wp:paragraph --><\/p>\n<p><strong>Le 01\/08\/2024:<\/strong><\/p>\n<p><!-- \/wp:paragraph --> <!-- wp:paragraph --><\/p>\n<p><strong>Dans le cadre d&rsquo;une ouverture d&rsquo;agence \u00e0 PLABENNEC, Solaire Avantages recrute <em>2 Technicien(ne)s Photovolta\u00efques<\/em>:<\/strong><\/p>\n<p><!-- \/wp:paragraph --><\/p><\/div>\n<div><ul id=\"block-9d11f5f0-7cce-4641-9295-8f9abb2e6244\" class=\"block-editor-rich-text__editable block-editor-block-list__block wp-block is-selected rich-text\" tabindex=\"0\" role=\"group\" contenteditable=\"true\" aria-multiline=\"true\" aria-label=\"Bloc\u00a0: Liste\" data-block=\"9d11f5f0-7cce-4641-9295-8f9abb2e6244\" data-type=\"core\/list\" data-title=\"Liste\">\n<li>1 poste \u00e0 PLOUESCAT, 1 poste \u00e0 PLABENNEC<\/li>\n<li>Profil: Couvreur, Electricien, D\u00e9butant -&gt; Formation en interne<\/li>\n<li>Prise de poste: Septembre 2024<\/li>\n<li>Pose de panneaux photovolta\u00efques sur tout type de toiture: ardoise, toit plat: membrane.., bac acier et \u00e9vrites<\/li>\n<li>Partie \u00e9lectrique<\/li>\n<li>Pr\u00e9paration de chantiers \u00e0 l&rsquo;atelier<\/li>\n<li>Chantiers \u00e0 30km autour de l&rsquo;entreprise<\/li>\n<li>&#8230;<\/li>\n<\/ul><\/div>\n<div><p><!-- wp:paragraph --><\/p>\n<p><strong>Merci de nous envoyer un CV \u00e0 solaire-avantages@orange.fr<\/strong><\/p>\n<p><!-- \/wp:paragraph --> <!-- wp:paragraph --><\/p>\n<p>Nous vous contacterons \u00e0 notre reprise fin Ao\u00fbt.<\/p>\n<p><!-- \/wp:paragraph --> <!-- wp:paragraph --><\/p>\n<p>Bel \u00e9t\u00e9 (ensoleill\u00e9)!<\/p>\n<p><!-- \/wp:paragraph --><\/p><\/div>\n<img decoding=\"async\" src=\"\/wp-content\/uploads\/2024\/08\/Recrutement-techniciens-2.jpg\" alt=\"\">\n<ul>\n        <li>\n\n        <img decoding=\"async\" src=\"\/wp-content\/uploads\/2024\/03\/ipiccy_image-3.jpg\" alt=\"\">\n\n\n\n\n\n    <\/li>\n        <li>\n\n        <img decoding=\"async\" src=\"\/wp-content\/uploads\/2024\/08\/Brest.jpg\" alt=\"\">\n\n\n\n\n\n    <\/li>\n        <li>\n\n        <img decoding=\"async\" src=\"\/wp-content\/uploads\/2024\/06\/ipiccy_image2-1.jpg\" alt=\"\">\n\n\n\n\n\n    <\/li>\n    <\/ul>\n\n<!-- {\"type\":\"layout\",\"children\":[{\"type\":\"section\",\"props\":{\"style\":\"default\",\"width\":\"default\",\"vertical_align\":\"middle\",\"title_position\":\"top-left\",\"title_rotation\":\"left\",\"title_breakpoint\":\"xl\",\"image_position\":\"center-center\"},\"children\":[{\"type\":\"row\",\"children\":[{\"type\":\"column\",\"props\":{\"image_position\":\"center-center\",\"media_overlay_gradient\":\"\"},\"children\":[{\"type\":\"text\",\"props\":{\"margin\":\"default\",\"column_breakpoint\":\"m\",\"content\":\"<h3><strong>REJOIGNEZ-NOUS!<\\\/strong><\\\/h3>\"}},{\"type\":\"text\",\"props\":{\"margin\":\"default\",\"column_breakpoint\":\"m\",\"content\":\"<p><!-- wp:paragraph --><\\\/p>\\n<p><strong>Le 01\\\/08\\\/2024:<\\\/strong><\\\/p>\\n<p><!-- \\\/wp:paragraph --> <!-- wp:paragraph --><\\\/p>\\n<p><strong>Dans le cadre d&rsquo;une ouverture d&rsquo;agence \\u00e0 PLABENNEC, Solaire Avantages recrute <em>2 Technicien(ne)s Photovolta\\u00efques<\\\/em>:<\\\/strong><\\\/p>\\n<p><!-- \\\/wp:paragraph --><\\\/p>\u00ab\u00a0}},{\u00ab\u00a0type\u00a0\u00bb:\u00a0\u00bbtext\u00a0\u00bb,\u00a0\u00bbprops\u00a0\u00bb:{\u00ab\u00a0margin\u00a0\u00bb:\u00a0\u00bbdefault\u00a0\u00bb,\u00a0\u00bbcolumn_breakpoint\u00a0\u00bb:\u00a0\u00bbm\u00a0\u00bb,\u00a0\u00bbcontent\u00a0\u00bb:\u00a0\u00bb<ul id=\\\"block-9d11f5f0-7cce-4641-9295-8f9abb2e6244\\\" class=\\\"block-editor-rich-text__editable block-editor-block-list__block wp-block is-selected rich-text\\\" tabindex=\\\"0\\\" role=\\\"group\\\" contenteditable=\\\"true\\\" aria-multiline=\\\"true\\\" aria-label=\\\"Bloc\\u00a0: Liste\\\" data-block=\\\"9d11f5f0-7cce-4641-9295-8f9abb2e6244\\\" data-type=\\\"core\\\/list\\\" data-title=\\\"Liste\\\">\\n<li>1 poste \\u00e0 PLOUESCAT, 1 poste \\u00e0 PLABENNEC<\\\/li>\\n<li>Profil: Couvreur, Electricien, D\\u00e9butant -&gt; Formation en interne<\\\/li>\\n<li>Prise de poste: Septembre 2024<\\\/li>\\n<li>Pose de panneaux photovolta\\u00efques sur tout type de toiture: ardoise, toit plat: membrane.., bac acier et \\u00e9vrites<\\\/li>\\n<li>Partie \\u00e9lectrique<\\\/li>\\n<li>Pr\\u00e9paration de chantiers \\u00e0 l&rsquo;atelier<\\\/li>\\n<li>Chantiers \\u00e0 30km autour de l&rsquo;entreprise<\\\/li>\\n<li>&#8230;<\\\/li>\\n<\\\/ul>\u00ab\u00a0}},{\u00ab\u00a0type\u00a0\u00bb:\u00a0\u00bbtext\u00a0\u00bb,\u00a0\u00bbprops\u00a0\u00bb:{\u00ab\u00a0margin\u00a0\u00bb:\u00a0\u00bbdefault\u00a0\u00bb,\u00a0\u00bbcolumn_breakpoint\u00a0\u00bb:\u00a0\u00bbm\u00a0\u00bb,\u00a0\u00bbcontent\u00a0\u00bb:\u00a0\u00bb<p><!-- wp:paragraph --><\\\/p>\\n<p><strong>Merci de nous envoyer un CV \\u00e0 solaire-avantages@orange.fr<\\\/strong><\\\/p>\\n<p><!-- \\\/wp:paragraph --> <!-- wp:paragraph --><\\\/p>\\n<p>Nous vous contacterons \\u00e0 notre reprise fin Ao\\u00fbt.<\\\/p>\\n<p><!-- \\\/wp:paragraph --> <!-- wp:paragraph --><\\\/p>\\n<p>Bel \\u00e9t\\u00e9 (ensoleill\\u00e9)!<\\\/p>\\n<p><!-- \\\/wp:paragraph --><\\\/p>\u00ab\u00a0}},{\u00ab\u00a0type\u00a0\u00bb:\u00a0\u00bbimage\u00a0\u00bb,\u00a0\u00bbprops\u00a0\u00bb:{\u00ab\u00a0margin\u00a0\u00bb:\u00a0\u00bblarge\u00a0\u00bb,\u00a0\u00bbimage_svg_color\u00a0\u00bb:\u00a0\u00bbemphasis\u00a0\u00bb,\u00a0\u00bbimage\u00a0\u00bb:\u00a0\u00bbwp-content\\\/uploads\\\/2024\\\/08\\\/Recrutement-techniciens-2.jpg\u00a0\u00bb,\u00a0\u00bbmaxwidth\u00a0\u00bb:\u00a0\u00bblarge\u00a0\u00bb,\u00a0\u00bbblock_align\u00a0\u00bb:\u00a0\u00bbcenter\u00a0\u00bb}},{\u00ab\u00a0type\u00a0\u00bb:\u00a0\u00bbgallery\u00a0\u00bb,\u00a0\u00bbprops\u00a0\u00bb:{\u00ab\u00a0show_title\u00a0\u00bb:true,\u00a0\u00bbshow_meta\u00a0\u00bb:true,\u00a0\u00bbshow_content\u00a0\u00bb:true,\u00a0\u00bbshow_link\u00a0\u00bb:true,\u00a0\u00bbshow_hover_image\u00a0\u00bb:true,\u00a0\u00bbgrid_default\u00a0\u00bb:\u00a0\u00bb1&Prime;,\u00a0\u00bbgrid_medium\u00a0\u00bb:\u00a0\u00bb3&Prime;,\u00a0\u00bbfilter_style\u00a0\u00bb:\u00a0\u00bbtab\u00a0\u00bb,\u00a0\u00bbfilter_all\u00a0\u00bb:true,\u00a0\u00bbfilter_position\u00a0\u00bb:\u00a0\u00bbtop\u00a0\u00bb,\u00a0\u00bbfilter_align\u00a0\u00bb:\u00a0\u00bbleft\u00a0\u00bb,\u00a0\u00bbfilter_grid_width\u00a0\u00bb:\u00a0\u00bbauto\u00a0\u00bb,\u00a0\u00bbfilter_grid_breakpoint\u00a0\u00bb:\u00a0\u00bbm\u00a0\u00bb,\u00a0\u00bboverlay_mode\u00a0\u00bb:\u00a0\u00bbcover\u00a0\u00bb,\u00a0\u00bboverlay_hover\u00a0\u00bb:true,\u00a0\u00bboverlay_style\u00a0\u00bb:\u00a0\u00bboverlay-primary\u00a0\u00bb,\u00a0\u00bbtext_color\u00a0\u00bb:\u00a0\u00bblight\u00a0\u00bb,\u00a0\u00bboverlay_position\u00a0\u00bb:\u00a0\u00bbcenter\u00a0\u00bb,\u00a0\u00bboverlay_transition\u00a0\u00bb:\u00a0\u00bbfade\u00a0\u00bb,\u00a0\u00bbtitle_hover_style\u00a0\u00bb:\u00a0\u00bbreset\u00a0\u00bb,\u00a0\u00bbtitle_element\u00a0\u00bb:\u00a0\u00bbh3&Prime;,\u00a0\u00bbmeta_style\u00a0\u00bb:\u00a0\u00bbmeta\u00a0\u00bb,\u00a0\u00bbmeta_align\u00a0\u00bb:\u00a0\u00bbbelow-title\u00a0\u00bb,\u00a0\u00bbmeta_element\u00a0\u00bb:\u00a0\u00bbdiv\u00a0\u00bb,\u00a0\u00bblink_text\u00a0\u00bb:\u00a0\u00bbRead more\u00a0\u00bb,\u00a0\u00bblink_style\u00a0\u00bb:\u00a0\u00bbdefault\u00a0\u00bb,\u00a0\u00bbtext_align\u00a0\u00bb:\u00a0\u00bbcenter\u00a0\u00bb,\u00a0\u00bbmargin\u00a0\u00bb:\u00a0\u00bbdefault\u00a0\u00bb,\u00a0\u00bbitem_animation\u00a0\u00bb:\u00a0\u00bb\u00a0\u00bb},\u00a0\u00bbchildren\u00a0\u00bb:[{\u00ab\u00a0type\u00a0\u00bb:\u00a0\u00bbgallery_item\u00a0\u00bb,\u00a0\u00bbprops\u00a0\u00bb:{\u00ab\u00a0image\u00a0\u00bb:\u00a0\u00bbwp-content\\\/uploads\\\/2024\\\/03\\\/ipiccy_image-3.jpg\u00a0\u00bb}},{\u00ab\u00a0type\u00a0\u00bb:\u00a0\u00bbgallery_item\u00a0\u00bb,\u00a0\u00bbprops\u00a0\u00bb:{\u00ab\u00a0image\u00a0\u00bb:\u00a0\u00bbwp-content\\\/uploads\\\/2024\\\/08\\\/Brest.jpg\u00a0\u00bb}},{\u00ab\u00a0type\u00a0\u00bb:\u00a0\u00bbgallery_item\u00a0\u00bb,\u00a0\u00bbprops\u00a0\u00bb:{\u00ab\u00a0image\u00a0\u00bb:\u00a0\u00bbwp-content\\\/uploads\\\/2024\\\/06\\\/ipiccy_image2-1.jpg\u00a0\u00bb}}]}]}]}]}],\u00a0\u00bbversion\u00a0\u00bb:\u00a0\u00bb2.3.25&Prime;} &#8211;><!-- \/wp:post-content --><\/p><\/div>\n<img decoding=\"async\" src=\"\/wp-content\/uploads\/2024\/08\/Recrutement-techniciens-2.jpg\" alt=\"\">\n<ul>\n        <li>\n\n        <img decoding=\"async\" src=\"\/wp-content\/uploads\/2024\/03\/ipiccy_image-3.jpg\" alt=\"\">\n\n\n\n\n\n    <\/li>\n        <li>\n\n        <img decoding=\"async\" src=\"\/wp-content\/uploads\/2024\/08\/Brest.jpg\" alt=\"\">\n\n\n\n\n\n    <\/li>\n        <li>\n\n        <img decoding=\"async\" src=\"\/wp-content\/uploads\/2024\/06\/ipiccy_image2-1.jpg\" alt=\"\">\n\n\n\n\n\n    <\/li>\n    <\/ul>\n\n<!-- {\"type\":\"layout\",\"children\":[{\"type\":\"section\",\"props\":{\"style\":\"default\",\"width\":\"default\",\"vertical_align\":\"middle\",\"title_position\":\"top-left\",\"title_rotation\":\"left\",\"title_breakpoint\":\"xl\",\"image_position\":\"center-center\"},\"children\":[{\"type\":\"row\",\"children\":[{\"type\":\"column\",\"props\":{\"image_position\":\"center-center\",\"media_overlay_gradient\":\"\"},\"children\":[{\"type\":\"text\",\"props\":{\"margin\":\"default\",\"column_breakpoint\":\"m\",\"content\":\"<h3><strong>REJOIGNEZ-NOUS!<\\\/strong><\\\/h3>\"}},{\"type\":\"text\",\"props\":{\"margin\":\"default\",\"column_breakpoint\":\"m\",\"content\":\"<p><\\\/p>\\n<p><strong>Le 01\\\/08\\\/2024:<\\\/strong><\\\/p>\\n<p><!-- \\\/wp:paragraph --> <!-- wp:paragraph --><\\\/p>\\n<p><strong>Dans le cadre d&rsquo;une ouverture d&rsquo;agence \\u00e0 PLABENNEC, Solaire Avantages recrute <em>2 Technicien(ne)s Photovolta\\u00efques<\\\/em>:<\\\/strong><\\\/p>\\n<p><!-- \\\/wp:paragraph --><\\\/p>\u00ab\u00a0}},{\u00ab\u00a0type\u00a0\u00bb:\u00a0\u00bbtext\u00a0\u00bb,\u00a0\u00bbprops\u00a0\u00bb:{\u00ab\u00a0margin\u00a0\u00bb:\u00a0\u00bbdefault\u00a0\u00bb,\u00a0\u00bbcolumn_breakpoint\u00a0\u00bb:\u00a0\u00bbm\u00a0\u00bb,\u00a0\u00bbcontent\u00a0\u00bb:\u00a0\u00bb<ul id=\\\"block-9d11f5f0-7cce-4641-9295-8f9abb2e6244\\\" class=\\\"block-editor-rich-text__editable block-editor-block-list__block wp-block is-selected rich-text\\\" tabindex=\\\"0\\\" role=\\\"group\\\" contenteditable=\\\"true\\\" aria-multiline=\\\"true\\\" aria-label=\\\"Bloc\\u00a0: Liste\\\" data-block=\\\"9d11f5f0-7cce-4641-9295-8f9abb2e6244\\\" data-type=\\\"core\\\/list\\\" data-title=\\\"Liste\\\">\\n<li>1 poste \\u00e0 PLOUESCAT, 1 poste \\u00e0 PLABENNEC<\\\/li>\\n<li>Profil: Couvreur, Electricien, D\\u00e9butant -&gt; Formation en interne<\\\/li>\\n<li>Prise de poste: Septembre 2024<\\\/li>\\n<li>Pose de panneaux photovolta\\u00efques sur tout type de toiture: ardoise, toit plat: membrane.., bac acier et \\u00e9vrites<\\\/li>\\n<li>Partie \\u00e9lectrique<\\\/li>\\n<li>Pr\\u00e9paration de chantiers \\u00e0 l&rsquo;atelier<\\\/li>\\n<li>Chantiers \\u00e0 30km autour de l&rsquo;entreprise<\\\/li>\\n<li>&#8230;<\\\/li>\\n<\\\/ul>\u00ab\u00a0}},{\u00ab\u00a0type\u00a0\u00bb:\u00a0\u00bbtext\u00a0\u00bb,\u00a0\u00bbprops\u00a0\u00bb:{\u00ab\u00a0margin\u00a0\u00bb:\u00a0\u00bbdefault\u00a0\u00bb,\u00a0\u00bbcolumn_breakpoint\u00a0\u00bb:\u00a0\u00bbm\u00a0\u00bb,\u00a0\u00bbcontent\u00a0\u00bb:\u00a0\u00bb<p><!-- wp:paragraph --><\\\/p>\\n<p><strong>Merci de nous envoyer un CV \\u00e0 solaire-avantages@orange.fr<\\\/strong><\\\/p>\\n<p><!-- \\\/wp:paragraph --> <!-- wp:paragraph --><\\\/p>\\n<p>Nous vous contacterons \\u00e0 notre reprise fin Ao\\u00fbt.<\\\/p>\\n<p><!-- \\\/wp:paragraph --> <!-- wp:paragraph --><\\\/p>\\n<p>Bel \\u00e9t\\u00e9 (ensoleill\\u00e9)!<\\\/p>\\n<p><!-- \\\/wp:paragraph --><\\\/p>\u00ab\u00a0}},{\u00ab\u00a0type\u00a0\u00bb:\u00a0\u00bbimage\u00a0\u00bb,\u00a0\u00bbprops\u00a0\u00bb:{\u00ab\u00a0margin\u00a0\u00bb:\u00a0\u00bblarge\u00a0\u00bb,\u00a0\u00bbimage_svg_color\u00a0\u00bb:\u00a0\u00bbemphasis\u00a0\u00bb,\u00a0\u00bbimage\u00a0\u00bb:\u00a0\u00bbwp-content\\\/uploads\\\/2024\\\/08\\\/Recrutement-techniciens-2.jpg\u00a0\u00bb,\u00a0\u00bbmaxwidth\u00a0\u00bb:\u00a0\u00bblarge\u00a0\u00bb,\u00a0\u00bbblock_align\u00a0\u00bb:\u00a0\u00bbcenter\u00a0\u00bb}},{\u00ab\u00a0type\u00a0\u00bb:\u00a0\u00bbgallery\u00a0\u00bb,\u00a0\u00bbprops\u00a0\u00bb:{\u00ab\u00a0show_title\u00a0\u00bb:true,\u00a0\u00bbshow_meta\u00a0\u00bb:true,\u00a0\u00bbshow_content\u00a0\u00bb:true,\u00a0\u00bbshow_link\u00a0\u00bb:true,\u00a0\u00bbshow_hover_image\u00a0\u00bb:true,\u00a0\u00bbgrid_default\u00a0\u00bb:\u00a0\u00bb1&Prime;,\u00a0\u00bbgrid_medium\u00a0\u00bb:\u00a0\u00bb3&Prime;,\u00a0\u00bbfilter_style\u00a0\u00bb:\u00a0\u00bbtab\u00a0\u00bb,\u00a0\u00bbfilter_all\u00a0\u00bb:true,\u00a0\u00bbfilter_position\u00a0\u00bb:\u00a0\u00bbtop\u00a0\u00bb,\u00a0\u00bbfilter_align\u00a0\u00bb:\u00a0\u00bbleft\u00a0\u00bb,\u00a0\u00bbfilter_grid_width\u00a0\u00bb:\u00a0\u00bbauto\u00a0\u00bb,\u00a0\u00bbfilter_grid_breakpoint\u00a0\u00bb:\u00a0\u00bbm\u00a0\u00bb,\u00a0\u00bboverlay_mode\u00a0\u00bb:\u00a0\u00bbcover\u00a0\u00bb,\u00a0\u00bboverlay_hover\u00a0\u00bb:true,\u00a0\u00bboverlay_style\u00a0\u00bb:\u00a0\u00bboverlay-primary\u00a0\u00bb,\u00a0\u00bbtext_color\u00a0\u00bb:\u00a0\u00bblight\u00a0\u00bb,\u00a0\u00bboverlay_position\u00a0\u00bb:\u00a0\u00bbcenter\u00a0\u00bb,\u00a0\u00bboverlay_transition\u00a0\u00bb:\u00a0\u00bbfade\u00a0\u00bb,\u00a0\u00bbtitle_hover_style\u00a0\u00bb:\u00a0\u00bbreset\u00a0\u00bb,\u00a0\u00bbtitle_element\u00a0\u00bb:\u00a0\u00bbh3&Prime;,\u00a0\u00bbmeta_style\u00a0\u00bb:\u00a0\u00bbmeta\u00a0\u00bb,\u00a0\u00bbmeta_align\u00a0\u00bb:\u00a0\u00bbbelow-title\u00a0\u00bb,\u00a0\u00bbmeta_element\u00a0\u00bb:\u00a0\u00bbdiv\u00a0\u00bb,\u00a0\u00bblink_text\u00a0\u00bb:\u00a0\u00bbRead more\u00a0\u00bb,\u00a0\u00bblink_style\u00a0\u00bb:\u00a0\u00bbdefault\u00a0\u00bb,\u00a0\u00bbtext_align\u00a0\u00bb:\u00a0\u00bbcenter\u00a0\u00bb,\u00a0\u00bbmargin\u00a0\u00bb:\u00a0\u00bbdefault\u00a0\u00bb,\u00a0\u00bbitem_animation\u00a0\u00bb:\u00a0\u00bb\u00a0\u00bb},\u00a0\u00bbchildren\u00a0\u00bb:[{\u00ab\u00a0type\u00a0\u00bb:\u00a0\u00bbgallery_item\u00a0\u00bb,\u00a0\u00bbprops\u00a0\u00bb:{\u00ab\u00a0image\u00a0\u00bb:\u00a0\u00bbwp-content\\\/uploads\\\/2024\\\/03\\\/ipiccy_image-3.jpg\u00a0\u00bb}},{\u00ab\u00a0type\u00a0\u00bb:\u00a0\u00bbgallery_item\u00a0\u00bb,\u00a0\u00bbprops\u00a0\u00bb:{\u00ab\u00a0image\u00a0\u00bb:\u00a0\u00bbwp-content\\\/uploads\\\/2024\\\/08\\\/Brest.jpg\u00a0\u00bb}},{\u00ab\u00a0type\u00a0\u00bb:\u00a0\u00bbgallery_item\u00a0\u00bb,\u00a0\u00bbprops\u00a0\u00bb:{\u00ab\u00a0image\u00a0\u00bb:\u00a0\u00bbwp-content\\\/uploads\\\/2024\\\/06\\\/ipiccy_image2-1.jpg\u00a0\u00bb}}]}]}]}]}],\u00a0\u00bbversion\u00a0\u00bb:\u00a0\u00bb2.3.25&Prime;} &#8211;><!-- \/wp:post-content --><!-- \/wp:paragraph --><!-- wp:post-content --><div><h3><strong>REJOIGNEZ-NOUS!<\/strong><\/h3><\/div>\n<div><p><!-- wp:paragraph --><\/p>\n<p><strong>Le 01\/08\/2024:<\/strong><\/p>\n<p><!-- \/wp:paragraph --> <!-- wp:paragraph --><\/p>\n<p><strong>Dans le cadre d&rsquo;une ouverture d&rsquo;agence \u00e0 PLABENNEC, Solaire Avantages recrute <em>2 Technicien(ne)s Photovolta\u00efques<\/em>:<\/strong><\/p>\n<p><!-- \/wp:paragraph --><\/p><\/div>\n<div><ul id=\"block-9d11f5f0-7cce-4641-9295-8f9abb2e6244\" class=\"block-editor-rich-text__editable block-editor-block-list__block wp-block is-selected rich-text\" tabindex=\"0\" role=\"group\" contenteditable=\"true\" aria-multiline=\"true\" aria-label=\"Bloc\u00a0: Liste\" data-block=\"9d11f5f0-7cce-4641-9295-8f9abb2e6244\" data-type=\"core\/list\" data-title=\"Liste\">\n<li>1 poste \u00e0 PLOUESCAT, 1 poste \u00e0 PLABENNEC<\/li>\n<li>Profil: Couvreur, Electricien, D\u00e9butant -&gt; Formation en interne<\/li>\n<li>Prise de poste: Septembre 2024<\/li>\n<li>Pose de panneaux photovolta\u00efques sur tout type de toiture: ardoise, toit plat: membrane.., bac acier et \u00e9vrites<\/li>\n<li>Partie \u00e9lectrique<\/li>\n<li>Pr\u00e9paration de chantiers \u00e0 l&rsquo;atelier<\/li>\n<li>Chantiers \u00e0 30km autour de l&rsquo;entreprise<\/li>\n<li>&#8230;<\/li>\n<\/ul><\/div>\n<div><p><!-- wp:paragraph --><\/p>\n<p><strong>Merci de nous envoyer un CV \u00e0 solaire-avantages@orange.fr<\/strong><\/p>\n<p><!-- \/wp:paragraph --> <!-- wp:paragraph --><\/p>\n<p>Nous vous contacterons \u00e0 notre reprise fin Ao\u00fbt.<\/p>\n<p><!-- \/wp:paragraph --> <!-- wp:paragraph --><\/p>\n<p>Bel \u00e9t\u00e9 (ensoleill\u00e9)!<\/p>\n<p><!-- \/wp:paragraph --><\/p><\/div>\n<img decoding=\"async\" src=\"\/wp-content\/uploads\/2024\/08\/Recrutement-techniciens-2.jpg\" alt=\"\">\n<ul>\n        <li>\n\n        <img decoding=\"async\" src=\"\/wp-content\/uploads\/2024\/03\/ipiccy_image-3.jpg\" alt=\"\">\n\n\n\n\n\n    <\/li>\n        <li>\n\n        <img decoding=\"async\" src=\"\/wp-content\/uploads\/2024\/08\/Brest.jpg\" alt=\"\">\n\n\n\n\n\n    <\/li>\n        <li>\n\n        <img decoding=\"async\" src=\"\/wp-content\/uploads\/2024\/06\/ipiccy_image2-1.jpg\" alt=\"\">\n\n\n\n\n\n    <\/li>\n    <\/ul>\n\n<!-- {\"type\":\"layout\",\"children\":[{\"type\":\"section\",\"props\":{\"style\":\"default\",\"width\":\"default\",\"vertical_align\":\"middle\",\"title_position\":\"top-left\",\"title_rotation\":\"left\",\"title_breakpoint\":\"xl\",\"image_position\":\"center-center\"},\"children\":[{\"type\":\"row\",\"children\":[{\"type\":\"column\",\"props\":{\"image_position\":\"center-center\",\"media_overlay_gradient\":\"\"},\"children\":[{\"type\":\"text\",\"props\":{\"margin\":\"default\",\"column_breakpoint\":\"m\",\"content\":\"<h3><strong>REJOIGNEZ-NOUS!<\\\/strong><\\\/h3>\"}},{\"type\":\"text\",\"props\":{\"margin\":\"default\",\"column_breakpoint\":\"m\",\"content\":\"<p><!-- wp:paragraph --><\\\/p>\\n<p><strong>Le 01\\\/08\\\/2024:<\\\/strong><\\\/p>\\n<p><!-- \\\/wp:paragraph --> <!-- wp:paragraph --><\\\/p>\\n<p><strong>Dans le cadre d&rsquo;une ouverture d&rsquo;agence \\u00e0 PLABENNEC, Solaire Avantages recrute <em>2 Technicien(ne)s Photovolta\\u00efques<\\\/em>:<\\\/strong><\\\/p>\\n<p><!-- \\\/wp:paragraph --><\\\/p>\u00ab\u00a0}},{\u00ab\u00a0type\u00a0\u00bb:\u00a0\u00bbtext\u00a0\u00bb,\u00a0\u00bbprops\u00a0\u00bb:{\u00ab\u00a0margin\u00a0\u00bb:\u00a0\u00bbdefault\u00a0\u00bb,\u00a0\u00bbcolumn_breakpoint\u00a0\u00bb:\u00a0\u00bbm\u00a0\u00bb,\u00a0\u00bbcontent\u00a0\u00bb:\u00a0\u00bb<ul id=\\\"block-9d11f5f0-7cce-4641-9295-8f9abb2e6244\\\" class=\\\"block-editor-rich-text__editable block-editor-block-list__block wp-block is-selected rich-text\\\" tabindex=\\\"0\\\" role=\\\"group\\\" contenteditable=\\\"true\\\" aria-multiline=\\\"true\\\" aria-label=\\\"Bloc\\u00a0: Liste\\\" data-block=\\\"9d11f5f0-7cce-4641-9295-8f9abb2e6244\\\" data-type=\\\"core\\\/list\\\" data-title=\\\"Liste\\\">\\n<li>1 poste \\u00e0 PLOUESCAT, 1 poste \\u00e0 PLABENNEC<\\\/li>\\n<li>Profil: Couvreur, Electricien, D\\u00e9butant -&gt; Formation en interne<\\\/li>\\n<li>Prise de poste: Septembre 2024<\\\/li>\\n<li>Pose de panneaux photovolta\\u00efques sur tout type de toiture: ardoise, toit plat: membrane.., bac acier et \\u00e9vrites<\\\/li>\\n<li>Partie \\u00e9lectrique<\\\/li>\\n<li>Pr\\u00e9paration de chantiers \\u00e0 l&rsquo;atelier<\\\/li>\\n<li>Chantiers \\u00e0 30km autour de l&rsquo;entreprise<\\\/li>\\n<li>&#8230;<\\\/li>\\n<\\\/ul>\u00ab\u00a0}},{\u00ab\u00a0type\u00a0\u00bb:\u00a0\u00bbtext\u00a0\u00bb,\u00a0\u00bbprops\u00a0\u00bb:{\u00ab\u00a0margin\u00a0\u00bb:\u00a0\u00bbdefault\u00a0\u00bb,\u00a0\u00bbcolumn_breakpoint\u00a0\u00bb:\u00a0\u00bbm\u00a0\u00bb,\u00a0\u00bbcontent\u00a0\u00bb:\u00a0\u00bb<p><!-- wp:paragraph --><\\\/p>\\n<p><strong>Merci de nous envoyer un CV \\u00e0 solaire-avantages@orange.fr<\\\/strong><\\\/p>\\n<p><!-- \\\/wp:paragraph --> <!-- wp:paragraph --><\\\/p>\\n<p>Nous vous contacterons \\u00e0 notre reprise fin Ao\\u00fbt.<\\\/p>\\n<p><!-- \\\/wp:paragraph --> <!-- wp:paragraph --><\\\/p>\\n<p>Bel \\u00e9t\\u00e9 (ensoleill\\u00e9)!<\\\/p>\\n<p><!-- \\\/wp:paragraph --><\\\/p>\u00ab\u00a0}},{\u00ab\u00a0type\u00a0\u00bb:\u00a0\u00bbimage\u00a0\u00bb,\u00a0\u00bbprops\u00a0\u00bb:{\u00ab\u00a0margin\u00a0\u00bb:\u00a0\u00bblarge\u00a0\u00bb,\u00a0\u00bbimage_svg_color\u00a0\u00bb:\u00a0\u00bbemphasis\u00a0\u00bb,\u00a0\u00bbimage\u00a0\u00bb:\u00a0\u00bbwp-content\\\/uploads\\\/2024\\\/08\\\/Recrutement-techniciens-2.jpg\u00a0\u00bb,\u00a0\u00bbmaxwidth\u00a0\u00bb:\u00a0\u00bblarge\u00a0\u00bb,\u00a0\u00bbblock_align\u00a0\u00bb:\u00a0\u00bbcenter\u00a0\u00bb}},{\u00ab\u00a0type\u00a0\u00bb:\u00a0\u00bbgallery\u00a0\u00bb,\u00a0\u00bbprops\u00a0\u00bb:{\u00ab\u00a0show_title\u00a0\u00bb:true,\u00a0\u00bbshow_meta\u00a0\u00bb:true,\u00a0\u00bbshow_content\u00a0\u00bb:true,\u00a0\u00bbshow_link\u00a0\u00bb:true,\u00a0\u00bbshow_hover_image\u00a0\u00bb:true,\u00a0\u00bbgrid_default\u00a0\u00bb:\u00a0\u00bb1&Prime;,\u00a0\u00bbgrid_medium\u00a0\u00bb:\u00a0\u00bb3&Prime;,\u00a0\u00bbfilter_style\u00a0\u00bb:\u00a0\u00bbtab\u00a0\u00bb,\u00a0\u00bbfilter_all\u00a0\u00bb:true,\u00a0\u00bbfilter_position\u00a0\u00bb:\u00a0\u00bbtop\u00a0\u00bb,\u00a0\u00bbfilter_align\u00a0\u00bb:\u00a0\u00bbleft\u00a0\u00bb,\u00a0\u00bbfilter_grid_width\u00a0\u00bb:\u00a0\u00bbauto\u00a0\u00bb,\u00a0\u00bbfilter_grid_breakpoint\u00a0\u00bb:\u00a0\u00bbm\u00a0\u00bb,\u00a0\u00bboverlay_mode\u00a0\u00bb:\u00a0\u00bbcover\u00a0\u00bb,\u00a0\u00bboverlay_hover\u00a0\u00bb:true,\u00a0\u00bboverlay_style\u00a0\u00bb:\u00a0\u00bboverlay-primary\u00a0\u00bb,\u00a0\u00bbtext_color\u00a0\u00bb:\u00a0\u00bblight\u00a0\u00bb,\u00a0\u00bboverlay_position\u00a0\u00bb:\u00a0\u00bbcenter\u00a0\u00bb,\u00a0\u00bboverlay_transition\u00a0\u00bb:\u00a0\u00bbfade\u00a0\u00bb,\u00a0\u00bbtitle_hover_style\u00a0\u00bb:\u00a0\u00bbreset\u00a0\u00bb,\u00a0\u00bbtitle_element\u00a0\u00bb:\u00a0\u00bbh3&Prime;,\u00a0\u00bbmeta_style\u00a0\u00bb:\u00a0\u00bbmeta\u00a0\u00bb,\u00a0\u00bbmeta_align\u00a0\u00bb:\u00a0\u00bbbelow-title\u00a0\u00bb,\u00a0\u00bbmeta_element\u00a0\u00bb:\u00a0\u00bbdiv\u00a0\u00bb,\u00a0\u00bblink_text\u00a0\u00bb:\u00a0\u00bbRead more\u00a0\u00bb,\u00a0\u00bblink_style\u00a0\u00bb:\u00a0\u00bbdefault\u00a0\u00bb,\u00a0\u00bbtext_align\u00a0\u00bb:\u00a0\u00bbcenter\u00a0\u00bb,\u00a0\u00bbmargin\u00a0\u00bb:\u00a0\u00bbdefault\u00a0\u00bb,\u00a0\u00bbitem_animation\u00a0\u00bb:\u00a0\u00bb\u00a0\u00bb},\u00a0\u00bbchildren\u00a0\u00bb:[{\u00ab\u00a0type\u00a0\u00bb:\u00a0\u00bbgallery_item\u00a0\u00bb,\u00a0\u00bbprops\u00a0\u00bb:{\u00ab\u00a0image\u00a0\u00bb:\u00a0\u00bbwp-content\\\/uploads\\\/2024\\\/03\\\/ipiccy_image-3.jpg\u00a0\u00bb}},{\u00ab\u00a0type\u00a0\u00bb:\u00a0\u00bbgallery_item\u00a0\u00bb,\u00a0\u00bbprops\u00a0\u00bb:{\u00ab\u00a0image\u00a0\u00bb:\u00a0\u00bbwp-content\\\/uploads\\\/2024\\\/08\\\/Brest.jpg\u00a0\u00bb}},{\u00ab\u00a0type\u00a0\u00bb:\u00a0\u00bbgallery_item\u00a0\u00bb,\u00a0\u00bbprops\u00a0\u00bb:{\u00ab\u00a0image\u00a0\u00bb:\u00a0\u00bbwp-content\\\/uploads\\\/2024\\\/06\\\/ipiccy_image2-1.jpg\u00a0\u00bb}}]}]}]}]}],\u00a0\u00bbversion\u00a0\u00bb:\u00a0\u00bb2.3.25&Prime;} &#8211;><!-- \/wp:post-content --><\\\/p>\\n<p><strong>Dans le cadre d&rsquo;une ouverture d&rsquo;agence \\u00e0 PLABENNEC, Solaire Avantages recrute <em>2 Technicien(ne)s Photovolta\\u00efques<\\\/em>:<\\\/strong><\\\/p>\\n<p><!-- \\\/wp:paragraph --><\\\/p>\u00ab\u00a0}},{\u00ab\u00a0type\u00a0\u00bb:\u00a0\u00bbtext\u00a0\u00bb,\u00a0\u00bbprops\u00a0\u00bb:{\u00ab\u00a0margin\u00a0\u00bb:\u00a0\u00bbdefault\u00a0\u00bb,\u00a0\u00bbcolumn_breakpoint\u00a0\u00bb:\u00a0\u00bbm\u00a0\u00bb,\u00a0\u00bbcontent\u00a0\u00bb:\u00a0\u00bb<ul id=\\\"block-9d11f5f0-7cce-4641-9295-8f9abb2e6244\\\" class=\\\"block-editor-rich-text__editable block-editor-block-list__block wp-block is-selected rich-text\\\" tabindex=\\\"0\\\" role=\\\"group\\\" contenteditable=\\\"true\\\" aria-multiline=\\\"true\\\" aria-label=\\\"Bloc\\u00a0: Liste\\\" data-block=\\\"9d11f5f0-7cce-4641-9295-8f9abb2e6244\\\" data-type=\\\"core\\\/list\\\" data-title=\\\"Liste\\\">\\n<li>1 poste \\u00e0 PLOUESCAT, 1 poste \\u00e0 PLABENNEC<\\\/li>\\n<li>Profil: Couvreur, Electricien, D\\u00e9butant -&gt; Formation en interne<\\\/li>\\n<li>Prise de poste: Septembre 2024<\\\/li>\\n<li>Pose de panneaux photovolta\\u00efques sur tout type de toiture: ardoise, toit plat: membrane.., bac acier et \\u00e9vrites<\\\/li>\\n<li>Partie \\u00e9lectrique<\\\/li>\\n<li>Pr\\u00e9paration de chantiers \\u00e0 l&rsquo;atelier<\\\/li>\\n<li>Chantiers \\u00e0 30km autour de l&rsquo;entreprise<\\\/li>\\n<li>&#8230;<\\\/li>\\n<\\\/ul>\u00ab\u00a0}},{\u00ab\u00a0type\u00a0\u00bb:\u00a0\u00bbtext\u00a0\u00bb,\u00a0\u00bbprops\u00a0\u00bb:{\u00ab\u00a0margin\u00a0\u00bb:\u00a0\u00bbdefault\u00a0\u00bb,\u00a0\u00bbcolumn_breakpoint\u00a0\u00bb:\u00a0\u00bbm\u00a0\u00bb,\u00a0\u00bbcontent\u00a0\u00bb:\u00a0\u00bb<p><\\\/p>\\n<p><strong>Merci de nous envoyer un CV \\u00e0 solaire-avantages@orange.fr<\\\/strong><\\\/p>\\n<p><!-- \\\/wp:paragraph --> <\\\/p>\\n<p>Nous vous contacterons \\u00e0 notre reprise fin Ao\\u00fbt.<\\\/p>\\n<p><!-- \\\/wp:paragraph --> <\\\/p>\\n<p>Bel \\u00e9t\\u00e9 (ensoleill\\u00e9)!<\\\/p>\\n<p><!-- \\\/wp:paragraph --><\\\/p>\u00ab\u00a0}},{\u00ab\u00a0type\u00a0\u00bb:\u00a0\u00bbimage\u00a0\u00bb,\u00a0\u00bbprops\u00a0\u00bb:{\u00ab\u00a0margin\u00a0\u00bb:\u00a0\u00bblarge\u00a0\u00bb,\u00a0\u00bbimage_svg_color\u00a0\u00bb:\u00a0\u00bbemphasis\u00a0\u00bb,\u00a0\u00bbimage\u00a0\u00bb:\u00a0\u00bbwp-content\\\/uploads\\\/2024\\\/08\\\/Recrutement-techniciens-2.jpg\u00a0\u00bb,\u00a0\u00bbmaxwidth\u00a0\u00bb:\u00a0\u00bblarge\u00a0\u00bb,\u00a0\u00bbblock_align\u00a0\u00bb:\u00a0\u00bbcenter\u00a0\u00bb}},{\u00ab\u00a0type\u00a0\u00bb:\u00a0\u00bbgallery\u00a0\u00bb,\u00a0\u00bbprops\u00a0\u00bb:{\u00ab\u00a0show_title\u00a0\u00bb:true,\u00a0\u00bbshow_meta\u00a0\u00bb:true,\u00a0\u00bbshow_content\u00a0\u00bb:true,\u00a0\u00bbshow_link\u00a0\u00bb:true,\u00a0\u00bbshow_hover_image\u00a0\u00bb:true,\u00a0\u00bbgrid_default\u00a0\u00bb:\u00a0\u00bb1&Prime;,\u00a0\u00bbgrid_medium\u00a0\u00bb:\u00a0\u00bb3&Prime;,\u00a0\u00bbfilter_style\u00a0\u00bb:\u00a0\u00bbtab\u00a0\u00bb,\u00a0\u00bbfilter_all\u00a0\u00bb:true,\u00a0\u00bbfilter_position\u00a0\u00bb:\u00a0\u00bbtop\u00a0\u00bb,\u00a0\u00bbfilter_align\u00a0\u00bb:\u00a0\u00bbleft\u00a0\u00bb,\u00a0\u00bbfilter_grid_width\u00a0\u00bb:\u00a0\u00bbauto\u00a0\u00bb,\u00a0\u00bbfilter_grid_breakpoint\u00a0\u00bb:\u00a0\u00bbm\u00a0\u00bb,\u00a0\u00bboverlay_mode\u00a0\u00bb:\u00a0\u00bbcover\u00a0\u00bb,\u00a0\u00bboverlay_hover\u00a0\u00bb:true,\u00a0\u00bboverlay_style\u00a0\u00bb:\u00a0\u00bboverlay-primary\u00a0\u00bb,\u00a0\u00bbtext_color\u00a0\u00bb:\u00a0\u00bblight\u00a0\u00bb,\u00a0\u00bboverlay_position\u00a0\u00bb:\u00a0\u00bbcenter\u00a0\u00bb,\u00a0\u00bboverlay_transition\u00a0\u00bb:\u00a0\u00bbfade\u00a0\u00bb,\u00a0\u00bbtitle_hover_style\u00a0\u00bb:\u00a0\u00bbreset\u00a0\u00bb,\u00a0\u00bbtitle_element\u00a0\u00bb:\u00a0\u00bbh3&Prime;,\u00a0\u00bbmeta_style\u00a0\u00bb:\u00a0\u00bbmeta\u00a0\u00bb,\u00a0\u00bbmeta_align\u00a0\u00bb:\u00a0\u00bbbelow-title\u00a0\u00bb,\u00a0\u00bbmeta_element\u00a0\u00bb:\u00a0\u00bbdiv\u00a0\u00bb,\u00a0\u00bblink_text\u00a0\u00bb:\u00a0\u00bbRead more\u00a0\u00bb,\u00a0\u00bblink_style\u00a0\u00bb:\u00a0\u00bbdefault\u00a0\u00bb,\u00a0\u00bbtext_align\u00a0\u00bb:\u00a0\u00bbcenter\u00a0\u00bb,\u00a0\u00bbmargin\u00a0\u00bb:\u00a0\u00bbdefault\u00a0\u00bb,\u00a0\u00bbitem_animation\u00a0\u00bb:\u00a0\u00bb\u00a0\u00bb},\u00a0\u00bbchildren\u00a0\u00bb:[{\u00ab\u00a0type\u00a0\u00bb:\u00a0\u00bbgallery_item\u00a0\u00bb,\u00a0\u00bbprops\u00a0\u00bb:{\u00ab\u00a0image\u00a0\u00bb:\u00a0\u00bbwp-content\\\/uploads\\\/2024\\\/03\\\/ipiccy_image-3.jpg\u00a0\u00bb}},{\u00ab\u00a0type\u00a0\u00bb:\u00a0\u00bbgallery_item\u00a0\u00bb,\u00a0\u00bbprops\u00a0\u00bb:{\u00ab\u00a0image\u00a0\u00bb:\u00a0\u00bbwp-content\\\/uploads\\\/2024\\\/08\\\/Brest.jpg\u00a0\u00bb}},{\u00ab\u00a0type\u00a0\u00bb:\u00a0\u00bbgallery_item\u00a0\u00bb,\u00a0\u00bbprops\u00a0\u00bb:{\u00ab\u00a0image\u00a0\u00bb:\u00a0\u00bbwp-content\\\/uploads\\\/2024\\\/06\\\/ipiccy_image2-1.jpg\u00a0\u00bb}}]}]}]}]}],\u00a0\u00bbversion\u00a0\u00bb:\u00a0\u00bb2.3.25&Prime;} &#8211;><\/p><\/div>\n<img decoding=\"async\" src=\"\/wp-content\/uploads\/2024\/08\/Recrutement-techniciens-2.jpg\" alt=\"\">\n<ul>\n        <li>\n\n        <img decoding=\"async\" src=\"\/wp-content\/uploads\/2024\/03\/ipiccy_image-3.jpg\" alt=\"\">\n\n\n\n\n\n    <\/li>\n        <li>\n\n        <img decoding=\"async\" src=\"\/wp-content\/uploads\/2024\/08\/Brest.jpg\" alt=\"\">\n\n\n\n\n\n    <\/li>\n        <li>\n\n        <img decoding=\"async\" src=\"\/wp-content\/uploads\/2024\/06\/ipiccy_image2-1.jpg\" alt=\"\">\n\n\n\n\n\n    <\/li>\n    <\/ul>\n\n<!-- {\"type\":\"layout\",\"children\":[{\"type\":\"section\",\"props\":{\"style\":\"default\",\"width\":\"default\",\"vertical_align\":\"middle\",\"title_position\":\"top-left\",\"title_rotation\":\"left\",\"title_breakpoint\":\"xl\",\"image_position\":\"center-center\"},\"children\":[{\"type\":\"row\",\"children\":[{\"type\":\"column\",\"props\":{\"image_position\":\"center-center\",\"media_overlay_gradient\":\"\"},\"children\":[{\"type\":\"text\",\"props\":{\"margin\":\"default\",\"column_breakpoint\":\"m\",\"content\":\"<h3><strong>REJOIGNEZ-NOUS!<\\\/strong><\\\/h3>\"}},{\"type\":\"text\",\"props\":{\"margin\":\"default\",\"column_breakpoint\":\"m\",\"content\":\"<p><!-- wp:paragraph --><\\\/p>\\n<p><strong>Le 01\\\/08\\\/2024:<\\\/strong><\\\/p>\\n<p><!-- \\\/wp:paragraph --> <!-- wp:paragraph --><\\\/p>\\n<p><strong>Dans le cadre d&rsquo;une ouverture d&rsquo;agence \\u00e0 PLABENNEC, Solaire Avantages recrute <em>2 Technicien(ne)s Photovolta\\u00efques<\\\/em>:<\\\/strong><\\\/p>\\n<p><!-- \\\/wp:paragraph --><\\\/p>\u00ab\u00a0}},{\u00ab\u00a0type\u00a0\u00bb:\u00a0\u00bbtext\u00a0\u00bb,\u00a0\u00bbprops\u00a0\u00bb:{\u00ab\u00a0margin\u00a0\u00bb:\u00a0\u00bbdefault\u00a0\u00bb,\u00a0\u00bbcolumn_breakpoint\u00a0\u00bb:\u00a0\u00bbm\u00a0\u00bb,\u00a0\u00bbcontent\u00a0\u00bb:\u00a0\u00bb<ul id=\\\"block-9d11f5f0-7cce-4641-9295-8f9abb2e6244\\\" class=\\\"block-editor-rich-text__editable block-editor-block-list__block wp-block is-selected rich-text\\\" tabindex=\\\"0\\\" role=\\\"group\\\" contenteditable=\\\"true\\\" aria-multiline=\\\"true\\\" aria-label=\\\"Bloc\\u00a0: Liste\\\" data-block=\\\"9d11f5f0-7cce-4641-9295-8f9abb2e6244\\\" data-type=\\\"core\\\/list\\\" data-title=\\\"Liste\\\">\\n<li>1 poste \\u00e0 PLOUESCAT, 1 poste \\u00e0 PLABENNEC<\\\/li>\\n<li>Profil: Couvreur, Electricien, D\\u00e9butant -&gt; Formation en interne<\\\/li>\\n<li>Prise de poste: Septembre 2024<\\\/li>\\n<li>Pose de panneaux photovolta\\u00efques sur tout type de toiture: ardoise, toit plat: membrane.., bac acier et \\u00e9vrites<\\\/li>\\n<li>Partie \\u00e9lectrique<\\\/li>\\n<li>Pr\\u00e9paration de chantiers \\u00e0 l&rsquo;atelier<\\\/li>\\n<li>Chantiers \\u00e0 30km autour de l&rsquo;entreprise<\\\/li>\\n<li>&#8230;<\\\/li>\\n<\\\/ul>\u00ab\u00a0}},{\u00ab\u00a0type\u00a0\u00bb:\u00a0\u00bbtext\u00a0\u00bb,\u00a0\u00bbprops\u00a0\u00bb:{\u00ab\u00a0margin\u00a0\u00bb:\u00a0\u00bbdefault\u00a0\u00bb,\u00a0\u00bbcolumn_breakpoint\u00a0\u00bb:\u00a0\u00bbm\u00a0\u00bb,\u00a0\u00bbcontent\u00a0\u00bb:\u00a0\u00bb<p><!-- wp:paragraph --><\\\/p>\\n<p><strong>Merci de nous envoyer un CV \\u00e0 solaire-avantages@orange.fr<\\\/strong><\\\/p>\\n<p><!-- \\\/wp:paragraph --> <!-- wp:paragraph --><\\\/p>\\n<p>Nous vous contacterons \\u00e0 notre reprise fin Ao\\u00fbt.<\\\/p>\\n<p><!-- \\\/wp:paragraph --> <!-- wp:paragraph --><\\\/p>\\n<p>Bel \\u00e9t\\u00e9 (ensoleill\\u00e9)!<\\\/p>\\n<p><!-- \\\/wp:paragraph --><\\\/p>\u00ab\u00a0}},{\u00ab\u00a0type\u00a0\u00bb:\u00a0\u00bbimage\u00a0\u00bb,\u00a0\u00bbprops\u00a0\u00bb:{\u00ab\u00a0margin\u00a0\u00bb:\u00a0\u00bblarge\u00a0\u00bb,\u00a0\u00bbimage_svg_color\u00a0\u00bb:\u00a0\u00bbemphasis\u00a0\u00bb,\u00a0\u00bbimage\u00a0\u00bb:\u00a0\u00bbwp-content\\\/uploads\\\/2024\\\/08\\\/Recrutement-techniciens-2.jpg\u00a0\u00bb,\u00a0\u00bbmaxwidth\u00a0\u00bb:\u00a0\u00bblarge\u00a0\u00bb,\u00a0\u00bbblock_align\u00a0\u00bb:\u00a0\u00bbcenter\u00a0\u00bb}},{\u00ab\u00a0type\u00a0\u00bb:\u00a0\u00bbgallery\u00a0\u00bb,\u00a0\u00bbprops\u00a0\u00bb:{\u00ab\u00a0show_title\u00a0\u00bb:true,\u00a0\u00bbshow_meta\u00a0\u00bb:true,\u00a0\u00bbshow_content\u00a0\u00bb:true,\u00a0\u00bbshow_link\u00a0\u00bb:true,\u00a0\u00bbshow_hover_image\u00a0\u00bb:true,\u00a0\u00bbgrid_default\u00a0\u00bb:\u00a0\u00bb1&Prime;,\u00a0\u00bbgrid_medium\u00a0\u00bb:\u00a0\u00bb3&Prime;,\u00a0\u00bbfilter_style\u00a0\u00bb:\u00a0\u00bbtab\u00a0\u00bb,\u00a0\u00bbfilter_all\u00a0\u00bb:true,\u00a0\u00bbfilter_position\u00a0\u00bb:\u00a0\u00bbtop\u00a0\u00bb,\u00a0\u00bbfilter_align\u00a0\u00bb:\u00a0\u00bbleft\u00a0\u00bb,\u00a0\u00bbfilter_grid_width\u00a0\u00bb:\u00a0\u00bbauto\u00a0\u00bb,\u00a0\u00bbfilter_grid_breakpoint\u00a0\u00bb:\u00a0\u00bbm\u00a0\u00bb,\u00a0\u00bboverlay_mode\u00a0\u00bb:\u00a0\u00bbcover\u00a0\u00bb,\u00a0\u00bboverlay_hover\u00a0\u00bb:true,\u00a0\u00bboverlay_style\u00a0\u00bb:\u00a0\u00bboverlay-primary\u00a0\u00bb,\u00a0\u00bbtext_color\u00a0\u00bb:\u00a0\u00bblight\u00a0\u00bb,\u00a0\u00bboverlay_position\u00a0\u00bb:\u00a0\u00bbcenter\u00a0\u00bb,\u00a0\u00bboverlay_transition\u00a0\u00bb:\u00a0\u00bbfade\u00a0\u00bb,\u00a0\u00bbtitle_hover_style\u00a0\u00bb:\u00a0\u00bbreset\u00a0\u00bb,\u00a0\u00bbtitle_element\u00a0\u00bb:\u00a0\u00bbh3&Prime;,\u00a0\u00bbmeta_style\u00a0\u00bb:\u00a0\u00bbmeta\u00a0\u00bb,\u00a0\u00bbmeta_align\u00a0\u00bb:\u00a0\u00bbbelow-title\u00a0\u00bb,\u00a0\u00bbmeta_element\u00a0\u00bb:\u00a0\u00bbdiv\u00a0\u00bb,\u00a0\u00bblink_text\u00a0\u00bb:\u00a0\u00bbRead more\u00a0\u00bb,\u00a0\u00bblink_style\u00a0\u00bb:\u00a0\u00bbdefault\u00a0\u00bb,\u00a0\u00bbtext_align\u00a0\u00bb:\u00a0\u00bbcenter\u00a0\u00bb,\u00a0\u00bbmargin\u00a0\u00bb:\u00a0\u00bbdefault\u00a0\u00bb,\u00a0\u00bbitem_animation\u00a0\u00bb:\u00a0\u00bb\u00a0\u00bb},\u00a0\u00bbchildren\u00a0\u00bb:[{\u00ab\u00a0type\u00a0\u00bb:\u00a0\u00bbgallery_item\u00a0\u00bb,\u00a0\u00bbprops\u00a0\u00bb:{\u00ab\u00a0image\u00a0\u00bb:\u00a0\u00bbwp-content\\\/uploads\\\/2024\\\/03\\\/ipiccy_image-3.jpg\u00a0\u00bb}},{\u00ab\u00a0type\u00a0\u00bb:\u00a0\u00bbgallery_item\u00a0\u00bb,\u00a0\u00bbprops\u00a0\u00bb:{\u00ab\u00a0image\u00a0\u00bb:\u00a0\u00bbwp-content\\\/uploads\\\/2024\\\/08\\\/Brest.jpg\u00a0\u00bb}},{\u00ab\u00a0type\u00a0\u00bb:\u00a0\u00bbgallery_item\u00a0\u00bb,\u00a0\u00bbprops\u00a0\u00bb:{\u00ab\u00a0image\u00a0\u00bb:\u00a0\u00bbwp-content\\\/uploads\\\/2024\\\/06\\\/ipiccy_image2-1.jpg\u00a0\u00bb}}]}]}]}]}],\u00a0\u00bbversion\u00a0\u00bb:\u00a0\u00bb2.3.25&Prime;} &#8211;><!-- \/wp:post-content --><!-- \/wp:paragraph --><!-- wp:post-content --><div><h3><strong>REJOIGNEZ-NOUS!<\/strong><\/h3><\/div>\n<div><p><!-- wp:paragraph --><\/p>\n<p><strong>Le 01\/08\/2024:<\/strong><\/p>\n<p><!-- \/wp:paragraph --> <!-- wp:paragraph --><\/p>\n<p><strong>Dans le cadre d&rsquo;une ouverture d&rsquo;agence \u00e0 PLABENNEC, Solaire Avantages recrute <em>2 Technicien(ne)s Photovolta\u00efques<\/em>:<\/strong><\/p>\n<p><!-- \/wp:paragraph --><\/p><\/div>\n<div><ul id=\"block-9d11f5f0-7cce-4641-9295-8f9abb2e6244\" class=\"block-editor-rich-text__editable block-editor-block-list__block wp-block is-selected rich-text\" tabindex=\"0\" role=\"group\" contenteditable=\"true\" aria-multiline=\"true\" aria-label=\"Bloc\u00a0: Liste\" data-block=\"9d11f5f0-7cce-4641-9295-8f9abb2e6244\" data-type=\"core\/list\" data-title=\"Liste\">\n<li>1 poste \u00e0 PLOUESCAT, 1 poste \u00e0 PLABENNEC<\/li>\n<li>Profil: Couvreur, Electricien, D\u00e9butant -&gt; Formation en interne<\/li>\n<li>Prise de poste: Septembre 2024<\/li>\n<li>Pose de panneaux photovolta\u00efques sur tout type de toiture: ardoise, toit plat: membrane.., bac acier et \u00e9vrites<\/li>\n<li>Partie \u00e9lectrique<\/li>\n<li>Pr\u00e9paration de chantiers \u00e0 l&rsquo;atelier<\/li>\n<li>Chantiers \u00e0 30km autour de l&rsquo;entreprise<\/li>\n<li>&#8230;<\/li>\n<\/ul><\/div>\n<div><p><!-- wp:paragraph --><\/p>\n<p><strong>Merci de nous envoyer un CV \u00e0 solaire-avantages@orange.fr<\/strong><\/p>\n<p><!-- \/wp:paragraph --> <!-- wp:paragraph --><\/p>\n<p>Nous vous contacterons \u00e0 notre reprise fin Ao\u00fbt.<\/p>\n<p><!-- \/wp:paragraph --> <!-- wp:paragraph --><\/p>\n<p>Bel \u00e9t\u00e9 (ensoleill\u00e9)!<\/p>\n<p><!-- \/wp:paragraph --><\/p><\/div>\n<img decoding=\"async\" src=\"\/wp-content\/uploads\/2024\/08\/Recrutement-techniciens-2.jpg\" alt=\"\">\n<ul>\n        <li>\n\n        <img decoding=\"async\" src=\"\/wp-content\/uploads\/2024\/03\/ipiccy_image-3.jpg\" alt=\"\">\n\n\n\n\n\n    <\/li>\n        <li>\n\n        <img decoding=\"async\" src=\"\/wp-content\/uploads\/2024\/08\/Brest.jpg\" alt=\"\">\n\n\n\n\n\n    <\/li>\n        <li>\n\n        <img decoding=\"async\" src=\"\/wp-content\/uploads\/2024\/06\/ipiccy_image2-1.jpg\" alt=\"\">\n\n\n\n\n\n    <\/li>\n    <\/ul>\n\n<!-- {\"type\":\"layout\",\"children\":[{\"type\":\"section\",\"props\":{\"style\":\"default\",\"width\":\"default\",\"vertical_align\":\"middle\",\"title_position\":\"top-left\",\"title_rotation\":\"left\",\"title_breakpoint\":\"xl\",\"image_position\":\"center-center\"},\"children\":[{\"type\":\"row\",\"children\":[{\"type\":\"column\",\"props\":{\"image_position\":\"center-center\",\"media_overlay_gradient\":\"\"},\"children\":[{\"type\":\"text\",\"props\":{\"margin\":\"default\",\"column_breakpoint\":\"m\",\"content\":\"<h3><strong>REJOIGNEZ-NOUS!<\\\/strong><\\\/h3>\"}},{\"type\":\"text\",\"props\":{\"margin\":\"default\",\"column_breakpoint\":\"m\",\"content\":\"<p><!-- wp:paragraph --><\\\/p>\\n<p><strong>Le 01\\\/08\\\/2024:<\\\/strong><\\\/p>\\n<p><!-- \\\/wp:paragraph --> <!-- wp:paragraph --><\\\/p>\\n<p><strong>Dans le cadre d&rsquo;une ouverture d&rsquo;agence \\u00e0 PLABENNEC, Solaire Avantages recrute <em>2 Technicien(ne)s Photovolta\\u00efques<\\\/em>:<\\\/strong><\\\/p>\\n<p><!-- \\\/wp:paragraph --><\\\/p>\u00ab\u00a0}},{\u00ab\u00a0type\u00a0\u00bb:\u00a0\u00bbtext\u00a0\u00bb,\u00a0\u00bbprops\u00a0\u00bb:{\u00ab\u00a0margin\u00a0\u00bb:\u00a0\u00bbdefault\u00a0\u00bb,\u00a0\u00bbcolumn_breakpoint\u00a0\u00bb:\u00a0\u00bbm\u00a0\u00bb,\u00a0\u00bbcontent\u00a0\u00bb:\u00a0\u00bb<ul id=\\\"block-9d11f5f0-7cce-4641-9295-8f9abb2e6244\\\" class=\\\"block-editor-rich-text__editable block-editor-block-list__block wp-block is-selected rich-text\\\" tabindex=\\\"0\\\" role=\\\"group\\\" contenteditable=\\\"true\\\" aria-multiline=\\\"true\\\" aria-label=\\\"Bloc\\u00a0: Liste\\\" data-block=\\\"9d11f5f0-7cce-4641-9295-8f9abb2e6244\\\" data-type=\\\"core\\\/list\\\" data-title=\\\"Liste\\\">\\n<li>1 poste \\u00e0 PLOUESCAT, 1 poste \\u00e0 PLABENNEC<\\\/li>\\n<li>Profil: Couvreur, Electricien, D\\u00e9butant -&gt; Formation en interne<\\\/li>\\n<li>Prise de poste: Septembre 2024<\\\/li>\\n<li>Pose de panneaux photovolta\\u00efques sur tout type de toiture: ardoise, toit plat: membrane.., bac acier et \\u00e9vrites<\\\/li>\\n<li>Partie \\u00e9lectrique<\\\/li>\\n<li>Pr\\u00e9paration de chantiers \\u00e0 l&rsquo;atelier<\\\/li>\\n<li>Chantiers \\u00e0 30km autour de l&rsquo;entreprise<\\\/li>\\n<li>&#8230;<\\\/li>\\n<\\\/ul>\u00ab\u00a0}},{\u00ab\u00a0type\u00a0\u00bb:\u00a0\u00bbtext\u00a0\u00bb,\u00a0\u00bbprops\u00a0\u00bb:{\u00ab\u00a0margin\u00a0\u00bb:\u00a0\u00bbdefault\u00a0\u00bb,\u00a0\u00bbcolumn_breakpoint\u00a0\u00bb:\u00a0\u00bbm\u00a0\u00bb,\u00a0\u00bbcontent\u00a0\u00bb:\u00a0\u00bb<p><!-- wp:paragraph --><\\\/p>\\n<p><strong>Merci de nous envoyer un CV \\u00e0 solaire-avantages@orange.fr<\\\/strong><\\\/p>\\n<p><!-- \\\/wp:paragraph --> <!-- wp:paragraph --><\\\/p>\\n<p>Nous vous contacterons \\u00e0 notre reprise fin Ao\\u00fbt.<\\\/p>\\n<p><!-- \\\/wp:paragraph --> <!-- wp:paragraph --><\\\/p>\\n<p>Bel \\u00e9t\\u00e9 (ensoleill\\u00e9)!<\\\/p>\\n<p><!-- \\\/wp:paragraph --><\\\/p>\u00ab\u00a0}},{\u00ab\u00a0type\u00a0\u00bb:\u00a0\u00bbimage\u00a0\u00bb,\u00a0\u00bbprops\u00a0\u00bb:{\u00ab\u00a0margin\u00a0\u00bb:\u00a0\u00bblarge\u00a0\u00bb,\u00a0\u00bbimage_svg_color\u00a0\u00bb:\u00a0\u00bbemphasis\u00a0\u00bb,\u00a0\u00bbimage\u00a0\u00bb:\u00a0\u00bbwp-content\\\/uploads\\\/2024\\\/08\\\/Recrutement-techniciens-2.jpg\u00a0\u00bb,\u00a0\u00bbmaxwidth\u00a0\u00bb:\u00a0\u00bblarge\u00a0\u00bb,\u00a0\u00bbblock_align\u00a0\u00bb:\u00a0\u00bbcenter\u00a0\u00bb}},{\u00ab\u00a0type\u00a0\u00bb:\u00a0\u00bbgallery\u00a0\u00bb,\u00a0\u00bbprops\u00a0\u00bb:{\u00ab\u00a0show_title\u00a0\u00bb:true,\u00a0\u00bbshow_meta\u00a0\u00bb:true,\u00a0\u00bbshow_content\u00a0\u00bb:true,\u00a0\u00bbshow_link\u00a0\u00bb:true,\u00a0\u00bbshow_hover_image\u00a0\u00bb:true,\u00a0\u00bbgrid_default\u00a0\u00bb:\u00a0\u00bb1&Prime;,\u00a0\u00bbgrid_medium\u00a0\u00bb:\u00a0\u00bb3&Prime;,\u00a0\u00bbfilter_style\u00a0\u00bb:\u00a0\u00bbtab\u00a0\u00bb,\u00a0\u00bbfilter_all\u00a0\u00bb:true,\u00a0\u00bbfilter_position\u00a0\u00bb:\u00a0\u00bbtop\u00a0\u00bb,\u00a0\u00bbfilter_align\u00a0\u00bb:\u00a0\u00bbleft\u00a0\u00bb,\u00a0\u00bbfilter_grid_width\u00a0\u00bb:\u00a0\u00bbauto\u00a0\u00bb,\u00a0\u00bbfilter_grid_breakpoint\u00a0\u00bb:\u00a0\u00bbm\u00a0\u00bb,\u00a0\u00bboverlay_mode\u00a0\u00bb:\u00a0\u00bbcover\u00a0\u00bb,\u00a0\u00bboverlay_hover\u00a0\u00bb:true,\u00a0\u00bboverlay_style\u00a0\u00bb:\u00a0\u00bboverlay-primary\u00a0\u00bb,\u00a0\u00bbtext_color\u00a0\u00bb:\u00a0\u00bblight\u00a0\u00bb,\u00a0\u00bboverlay_position\u00a0\u00bb:\u00a0\u00bbcenter\u00a0\u00bb,\u00a0\u00bboverlay_transition\u00a0\u00bb:\u00a0\u00bbfade\u00a0\u00bb,\u00a0\u00bbtitle_hover_style\u00a0\u00bb:\u00a0\u00bbreset\u00a0\u00bb,\u00a0\u00bbtitle_element\u00a0\u00bb:\u00a0\u00bbh3&Prime;,\u00a0\u00bbmeta_style\u00a0\u00bb:\u00a0\u00bbmeta\u00a0\u00bb,\u00a0\u00bbmeta_align\u00a0\u00bb:\u00a0\u00bbbelow-title\u00a0\u00bb,\u00a0\u00bbmeta_element\u00a0\u00bb:\u00a0\u00bbdiv\u00a0\u00bb,\u00a0\u00bblink_text\u00a0\u00bb:\u00a0\u00bbRead more\u00a0\u00bb,\u00a0\u00bblink_style\u00a0\u00bb:\u00a0\u00bbdefault\u00a0\u00bb,\u00a0\u00bbtext_align\u00a0\u00bb:\u00a0\u00bbcenter\u00a0\u00bb,\u00a0\u00bbmargin\u00a0\u00bb:\u00a0\u00bbdefault\u00a0\u00bb,\u00a0\u00bbitem_animation\u00a0\u00bb:\u00a0\u00bb\u00a0\u00bb},\u00a0\u00bbchildren\u00a0\u00bb:[{\u00ab\u00a0type\u00a0\u00bb:\u00a0\u00bbgallery_item\u00a0\u00bb,\u00a0\u00bbprops\u00a0\u00bb:{\u00ab\u00a0image\u00a0\u00bb:\u00a0\u00bbwp-content\\\/uploads\\\/2024\\\/03\\\/ipiccy_image-3.jpg\u00a0\u00bb}},{\u00ab\u00a0type\u00a0\u00bb:\u00a0\u00bbgallery_item\u00a0\u00bb,\u00a0\u00bbprops\u00a0\u00bb:{\u00ab\u00a0image\u00a0\u00bb:\u00a0\u00bbwp-content\\\/uploads\\\/2024\\\/08\\\/Brest.jpg\u00a0\u00bb}},{\u00ab\u00a0type\u00a0\u00bb:\u00a0\u00bbgallery_item\u00a0\u00bb,\u00a0\u00bbprops\u00a0\u00bb:{\u00ab\u00a0image\u00a0\u00bb:\u00a0\u00bbwp-content\\\/uploads\\\/2024\\\/06\\\/ipiccy_image2-1.jpg\u00a0\u00bb}}]}]}]}]}],\u00a0\u00bbversion\u00a0\u00bb:\u00a0\u00bb2.3.25&Prime;} &#8211;><!-- \/wp:post-content --><\\\/p>\\n<p><strong>Le 01\\\/08\\\/2024:<\\\/strong><\\\/p>\\n<p><!-- \\\/wp:paragraph --> <\\\/p>\\n<p><strong>Dans le cadre d&rsquo;une ouverture d&rsquo;agence \\u00e0 PLABENNEC, Solaire Avantages recrute <em>2 Technicien(ne)s Photovolta\\u00efques<\\\/em>:<\\\/strong><\\\/p>\\n<p><!-- \\\/wp:paragraph --><\\\/p>\u00ab\u00a0}},{\u00ab\u00a0type\u00a0\u00bb:\u00a0\u00bbtext\u00a0\u00bb,\u00a0\u00bbprops\u00a0\u00bb:{\u00ab\u00a0margin\u00a0\u00bb:\u00a0\u00bbdefault\u00a0\u00bb,\u00a0\u00bbcolumn_breakpoint\u00a0\u00bb:\u00a0\u00bbm\u00a0\u00bb,\u00a0\u00bbcontent\u00a0\u00bb:\u00a0\u00bb<ul id=\\\"block-9d11f5f0-7cce-4641-9295-8f9abb2e6244\\\" class=\\\"block-editor-rich-text__editable block-editor-block-list__block wp-block is-selected rich-text\\\" tabindex=\\\"0\\\" role=\\\"group\\\" contenteditable=\\\"true\\\" aria-multiline=\\\"true\\\" aria-label=\\\"Bloc\\u00a0: Liste\\\" data-block=\\\"9d11f5f0-7cce-4641-9295-8f9abb2e6244\\\" data-type=\\\"core\\\/list\\\" data-title=\\\"Liste\\\">\\n<li>1 poste \\u00e0 PLOUESCAT, 1 poste \\u00e0 PLABENNEC<\\\/li>\\n<li>Profil: Couvreur, Electricien, D\\u00e9butant -&gt; Formation en interne<\\\/li>\\n<li>Prise de poste: Septembre 2024<\\\/li>\\n<li>Pose de panneaux photovolta\\u00efques sur tout type de toiture: ardoise, toit plat: membrane.., bac acier et \\u00e9vrites<\\\/li>\\n<li>Partie \\u00e9lectrique<\\\/li>\\n<li>Pr\\u00e9paration de chantiers \\u00e0 l&rsquo;atelier<\\\/li>\\n<li>Chantiers \\u00e0 30km autour de l&rsquo;entreprise<\\\/li>\\n<li>&#8230;<\\\/li>\\n<\\\/ul>\u00ab\u00a0}},{\u00ab\u00a0type\u00a0\u00bb:\u00a0\u00bbtext\u00a0\u00bb,\u00a0\u00bbprops\u00a0\u00bb:{\u00ab\u00a0margin\u00a0\u00bb:\u00a0\u00bbdefault\u00a0\u00bb,\u00a0\u00bbcolumn_breakpoint\u00a0\u00bb:\u00a0\u00bbm\u00a0\u00bb,\u00a0\u00bbcontent\u00a0\u00bb:\u00a0\u00bb<p><!-- wp:paragraph --><\\\/p>\\n<p><strong>Merci de nous envoyer un CV \\u00e0 solaire-avantages@orange.fr<\\\/strong><\\\/p>\\n<p><!-- \\\/wp:paragraph --> <!-- wp:paragraph --><\\\/p>\\n<p>Nous vous contacterons \\u00e0 notre reprise fin Ao\\u00fbt.<\\\/p>\\n<p><!-- \\\/wp:paragraph --> <!-- wp:paragraph --><\\\/p>\\n<p>Bel \\u00e9t\\u00e9 (ensoleill\\u00e9)!<\\\/p>\\n<p><!-- \\\/wp:paragraph --><\\\/p>\u00ab\u00a0}},{\u00ab\u00a0type\u00a0\u00bb:\u00a0\u00bbimage\u00a0\u00bb,\u00a0\u00bbprops\u00a0\u00bb:{\u00ab\u00a0margin\u00a0\u00bb:\u00a0\u00bblarge\u00a0\u00bb,\u00a0\u00bbimage_svg_color\u00a0\u00bb:\u00a0\u00bbemphasis\u00a0\u00bb,\u00a0\u00bbimage\u00a0\u00bb:\u00a0\u00bbwp-content\\\/uploads\\\/2024\\\/08\\\/Recrutement-techniciens-2.jpg\u00a0\u00bb,\u00a0\u00bbmaxwidth\u00a0\u00bb:\u00a0\u00bblarge\u00a0\u00bb,\u00a0\u00bbblock_align\u00a0\u00bb:\u00a0\u00bbcenter\u00a0\u00bb}},{\u00ab\u00a0type\u00a0\u00bb:\u00a0\u00bbgallery\u00a0\u00bb,\u00a0\u00bbprops\u00a0\u00bb:{\u00ab\u00a0show_title\u00a0\u00bb:true,\u00a0\u00bbshow_meta\u00a0\u00bb:true,\u00a0\u00bbshow_content\u00a0\u00bb:true,\u00a0\u00bbshow_link\u00a0\u00bb:true,\u00a0\u00bbshow_hover_image\u00a0\u00bb:true,\u00a0\u00bbgrid_default\u00a0\u00bb:\u00a0\u00bb1&Prime;,\u00a0\u00bbgrid_medium\u00a0\u00bb:\u00a0\u00bb3&Prime;,\u00a0\u00bbfilter_style\u00a0\u00bb:\u00a0\u00bbtab\u00a0\u00bb,\u00a0\u00bbfilter_all\u00a0\u00bb:true,\u00a0\u00bbfilter_position\u00a0\u00bb:\u00a0\u00bbtop\u00a0\u00bb,\u00a0\u00bbfilter_align\u00a0\u00bb:\u00a0\u00bbleft\u00a0\u00bb,\u00a0\u00bbfilter_grid_width\u00a0\u00bb:\u00a0\u00bbauto\u00a0\u00bb,\u00a0\u00bbfilter_grid_breakpoint\u00a0\u00bb:\u00a0\u00bbm\u00a0\u00bb,\u00a0\u00bboverlay_mode\u00a0\u00bb:\u00a0\u00bbcover\u00a0\u00bb,\u00a0\u00bboverlay_hover\u00a0\u00bb:true,\u00a0\u00bboverlay_style\u00a0\u00bb:\u00a0\u00bboverlay-primary\u00a0\u00bb,\u00a0\u00bbtext_color\u00a0\u00bb:\u00a0\u00bblight\u00a0\u00bb,\u00a0\u00bboverlay_position\u00a0\u00bb:\u00a0\u00bbcenter\u00a0\u00bb,\u00a0\u00bboverlay_transition\u00a0\u00bb:\u00a0\u00bbfade\u00a0\u00bb,\u00a0\u00bbtitle_hover_style\u00a0\u00bb:\u00a0\u00bbreset\u00a0\u00bb,\u00a0\u00bbtitle_element\u00a0\u00bb:\u00a0\u00bbh3&Prime;,\u00a0\u00bbmeta_style\u00a0\u00bb:\u00a0\u00bbmeta\u00a0\u00bb,\u00a0\u00bbmeta_align\u00a0\u00bb:\u00a0\u00bbbelow-title\u00a0\u00bb,\u00a0\u00bbmeta_element\u00a0\u00bb:\u00a0\u00bbdiv\u00a0\u00bb,\u00a0\u00bblink_text\u00a0\u00bb:\u00a0\u00bbRead more\u00a0\u00bb,\u00a0\u00bblink_style\u00a0\u00bb:\u00a0\u00bbdefault\u00a0\u00bb,\u00a0\u00bbtext_align\u00a0\u00bb:\u00a0\u00bbcenter\u00a0\u00bb,\u00a0\u00bbmargin\u00a0\u00bb:\u00a0\u00bbdefault\u00a0\u00bb,\u00a0\u00bbitem_animation\u00a0\u00bb:\u00a0\u00bb\u00a0\u00bb},\u00a0\u00bbchildren\u00a0\u00bb:[{\u00ab\u00a0type\u00a0\u00bb:\u00a0\u00bbgallery_item\u00a0\u00bb,\u00a0\u00bbprops\u00a0\u00bb:{\u00ab\u00a0image\u00a0\u00bb:\u00a0\u00bbwp-content\\\/uploads\\\/2024\\\/03\\\/ipiccy_image-3.jpg\u00a0\u00bb}},{\u00ab\u00a0type\u00a0\u00bb:\u00a0\u00bbgallery_item\u00a0\u00bb,\u00a0\u00bbprops\u00a0\u00bb:{\u00ab\u00a0image\u00a0\u00bb:\u00a0\u00bbwp-content\\\/uploads\\\/2024\\\/08\\\/Brest.jpg\u00a0\u00bb}},{\u00ab\u00a0type\u00a0\u00bb:\u00a0\u00bbgallery_item\u00a0\u00bb,\u00a0\u00bbprops\u00a0\u00bb:{\u00ab\u00a0image\u00a0\u00bb:\u00a0\u00bbwp-content\\\/uploads\\\/2024\\\/06\\\/ipiccy_image2-1.jpg\u00a0\u00bb}}]}]}]}]}],\u00a0\u00bbversion\u00a0\u00bb:\u00a0\u00bb2.3.25&Prime;} &#8211;><!-- \/wp:post-content --><!-- \/wp:paragraph --><\/p><\/div>\n<img decoding=\"async\" src=\"\/wp-content\/uploads\/2024\/08\/Recrutement-techniciens-2.jpg\" alt=\"\">\n<ul>\n        <li>\n\n        <img decoding=\"async\" src=\"\/wp-content\/uploads\/2024\/03\/ipiccy_image-3.jpg\" alt=\"\">\n\n\n\n\n\n    <\/li>\n        <li>\n\n        <img decoding=\"async\" src=\"\/wp-content\/uploads\/2024\/08\/Brest.jpg\" alt=\"\">\n\n\n\n\n\n    <\/li>\n        <li>\n\n        <img decoding=\"async\" src=\"\/wp-content\/uploads\/2024\/06\/ipiccy_image2-1.jpg\" alt=\"\">\n\n\n\n\n\n    <\/li>\n    <\/ul>\n\n<!-- {\"type\":\"layout\",\"children\":[{\"type\":\"section\",\"props\":{\"style\":\"default\",\"width\":\"default\",\"vertical_align\":\"middle\",\"title_position\":\"top-left\",\"title_rotation\":\"left\",\"title_breakpoint\":\"xl\",\"image_position\":\"center-center\"},\"children\":[{\"type\":\"row\",\"children\":[{\"type\":\"column\",\"props\":{\"image_position\":\"center-center\",\"media_overlay_gradient\":\"\"},\"children\":[{\"type\":\"text\",\"props\":{\"margin\":\"default\",\"column_breakpoint\":\"m\",\"content\":\"<h3><strong>REJOIGNEZ-NOUS!<\\\/strong><\\\/h3>\"}},{\"type\":\"text\",\"props\":{\"margin\":\"default\",\"column_breakpoint\":\"m\",\"content\":\"<p><!-- wp:paragraph --><\\\/p>\\n<p><strong>Le 01\\\/08\\\/2024:<\\\/strong><\\\/p>\\n<p><!-- \\\/wp:paragraph --> <!-- wp:paragraph --><\\\/p>\\n<p><strong>Dans le cadre d&rsquo;une ouverture d&rsquo;agence \\u00e0 PLABENNEC, Solaire Avantages recrute <em>2 Technicien(ne)s Photovolta\\u00efques<\\\/em>:<\\\/strong><\\\/p>\\n<p><!-- \\\/wp:paragraph --><\\\/p>\u00ab\u00a0}},{\u00ab\u00a0type\u00a0\u00bb:\u00a0\u00bbtext\u00a0\u00bb,\u00a0\u00bbprops\u00a0\u00bb:{\u00ab\u00a0margin\u00a0\u00bb:\u00a0\u00bbdefault\u00a0\u00bb,\u00a0\u00bbcolumn_breakpoint\u00a0\u00bb:\u00a0\u00bbm\u00a0\u00bb,\u00a0\u00bbcontent\u00a0\u00bb:\u00a0\u00bb<ul id=\\\"block-9d11f5f0-7cce-4641-9295-8f9abb2e6244\\\" class=\\\"block-editor-rich-text__editable block-editor-block-list__block wp-block is-selected rich-text\\\" tabindex=\\\"0\\\" role=\\\"group\\\" contenteditable=\\\"true\\\" aria-multiline=\\\"true\\\" aria-label=\\\"Bloc\\u00a0: Liste\\\" data-block=\\\"9d11f5f0-7cce-4641-9295-8f9abb2e6244\\\" data-type=\\\"core\\\/list\\\" data-title=\\\"Liste\\\">\\n<li>1 poste \\u00e0 PLOUESCAT, 1 poste \\u00e0 PLABENNEC<\\\/li>\\n<li>Profil: Couvreur, Electricien, D\\u00e9butant -&gt; Formation en interne<\\\/li>\\n<li>Prise de poste: Septembre 2024<\\\/li>\\n<li>Pose de panneaux photovolta\\u00efques sur tout type de toiture: ardoise, toit plat: membrane.., bac acier et \\u00e9vrites<\\\/li>\\n<li>Partie \\u00e9lectrique<\\\/li>\\n<li>Pr\\u00e9paration de chantiers \\u00e0 l&rsquo;atelier<\\\/li>\\n<li>Chantiers \\u00e0 30km autour de l&rsquo;entreprise<\\\/li>\\n<li>&#8230;<\\\/li>\\n<\\\/ul>\u00ab\u00a0}},{\u00ab\u00a0type\u00a0\u00bb:\u00a0\u00bbtext\u00a0\u00bb,\u00a0\u00bbprops\u00a0\u00bb:{\u00ab\u00a0margin\u00a0\u00bb:\u00a0\u00bbdefault\u00a0\u00bb,\u00a0\u00bbcolumn_breakpoint\u00a0\u00bb:\u00a0\u00bbm\u00a0\u00bb,\u00a0\u00bbcontent\u00a0\u00bb:\u00a0\u00bb<p><!-- wp:paragraph --><\\\/p>\\n<p><strong>Merci de nous envoyer un CV \\u00e0 solaire-avantages@orange.fr<\\\/strong><\\\/p>\\n<p><!-- \\\/wp:paragraph --> <!-- wp:paragraph --><\\\/p>\\n<p>Nous vous contacterons \\u00e0 notre reprise fin Ao\\u00fbt.<\\\/p>\\n<p><!-- \\\/wp:paragraph --> <!-- wp:paragraph --><\\\/p>\\n<p>Bel \\u00e9t\\u00e9 (ensoleill\\u00e9)!<\\\/p>\\n<p><!-- \\\/wp:paragraph --><\\\/p>\u00ab\u00a0}},{\u00ab\u00a0type\u00a0\u00bb:\u00a0\u00bbimage\u00a0\u00bb,\u00a0\u00bbprops\u00a0\u00bb:{\u00ab\u00a0margin\u00a0\u00bb:\u00a0\u00bblarge\u00a0\u00bb,\u00a0\u00bbimage_svg_color\u00a0\u00bb:\u00a0\u00bbemphasis\u00a0\u00bb,\u00a0\u00bbimage\u00a0\u00bb:\u00a0\u00bbwp-content\\\/uploads\\\/2024\\\/08\\\/Recrutement-techniciens-2.jpg\u00a0\u00bb,\u00a0\u00bbmaxwidth\u00a0\u00bb:\u00a0\u00bblarge\u00a0\u00bb,\u00a0\u00bbblock_align\u00a0\u00bb:\u00a0\u00bbcenter\u00a0\u00bb}},{\u00ab\u00a0type\u00a0\u00bb:\u00a0\u00bbgallery\u00a0\u00bb,\u00a0\u00bbprops\u00a0\u00bb:{\u00ab\u00a0show_title\u00a0\u00bb:true,\u00a0\u00bbshow_meta\u00a0\u00bb:true,\u00a0\u00bbshow_content\u00a0\u00bb:true,\u00a0\u00bbshow_link\u00a0\u00bb:true,\u00a0\u00bbshow_hover_image\u00a0\u00bb:true,\u00a0\u00bbgrid_default\u00a0\u00bb:\u00a0\u00bb1&Prime;,\u00a0\u00bbgrid_medium\u00a0\u00bb:\u00a0\u00bb3&Prime;,\u00a0\u00bbfilter_style\u00a0\u00bb:\u00a0\u00bbtab\u00a0\u00bb,\u00a0\u00bbfilter_all\u00a0\u00bb:true,\u00a0\u00bbfilter_position\u00a0\u00bb:\u00a0\u00bbtop\u00a0\u00bb,\u00a0\u00bbfilter_align\u00a0\u00bb:\u00a0\u00bbleft\u00a0\u00bb,\u00a0\u00bbfilter_grid_width\u00a0\u00bb:\u00a0\u00bbauto\u00a0\u00bb,\u00a0\u00bbfilter_grid_breakpoint\u00a0\u00bb:\u00a0\u00bbm\u00a0\u00bb,\u00a0\u00bboverlay_mode\u00a0\u00bb:\u00a0\u00bbcover\u00a0\u00bb,\u00a0\u00bboverlay_hover\u00a0\u00bb:true,\u00a0\u00bboverlay_style\u00a0\u00bb:\u00a0\u00bboverlay-primary\u00a0\u00bb,\u00a0\u00bbtext_color\u00a0\u00bb:\u00a0\u00bblight\u00a0\u00bb,\u00a0\u00bboverlay_position\u00a0\u00bb:\u00a0\u00bbcenter\u00a0\u00bb,\u00a0\u00bboverlay_transition\u00a0\u00bb:\u00a0\u00bbfade\u00a0\u00bb,\u00a0\u00bbtitle_hover_style\u00a0\u00bb:\u00a0\u00bbreset\u00a0\u00bb,\u00a0\u00bbtitle_element\u00a0\u00bb:\u00a0\u00bbh3&Prime;,\u00a0\u00bbmeta_style\u00a0\u00bb:\u00a0\u00bbmeta\u00a0\u00bb,\u00a0\u00bbmeta_align\u00a0\u00bb:\u00a0\u00bbbelow-title\u00a0\u00bb,\u00a0\u00bbmeta_element\u00a0\u00bb:\u00a0\u00bbdiv\u00a0\u00bb,\u00a0\u00bblink_text\u00a0\u00bb:\u00a0\u00bbRead more\u00a0\u00bb,\u00a0\u00bblink_style\u00a0\u00bb:\u00a0\u00bbdefault\u00a0\u00bb,\u00a0\u00bbtext_align\u00a0\u00bb:\u00a0\u00bbcenter\u00a0\u00bb,\u00a0\u00bbmargin\u00a0\u00bb:\u00a0\u00bbdefault\u00a0\u00bb,\u00a0\u00bbitem_animation\u00a0\u00bb:\u00a0\u00bb\u00a0\u00bb},\u00a0\u00bbchildren\u00a0\u00bb:[{\u00ab\u00a0type\u00a0\u00bb:\u00a0\u00bbgallery_item\u00a0\u00bb,\u00a0\u00bbprops\u00a0\u00bb:{\u00ab\u00a0image\u00a0\u00bb:\u00a0\u00bbwp-content\\\/uploads\\\/2024\\\/03\\\/ipiccy_image-3.jpg\u00a0\u00bb}},{\u00ab\u00a0type\u00a0\u00bb:\u00a0\u00bbgallery_item\u00a0\u00bb,\u00a0\u00bbprops\u00a0\u00bb:{\u00ab\u00a0image\u00a0\u00bb:\u00a0\u00bbwp-content\\\/uploads\\\/2024\\\/08\\\/Brest.jpg\u00a0\u00bb}},{\u00ab\u00a0type\u00a0\u00bb:\u00a0\u00bbgallery_item\u00a0\u00bb,\u00a0\u00bbprops\u00a0\u00bb:{\u00ab\u00a0image\u00a0\u00bb:\u00a0\u00bbwp-content\\\/uploads\\\/2024\\\/06\\\/ipiccy_image2-1.jpg\u00a0\u00bb}}]}]}]}]}],\u00a0\u00bbversion\u00a0\u00bb:\u00a0\u00bb2.3.25&Prime;} &#8211;><!-- \/wp:post-content --><!-- \/wp:paragraph --><!-- wp:post-content --><div><h3><strong>REJOIGNEZ-NOUS!<\/strong><\/h3><\/div>\n<div><p><!-- wp:paragraph --><\/p>\n<p><strong>Le 01\/08\/2024:<\/strong><\/p>\n<p><!-- \/wp:paragraph --> <!-- wp:paragraph --><\/p>\n<p><strong>Dans le cadre d&rsquo;une ouverture d&rsquo;agence \u00e0 PLABENNEC, Solaire Avantages recrute <em>2 Technicien(ne)s Photovolta\u00efques<\/em>:<\/strong><\/p>\n<p><!-- \/wp:paragraph --><\/p><\/div>\n<div><ul id=\"block-9d11f5f0-7cce-4641-9295-8f9abb2e6244\" class=\"block-editor-rich-text__editable block-editor-block-list__block wp-block is-selected rich-text\" tabindex=\"0\" role=\"group\" contenteditable=\"true\" aria-multiline=\"true\" aria-label=\"Bloc\u00a0: Liste\" data-block=\"9d11f5f0-7cce-4641-9295-8f9abb2e6244\" data-type=\"core\/list\" data-title=\"Liste\">\n<li>1 poste \u00e0 PLOUESCAT, 1 poste \u00e0 PLABENNEC<\/li>\n<li>Profil: Couvreur, Electricien, D\u00e9butant -&gt; Formation en interne<\/li>\n<li>Prise de poste: Septembre 2024<\/li>\n<li>Pose de panneaux photovolta\u00efques sur tout type de toiture: ardoise, toit plat: membrane.., bac acier et \u00e9vrites<\/li>\n<li>Partie \u00e9lectrique<\/li>\n<li>Pr\u00e9paration de chantiers \u00e0 l&rsquo;atelier<\/li>\n<li>Chantiers \u00e0 30km autour de l&rsquo;entreprise<\/li>\n<li>&#8230;<\/li>\n<\/ul><\/div>\n<div><p><!-- wp:paragraph --><\/p>\n<p><strong>Merci de nous envoyer un CV \u00e0 solaire-avantages@orange.fr<\/strong><\/p>\n<p><!-- \/wp:paragraph --> <!-- wp:paragraph --><\/p>\n<p>Nous vous contacterons \u00e0 notre reprise fin Ao\u00fbt.<\/p>\n<p><!-- \/wp:paragraph --> <!-- wp:paragraph --><\/p>\n<p>Bel \u00e9t\u00e9 (ensoleill\u00e9)!<\/p>\n<p><!-- \/wp:paragraph --><\/p><\/div>\n<img decoding=\"async\" src=\"\/wp-content\/uploads\/2024\/08\/Recrutement-techniciens-2.jpg\" alt=\"\">\n<ul>\n        <li>\n\n        <img decoding=\"async\" src=\"\/wp-content\/uploads\/2024\/03\/ipiccy_image-3.jpg\" alt=\"\">\n\n\n\n\n\n    <\/li>\n        <li>\n\n        <img decoding=\"async\" src=\"\/wp-content\/uploads\/2024\/08\/Brest.jpg\" alt=\"\">\n\n\n\n\n\n    <\/li>\n        <li>\n\n        <img decoding=\"async\" src=\"\/wp-content\/uploads\/2024\/06\/ipiccy_image2-1.jpg\" alt=\"\">\n\n\n\n\n\n    <\/li>\n    <\/ul>\n\n<!-- {\"type\":\"layout\",\"children\":[{\"type\":\"section\",\"props\":{\"style\":\"default\",\"width\":\"default\",\"vertical_align\":\"middle\",\"title_position\":\"top-left\",\"title_rotation\":\"left\",\"title_breakpoint\":\"xl\",\"image_position\":\"center-center\"},\"children\":[{\"type\":\"row\",\"children\":[{\"type\":\"column\",\"props\":{\"image_position\":\"center-center\",\"media_overlay_gradient\":\"\"},\"children\":[{\"type\":\"text\",\"props\":{\"margin\":\"default\",\"column_breakpoint\":\"m\",\"content\":\"<h3><strong>REJOIGNEZ-NOUS!<\\\/strong><\\\/h3>\"}},{\"type\":\"text\",\"props\":{\"margin\":\"default\",\"column_breakpoint\":\"m\",\"content\":\"<p><!-- wp:paragraph --><\\\/p>\\n<p><strong>Le 01\\\/08\\\/2024:<\\\/strong><\\\/p>\\n<p><!-- \\\/wp:paragraph --> <!-- wp:paragraph --><\\\/p>\\n<p><strong>Dans le cadre d&rsquo;une ouverture d&rsquo;agence \\u00e0 PLABENNEC, Solaire Avantages recrute <em>2 Technicien(ne)s Photovolta\\u00efques<\\\/em>:<\\\/strong><\\\/p>\\n<p><!-- \\\/wp:paragraph --><\\\/p>\u00ab\u00a0}},{\u00ab\u00a0type\u00a0\u00bb:\u00a0\u00bbtext\u00a0\u00bb,\u00a0\u00bbprops\u00a0\u00bb:{\u00ab\u00a0margin\u00a0\u00bb:\u00a0\u00bbdefault\u00a0\u00bb,\u00a0\u00bbcolumn_breakpoint\u00a0\u00bb:\u00a0\u00bbm\u00a0\u00bb,\u00a0\u00bbcontent\u00a0\u00bb:\u00a0\u00bb<ul id=\\\"block-9d11f5f0-7cce-4641-9295-8f9abb2e6244\\\" class=\\\"block-editor-rich-text__editable block-editor-block-list__block wp-block is-selected rich-text\\\" tabindex=\\\"0\\\" role=\\\"group\\\" contenteditable=\\\"true\\\" aria-multiline=\\\"true\\\" aria-label=\\\"Bloc\\u00a0: Liste\\\" data-block=\\\"9d11f5f0-7cce-4641-9295-8f9abb2e6244\\\" data-type=\\\"core\\\/list\\\" data-title=\\\"Liste\\\">\\n<li>1 poste \\u00e0 PLOUESCAT, 1 poste \\u00e0 PLABENNEC<\\\/li>\\n<li>Profil: Couvreur, Electricien, D\\u00e9butant -&gt; Formation en interne<\\\/li>\\n<li>Prise de poste: Septembre 2024<\\\/li>\\n<li>Pose de panneaux photovolta\\u00efques sur tout type de toiture: ardoise, toit plat: membrane.., bac acier et \\u00e9vrites<\\\/li>\\n<li>Partie \\u00e9lectrique<\\\/li>\\n<li>Pr\\u00e9paration de chantiers \\u00e0 l&rsquo;atelier<\\\/li>\\n<li>Chantiers \\u00e0 30km autour de l&rsquo;entreprise<\\\/li>\\n<li>&#8230;<\\\/li>\\n<\\\/ul>\u00ab\u00a0}},{\u00ab\u00a0type\u00a0\u00bb:\u00a0\u00bbtext\u00a0\u00bb,\u00a0\u00bbprops\u00a0\u00bb:{\u00ab\u00a0margin\u00a0\u00bb:\u00a0\u00bbdefault\u00a0\u00bb,\u00a0\u00bbcolumn_breakpoint\u00a0\u00bb:\u00a0\u00bbm\u00a0\u00bb,\u00a0\u00bbcontent\u00a0\u00bb:\u00a0\u00bb<p><!-- wp:paragraph --><\\\/p>\\n<p><strong>Merci de nous envoyer un CV \\u00e0 solaire-avantages@orange.fr<\\\/strong><\\\/p>\\n<p><!-- \\\/wp:paragraph --> <!-- wp:paragraph --><\\\/p>\\n<p>Nous vous contacterons \\u00e0 notre reprise fin Ao\\u00fbt.<\\\/p>\\n<p><!-- \\\/wp:paragraph --> <!-- wp:paragraph --><\\\/p>\\n<p>Bel \\u00e9t\\u00e9 (ensoleill\\u00e9)!<\\\/p>\\n<p><!-- \\\/wp:paragraph --><\\\/p>\u00ab\u00a0}},{\u00ab\u00a0type\u00a0\u00bb:\u00a0\u00bbimage\u00a0\u00bb,\u00a0\u00bbprops\u00a0\u00bb:{\u00ab\u00a0margin\u00a0\u00bb:\u00a0\u00bblarge\u00a0\u00bb,\u00a0\u00bbimage_svg_color\u00a0\u00bb:\u00a0\u00bbemphasis\u00a0\u00bb,\u00a0\u00bbimage\u00a0\u00bb:\u00a0\u00bbwp-content\\\/uploads\\\/2024\\\/08\\\/Recrutement-techniciens-2.jpg\u00a0\u00bb,\u00a0\u00bbmaxwidth\u00a0\u00bb:\u00a0\u00bblarge\u00a0\u00bb,\u00a0\u00bbblock_align\u00a0\u00bb:\u00a0\u00bbcenter\u00a0\u00bb}},{\u00ab\u00a0type\u00a0\u00bb:\u00a0\u00bbgallery\u00a0\u00bb,\u00a0\u00bbprops\u00a0\u00bb:{\u00ab\u00a0show_title\u00a0\u00bb:true,\u00a0\u00bbshow_meta\u00a0\u00bb:true,\u00a0\u00bbshow_content\u00a0\u00bb:true,\u00a0\u00bbshow_link\u00a0\u00bb:true,\u00a0\u00bbshow_hover_image\u00a0\u00bb:true,\u00a0\u00bbgrid_default\u00a0\u00bb:\u00a0\u00bb1&Prime;,\u00a0\u00bbgrid_medium\u00a0\u00bb:\u00a0\u00bb3&Prime;,\u00a0\u00bbfilter_style\u00a0\u00bb:\u00a0\u00bbtab\u00a0\u00bb,\u00a0\u00bbfilter_all\u00a0\u00bb:true,\u00a0\u00bbfilter_position\u00a0\u00bb:\u00a0\u00bbtop\u00a0\u00bb,\u00a0\u00bbfilter_align\u00a0\u00bb:\u00a0\u00bbleft\u00a0\u00bb,\u00a0\u00bbfilter_grid_width\u00a0\u00bb:\u00a0\u00bbauto\u00a0\u00bb,\u00a0\u00bbfilter_grid_breakpoint\u00a0\u00bb:\u00a0\u00bbm\u00a0\u00bb,\u00a0\u00bboverlay_mode\u00a0\u00bb:\u00a0\u00bbcover\u00a0\u00bb,\u00a0\u00bboverlay_hover\u00a0\u00bb:true,\u00a0\u00bboverlay_style\u00a0\u00bb:\u00a0\u00bboverlay-primary\u00a0\u00bb,\u00a0\u00bbtext_color\u00a0\u00bb:\u00a0\u00bblight\u00a0\u00bb,\u00a0\u00bboverlay_position\u00a0\u00bb:\u00a0\u00bbcenter\u00a0\u00bb,\u00a0\u00bboverlay_transition\u00a0\u00bb:\u00a0\u00bbfade\u00a0\u00bb,\u00a0\u00bbtitle_hover_style\u00a0\u00bb:\u00a0\u00bbreset\u00a0\u00bb,\u00a0\u00bbtitle_element\u00a0\u00bb:\u00a0\u00bbh3&Prime;,\u00a0\u00bbmeta_style\u00a0\u00bb:\u00a0\u00bbmeta\u00a0\u00bb,\u00a0\u00bbmeta_align\u00a0\u00bb:\u00a0\u00bbbelow-title\u00a0\u00bb,\u00a0\u00bbmeta_element\u00a0\u00bb:\u00a0\u00bbdiv\u00a0\u00bb,\u00a0\u00bblink_text\u00a0\u00bb:\u00a0\u00bbRead more\u00a0\u00bb,\u00a0\u00bblink_style\u00a0\u00bb:\u00a0\u00bbdefault\u00a0\u00bb,\u00a0\u00bbtext_align\u00a0\u00bb:\u00a0\u00bbcenter\u00a0\u00bb,\u00a0\u00bbmargin\u00a0\u00bb:\u00a0\u00bbdefault\u00a0\u00bb,\u00a0\u00bbitem_animation\u00a0\u00bb:\u00a0\u00bb\u00a0\u00bb},\u00a0\u00bbchildren\u00a0\u00bb:[{\u00ab\u00a0type\u00a0\u00bb:\u00a0\u00bbgallery_item\u00a0\u00bb,\u00a0\u00bbprops\u00a0\u00bb:{\u00ab\u00a0image\u00a0\u00bb:\u00a0\u00bbwp-content\\\/uploads\\\/2024\\\/03\\\/ipiccy_image-3.jpg\u00a0\u00bb}},{\u00ab\u00a0type\u00a0\u00bb:\u00a0\u00bbgallery_item\u00a0\u00bb,\u00a0\u00bbprops\u00a0\u00bb:{\u00ab\u00a0image\u00a0\u00bb:\u00a0\u00bbwp-content\\\/uploads\\\/2024\\\/08\\\/Brest.jpg\u00a0\u00bb}},{\u00ab\u00a0type\u00a0\u00bb:\u00a0\u00bbgallery_item\u00a0\u00bb,\u00a0\u00bbprops\u00a0\u00bb:{\u00ab\u00a0image\u00a0\u00bb:\u00a0\u00bbwp-content\\\/uploads\\\/2024\\\/06\\\/ipiccy_image2-1.jpg\u00a0\u00bb}}]}]}]}]}],\u00a0\u00bbversion\u00a0\u00bb:\u00a0\u00bb2.3.25&Prime;} &#8211;><!-- \/wp:post-content --><\\\/p>\\n<p><strong>Dans le cadre d&rsquo;une ouverture d&rsquo;agence \\u00e0 PLABENNEC, Solaire Avantages recrute <em>2 Technicien(ne)s Photovolta\\u00efques<\\\/em>:<\\\/strong><\\\/p>\\n<p><!-- \\\/wp:paragraph --><\\\/p>\u00ab\u00a0}},{\u00ab\u00a0type\u00a0\u00bb:\u00a0\u00bbtext\u00a0\u00bb,\u00a0\u00bbprops\u00a0\u00bb:{\u00ab\u00a0margin\u00a0\u00bb:\u00a0\u00bbdefault\u00a0\u00bb,\u00a0\u00bbcolumn_breakpoint\u00a0\u00bb:\u00a0\u00bbm\u00a0\u00bb,\u00a0\u00bbcontent\u00a0\u00bb:\u00a0\u00bb<ul id=\\\"block-9d11f5f0-7cce-4641-9295-8f9abb2e6244\\\" class=\\\"block-editor-rich-text__editable block-editor-block-list__block wp-block is-selected rich-text\\\" tabindex=\\\"0\\\" role=\\\"group\\\" contenteditable=\\\"true\\\" aria-multiline=\\\"true\\\" aria-label=\\\"Bloc\\u00a0: Liste\\\" data-block=\\\"9d11f5f0-7cce-4641-9295-8f9abb2e6244\\\" data-type=\\\"core\\\/list\\\" data-title=\\\"Liste\\\">\\n<li>1 poste \\u00e0 PLOUESCAT, 1 poste \\u00e0 PLABENNEC<\\\/li>\\n<li>Profil: Couvreur, Electricien, D\\u00e9butant -&gt; Formation en interne<\\\/li>\\n<li>Prise de poste: Septembre 2024<\\\/li>\\n<li>Pose de panneaux photovolta\\u00efques sur tout type de toiture: ardoise, toit plat: membrane.., bac acier et \\u00e9vrites<\\\/li>\\n<li>Partie \\u00e9lectrique<\\\/li>\\n<li>Pr\\u00e9paration de chantiers \\u00e0 l&rsquo;atelier<\\\/li>\\n<li>Chantiers \\u00e0 30km autour de l&rsquo;entreprise<\\\/li>\\n<li>&#8230;<\\\/li>\\n<\\\/ul>\u00ab\u00a0}},{\u00ab\u00a0type\u00a0\u00bb:\u00a0\u00bbtext\u00a0\u00bb,\u00a0\u00bbprops\u00a0\u00bb:{\u00ab\u00a0margin\u00a0\u00bb:\u00a0\u00bbdefault\u00a0\u00bb,\u00a0\u00bbcolumn_breakpoint\u00a0\u00bb:\u00a0\u00bbm\u00a0\u00bb,\u00a0\u00bbcontent\u00a0\u00bb:\u00a0\u00bb<p><\\\/p>\\n<p><strong>Merci de nous envoyer un CV \\u00e0 solaire-avantages@orange.fr<\\\/strong><\\\/p>\\n<p><!-- \\\/wp:paragraph --> <\\\/p>\\n<p>Nous vous contacterons \\u00e0 notre reprise fin Ao\\u00fbt.<\\\/p>\\n<p><!-- \\\/wp:paragraph --> <\\\/p>\\n<p>Bel \\u00e9t\\u00e9 (ensoleill\\u00e9)!<\\\/p>\\n<p><!-- \\\/wp:paragraph --><\\\/p>\u00ab\u00a0}},{\u00ab\u00a0type\u00a0\u00bb:\u00a0\u00bbimage\u00a0\u00bb,\u00a0\u00bbprops\u00a0\u00bb:{\u00ab\u00a0margin\u00a0\u00bb:\u00a0\u00bblarge\u00a0\u00bb,\u00a0\u00bbimage_svg_color\u00a0\u00bb:\u00a0\u00bbemphasis\u00a0\u00bb,\u00a0\u00bbimage\u00a0\u00bb:\u00a0\u00bbwp-content\\\/uploads\\\/2024\\\/08\\\/Recrutement-techniciens-2.jpg\u00a0\u00bb,\u00a0\u00bbmaxwidth\u00a0\u00bb:\u00a0\u00bblarge\u00a0\u00bb,\u00a0\u00bbblock_align\u00a0\u00bb:\u00a0\u00bbcenter\u00a0\u00bb}},{\u00ab\u00a0type\u00a0\u00bb:\u00a0\u00bbgallery\u00a0\u00bb,\u00a0\u00bbprops\u00a0\u00bb:{\u00ab\u00a0show_title\u00a0\u00bb:true,\u00a0\u00bbshow_meta\u00a0\u00bb:true,\u00a0\u00bbshow_content\u00a0\u00bb:true,\u00a0\u00bbshow_link\u00a0\u00bb:true,\u00a0\u00bbshow_hover_image\u00a0\u00bb:true,\u00a0\u00bbgrid_default\u00a0\u00bb:\u00a0\u00bb1&Prime;,\u00a0\u00bbgrid_medium\u00a0\u00bb:\u00a0\u00bb3&Prime;,\u00a0\u00bbfilter_style\u00a0\u00bb:\u00a0\u00bbtab\u00a0\u00bb,\u00a0\u00bbfilter_all\u00a0\u00bb:true,\u00a0\u00bbfilter_position\u00a0\u00bb:\u00a0\u00bbtop\u00a0\u00bb,\u00a0\u00bbfilter_align\u00a0\u00bb:\u00a0\u00bbleft\u00a0\u00bb,\u00a0\u00bbfilter_grid_width\u00a0\u00bb:\u00a0\u00bbauto\u00a0\u00bb,\u00a0\u00bbfilter_grid_breakpoint\u00a0\u00bb:\u00a0\u00bbm\u00a0\u00bb,\u00a0\u00bboverlay_mode\u00a0\u00bb:\u00a0\u00bbcover\u00a0\u00bb,\u00a0\u00bboverlay_hover\u00a0\u00bb:true,\u00a0\u00bboverlay_style\u00a0\u00bb:\u00a0\u00bboverlay-primary\u00a0\u00bb,\u00a0\u00bbtext_color\u00a0\u00bb:\u00a0\u00bblight\u00a0\u00bb,\u00a0\u00bboverlay_position\u00a0\u00bb:\u00a0\u00bbcenter\u00a0\u00bb,\u00a0\u00bboverlay_transition\u00a0\u00bb:\u00a0\u00bbfade\u00a0\u00bb,\u00a0\u00bbtitle_hover_style\u00a0\u00bb:\u00a0\u00bbreset\u00a0\u00bb,\u00a0\u00bbtitle_element\u00a0\u00bb:\u00a0\u00bbh3&Prime;,\u00a0\u00bbmeta_style\u00a0\u00bb:\u00a0\u00bbmeta\u00a0\u00bb,\u00a0\u00bbmeta_align\u00a0\u00bb:\u00a0\u00bbbelow-title\u00a0\u00bb,\u00a0\u00bbmeta_element\u00a0\u00bb:\u00a0\u00bbdiv\u00a0\u00bb,\u00a0\u00bblink_text\u00a0\u00bb:\u00a0\u00bbRead more\u00a0\u00bb,\u00a0\u00bblink_style\u00a0\u00bb:\u00a0\u00bbdefault\u00a0\u00bb,\u00a0\u00bbtext_align\u00a0\u00bb:\u00a0\u00bbcenter\u00a0\u00bb,\u00a0\u00bbmargin\u00a0\u00bb:\u00a0\u00bbdefault\u00a0\u00bb,\u00a0\u00bbitem_animation\u00a0\u00bb:\u00a0\u00bb\u00a0\u00bb},\u00a0\u00bbchildren\u00a0\u00bb:[{\u00ab\u00a0type\u00a0\u00bb:\u00a0\u00bbgallery_item\u00a0\u00bb,\u00a0\u00bbprops\u00a0\u00bb:{\u00ab\u00a0image\u00a0\u00bb:\u00a0\u00bbwp-content\\\/uploads\\\/2024\\\/03\\\/ipiccy_image-3.jpg\u00a0\u00bb}},{\u00ab\u00a0type\u00a0\u00bb:\u00a0\u00bbgallery_item\u00a0\u00bb,\u00a0\u00bbprops\u00a0\u00bb:{\u00ab\u00a0image\u00a0\u00bb:\u00a0\u00bbwp-content\\\/uploads\\\/2024\\\/08\\\/Brest.jpg\u00a0\u00bb}},{\u00ab\u00a0type\u00a0\u00bb:\u00a0\u00bbgallery_item\u00a0\u00bb,\u00a0\u00bbprops\u00a0\u00bb:{\u00ab\u00a0image\u00a0\u00bb:\u00a0\u00bbwp-content\\\/uploads\\\/2024\\\/06\\\/ipiccy_image2-1.jpg\u00a0\u00bb}}]}]}]}]}],\u00a0\u00bbversion\u00a0\u00bb:\u00a0\u00bb2.3.25&Prime;} &#8211;><\\\/p>\\n<p><strong>Le 01\\\/08\\\/2024:<\\\/strong><\\\/p>\\n<p><!-- \\\/wp:paragraph --> <!-- wp:paragraph --><\\\/p>\\n<p><strong>Dans le cadre d&rsquo;une ouverture d&rsquo;agence \\u00e0 PLABENNEC, Solaire Avantages recrute <em>2 Technicien(ne)s Photovolta\\u00efques<\\\/em>:<\\\/strong><\\\/p>\\n<p><!-- \\\/wp:paragraph --><\\\/p>\u00ab\u00a0}},{\u00ab\u00a0type\u00a0\u00bb:\u00a0\u00bbtext\u00a0\u00bb,\u00a0\u00bbprops\u00a0\u00bb:{\u00ab\u00a0margin\u00a0\u00bb:\u00a0\u00bbdefault\u00a0\u00bb,\u00a0\u00bbcolumn_breakpoint\u00a0\u00bb:\u00a0\u00bbm\u00a0\u00bb,\u00a0\u00bbcontent\u00a0\u00bb:\u00a0\u00bb<ul id=\\\"block-9d11f5f0-7cce-4641-9295-8f9abb2e6244\\\" class=\\\"block-editor-rich-text__editable block-editor-block-list__block wp-block is-selected rich-text\\\" tabindex=\\\"0\\\" role=\\\"group\\\" contenteditable=\\\"true\\\" aria-multiline=\\\"true\\\" aria-label=\\\"Bloc\\u00a0: Liste\\\" data-block=\\\"9d11f5f0-7cce-4641-9295-8f9abb2e6244\\\" data-type=\\\"core\\\/list\\\" data-title=\\\"Liste\\\">\\n<li>1 poste \\u00e0 PLOUESCAT, 1 poste \\u00e0 PLABENNEC<\\\/li>\\n<li>Profil: Couvreur, Electricien, D\\u00e9butant -&gt; Formation en interne<\\\/li>\\n<li>Prise de poste: Septembre 2024<\\\/li>\\n<li>Pose de panneaux photovolta\\u00efques sur tout type de toiture: ardoise, toit plat: membrane.., bac acier et \\u00e9vrites<\\\/li>\\n<li>Partie \\u00e9lectrique<\\\/li>\\n<li>Pr\\u00e9paration de chantiers \\u00e0 l&rsquo;atelier<\\\/li>\\n<li>Chantiers \\u00e0 30km autour de l&rsquo;entreprise<\\\/li>\\n<li>&#8230;<\\\/li>\\n<\\\/ul>\u00ab\u00a0}},{\u00ab\u00a0type\u00a0\u00bb:\u00a0\u00bbtext\u00a0\u00bb,\u00a0\u00bbprops\u00a0\u00bb:{\u00ab\u00a0margin\u00a0\u00bb:\u00a0\u00bbdefault\u00a0\u00bb,\u00a0\u00bbcolumn_breakpoint\u00a0\u00bb:\u00a0\u00bbm\u00a0\u00bb,\u00a0\u00bbcontent\u00a0\u00bb:\u00a0\u00bb<p><!-- wp:paragraph --><\\\/p>\\n<p><strong>Merci de nous envoyer un CV \\u00e0 solaire-avantages@orange.fr<\\\/strong><\\\/p>\\n<p><!-- \\\/wp:paragraph --> <!-- wp:paragraph --><\\\/p>\\n<p>Nous vous contacterons \\u00e0 notre reprise fin Ao\\u00fbt.<\\\/p>\\n<p><!-- \\\/wp:paragraph --> <!-- wp:paragraph --><\\\/p>\\n<p>Bel \\u00e9t\\u00e9 (ensoleill\\u00e9)!<\\\/p>\\n<p><!-- \\\/wp:paragraph --><\\\/p>\u00ab\u00a0}},{\u00ab\u00a0type\u00a0\u00bb:\u00a0\u00bbimage\u00a0\u00bb,\u00a0\u00bbprops\u00a0\u00bb:{\u00ab\u00a0margin\u00a0\u00bb:\u00a0\u00bblarge\u00a0\u00bb,\u00a0\u00bbimage_svg_color\u00a0\u00bb:\u00a0\u00bbemphasis\u00a0\u00bb,\u00a0\u00bbimage\u00a0\u00bb:\u00a0\u00bbwp-content\\\/uploads\\\/2024\\\/08\\\/Recrutement-techniciens-2.jpg\u00a0\u00bb,\u00a0\u00bbmaxwidth\u00a0\u00bb:\u00a0\u00bblarge\u00a0\u00bb,\u00a0\u00bbblock_align\u00a0\u00bb:\u00a0\u00bbcenter\u00a0\u00bb}},{\u00ab\u00a0type\u00a0\u00bb:\u00a0\u00bbgallery\u00a0\u00bb,\u00a0\u00bbprops\u00a0\u00bb:{\u00ab\u00a0show_title\u00a0\u00bb:true,\u00a0\u00bbshow_meta\u00a0\u00bb:true,\u00a0\u00bbshow_content\u00a0\u00bb:true,\u00a0\u00bbshow_link\u00a0\u00bb:true,\u00a0\u00bbshow_hover_image\u00a0\u00bb:true,\u00a0\u00bbgrid_default\u00a0\u00bb:\u00a0\u00bb1&Prime;,\u00a0\u00bbgrid_medium\u00a0\u00bb:\u00a0\u00bb3&Prime;,\u00a0\u00bbfilter_style\u00a0\u00bb:\u00a0\u00bbtab\u00a0\u00bb,\u00a0\u00bbfilter_all\u00a0\u00bb:true,\u00a0\u00bbfilter_position\u00a0\u00bb:\u00a0\u00bbtop\u00a0\u00bb,\u00a0\u00bbfilter_align\u00a0\u00bb:\u00a0\u00bbleft\u00a0\u00bb,\u00a0\u00bbfilter_grid_width\u00a0\u00bb:\u00a0\u00bbauto\u00a0\u00bb,\u00a0\u00bbfilter_grid_breakpoint\u00a0\u00bb:\u00a0\u00bbm\u00a0\u00bb,\u00a0\u00bboverlay_mode\u00a0\u00bb:\u00a0\u00bbcover\u00a0\u00bb,\u00a0\u00bboverlay_hover\u00a0\u00bb:true,\u00a0\u00bboverlay_style\u00a0\u00bb:\u00a0\u00bboverlay-primary\u00a0\u00bb,\u00a0\u00bbtext_color\u00a0\u00bb:\u00a0\u00bblight\u00a0\u00bb,\u00a0\u00bboverlay_position\u00a0\u00bb:\u00a0\u00bbcenter\u00a0\u00bb,\u00a0\u00bboverlay_transition\u00a0\u00bb:\u00a0\u00bbfade\u00a0\u00bb,\u00a0\u00bbtitle_hover_style\u00a0\u00bb:\u00a0\u00bbreset\u00a0\u00bb,\u00a0\u00bbtitle_element\u00a0\u00bb:\u00a0\u00bbh3&Prime;,\u00a0\u00bbmeta_style\u00a0\u00bb:\u00a0\u00bbmeta\u00a0\u00bb,\u00a0\u00bbmeta_align\u00a0\u00bb:\u00a0\u00bbbelow-title\u00a0\u00bb,\u00a0\u00bbmeta_element\u00a0\u00bb:\u00a0\u00bbdiv\u00a0\u00bb,\u00a0\u00bblink_text\u00a0\u00bb:\u00a0\u00bbRead more\u00a0\u00bb,\u00a0\u00bblink_style\u00a0\u00bb:\u00a0\u00bbdefault\u00a0\u00bb,\u00a0\u00bbtext_align\u00a0\u00bb:\u00a0\u00bbcenter\u00a0\u00bb,\u00a0\u00bbmargin\u00a0\u00bb:\u00a0\u00bbdefault\u00a0\u00bb,\u00a0\u00bbitem_animation\u00a0\u00bb:\u00a0\u00bb\u00a0\u00bb},\u00a0\u00bbchildren\u00a0\u00bb:[{\u00ab\u00a0type\u00a0\u00bb:\u00a0\u00bbgallery_item\u00a0\u00bb,\u00a0\u00bbprops\u00a0\u00bb:{\u00ab\u00a0image\u00a0\u00bb:\u00a0\u00bbwp-content\\\/uploads\\\/2024\\\/03\\\/ipiccy_image-3.jpg\u00a0\u00bb}},{\u00ab\u00a0type\u00a0\u00bb:\u00a0\u00bbgallery_item\u00a0\u00bb,\u00a0\u00bbprops\u00a0\u00bb:{\u00ab\u00a0image\u00a0\u00bb:\u00a0\u00bbwp-content\\\/uploads\\\/2024\\\/08\\\/Brest.jpg\u00a0\u00bb}},{\u00ab\u00a0type\u00a0\u00bb:\u00a0\u00bbgallery_item\u00a0\u00bb,\u00a0\u00bbprops\u00a0\u00bb:{\u00ab\u00a0image\u00a0\u00bb:\u00a0\u00bbwp-content\\\/uploads\\\/2024\\\/06\\\/ipiccy_image2-1.jpg\u00a0\u00bb}}]}]}]}]}],\u00a0\u00bbversion\u00a0\u00bb:\u00a0\u00bb2.3.25&Prime;} &#8211;><!-- \/wp:post-content --><!-- \/wp:paragraph --><\/p><\/div>\n<img decoding=\"async\" src=\"\/wp-content\/uploads\/2024\/08\/Recrutement-techniciens-2.jpg\" alt=\"\">\n<ul>\n        <li>\n\n        <img decoding=\"async\" src=\"\/wp-content\/uploads\/2024\/03\/ipiccy_image-3.jpg\" alt=\"\">\n\n\n\n\n\n    <\/li>\n        <li>\n\n        <img decoding=\"async\" src=\"\/wp-content\/uploads\/2024\/08\/Brest.jpg\" alt=\"\">\n\n\n\n\n\n    <\/li>\n        <li>\n\n        <img decoding=\"async\" src=\"\/wp-content\/uploads\/2024\/06\/ipiccy_image2-1.jpg\" alt=\"\">\n\n\n\n\n\n    <\/li>\n    <\/ul>\n\n<!-- {\"type\":\"layout\",\"children\":[{\"type\":\"section\",\"props\":{\"style\":\"default\",\"width\":\"default\",\"vertical_align\":\"middle\",\"title_position\":\"top-left\",\"title_rotation\":\"left\",\"title_breakpoint\":\"xl\",\"image_position\":\"center-center\"},\"children\":[{\"type\":\"row\",\"children\":[{\"type\":\"column\",\"props\":{\"image_position\":\"center-center\",\"media_overlay_gradient\":\"\"},\"children\":[{\"type\":\"text\",\"props\":{\"margin\":\"default\",\"column_breakpoint\":\"m\",\"content\":\"<h3><strong>REJOIGNEZ-NOUS!<\\\/strong><\\\/h3>\"}},{\"type\":\"text\",\"props\":{\"margin\":\"default\",\"column_breakpoint\":\"m\",\"content\":\"<p><!-- wp:paragraph --><\\\/p>\\n<p><strong>Le 01\\\/08\\\/2024:<\\\/strong><\\\/p>\\n<p><!-- \\\/wp:paragraph --> <!-- wp:paragraph --><\\\/p>\\n<p><strong>Dans le cadre d&rsquo;une ouverture d&rsquo;agence \\u00e0 PLABENNEC, Solaire Avantages recrute <em>2 Technicien(ne)s Photovolta\\u00efques<\\\/em>:<\\\/strong><\\\/p>\\n<p><!-- \\\/wp:paragraph --><\\\/p>\u00ab\u00a0}},{\u00ab\u00a0type\u00a0\u00bb:\u00a0\u00bbtext\u00a0\u00bb,\u00a0\u00bbprops\u00a0\u00bb:{\u00ab\u00a0margin\u00a0\u00bb:\u00a0\u00bbdefault\u00a0\u00bb,\u00a0\u00bbcolumn_breakpoint\u00a0\u00bb:\u00a0\u00bbm\u00a0\u00bb,\u00a0\u00bbcontent\u00a0\u00bb:\u00a0\u00bb<ul id=\\\"block-9d11f5f0-7cce-4641-9295-8f9abb2e6244\\\" class=\\\"block-editor-rich-text__editable block-editor-block-list__block wp-block is-selected rich-text\\\" tabindex=\\\"0\\\" role=\\\"group\\\" contenteditable=\\\"true\\\" aria-multiline=\\\"true\\\" aria-label=\\\"Bloc\\u00a0: Liste\\\" data-block=\\\"9d11f5f0-7cce-4641-9295-8f9abb2e6244\\\" data-type=\\\"core\\\/list\\\" data-title=\\\"Liste\\\">\\n<li>1 poste \\u00e0 PLOUESCAT, 1 poste \\u00e0 PLABENNEC<\\\/li>\\n<li>Profil: Couvreur, Electricien, D\\u00e9butant -&gt; Formation en interne<\\\/li>\\n<li>Prise de poste: Septembre 2024<\\\/li>\\n<li>Pose de panneaux photovolta\\u00efques sur tout type de toiture: ardoise, toit plat: membrane.., bac acier et \\u00e9vrites<\\\/li>\\n<li>Partie \\u00e9lectrique<\\\/li>\\n<li>Pr\\u00e9paration de chantiers \\u00e0 l&rsquo;atelier<\\\/li>\\n<li>Chantiers \\u00e0 30km autour de l&rsquo;entreprise<\\\/li>\\n<li>&#8230;<\\\/li>\\n<\\\/ul>\u00ab\u00a0}},{\u00ab\u00a0type\u00a0\u00bb:\u00a0\u00bbtext\u00a0\u00bb,\u00a0\u00bbprops\u00a0\u00bb:{\u00ab\u00a0margin\u00a0\u00bb:\u00a0\u00bbdefault\u00a0\u00bb,\u00a0\u00bbcolumn_breakpoint\u00a0\u00bb:\u00a0\u00bbm\u00a0\u00bb,\u00a0\u00bbcontent\u00a0\u00bb:\u00a0\u00bb<p><!-- wp:paragraph --><\\\/p>\\n<p><strong>Merci de nous envoyer un CV \\u00e0 solaire-avantages@orange.fr<\\\/strong><\\\/p>\\n<p><!-- \\\/wp:paragraph --> <!-- wp:paragraph --><\\\/p>\\n<p>Nous vous contacterons \\u00e0 notre reprise fin Ao\\u00fbt.<\\\/p>\\n<p><!-- \\\/wp:paragraph --> <!-- wp:paragraph --><\\\/p>\\n<p>Bel \\u00e9t\\u00e9 (ensoleill\\u00e9)!<\\\/p>\\n<p><!-- \\\/wp:paragraph --><\\\/p>\u00ab\u00a0}},{\u00ab\u00a0type\u00a0\u00bb:\u00a0\u00bbimage\u00a0\u00bb,\u00a0\u00bbprops\u00a0\u00bb:{\u00ab\u00a0margin\u00a0\u00bb:\u00a0\u00bblarge\u00a0\u00bb,\u00a0\u00bbimage_svg_color\u00a0\u00bb:\u00a0\u00bbemphasis\u00a0\u00bb,\u00a0\u00bbimage\u00a0\u00bb:\u00a0\u00bbwp-content\\\/uploads\\\/2024\\\/08\\\/Recrutement-techniciens-2.jpg\u00a0\u00bb,\u00a0\u00bbmaxwidth\u00a0\u00bb:\u00a0\u00bblarge\u00a0\u00bb,\u00a0\u00bbblock_align\u00a0\u00bb:\u00a0\u00bbcenter\u00a0\u00bb}},{\u00ab\u00a0type\u00a0\u00bb:\u00a0\u00bbgallery\u00a0\u00bb,\u00a0\u00bbprops\u00a0\u00bb:{\u00ab\u00a0show_title\u00a0\u00bb:true,\u00a0\u00bbshow_meta\u00a0\u00bb:true,\u00a0\u00bbshow_content\u00a0\u00bb:true,\u00a0\u00bbshow_link\u00a0\u00bb:true,\u00a0\u00bbshow_hover_image\u00a0\u00bb:true,\u00a0\u00bbgrid_default\u00a0\u00bb:\u00a0\u00bb1&Prime;,\u00a0\u00bbgrid_medium\u00a0\u00bb:\u00a0\u00bb3&Prime;,\u00a0\u00bbfilter_style\u00a0\u00bb:\u00a0\u00bbtab\u00a0\u00bb,\u00a0\u00bbfilter_all\u00a0\u00bb:true,\u00a0\u00bbfilter_position\u00a0\u00bb:\u00a0\u00bbtop\u00a0\u00bb,\u00a0\u00bbfilter_align\u00a0\u00bb:\u00a0\u00bbleft\u00a0\u00bb,\u00a0\u00bbfilter_grid_width\u00a0\u00bb:\u00a0\u00bbauto\u00a0\u00bb,\u00a0\u00bbfilter_grid_breakpoint\u00a0\u00bb:\u00a0\u00bbm\u00a0\u00bb,\u00a0\u00bboverlay_mode\u00a0\u00bb:\u00a0\u00bbcover\u00a0\u00bb,\u00a0\u00bboverlay_hover\u00a0\u00bb:true,\u00a0\u00bboverlay_style\u00a0\u00bb:\u00a0\u00bboverlay-primary\u00a0\u00bb,\u00a0\u00bbtext_color\u00a0\u00bb:\u00a0\u00bblight\u00a0\u00bb,\u00a0\u00bboverlay_position\u00a0\u00bb:\u00a0\u00bbcenter\u00a0\u00bb,\u00a0\u00bboverlay_transition\u00a0\u00bb:\u00a0\u00bbfade\u00a0\u00bb,\u00a0\u00bbtitle_hover_style\u00a0\u00bb:\u00a0\u00bbreset\u00a0\u00bb,\u00a0\u00bbtitle_element\u00a0\u00bb:\u00a0\u00bbh3&Prime;,\u00a0\u00bbmeta_style\u00a0\u00bb:\u00a0\u00bbmeta\u00a0\u00bb,\u00a0\u00bbmeta_align\u00a0\u00bb:\u00a0\u00bbbelow-title\u00a0\u00bb,\u00a0\u00bbmeta_element\u00a0\u00bb:\u00a0\u00bbdiv\u00a0\u00bb,\u00a0\u00bblink_text\u00a0\u00bb:\u00a0\u00bbRead more\u00a0\u00bb,\u00a0\u00bblink_style\u00a0\u00bb:\u00a0\u00bbdefault\u00a0\u00bb,\u00a0\u00bbtext_align\u00a0\u00bb:\u00a0\u00bbcenter\u00a0\u00bb,\u00a0\u00bbmargin\u00a0\u00bb:\u00a0\u00bbdefault\u00a0\u00bb,\u00a0\u00bbitem_animation\u00a0\u00bb:\u00a0\u00bb\u00a0\u00bb},\u00a0\u00bbchildren\u00a0\u00bb:[{\u00ab\u00a0type\u00a0\u00bb:\u00a0\u00bbgallery_item\u00a0\u00bb,\u00a0\u00bbprops\u00a0\u00bb:{\u00ab\u00a0image\u00a0\u00bb:\u00a0\u00bbwp-content\\\/uploads\\\/2024\\\/03\\\/ipiccy_image-3.jpg\u00a0\u00bb}},{\u00ab\u00a0type\u00a0\u00bb:\u00a0\u00bbgallery_item\u00a0\u00bb,\u00a0\u00bbprops\u00a0\u00bb:{\u00ab\u00a0image\u00a0\u00bb:\u00a0\u00bbwp-content\\\/uploads\\\/2024\\\/08\\\/Brest.jpg\u00a0\u00bb}},{\u00ab\u00a0type\u00a0\u00bb:\u00a0\u00bbgallery_item\u00a0\u00bb,\u00a0\u00bbprops\u00a0\u00bb:{\u00ab\u00a0image\u00a0\u00bb:\u00a0\u00bbwp-content\\\/uploads\\\/2024\\\/06\\\/ipiccy_image2-1.jpg\u00a0\u00bb}}]}]}]}]}],\u00a0\u00bbversion\u00a0\u00bb:\u00a0\u00bb2.3.25&Prime;} &#8211;><!-- \/wp:post-content --><!-- \/wp:paragraph --><!-- wp:post-content --><div><h3><strong>REJOIGNEZ-NOUS!<\/strong><\/h3><\/div>\n<div><p><!-- wp:paragraph --><\/p>\n<p><strong>Le 01\/08\/2024:<\/strong><\/p>\n<p><!-- \/wp:paragraph --> <!-- wp:paragraph --><\/p>\n<p><strong>Dans le cadre d&rsquo;une ouverture d&rsquo;agence \u00e0 PLABENNEC, Solaire Avantages recrute <em>2 Technicien(ne)s Photovolta\u00efques<\/em>:<\/strong><\/p>\n<p><!-- \/wp:paragraph --><\/p><\/div>\n<div><ul id=\"block-9d11f5f0-7cce-4641-9295-8f9abb2e6244\" class=\"block-editor-rich-text__editable block-editor-block-list__block wp-block is-selected rich-text\" tabindex=\"0\" role=\"group\" contenteditable=\"true\" aria-multiline=\"true\" aria-label=\"Bloc\u00a0: Liste\" data-block=\"9d11f5f0-7cce-4641-9295-8f9abb2e6244\" data-type=\"core\/list\" data-title=\"Liste\">\n<li>1 poste \u00e0 PLOUESCAT, 1 poste \u00e0 PLABENNEC<\/li>\n<li>Profil: Couvreur, Electricien, D\u00e9butant -&gt; Formation en interne<\/li>\n<li>Prise de poste: Septembre 2024<\/li>\n<li>Pose de panneaux photovolta\u00efques sur tout type de toiture: ardoise, toit plat: membrane.., bac acier et \u00e9vrites<\/li>\n<li>Partie \u00e9lectrique<\/li>\n<li>Pr\u00e9paration de chantiers \u00e0 l&rsquo;atelier<\/li>\n<li>Chantiers \u00e0 30km autour de l&rsquo;entreprise<\/li>\n<li>&#8230;<\/li>\n<\/ul><\/div>\n<div><p><!-- wp:paragraph --><\/p>\n<p><strong>Merci de nous envoyer un CV \u00e0 solaire-avantages@orange.fr<\/strong><\/p>\n<p><!-- \/wp:paragraph --> <!-- wp:paragraph --><\/p>\n<p>Nous vous contacterons \u00e0 notre reprise fin Ao\u00fbt.<\/p>\n<p><!-- \/wp:paragraph --> <!-- wp:paragraph --><\/p>\n<p>Bel \u00e9t\u00e9 (ensoleill\u00e9)!<\/p>\n<p><!-- \/wp:paragraph --><\/p><\/div>\n<img decoding=\"async\" src=\"\/wp-content\/uploads\/2024\/08\/Recrutement-techniciens-2.jpg\" alt=\"\">\n<ul>\n        <li>\n\n        <img decoding=\"async\" src=\"\/wp-content\/uploads\/2024\/03\/ipiccy_image-3.jpg\" alt=\"\">\n\n\n\n\n\n    <\/li>\n        <li>\n\n        <img decoding=\"async\" src=\"\/wp-content\/uploads\/2024\/08\/Brest.jpg\" alt=\"\">\n\n\n\n\n\n    <\/li>\n        <li>\n\n        <img decoding=\"async\" src=\"\/wp-content\/uploads\/2024\/06\/ipiccy_image2-1.jpg\" alt=\"\">\n\n\n\n\n\n    <\/li>\n    <\/ul>\n\n<!-- {\"type\":\"layout\",\"children\":[{\"type\":\"section\",\"props\":{\"style\":\"default\",\"width\":\"default\",\"vertical_align\":\"middle\",\"title_position\":\"top-left\",\"title_rotation\":\"left\",\"title_breakpoint\":\"xl\",\"image_position\":\"center-center\"},\"children\":[{\"type\":\"row\",\"children\":[{\"type\":\"column\",\"props\":{\"image_position\":\"center-center\",\"media_overlay_gradient\":\"\"},\"children\":[{\"type\":\"text\",\"props\":{\"margin\":\"default\",\"column_breakpoint\":\"m\",\"content\":\"<h3><strong>REJOIGNEZ-NOUS!<\\\/strong><\\\/h3>\"}},{\"type\":\"text\",\"props\":{\"margin\":\"default\",\"column_breakpoint\":\"m\",\"content\":\"<p><!-- wp:paragraph --><\\\/p>\\n<p><strong>Le 01\\\/08\\\/2024:<\\\/strong><\\\/p>\\n<p><!-- \\\/wp:paragraph --> <!-- wp:paragraph --><\\\/p>\\n<p><strong>Dans le cadre d&rsquo;une ouverture d&rsquo;agence \\u00e0 PLABENNEC, Solaire Avantages recrute <em>2 Technicien(ne)s Photovolta\\u00efques<\\\/em>:<\\\/strong><\\\/p>\\n<p><!-- \\\/wp:paragraph --><\\\/p>\u00ab\u00a0}},{\u00ab\u00a0type\u00a0\u00bb:\u00a0\u00bbtext\u00a0\u00bb,\u00a0\u00bbprops\u00a0\u00bb:{\u00ab\u00a0margin\u00a0\u00bb:\u00a0\u00bbdefault\u00a0\u00bb,\u00a0\u00bbcolumn_breakpoint\u00a0\u00bb:\u00a0\u00bbm\u00a0\u00bb,\u00a0\u00bbcontent\u00a0\u00bb:\u00a0\u00bb<ul id=\\\"block-9d11f5f0-7cce-4641-9295-8f9abb2e6244\\\" class=\\\"block-editor-rich-text__editable block-editor-block-list__block wp-block is-selected rich-text\\\" tabindex=\\\"0\\\" role=\\\"group\\\" contenteditable=\\\"true\\\" aria-multiline=\\\"true\\\" aria-label=\\\"Bloc\\u00a0: Liste\\\" data-block=\\\"9d11f5f0-7cce-4641-9295-8f9abb2e6244\\\" data-type=\\\"core\\\/list\\\" data-title=\\\"Liste\\\">\\n<li>1 poste \\u00e0 PLOUESCAT, 1 poste \\u00e0 PLABENNEC<\\\/li>\\n<li>Profil: Couvreur, Electricien, D\\u00e9butant -&gt; Formation en interne<\\\/li>\\n<li>Prise de poste: Septembre 2024<\\\/li>\\n<li>Pose de panneaux photovolta\\u00efques sur tout type de toiture: ardoise, toit plat: membrane.., bac acier et \\u00e9vrites<\\\/li>\\n<li>Partie \\u00e9lectrique<\\\/li>\\n<li>Pr\\u00e9paration de chantiers \\u00e0 l&rsquo;atelier<\\\/li>\\n<li>Chantiers \\u00e0 30km autour de l&rsquo;entreprise<\\\/li>\\n<li>&#8230;<\\\/li>\\n<\\\/ul>\u00ab\u00a0}},{\u00ab\u00a0type\u00a0\u00bb:\u00a0\u00bbtext\u00a0\u00bb,\u00a0\u00bbprops\u00a0\u00bb:{\u00ab\u00a0margin\u00a0\u00bb:\u00a0\u00bbdefault\u00a0\u00bb,\u00a0\u00bbcolumn_breakpoint\u00a0\u00bb:\u00a0\u00bbm\u00a0\u00bb,\u00a0\u00bbcontent\u00a0\u00bb:\u00a0\u00bb<p><!-- wp:paragraph --><\\\/p>\\n<p><strong>Merci de nous envoyer un CV \\u00e0 solaire-avantages@orange.fr<\\\/strong><\\\/p>\\n<p><!-- \\\/wp:paragraph --> <!-- wp:paragraph --><\\\/p>\\n<p>Nous vous contacterons \\u00e0 notre reprise fin Ao\\u00fbt.<\\\/p>\\n<p><!-- \\\/wp:paragraph --> <!-- wp:paragraph --><\\\/p>\\n<p>Bel \\u00e9t\\u00e9 (ensoleill\\u00e9)!<\\\/p>\\n<p><!-- \\\/wp:paragraph --><\\\/p>\u00ab\u00a0}},{\u00ab\u00a0type\u00a0\u00bb:\u00a0\u00bbimage\u00a0\u00bb,\u00a0\u00bbprops\u00a0\u00bb:{\u00ab\u00a0margin\u00a0\u00bb:\u00a0\u00bblarge\u00a0\u00bb,\u00a0\u00bbimage_svg_color\u00a0\u00bb:\u00a0\u00bbemphasis\u00a0\u00bb,\u00a0\u00bbimage\u00a0\u00bb:\u00a0\u00bbwp-content\\\/uploads\\\/2024\\\/08\\\/Recrutement-techniciens-2.jpg\u00a0\u00bb,\u00a0\u00bbmaxwidth\u00a0\u00bb:\u00a0\u00bblarge\u00a0\u00bb,\u00a0\u00bbblock_align\u00a0\u00bb:\u00a0\u00bbcenter\u00a0\u00bb}},{\u00ab\u00a0type\u00a0\u00bb:\u00a0\u00bbgallery\u00a0\u00bb,\u00a0\u00bbprops\u00a0\u00bb:{\u00ab\u00a0show_title\u00a0\u00bb:true,\u00a0\u00bbshow_meta\u00a0\u00bb:true,\u00a0\u00bbshow_content\u00a0\u00bb:true,\u00a0\u00bbshow_link\u00a0\u00bb:true,\u00a0\u00bbshow_hover_image\u00a0\u00bb:true,\u00a0\u00bbgrid_default\u00a0\u00bb:\u00a0\u00bb1&Prime;,\u00a0\u00bbgrid_medium\u00a0\u00bb:\u00a0\u00bb3&Prime;,\u00a0\u00bbfilter_style\u00a0\u00bb:\u00a0\u00bbtab\u00a0\u00bb,\u00a0\u00bbfilter_all\u00a0\u00bb:true,\u00a0\u00bbfilter_position\u00a0\u00bb:\u00a0\u00bbtop\u00a0\u00bb,\u00a0\u00bbfilter_align\u00a0\u00bb:\u00a0\u00bbleft\u00a0\u00bb,\u00a0\u00bbfilter_grid_width\u00a0\u00bb:\u00a0\u00bbauto\u00a0\u00bb,\u00a0\u00bbfilter_grid_breakpoint\u00a0\u00bb:\u00a0\u00bbm\u00a0\u00bb,\u00a0\u00bboverlay_mode\u00a0\u00bb:\u00a0\u00bbcover\u00a0\u00bb,\u00a0\u00bboverlay_hover\u00a0\u00bb:true,\u00a0\u00bboverlay_style\u00a0\u00bb:\u00a0\u00bboverlay-primary\u00a0\u00bb,\u00a0\u00bbtext_color\u00a0\u00bb:\u00a0\u00bblight\u00a0\u00bb,\u00a0\u00bboverlay_position\u00a0\u00bb:\u00a0\u00bbcenter\u00a0\u00bb,\u00a0\u00bboverlay_transition\u00a0\u00bb:\u00a0\u00bbfade\u00a0\u00bb,\u00a0\u00bbtitle_hover_style\u00a0\u00bb:\u00a0\u00bbreset\u00a0\u00bb,\u00a0\u00bbtitle_element\u00a0\u00bb:\u00a0\u00bbh3&Prime;,\u00a0\u00bbmeta_style\u00a0\u00bb:\u00a0\u00bbmeta\u00a0\u00bb,\u00a0\u00bbmeta_align\u00a0\u00bb:\u00a0\u00bbbelow-title\u00a0\u00bb,\u00a0\u00bbmeta_element\u00a0\u00bb:\u00a0\u00bbdiv\u00a0\u00bb,\u00a0\u00bblink_text\u00a0\u00bb:\u00a0\u00bbRead more\u00a0\u00bb,\u00a0\u00bblink_style\u00a0\u00bb:\u00a0\u00bbdefault\u00a0\u00bb,\u00a0\u00bbtext_align\u00a0\u00bb:\u00a0\u00bbcenter\u00a0\u00bb,\u00a0\u00bbmargin\u00a0\u00bb:\u00a0\u00bbdefault\u00a0\u00bb,\u00a0\u00bbitem_animation\u00a0\u00bb:\u00a0\u00bb\u00a0\u00bb},\u00a0\u00bbchildren\u00a0\u00bb:[{\u00ab\u00a0type\u00a0\u00bb:\u00a0\u00bbgallery_item\u00a0\u00bb,\u00a0\u00bbprops\u00a0\u00bb:{\u00ab\u00a0image\u00a0\u00bb:\u00a0\u00bbwp-content\\\/uploads\\\/2024\\\/03\\\/ipiccy_image-3.jpg\u00a0\u00bb}},{\u00ab\u00a0type\u00a0\u00bb:\u00a0\u00bbgallery_item\u00a0\u00bb,\u00a0\u00bbprops\u00a0\u00bb:{\u00ab\u00a0image\u00a0\u00bb:\u00a0\u00bbwp-content\\\/uploads\\\/2024\\\/08\\\/Brest.jpg\u00a0\u00bb}},{\u00ab\u00a0type\u00a0\u00bb:\u00a0\u00bbgallery_item\u00a0\u00bb,\u00a0\u00bbprops\u00a0\u00bb:{\u00ab\u00a0image\u00a0\u00bb:\u00a0\u00bbwp-content\\\/uploads\\\/2024\\\/06\\\/ipiccy_image2-1.jpg\u00a0\u00bb}}]}]}]}]}],\u00a0\u00bbversion\u00a0\u00bb:\u00a0\u00bb2.3.25&Prime;} &#8211;><!-- \/wp:post-content --><\/div><\\\/p>\\n<p><strong>Dans le cadre d&rsquo;une ouverture d&rsquo;agence \\u00e0 PLABENNEC, Solaire Avantages recrute <em>2 Technicien(ne)s Photovolta\\u00efques<\\\/em>:<\\\/strong><\\\/p>\\n<p><!-- \\\/wp:paragraph --><\\\/p>\u00ab\u00a0}},{\u00ab\u00a0type\u00a0\u00bb:\u00a0\u00bbtext\u00a0\u00bb,\u00a0\u00bbprops\u00a0\u00bb:{\u00ab\u00a0margin\u00a0\u00bb:\u00a0\u00bbdefault\u00a0\u00bb,\u00a0\u00bbcolumn_breakpoint\u00a0\u00bb:\u00a0\u00bbm\u00a0\u00bb,\u00a0\u00bbcontent\u00a0\u00bb:\u00a0\u00bb<ul id=\\\"block-9d11f5f0-7cce-4641-9295-8f9abb2e6244\\\" class=\\\"block-editor-rich-text__editable block-editor-block-list__block wp-block is-selected rich-text\\\" tabindex=\\\"0\\\" role=\\\"group\\\" contenteditable=\\\"true\\\" aria-multiline=\\\"true\\\" aria-label=\\\"Bloc\\u00a0: Liste\\\" data-block=\\\"9d11f5f0-7cce-4641-9295-8f9abb2e6244\\\" data-type=\\\"core\\\/list\\\" data-title=\\\"Liste\\\">\\n<li>1 poste \\u00e0 PLOUESCAT, 1 poste \\u00e0 PLABENNEC<\\\/li>\\n<li>Profil: Couvreur, Electricien, D\\u00e9butant -&gt; Formation en interne<\\\/li>\\n<li>Prise de poste: Septembre 2024<\\\/li>\\n<li>Pose de panneaux photovolta\\u00efques sur tout type de toiture: ardoise, toit plat: membrane.., bac acier et \\u00e9vrites<\\\/li>\\n<li>Partie \\u00e9lectrique<\\\/li>\\n<li>Pr\\u00e9paration de chantiers \\u00e0 l&rsquo;atelier<\\\/li>\\n<li>Chantiers \\u00e0 30km autour de l&rsquo;entreprise<\\\/li>\\n<li>&#8230;<\\\/li>\\n<\\\/ul>\u00ab\u00a0}},{\u00ab\u00a0type\u00a0\u00bb:\u00a0\u00bbtext\u00a0\u00bb,\u00a0\u00bbprops\u00a0\u00bb:{\u00ab\u00a0margin\u00a0\u00bb:\u00a0\u00bbdefault\u00a0\u00bb,\u00a0\u00bbcolumn_breakpoint\u00a0\u00bb:\u00a0\u00bbm\u00a0\u00bb,\u00a0\u00bbcontent\u00a0\u00bb:\u00a0\u00bb<p><\\\/p>\\n<p><strong>Merci de nous envoyer un CV \\u00e0 solaire-avantages@orange.fr<\\\/strong><\\\/p>\\n<p><!-- \\\/wp:paragraph --> <\\\/p>\\n<p>Nous vous contacterons \\u00e0 notre reprise fin Ao\\u00fbt.<\\\/p>\\n<p><!-- \\\/wp:paragraph --> <\\\/p>\\n<p>Bel \\u00e9t\\u00e9 (ensoleill\\u00e9)!<\\\/p>\\n<p><!-- \\\/wp:paragraph --><\\\/p>\u00ab\u00a0}},{\u00ab\u00a0type\u00a0\u00bb:\u00a0\u00bbimage\u00a0\u00bb,\u00a0\u00bbprops\u00a0\u00bb:{\u00ab\u00a0margin\u00a0\u00bb:\u00a0\u00bblarge\u00a0\u00bb,\u00a0\u00bbimage_svg_color\u00a0\u00bb:\u00a0\u00bbemphasis\u00a0\u00bb,\u00a0\u00bbimage\u00a0\u00bb:\u00a0\u00bbwp-content\\\/uploads\\\/2024\\\/08\\\/Recrutement-techniciens-2.jpg\u00a0\u00bb,\u00a0\u00bbmaxwidth\u00a0\u00bb:\u00a0\u00bblarge\u00a0\u00bb,\u00a0\u00bbblock_align\u00a0\u00bb:\u00a0\u00bbcenter\u00a0\u00bb}},{\u00ab\u00a0type\u00a0\u00bb:\u00a0\u00bbgallery\u00a0\u00bb,\u00a0\u00bbprops\u00a0\u00bb:{\u00ab\u00a0show_title\u00a0\u00bb:true,\u00a0\u00bbshow_meta\u00a0\u00bb:true,\u00a0\u00bbshow_content\u00a0\u00bb:true,\u00a0\u00bbshow_link\u00a0\u00bb:true,\u00a0\u00bbshow_hover_image\u00a0\u00bb:true,\u00a0\u00bbgrid_default\u00a0\u00bb:\u00a0\u00bb1&Prime;,\u00a0\u00bbgrid_medium\u00a0\u00bb:\u00a0\u00bb3&Prime;,\u00a0\u00bbfilter_style\u00a0\u00bb:\u00a0\u00bbtab\u00a0\u00bb,\u00a0\u00bbfilter_all\u00a0\u00bb:true,\u00a0\u00bbfilter_position\u00a0\u00bb:\u00a0\u00bbtop\u00a0\u00bb,\u00a0\u00bbfilter_align\u00a0\u00bb:\u00a0\u00bbleft\u00a0\u00bb,\u00a0\u00bbfilter_grid_width\u00a0\u00bb:\u00a0\u00bbauto\u00a0\u00bb,\u00a0\u00bbfilter_grid_breakpoint\u00a0\u00bb:\u00a0\u00bbm\u00a0\u00bb,\u00a0\u00bboverlay_mode\u00a0\u00bb:\u00a0\u00bbcover\u00a0\u00bb,\u00a0\u00bboverlay_hover\u00a0\u00bb:true,\u00a0\u00bboverlay_style\u00a0\u00bb:\u00a0\u00bboverlay-primary\u00a0\u00bb,\u00a0\u00bbtext_color\u00a0\u00bb:\u00a0\u00bblight\u00a0\u00bb,\u00a0\u00bboverlay_position\u00a0\u00bb:\u00a0\u00bbcenter\u00a0\u00bb,\u00a0\u00bboverlay_transition\u00a0\u00bb:\u00a0\u00bbfade\u00a0\u00bb,\u00a0\u00bbtitle_hover_style\u00a0\u00bb:\u00a0\u00bbreset\u00a0\u00bb,\u00a0\u00bbtitle_element\u00a0\u00bb:\u00a0\u00bbh3&Prime;,\u00a0\u00bbmeta_style\u00a0\u00bb:\u00a0\u00bbmeta\u00a0\u00bb,\u00a0\u00bbmeta_align\u00a0\u00bb:\u00a0\u00bbbelow-title\u00a0\u00bb,\u00a0\u00bbmeta_element\u00a0\u00bb:\u00a0\u00bbdiv\u00a0\u00bb,\u00a0\u00bblink_text\u00a0\u00bb:\u00a0\u00bbRead more\u00a0\u00bb,\u00a0\u00bblink_style\u00a0\u00bb:\u00a0\u00bbdefault\u00a0\u00bb,\u00a0\u00bbtext_align\u00a0\u00bb:\u00a0\u00bbcenter\u00a0\u00bb,\u00a0\u00bbmargin\u00a0\u00bb:\u00a0\u00bbdefault\u00a0\u00bb,\u00a0\u00bbitem_animation\u00a0\u00bb:\u00a0\u00bb\u00a0\u00bb},\u00a0\u00bbchildren\u00a0\u00bb:[{\u00ab\u00a0type\u00a0\u00bb:\u00a0\u00bbgallery_item\u00a0\u00bb,\u00a0\u00bbprops\u00a0\u00bb:{\u00ab\u00a0image\u00a0\u00bb:\u00a0\u00bbwp-content\\\/uploads\\\/2024\\\/03\\\/ipiccy_image-3.jpg\u00a0\u00bb}},{\u00ab\u00a0type\u00a0\u00bb:\u00a0\u00bbgallery_item\u00a0\u00bb,\u00a0\u00bbprops\u00a0\u00bb:{\u00ab\u00a0image\u00a0\u00bb:\u00a0\u00bbwp-content\\\/uploads\\\/2024\\\/08\\\/Brest.jpg\u00a0\u00bb}},{\u00ab\u00a0type\u00a0\u00bb:\u00a0\u00bbgallery_item\u00a0\u00bb,\u00a0\u00bbprops\u00a0\u00bb:{\u00ab\u00a0image\u00a0\u00bb:\u00a0\u00bbwp-content\\\/uploads\\\/2024\\\/06\\\/ipiccy_image2-1.jpg\u00a0\u00bb}}]}]}]}]}],\u00a0\u00bbversion\u00a0\u00bb:\u00a0\u00bb2.3.25&Prime;} &#8211;><!-- wp:post-content --><div><h3><strong>REJOIGNEZ-NOUS!<\/strong><\/h3><\/div>\n<div><p><!-- wp:paragraph --><\/p>\n<p><strong>Le 01\/08\/2024:<\/strong><\/p>\n<p><!-- \/wp:paragraph --> <!-- wp:paragraph --><\/p>\n<p><strong>Dans le cadre d&rsquo;une ouverture d&rsquo;agence \u00e0 PLABENNEC, Solaire Avantages recrute <em>2 Technicien(ne)s Photovolta\u00efques<\/em>:<\/strong><\/p>\n<p><!-- \/wp:paragraph --><\/p><\/div>\n<div><ul id=\"block-9d11f5f0-7cce-4641-9295-8f9abb2e6244\" class=\"block-editor-rich-text__editable block-editor-block-list__block wp-block is-selected rich-text\" tabindex=\"0\" role=\"group\" contenteditable=\"true\" aria-multiline=\"true\" aria-label=\"Bloc\u00a0: Liste\" data-block=\"9d11f5f0-7cce-4641-9295-8f9abb2e6244\" data-type=\"core\/list\" data-title=\"Liste\">\n<li>1 poste \u00e0 PLOUESCAT, 1 poste \u00e0 PLABENNEC<\/li>\n<li>Profil: Couvreur, Electricien, D\u00e9butant -&gt; Formation en interne<\/li>\n<li>Prise de poste: Septembre 2024<\/li>\n<li>Pose de panneaux photovolta\u00efques sur tout type de toiture: ardoise, toit plat: membrane.., bac acier et \u00e9vrites<\/li>\n<li>Partie \u00e9lectrique<\/li>\n<li>Pr\u00e9paration de chantiers \u00e0 l&rsquo;atelier<\/li>\n<li>Chantiers \u00e0 30km autour de l&rsquo;entreprise<\/li>\n<li>&#8230;<\/li>\n<\/ul><\/div>\n<div><p><!-- wp:paragraph --><\/p>\n<p><strong>Merci de nous envoyer un CV \u00e0 solaire-avantages@orange.fr<\/strong><\/p>\n<p><!-- \/wp:paragraph --> <!-- wp:paragraph --><\/p>\n<p>Nous vous contacterons \u00e0 notre reprise fin Ao\u00fbt.<\/p>\n<p><!-- \/wp:paragraph --> <!-- wp:paragraph --><\/p>\n<p>Bel \u00e9t\u00e9 (ensoleill\u00e9)!<\/p>\n<p><!-- \/wp:paragraph --><\/p><\/div>\n<img decoding=\"async\" src=\"\/wp-content\/uploads\/2024\/08\/Recrutement-techniciens-2.jpg\" alt=\"\">\n<ul>\n        <li>\n\n        <img decoding=\"async\" src=\"\/wp-content\/uploads\/2024\/03\/ipiccy_image-3.jpg\" alt=\"\">\n\n\n\n\n\n    <\/li>\n        <li>\n\n        <img decoding=\"async\" src=\"\/wp-content\/uploads\/2024\/08\/Brest.jpg\" alt=\"\">\n\n\n\n\n\n    <\/li>\n        <li>\n\n        <img decoding=\"async\" src=\"\/wp-content\/uploads\/2024\/06\/ipiccy_image2-1.jpg\" alt=\"\">\n\n\n\n\n\n    <\/li>\n    <\/ul>\n\n<!-- {\"type\":\"layout\",\"children\":[{\"type\":\"section\",\"props\":{\"style\":\"default\",\"width\":\"default\",\"vertical_align\":\"middle\",\"title_position\":\"top-left\",\"title_rotation\":\"left\",\"title_breakpoint\":\"xl\",\"image_position\":\"center-center\"},\"children\":[{\"type\":\"row\",\"children\":[{\"type\":\"column\",\"props\":{\"image_position\":\"center-center\",\"media_overlay_gradient\":\"\"},\"children\":[{\"type\":\"text\",\"props\":{\"margin\":\"default\",\"column_breakpoint\":\"m\",\"content\":\"<h3><strong>REJOIGNEZ-NOUS!<\\\/strong><\\\/h3>\"}},{\"type\":\"text\",\"props\":{\"margin\":\"default\",\"column_breakpoint\":\"m\",\"content\":\"<p><!-- wp:paragraph --><\\\/p>\\n<p><strong>Le 01\\\/08\\\/2024:<\\\/strong><\\\/p>\\n<p><!-- \\\/wp:paragraph --> <!-- wp:paragraph --><\\\/p>\\n<p><strong>Dans le cadre d&rsquo;une ouverture d&rsquo;agence \\u00e0 PLABENNEC, Solaire Avantages recrute <em>2 Technicien(ne)s Photovolta\\u00efques<\\\/em>:<\\\/strong><\\\/p>\\n<p><!-- \\\/wp:paragraph --><\\\/p>\u00ab\u00a0}},{\u00ab\u00a0type\u00a0\u00bb:\u00a0\u00bbtext\u00a0\u00bb,\u00a0\u00bbprops\u00a0\u00bb:{\u00ab\u00a0margin\u00a0\u00bb:\u00a0\u00bbdefault\u00a0\u00bb,\u00a0\u00bbcolumn_breakpoint\u00a0\u00bb:\u00a0\u00bbm\u00a0\u00bb,\u00a0\u00bbcontent\u00a0\u00bb:\u00a0\u00bb<ul id=\\\"block-9d11f5f0-7cce-4641-9295-8f9abb2e6244\\\" class=\\\"block-editor-rich-text__editable block-editor-block-list__block wp-block is-selected rich-text\\\" tabindex=\\\"0\\\" role=\\\"group\\\" contenteditable=\\\"true\\\" aria-multiline=\\\"true\\\" aria-label=\\\"Bloc\\u00a0: Liste\\\" data-block=\\\"9d11f5f0-7cce-4641-9295-8f9abb2e6244\\\" data-type=\\\"core\\\/list\\\" data-title=\\\"Liste\\\">\\n<li>1 poste \\u00e0 PLOUESCAT, 1 poste \\u00e0 PLABENNEC<\\\/li>\\n<li>Profil: Couvreur, Electricien, D\\u00e9butant -&gt; Formation en interne<\\\/li>\\n<li>Prise de poste: Septembre 2024<\\\/li>\\n<li>Pose de panneaux photovolta\\u00efques sur tout type de toiture: ardoise, toit plat: membrane.., bac acier et \\u00e9vrites<\\\/li>\\n<li>Partie \\u00e9lectrique<\\\/li>\\n<li>Pr\\u00e9paration de chantiers \\u00e0 l&rsquo;atelier<\\\/li>\\n<li>Chantiers \\u00e0 30km autour de l&rsquo;entreprise<\\\/li>\\n<li>&#8230;<\\\/li>\\n<\\\/ul>\u00ab\u00a0}},{\u00ab\u00a0type\u00a0\u00bb:\u00a0\u00bbtext\u00a0\u00bb,\u00a0\u00bbprops\u00a0\u00bb:{\u00ab\u00a0margin\u00a0\u00bb:\u00a0\u00bbdefault\u00a0\u00bb,\u00a0\u00bbcolumn_breakpoint\u00a0\u00bb:\u00a0\u00bbm\u00a0\u00bb,\u00a0\u00bbcontent\u00a0\u00bb:\u00a0\u00bb<p><!-- wp:paragraph --><\\\/p>\\n<p><strong>Merci de nous envoyer un CV \\u00e0 solaire-avantages@orange.fr<\\\/strong><\\\/p>\\n<p><!-- \\\/wp:paragraph --> <!-- wp:paragraph --><\\\/p>\\n<p>Nous vous contacterons \\u00e0 notre reprise fin Ao\\u00fbt.<\\\/p>\\n<p><!-- \\\/wp:paragraph --> <!-- wp:paragraph --><\\\/p>\\n<p>Bel \\u00e9t\\u00e9 (ensoleill\\u00e9)!<\\\/p>\\n<p><!-- \\\/wp:paragraph --><\\\/p>\u00ab\u00a0}},{\u00ab\u00a0type\u00a0\u00bb:\u00a0\u00bbimage\u00a0\u00bb,\u00a0\u00bbprops\u00a0\u00bb:{\u00ab\u00a0margin\u00a0\u00bb:\u00a0\u00bblarge\u00a0\u00bb,\u00a0\u00bbimage_svg_color\u00a0\u00bb:\u00a0\u00bbemphasis\u00a0\u00bb,\u00a0\u00bbimage\u00a0\u00bb:\u00a0\u00bbwp-content\\\/uploads\\\/2024\\\/08\\\/Recrutement-techniciens-2.jpg\u00a0\u00bb,\u00a0\u00bbmaxwidth\u00a0\u00bb:\u00a0\u00bblarge\u00a0\u00bb,\u00a0\u00bbblock_align\u00a0\u00bb:\u00a0\u00bbcenter\u00a0\u00bb}},{\u00ab\u00a0type\u00a0\u00bb:\u00a0\u00bbgallery\u00a0\u00bb,\u00a0\u00bbprops\u00a0\u00bb:{\u00ab\u00a0show_title\u00a0\u00bb:true,\u00a0\u00bbshow_meta\u00a0\u00bb:true,\u00a0\u00bbshow_content\u00a0\u00bb:true,\u00a0\u00bbshow_link\u00a0\u00bb:true,\u00a0\u00bbshow_hover_image\u00a0\u00bb:true,\u00a0\u00bbgrid_default\u00a0\u00bb:\u00a0\u00bb1&Prime;,\u00a0\u00bbgrid_medium\u00a0\u00bb:\u00a0\u00bb3&Prime;,\u00a0\u00bbfilter_style\u00a0\u00bb:\u00a0\u00bbtab\u00a0\u00bb,\u00a0\u00bbfilter_all\u00a0\u00bb:true,\u00a0\u00bbfilter_position\u00a0\u00bb:\u00a0\u00bbtop\u00a0\u00bb,\u00a0\u00bbfilter_align\u00a0\u00bb:\u00a0\u00bbleft\u00a0\u00bb,\u00a0\u00bbfilter_grid_width\u00a0\u00bb:\u00a0\u00bbauto\u00a0\u00bb,\u00a0\u00bbfilter_grid_breakpoint\u00a0\u00bb:\u00a0\u00bbm\u00a0\u00bb,\u00a0\u00bboverlay_mode\u00a0\u00bb:\u00a0\u00bbcover\u00a0\u00bb,\u00a0\u00bboverlay_hover\u00a0\u00bb:true,\u00a0\u00bboverlay_style\u00a0\u00bb:\u00a0\u00bboverlay-primary\u00a0\u00bb,\u00a0\u00bbtext_color\u00a0\u00bb:\u00a0\u00bblight\u00a0\u00bb,\u00a0\u00bboverlay_position\u00a0\u00bb:\u00a0\u00bbcenter\u00a0\u00bb,\u00a0\u00bboverlay_transition\u00a0\u00bb:\u00a0\u00bbfade\u00a0\u00bb,\u00a0\u00bbtitle_hover_style\u00a0\u00bb:\u00a0\u00bbreset\u00a0\u00bb,\u00a0\u00bbtitle_element\u00a0\u00bb:\u00a0\u00bbh3&Prime;,\u00a0\u00bbmeta_style\u00a0\u00bb:\u00a0\u00bbmeta\u00a0\u00bb,\u00a0\u00bbmeta_align\u00a0\u00bb:\u00a0\u00bbbelow-title\u00a0\u00bb,\u00a0\u00bbmeta_element\u00a0\u00bb:\u00a0\u00bbdiv\u00a0\u00bb,\u00a0\u00bblink_text\u00a0\u00bb:\u00a0\u00bbRead more\u00a0\u00bb,\u00a0\u00bblink_style\u00a0\u00bb:\u00a0\u00bbdefault\u00a0\u00bb,\u00a0\u00bbtext_align\u00a0\u00bb:\u00a0\u00bbcenter\u00a0\u00bb,\u00a0\u00bbmargin\u00a0\u00bb:\u00a0\u00bbdefault\u00a0\u00bb,\u00a0\u00bbitem_animation\u00a0\u00bb:\u00a0\u00bb\u00a0\u00bb},\u00a0\u00bbchildren\u00a0\u00bb:[{\u00ab\u00a0type\u00a0\u00bb:\u00a0\u00bbgallery_item\u00a0\u00bb,\u00a0\u00bbprops\u00a0\u00bb:{\u00ab\u00a0image\u00a0\u00bb:\u00a0\u00bbwp-content\\\/uploads\\\/2024\\\/03\\\/ipiccy_image-3.jpg\u00a0\u00bb}},{\u00ab\u00a0type\u00a0\u00bb:\u00a0\u00bbgallery_item\u00a0\u00bb,\u00a0\u00bbprops\u00a0\u00bb:{\u00ab\u00a0image\u00a0\u00bb:\u00a0\u00bbwp-content\\\/uploads\\\/2024\\\/08\\\/Brest.jpg\u00a0\u00bb}},{\u00ab\u00a0type\u00a0\u00bb:\u00a0\u00bbgallery_item\u00a0\u00bb,\u00a0\u00bbprops\u00a0\u00bb:{\u00ab\u00a0image\u00a0\u00bb:\u00a0\u00bbwp-content\\\/uploads\\\/2024\\\/06\\\/ipiccy_image2-1.jpg\u00a0\u00bb}}]}]}]}]}],\u00a0\u00bbversion\u00a0\u00bb:\u00a0\u00bb2.3.25&Prime;} &#8211;><!-- \/wp:post-content --><\\\/p>\\n<p><strong>Le 01\\\/08\\\/2024:<\\\/strong><\\\/p>\\n<p><!-- \\\/wp:paragraph --> <\\\/p>\\n<p><strong>Dans le cadre d&rsquo;une ouverture d&rsquo;agence \\u00e0 PLABENNEC, Solaire Avantages recrute <em>2 Technicien(ne)s Photovolta\\u00efques<\\\/em>:<\\\/strong><\\\/p>\\n<p><!-- \\\/wp:paragraph --><\\\/p>\u00ab\u00a0}},{\u00ab\u00a0type\u00a0\u00bb:\u00a0\u00bbtext\u00a0\u00bb,\u00a0\u00bbprops\u00a0\u00bb:{\u00ab\u00a0margin\u00a0\u00bb:\u00a0\u00bbdefault\u00a0\u00bb,\u00a0\u00bbcolumn_breakpoint\u00a0\u00bb:\u00a0\u00bbm\u00a0\u00bb,\u00a0\u00bbcontent\u00a0\u00bb:\u00a0\u00bb<ul id=\\\"block-9d11f5f0-7cce-4641-9295-8f9abb2e6244\\\" class=\\\"block-editor-rich-text__editable block-editor-block-list__block wp-block is-selected rich-text\\\" tabindex=\\\"0\\\" role=\\\"group\\\" contenteditable=\\\"true\\\" aria-multiline=\\\"true\\\" aria-label=\\\"Bloc\\u00a0: Liste\\\" data-block=\\\"9d11f5f0-7cce-4641-9295-8f9abb2e6244\\\" data-type=\\\"core\\\/list\\\" data-title=\\\"Liste\\\">\\n<li>1 poste \\u00e0 PLOUESCAT, 1 poste \\u00e0 PLABENNEC<\\\/li>\\n<li>Profil: Couvreur, Electricien, D\\u00e9butant -&gt; Formation en interne<\\\/li>\\n<li>Prise de poste: Septembre 2024<\\\/li>\\n<li>Pose de panneaux photovolta\\u00efques sur tout type de toiture: ardoise, toit plat: membrane.., bac acier et \\u00e9vrites<\\\/li>\\n<li>Partie \\u00e9lectrique<\\\/li>\\n<li>Pr\\u00e9paration de chantiers \\u00e0 l&rsquo;atelier<\\\/li>\\n<li>Chantiers \\u00e0 30km autour de l&rsquo;entreprise<\\\/li>\\n<li>&#8230;<\\\/li>\\n<\\\/ul>\u00ab\u00a0}},{\u00ab\u00a0type\u00a0\u00bb:\u00a0\u00bbtext\u00a0\u00bb,\u00a0\u00bbprops\u00a0\u00bb:{\u00ab\u00a0margin\u00a0\u00bb:\u00a0\u00bbdefault\u00a0\u00bb,\u00a0\u00bbcolumn_breakpoint\u00a0\u00bb:\u00a0\u00bbm\u00a0\u00bb,\u00a0\u00bbcontent\u00a0\u00bb:\u00a0\u00bb<p><!-- wp:paragraph --><\\\/p>\\n<p><strong>Merci de nous envoyer un CV \\u00e0 solaire-avantages@orange.fr<\\\/strong><\\\/p>\\n<p><!-- \\\/wp:paragraph --> <!-- wp:paragraph --><\\\/p>\\n<p>Nous vous contacterons \\u00e0 notre reprise fin Ao\\u00fbt.<\\\/p>\\n<p><!-- \\\/wp:paragraph --> <!-- wp:paragraph --><\\\/p>\\n<p>Bel \\u00e9t\\u00e9 (ensoleill\\u00e9)!<\\\/p>\\n<p><!-- \\\/wp:paragraph --><\\\/p>\u00ab\u00a0}},{\u00ab\u00a0type\u00a0\u00bb:\u00a0\u00bbimage\u00a0\u00bb,\u00a0\u00bbprops\u00a0\u00bb:{\u00ab\u00a0margin\u00a0\u00bb:\u00a0\u00bblarge\u00a0\u00bb,\u00a0\u00bbimage_svg_color\u00a0\u00bb:\u00a0\u00bbemphasis\u00a0\u00bb,\u00a0\u00bbimage\u00a0\u00bb:\u00a0\u00bbwp-content\\\/uploads\\\/2024\\\/08\\\/Recrutement-techniciens-2.jpg\u00a0\u00bb,\u00a0\u00bbmaxwidth\u00a0\u00bb:\u00a0\u00bblarge\u00a0\u00bb,\u00a0\u00bbblock_align\u00a0\u00bb:\u00a0\u00bbcenter\u00a0\u00bb}},{\u00ab\u00a0type\u00a0\u00bb:\u00a0\u00bbgallery\u00a0\u00bb,\u00a0\u00bbprops\u00a0\u00bb:{\u00ab\u00a0show_title\u00a0\u00bb:true,\u00a0\u00bbshow_meta\u00a0\u00bb:true,\u00a0\u00bbshow_content\u00a0\u00bb:true,\u00a0\u00bbshow_link\u00a0\u00bb:true,\u00a0\u00bbshow_hover_image\u00a0\u00bb:true,\u00a0\u00bbgrid_default\u00a0\u00bb:\u00a0\u00bb1&Prime;,\u00a0\u00bbgrid_medium\u00a0\u00bb:\u00a0\u00bb3&Prime;,\u00a0\u00bbfilter_style\u00a0\u00bb:\u00a0\u00bbtab\u00a0\u00bb,\u00a0\u00bbfilter_all\u00a0\u00bb:true,\u00a0\u00bbfilter_position\u00a0\u00bb:\u00a0\u00bbtop\u00a0\u00bb,\u00a0\u00bbfilter_align\u00a0\u00bb:\u00a0\u00bbleft\u00a0\u00bb,\u00a0\u00bbfilter_grid_width\u00a0\u00bb:\u00a0\u00bbauto\u00a0\u00bb,\u00a0\u00bbfilter_grid_breakpoint\u00a0\u00bb:\u00a0\u00bbm\u00a0\u00bb,\u00a0\u00bboverlay_mode\u00a0\u00bb:\u00a0\u00bbcover\u00a0\u00bb,\u00a0\u00bboverlay_hover\u00a0\u00bb:true,\u00a0\u00bboverlay_style\u00a0\u00bb:\u00a0\u00bboverlay-primary\u00a0\u00bb,\u00a0\u00bbtext_color\u00a0\u00bb:\u00a0\u00bblight\u00a0\u00bb,\u00a0\u00bboverlay_position\u00a0\u00bb:\u00a0\u00bbcenter\u00a0\u00bb,\u00a0\u00bboverlay_transition\u00a0\u00bb:\u00a0\u00bbfade\u00a0\u00bb,\u00a0\u00bbtitle_hover_style\u00a0\u00bb:\u00a0\u00bbreset\u00a0\u00bb,\u00a0\u00bbtitle_element\u00a0\u00bb:\u00a0\u00bbh3&Prime;,\u00a0\u00bbmeta_style\u00a0\u00bb:\u00a0\u00bbmeta\u00a0\u00bb,\u00a0\u00bbmeta_align\u00a0\u00bb:\u00a0\u00bbbelow-title\u00a0\u00bb,\u00a0\u00bbmeta_element\u00a0\u00bb:\u00a0\u00bbdiv\u00a0\u00bb,\u00a0\u00bblink_text\u00a0\u00bb:\u00a0\u00bbRead more\u00a0\u00bb,\u00a0\u00bblink_style\u00a0\u00bb:\u00a0\u00bbdefault\u00a0\u00bb,\u00a0\u00bbtext_align\u00a0\u00bb:\u00a0\u00bbcenter\u00a0\u00bb,\u00a0\u00bbmargin\u00a0\u00bb:\u00a0\u00bbdefault\u00a0\u00bb,\u00a0\u00bbitem_animation\u00a0\u00bb:\u00a0\u00bb\u00a0\u00bb},\u00a0\u00bbchildren\u00a0\u00bb:[{\u00ab\u00a0type\u00a0\u00bb:\u00a0\u00bbgallery_item\u00a0\u00bb,\u00a0\u00bbprops\u00a0\u00bb:{\u00ab\u00a0image\u00a0\u00bb:\u00a0\u00bbwp-content\\\/uploads\\\/2024\\\/03\\\/ipiccy_image-3.jpg\u00a0\u00bb}},{\u00ab\u00a0type\u00a0\u00bb:\u00a0\u00bbgallery_item\u00a0\u00bb,\u00a0\u00bbprops\u00a0\u00bb:{\u00ab\u00a0image\u00a0\u00bb:\u00a0\u00bbwp-content\\\/uploads\\\/2024\\\/08\\\/Brest.jpg\u00a0\u00bb}},{\u00ab\u00a0type\u00a0\u00bb:\u00a0\u00bbgallery_item\u00a0\u00bb,\u00a0\u00bbprops\u00a0\u00bb:{\u00ab\u00a0image\u00a0\u00bb:\u00a0\u00bbwp-content\\\/uploads\\\/2024\\\/06\\\/ipiccy_image2-1.jpg\u00a0\u00bb}}]}]}]}]}],\u00a0\u00bbversion\u00a0\u00bb:\u00a0\u00bb2.3.25&Prime;} &#8211;><!-- \/wp:post-content --><!-- \/wp:paragraph --><!-- wp:post-content --><div><h3><strong>REJOIGNEZ-NOUS!<\/strong><\/h3><\/div>\n<div><p><!-- wp:paragraph --><\/p>\n<p><strong>Le 01\/08\/2024:<\/strong><\/p>\n<p><!-- \/wp:paragraph --> <!-- wp:paragraph --><\/p>\n<p><strong>Dans le cadre d&rsquo;une ouverture d&rsquo;agence \u00e0 PLABENNEC, Solaire Avantages recrute <em>2 Technicien(ne)s Photovolta\u00efques<\/em>:<\/strong><\/p>\n<p><!-- \/wp:paragraph --><\/p><\/div>\n<div><ul id=\"block-9d11f5f0-7cce-4641-9295-8f9abb2e6244\" class=\"block-editor-rich-text__editable block-editor-block-list__block wp-block is-selected rich-text\" tabindex=\"0\" role=\"group\" contenteditable=\"true\" aria-multiline=\"true\" aria-label=\"Bloc\u00a0: Liste\" data-block=\"9d11f5f0-7cce-4641-9295-8f9abb2e6244\" data-type=\"core\/list\" data-title=\"Liste\">\n<li>1 poste \u00e0 PLOUESCAT, 1 poste \u00e0 PLABENNEC<\/li>\n<li>Profil: Couvreur, Electricien, D\u00e9butant -&gt; Formation en interne<\/li>\n<li>Prise de poste: Septembre 2024<\/li>\n<li>Pose de panneaux photovolta\u00efques sur tout type de toiture: ardoise, toit plat: membrane.., bac acier et \u00e9vrites<\/li>\n<li>Partie \u00e9lectrique<\/li>\n<li>Pr\u00e9paration de chantiers \u00e0 l&rsquo;atelier<\/li>\n<li>Chantiers \u00e0 30km autour de l&rsquo;entreprise<\/li>\n<li>&#8230;<\/li>\n<\/ul><\/div>\n<div><p><!-- wp:paragraph --><\/p>\n<p><strong>Merci de nous envoyer un CV \u00e0 solaire-avantages@orange.fr<\/strong><\/p>\n<p><!-- \/wp:paragraph --> <!-- wp:paragraph --><\/p>\n<p>Nous vous contacterons \u00e0 notre reprise fin Ao\u00fbt.<\/p>\n<p><!-- \/wp:paragraph --> <!-- wp:paragraph --><\/p>\n<p>Bel \u00e9t\u00e9 (ensoleill\u00e9)!<\/p>\n<p><!-- \/wp:paragraph --><\/p><\/div>\n<img decoding=\"async\" src=\"\/wp-content\/uploads\/2024\/08\/Recrutement-techniciens-2.jpg\" alt=\"\">\n<ul>\n        <li>\n\n        <img decoding=\"async\" src=\"\/wp-content\/uploads\/2024\/03\/ipiccy_image-3.jpg\" alt=\"\">\n\n\n\n\n\n    <\/li>\n        <li>\n\n        <img decoding=\"async\" src=\"\/wp-content\/uploads\/2024\/08\/Brest.jpg\" alt=\"\">\n\n\n\n\n\n    <\/li>\n        <li>\n\n        <img decoding=\"async\" src=\"\/wp-content\/uploads\/2024\/06\/ipiccy_image2-1.jpg\" alt=\"\">\n\n\n\n\n\n    <\/li>\n    <\/ul>\n\n<!-- {\"type\":\"layout\",\"children\":[{\"type\":\"section\",\"props\":{\"style\":\"default\",\"width\":\"default\",\"vertical_align\":\"middle\",\"title_position\":\"top-left\",\"title_rotation\":\"left\",\"title_breakpoint\":\"xl\",\"image_position\":\"center-center\"},\"children\":[{\"type\":\"row\",\"children\":[{\"type\":\"column\",\"props\":{\"image_position\":\"center-center\",\"media_overlay_gradient\":\"\"},\"children\":[{\"type\":\"text\",\"props\":{\"margin\":\"default\",\"column_breakpoint\":\"m\",\"content\":\"<h3><strong>REJOIGNEZ-NOUS!<\\\/strong><\\\/h3>\"}},{\"type\":\"text\",\"props\":{\"margin\":\"default\",\"column_breakpoint\":\"m\",\"content\":\"<p><!-- wp:paragraph --><\\\/p>\\n<p><strong>Le 01\\\/08\\\/2024:<\\\/strong><\\\/p>\\n<p><!-- \\\/wp:paragraph --> <!-- wp:paragraph --><\\\/p>\\n<p><strong>Dans le cadre d&rsquo;une ouverture d&rsquo;agence \\u00e0 PLABENNEC, Solaire Avantages recrute <em>2 Technicien(ne)s Photovolta\\u00efques<\\\/em>:<\\\/strong><\\\/p>\\n<p><!-- \\\/wp:paragraph --><\\\/p>\u00ab\u00a0}},{\u00ab\u00a0type\u00a0\u00bb:\u00a0\u00bbtext\u00a0\u00bb,\u00a0\u00bbprops\u00a0\u00bb:{\u00ab\u00a0margin\u00a0\u00bb:\u00a0\u00bbdefault\u00a0\u00bb,\u00a0\u00bbcolumn_breakpoint\u00a0\u00bb:\u00a0\u00bbm\u00a0\u00bb,\u00a0\u00bbcontent\u00a0\u00bb:\u00a0\u00bb<ul id=\\\"block-9d11f5f0-7cce-4641-9295-8f9abb2e6244\\\" class=\\\"block-editor-rich-text__editable block-editor-block-list__block wp-block is-selected rich-text\\\" tabindex=\\\"0\\\" role=\\\"group\\\" contenteditable=\\\"true\\\" aria-multiline=\\\"true\\\" aria-label=\\\"Bloc\\u00a0: Liste\\\" data-block=\\\"9d11f5f0-7cce-4641-9295-8f9abb2e6244\\\" data-type=\\\"core\\\/list\\\" data-title=\\\"Liste\\\">\\n<li>1 poste \\u00e0 PLOUESCAT, 1 poste \\u00e0 PLABENNEC<\\\/li>\\n<li>Profil: Couvreur, Electricien, D\\u00e9butant -&gt; Formation en interne<\\\/li>\\n<li>Prise de poste: Septembre 2024<\\\/li>\\n<li>Pose de panneaux photovolta\\u00efques sur tout type de toiture: ardoise, toit plat: membrane.., bac acier et \\u00e9vrites<\\\/li>\\n<li>Partie \\u00e9lectrique<\\\/li>\\n<li>Pr\\u00e9paration de chantiers \\u00e0 l&rsquo;atelier<\\\/li>\\n<li>Chantiers \\u00e0 30km autour de l&rsquo;entreprise<\\\/li>\\n<li>&#8230;<\\\/li>\\n<\\\/ul>\u00ab\u00a0}},{\u00ab\u00a0type\u00a0\u00bb:\u00a0\u00bbtext\u00a0\u00bb,\u00a0\u00bbprops\u00a0\u00bb:{\u00ab\u00a0margin\u00a0\u00bb:\u00a0\u00bbdefault\u00a0\u00bb,\u00a0\u00bbcolumn_breakpoint\u00a0\u00bb:\u00a0\u00bbm\u00a0\u00bb,\u00a0\u00bbcontent\u00a0\u00bb:\u00a0\u00bb<p><!-- wp:paragraph --><\\\/p>\\n<p><strong>Merci de nous envoyer un CV \\u00e0 solaire-avantages@orange.fr<\\\/strong><\\\/p>\\n<p><!-- \\\/wp:paragraph --> <!-- wp:paragraph --><\\\/p>\\n<p>Nous vous contacterons \\u00e0 notre reprise fin Ao\\u00fbt.<\\\/p>\\n<p><!-- \\\/wp:paragraph --> <!-- wp:paragraph --><\\\/p>\\n<p>Bel \\u00e9t\\u00e9 (ensoleill\\u00e9)!<\\\/p>\\n<p><!-- \\\/wp:paragraph --><\\\/p>\u00ab\u00a0}},{\u00ab\u00a0type\u00a0\u00bb:\u00a0\u00bbimage\u00a0\u00bb,\u00a0\u00bbprops\u00a0\u00bb:{\u00ab\u00a0margin\u00a0\u00bb:\u00a0\u00bblarge\u00a0\u00bb,\u00a0\u00bbimage_svg_color\u00a0\u00bb:\u00a0\u00bbemphasis\u00a0\u00bb,\u00a0\u00bbimage\u00a0\u00bb:\u00a0\u00bbwp-content\\\/uploads\\\/2024\\\/08\\\/Recrutement-techniciens-2.jpg\u00a0\u00bb,\u00a0\u00bbmaxwidth\u00a0\u00bb:\u00a0\u00bblarge\u00a0\u00bb,\u00a0\u00bbblock_align\u00a0\u00bb:\u00a0\u00bbcenter\u00a0\u00bb}},{\u00ab\u00a0type\u00a0\u00bb:\u00a0\u00bbgallery\u00a0\u00bb,\u00a0\u00bbprops\u00a0\u00bb:{\u00ab\u00a0show_title\u00a0\u00bb:true,\u00a0\u00bbshow_meta\u00a0\u00bb:true,\u00a0\u00bbshow_content\u00a0\u00bb:true,\u00a0\u00bbshow_link\u00a0\u00bb:true,\u00a0\u00bbshow_hover_image\u00a0\u00bb:true,\u00a0\u00bbgrid_default\u00a0\u00bb:\u00a0\u00bb1&Prime;,\u00a0\u00bbgrid_medium\u00a0\u00bb:\u00a0\u00bb3&Prime;,\u00a0\u00bbfilter_style\u00a0\u00bb:\u00a0\u00bbtab\u00a0\u00bb,\u00a0\u00bbfilter_all\u00a0\u00bb:true,\u00a0\u00bbfilter_position\u00a0\u00bb:\u00a0\u00bbtop\u00a0\u00bb,\u00a0\u00bbfilter_align\u00a0\u00bb:\u00a0\u00bbleft\u00a0\u00bb,\u00a0\u00bbfilter_grid_width\u00a0\u00bb:\u00a0\u00bbauto\u00a0\u00bb,\u00a0\u00bbfilter_grid_breakpoint\u00a0\u00bb:\u00a0\u00bbm\u00a0\u00bb,\u00a0\u00bboverlay_mode\u00a0\u00bb:\u00a0\u00bbcover\u00a0\u00bb,\u00a0\u00bboverlay_hover\u00a0\u00bb:true,\u00a0\u00bboverlay_style\u00a0\u00bb:\u00a0\u00bboverlay-primary\u00a0\u00bb,\u00a0\u00bbtext_color\u00a0\u00bb:\u00a0\u00bblight\u00a0\u00bb,\u00a0\u00bboverlay_position\u00a0\u00bb:\u00a0\u00bbcenter\u00a0\u00bb,\u00a0\u00bboverlay_transition\u00a0\u00bb:\u00a0\u00bbfade\u00a0\u00bb,\u00a0\u00bbtitle_hover_style\u00a0\u00bb:\u00a0\u00bbreset\u00a0\u00bb,\u00a0\u00bbtitle_element\u00a0\u00bb:\u00a0\u00bbh3&Prime;,\u00a0\u00bbmeta_style\u00a0\u00bb:\u00a0\u00bbmeta\u00a0\u00bb,\u00a0\u00bbmeta_align\u00a0\u00bb:\u00a0\u00bbbelow-title\u00a0\u00bb,\u00a0\u00bbmeta_element\u00a0\u00bb:\u00a0\u00bbdiv\u00a0\u00bb,\u00a0\u00bblink_text\u00a0\u00bb:\u00a0\u00bbRead more\u00a0\u00bb,\u00a0\u00bblink_style\u00a0\u00bb:\u00a0\u00bbdefault\u00a0\u00bb,\u00a0\u00bbtext_align\u00a0\u00bb:\u00a0\u00bbcenter\u00a0\u00bb,\u00a0\u00bbmargin\u00a0\u00bb:\u00a0\u00bbdefault\u00a0\u00bb,\u00a0\u00bbitem_animation\u00a0\u00bb:\u00a0\u00bb\u00a0\u00bb},\u00a0\u00bbchildren\u00a0\u00bb:[{\u00ab\u00a0type\u00a0\u00bb:\u00a0\u00bbgallery_item\u00a0\u00bb,\u00a0\u00bbprops\u00a0\u00bb:{\u00ab\u00a0image\u00a0\u00bb:\u00a0\u00bbwp-content\\\/uploads\\\/2024\\\/03\\\/ipiccy_image-3.jpg\u00a0\u00bb}},{\u00ab\u00a0type\u00a0\u00bb:\u00a0\u00bbgallery_item\u00a0\u00bb,\u00a0\u00bbprops\u00a0\u00bb:{\u00ab\u00a0image\u00a0\u00bb:\u00a0\u00bbwp-content\\\/uploads\\\/2024\\\/08\\\/Brest.jpg\u00a0\u00bb}},{\u00ab\u00a0type\u00a0\u00bb:\u00a0\u00bbgallery_item\u00a0\u00bb,\u00a0\u00bbprops\u00a0\u00bb:{\u00ab\u00a0image\u00a0\u00bb:\u00a0\u00bbwp-content\\\/uploads\\\/2024\\\/06\\\/ipiccy_image2-1.jpg\u00a0\u00bb}}]}]}]}]}],\u00a0\u00bbversion\u00a0\u00bb:\u00a0\u00bb2.3.25&Prime;} &#8211;><!-- \/wp:post-content --><\/p><\/div>\n<img decoding=\"async\" src=\"\/wp-content\/uploads\/2024\/08\/Recrutement-techniciens-2.jpg\" alt=\"\">\n<ul>\n        <li>\n\n        <img decoding=\"async\" src=\"\/wp-content\/uploads\/2024\/03\/ipiccy_image-3.jpg\" alt=\"\">\n\n\n\n\n\n    <\/li>\n        <li>\n\n        <img decoding=\"async\" src=\"\/wp-content\/uploads\/2024\/08\/Brest.jpg\" alt=\"\">\n\n\n\n\n\n    <\/li>\n        <li>\n\n        <img decoding=\"async\" src=\"\/wp-content\/uploads\/2024\/06\/ipiccy_image2-1.jpg\" alt=\"\">\n\n\n\n\n\n    <\/li>\n    <\/ul>\n\n<!-- {\"type\":\"layout\",\"children\":[{\"type\":\"section\",\"props\":{\"style\":\"default\",\"width\":\"default\",\"vertical_align\":\"middle\",\"title_position\":\"top-left\",\"title_rotation\":\"left\",\"title_breakpoint\":\"xl\",\"image_position\":\"center-center\"},\"children\":[{\"type\":\"row\",\"children\":[{\"type\":\"column\",\"props\":{\"image_position\":\"center-center\",\"media_overlay_gradient\":\"\"},\"children\":[{\"type\":\"text\",\"props\":{\"margin\":\"default\",\"column_breakpoint\":\"m\",\"content\":\"<h3><strong>REJOIGNEZ-NOUS!<\\\/strong><\\\/h3>\"}},{\"type\":\"text\",\"props\":{\"margin\":\"default\",\"column_breakpoint\":\"m\",\"content\":\"<p><\\\/p>\\n<p><strong>Le 01\\\/08\\\/2024:<\\\/strong><\\\/p>\\n<p><!-- \\\/wp:paragraph --> <!-- wp:paragraph --><\\\/p>\\n<p><strong>Dans le cadre d&rsquo;une ouverture d&rsquo;agence \\u00e0 PLABENNEC, Solaire Avantages recrute <em>2 Technicien(ne)s Photovolta\\u00efques<\\\/em>:<\\\/strong><\\\/p>\\n<p><!-- \\\/wp:paragraph --><\\\/p>\u00ab\u00a0}},{\u00ab\u00a0type\u00a0\u00bb:\u00a0\u00bbtext\u00a0\u00bb,\u00a0\u00bbprops\u00a0\u00bb:{\u00ab\u00a0margin\u00a0\u00bb:\u00a0\u00bbdefault\u00a0\u00bb,\u00a0\u00bbcolumn_breakpoint\u00a0\u00bb:\u00a0\u00bbm\u00a0\u00bb,\u00a0\u00bbcontent\u00a0\u00bb:\u00a0\u00bb<ul id=\\\"block-9d11f5f0-7cce-4641-9295-8f9abb2e6244\\\" class=\\\"block-editor-rich-text__editable block-editor-block-list__block wp-block is-selected rich-text\\\" tabindex=\\\"0\\\" role=\\\"group\\\" contenteditable=\\\"true\\\" aria-multiline=\\\"true\\\" aria-label=\\\"Bloc\\u00a0: Liste\\\" data-block=\\\"9d11f5f0-7cce-4641-9295-8f9abb2e6244\\\" data-type=\\\"core\\\/list\\\" data-title=\\\"Liste\\\">\\n<li>1 poste \\u00e0 PLOUESCAT, 1 poste \\u00e0 PLABENNEC<\\\/li>\\n<li>Profil: Couvreur, Electricien, D\\u00e9butant -&gt; Formation en interne<\\\/li>\\n<li>Prise de poste: Septembre 2024<\\\/li>\\n<li>Pose de panneaux photovolta\\u00efques sur tout type de toiture: ardoise, toit plat: membrane.., bac acier et \\u00e9vrites<\\\/li>\\n<li>Partie \\u00e9lectrique<\\\/li>\\n<li>Pr\\u00e9paration de chantiers \\u00e0 l&rsquo;atelier<\\\/li>\\n<li>Chantiers \\u00e0 30km autour de l&rsquo;entreprise<\\\/li>\\n<li>&#8230;<\\\/li>\\n<\\\/ul>\u00ab\u00a0}},{\u00ab\u00a0type\u00a0\u00bb:\u00a0\u00bbtext\u00a0\u00bb,\u00a0\u00bbprops\u00a0\u00bb:{\u00ab\u00a0margin\u00a0\u00bb:\u00a0\u00bbdefault\u00a0\u00bb,\u00a0\u00bbcolumn_breakpoint\u00a0\u00bb:\u00a0\u00bbm\u00a0\u00bb,\u00a0\u00bbcontent\u00a0\u00bb:\u00a0\u00bb<p><!-- wp:paragraph --><\\\/p>\\n<p><strong>Merci de nous envoyer un CV \\u00e0 solaire-avantages@orange.fr<\\\/strong><\\\/p>\\n<p><!-- \\\/wp:paragraph --> <!-- wp:paragraph --><\\\/p>\\n<p>Nous vous contacterons \\u00e0 notre reprise fin Ao\\u00fbt.<\\\/p>\\n<p><!-- \\\/wp:paragraph --> <!-- wp:paragraph --><\\\/p>\\n<p>Bel \\u00e9t\\u00e9 (ensoleill\\u00e9)!<\\\/p>\\n<p><!-- \\\/wp:paragraph --><\\\/p>\u00ab\u00a0}},{\u00ab\u00a0type\u00a0\u00bb:\u00a0\u00bbimage\u00a0\u00bb,\u00a0\u00bbprops\u00a0\u00bb:{\u00ab\u00a0margin\u00a0\u00bb:\u00a0\u00bblarge\u00a0\u00bb,\u00a0\u00bbimage_svg_color\u00a0\u00bb:\u00a0\u00bbemphasis\u00a0\u00bb,\u00a0\u00bbimage\u00a0\u00bb:\u00a0\u00bbwp-content\\\/uploads\\\/2024\\\/08\\\/Recrutement-techniciens-2.jpg\u00a0\u00bb,\u00a0\u00bbmaxwidth\u00a0\u00bb:\u00a0\u00bblarge\u00a0\u00bb,\u00a0\u00bbblock_align\u00a0\u00bb:\u00a0\u00bbcenter\u00a0\u00bb}},{\u00ab\u00a0type\u00a0\u00bb:\u00a0\u00bbgallery\u00a0\u00bb,\u00a0\u00bbprops\u00a0\u00bb:{\u00ab\u00a0show_title\u00a0\u00bb:true,\u00a0\u00bbshow_meta\u00a0\u00bb:true,\u00a0\u00bbshow_content\u00a0\u00bb:true,\u00a0\u00bbshow_link\u00a0\u00bb:true,\u00a0\u00bbshow_hover_image\u00a0\u00bb:true,\u00a0\u00bbgrid_default\u00a0\u00bb:\u00a0\u00bb1&Prime;,\u00a0\u00bbgrid_medium\u00a0\u00bb:\u00a0\u00bb3&Prime;,\u00a0\u00bbfilter_style\u00a0\u00bb:\u00a0\u00bbtab\u00a0\u00bb,\u00a0\u00bbfilter_all\u00a0\u00bb:true,\u00a0\u00bbfilter_position\u00a0\u00bb:\u00a0\u00bbtop\u00a0\u00bb,\u00a0\u00bbfilter_align\u00a0\u00bb:\u00a0\u00bbleft\u00a0\u00bb,\u00a0\u00bbfilter_grid_width\u00a0\u00bb:\u00a0\u00bbauto\u00a0\u00bb,\u00a0\u00bbfilter_grid_breakpoint\u00a0\u00bb:\u00a0\u00bbm\u00a0\u00bb,\u00a0\u00bboverlay_mode\u00a0\u00bb:\u00a0\u00bbcover\u00a0\u00bb,\u00a0\u00bboverlay_hover\u00a0\u00bb:true,\u00a0\u00bboverlay_style\u00a0\u00bb:\u00a0\u00bboverlay-primary\u00a0\u00bb,\u00a0\u00bbtext_color\u00a0\u00bb:\u00a0\u00bblight\u00a0\u00bb,\u00a0\u00bboverlay_position\u00a0\u00bb:\u00a0\u00bbcenter\u00a0\u00bb,\u00a0\u00bboverlay_transition\u00a0\u00bb:\u00a0\u00bbfade\u00a0\u00bb,\u00a0\u00bbtitle_hover_style\u00a0\u00bb:\u00a0\u00bbreset\u00a0\u00bb,\u00a0\u00bbtitle_element\u00a0\u00bb:\u00a0\u00bbh3&Prime;,\u00a0\u00bbmeta_style\u00a0\u00bb:\u00a0\u00bbmeta\u00a0\u00bb,\u00a0\u00bbmeta_align\u00a0\u00bb:\u00a0\u00bbbelow-title\u00a0\u00bb,\u00a0\u00bbmeta_element\u00a0\u00bb:\u00a0\u00bbdiv\u00a0\u00bb,\u00a0\u00bblink_text\u00a0\u00bb:\u00a0\u00bbRead more\u00a0\u00bb,\u00a0\u00bblink_style\u00a0\u00bb:\u00a0\u00bbdefault\u00a0\u00bb,\u00a0\u00bbtext_align\u00a0\u00bb:\u00a0\u00bbcenter\u00a0\u00bb,\u00a0\u00bbmargin\u00a0\u00bb:\u00a0\u00bbdefault\u00a0\u00bb,\u00a0\u00bbitem_animation\u00a0\u00bb:\u00a0\u00bb\u00a0\u00bb},\u00a0\u00bbchildren\u00a0\u00bb:[{\u00ab\u00a0type\u00a0\u00bb:\u00a0\u00bbgallery_item\u00a0\u00bb,\u00a0\u00bbprops\u00a0\u00bb:{\u00ab\u00a0image\u00a0\u00bb:\u00a0\u00bbwp-content\\\/uploads\\\/2024\\\/03\\\/ipiccy_image-3.jpg\u00a0\u00bb}},{\u00ab\u00a0type\u00a0\u00bb:\u00a0\u00bbgallery_item\u00a0\u00bb,\u00a0\u00bbprops\u00a0\u00bb:{\u00ab\u00a0image\u00a0\u00bb:\u00a0\u00bbwp-content\\\/uploads\\\/2024\\\/08\\\/Brest.jpg\u00a0\u00bb}},{\u00ab\u00a0type\u00a0\u00bb:\u00a0\u00bbgallery_item\u00a0\u00bb,\u00a0\u00bbprops\u00a0\u00bb:{\u00ab\u00a0image\u00a0\u00bb:\u00a0\u00bbwp-content\\\/uploads\\\/2024\\\/06\\\/ipiccy_image2-1.jpg\u00a0\u00bb}}]}]}]}]}],\u00a0\u00bbversion\u00a0\u00bb:\u00a0\u00bb2.3.25&Prime;} &#8211;><!-- \/wp:post-content --><!-- \/wp:paragraph --><!-- wp:post-content --><div><h3><strong>REJOIGNEZ-NOUS!<\/strong><\/h3><\/div>\n<div><p><!-- wp:paragraph --><\/p>\n<p><strong>Le 01\/08\/2024:<\/strong><\/p>\n<p><!-- \/wp:paragraph --> <!-- wp:paragraph --><\/p>\n<p><strong>Dans le cadre d&rsquo;une ouverture d&rsquo;agence \u00e0 PLABENNEC, Solaire Avantages recrute <em>2 Technicien(ne)s Photovolta\u00efques<\/em>:<\/strong><\/p>\n<p><!-- \/wp:paragraph --><\/p><\/div>\n<div><ul id=\"block-9d11f5f0-7cce-4641-9295-8f9abb2e6244\" class=\"block-editor-rich-text__editable block-editor-block-list__block wp-block is-selected rich-text\" tabindex=\"0\" role=\"group\" contenteditable=\"true\" aria-multiline=\"true\" aria-label=\"Bloc\u00a0: Liste\" data-block=\"9d11f5f0-7cce-4641-9295-8f9abb2e6244\" data-type=\"core\/list\" data-title=\"Liste\">\n<li>1 poste \u00e0 PLOUESCAT, 1 poste \u00e0 PLABENNEC<\/li>\n<li>Profil: Couvreur, Electricien, D\u00e9butant -&gt; Formation en interne<\/li>\n<li>Prise de poste: Septembre 2024<\/li>\n<li>Pose de panneaux photovolta\u00efques sur tout type de toiture: ardoise, toit plat: membrane.., bac acier et \u00e9vrites<\/li>\n<li>Partie \u00e9lectrique<\/li>\n<li>Pr\u00e9paration de chantiers \u00e0 l&rsquo;atelier<\/li>\n<li>Chantiers \u00e0 30km autour de l&rsquo;entreprise<\/li>\n<li>&#8230;<\/li>\n<\/ul><\/div>\n<div><p><!-- wp:paragraph --><\/p>\n<p><strong>Merci de nous envoyer un CV \u00e0 solaire-avantages@orange.fr<\/strong><\/p>\n<p><!-- \/wp:paragraph --> <!-- wp:paragraph --><\/p>\n<p>Nous vous contacterons \u00e0 notre reprise fin Ao\u00fbt.<\/p>\n<p><!-- \/wp:paragraph --> <!-- wp:paragraph --><\/p>\n<p>Bel \u00e9t\u00e9 (ensoleill\u00e9)!<\/p>\n<p><!-- \/wp:paragraph --><\/p><\/div>\n<img decoding=\"async\" src=\"\/wp-content\/uploads\/2024\/08\/Recrutement-techniciens-2.jpg\" alt=\"\">\n<ul>\n        <li>\n\n        <img decoding=\"async\" src=\"\/wp-content\/uploads\/2024\/03\/ipiccy_image-3.jpg\" alt=\"\">\n\n\n\n\n\n    <\/li>\n        <li>\n\n        <img decoding=\"async\" src=\"\/wp-content\/uploads\/2024\/08\/Brest.jpg\" alt=\"\">\n\n\n\n\n\n    <\/li>\n        <li>\n\n        <img decoding=\"async\" src=\"\/wp-content\/uploads\/2024\/06\/ipiccy_image2-1.jpg\" alt=\"\">\n\n\n\n\n\n    <\/li>\n    <\/ul>\n\n<!-- {\"type\":\"layout\",\"children\":[{\"type\":\"section\",\"props\":{\"style\":\"default\",\"width\":\"default\",\"vertical_align\":\"middle\",\"title_position\":\"top-left\",\"title_rotation\":\"left\",\"title_breakpoint\":\"xl\",\"image_position\":\"center-center\"},\"children\":[{\"type\":\"row\",\"children\":[{\"type\":\"column\",\"props\":{\"image_position\":\"center-center\",\"media_overlay_gradient\":\"\"},\"children\":[{\"type\":\"text\",\"props\":{\"margin\":\"default\",\"column_breakpoint\":\"m\",\"content\":\"<h3><strong>REJOIGNEZ-NOUS!<\\\/strong><\\\/h3>\"}},{\"type\":\"text\",\"props\":{\"margin\":\"default\",\"column_breakpoint\":\"m\",\"content\":\"<p><!-- wp:paragraph --><\\\/p>\\n<p><strong>Le 01\\\/08\\\/2024:<\\\/strong><\\\/p>\\n<p><!-- \\\/wp:paragraph --> <!-- wp:paragraph --><\\\/p>\\n<p><strong>Dans le cadre d&rsquo;une ouverture d&rsquo;agence \\u00e0 PLABENNEC, Solaire Avantages recrute <em>2 Technicien(ne)s Photovolta\\u00efques<\\\/em>:<\\\/strong><\\\/p>\\n<p><!-- \\\/wp:paragraph --><\\\/p>\u00ab\u00a0}},{\u00ab\u00a0type\u00a0\u00bb:\u00a0\u00bbtext\u00a0\u00bb,\u00a0\u00bbprops\u00a0\u00bb:{\u00ab\u00a0margin\u00a0\u00bb:\u00a0\u00bbdefault\u00a0\u00bb,\u00a0\u00bbcolumn_breakpoint\u00a0\u00bb:\u00a0\u00bbm\u00a0\u00bb,\u00a0\u00bbcontent\u00a0\u00bb:\u00a0\u00bb<ul id=\\\"block-9d11f5f0-7cce-4641-9295-8f9abb2e6244\\\" class=\\\"block-editor-rich-text__editable block-editor-block-list__block wp-block is-selected rich-text\\\" tabindex=\\\"0\\\" role=\\\"group\\\" contenteditable=\\\"true\\\" aria-multiline=\\\"true\\\" aria-label=\\\"Bloc\\u00a0: Liste\\\" data-block=\\\"9d11f5f0-7cce-4641-9295-8f9abb2e6244\\\" data-type=\\\"core\\\/list\\\" data-title=\\\"Liste\\\">\\n<li>1 poste \\u00e0 PLOUESCAT, 1 poste \\u00e0 PLABENNEC<\\\/li>\\n<li>Profil: Couvreur, Electricien, D\\u00e9butant -&gt; Formation en interne<\\\/li>\\n<li>Prise de poste: Septembre 2024<\\\/li>\\n<li>Pose de panneaux photovolta\\u00efques sur tout type de toiture: ardoise, toit plat: membrane.., bac acier et \\u00e9vrites<\\\/li>\\n<li>Partie \\u00e9lectrique<\\\/li>\\n<li>Pr\\u00e9paration de chantiers \\u00e0 l&rsquo;atelier<\\\/li>\\n<li>Chantiers \\u00e0 30km autour de l&rsquo;entreprise<\\\/li>\\n<li>&#8230;<\\\/li>\\n<\\\/ul>\u00ab\u00a0}},{\u00ab\u00a0type\u00a0\u00bb:\u00a0\u00bbtext\u00a0\u00bb,\u00a0\u00bbprops\u00a0\u00bb:{\u00ab\u00a0margin\u00a0\u00bb:\u00a0\u00bbdefault\u00a0\u00bb,\u00a0\u00bbcolumn_breakpoint\u00a0\u00bb:\u00a0\u00bbm\u00a0\u00bb,\u00a0\u00bbcontent\u00a0\u00bb:\u00a0\u00bb<p><!-- wp:paragraph --><\\\/p>\\n<p><strong>Merci de nous envoyer un CV \\u00e0 solaire-avantages@orange.fr<\\\/strong><\\\/p>\\n<p><!-- \\\/wp:paragraph --> <!-- wp:paragraph --><\\\/p>\\n<p>Nous vous contacterons \\u00e0 notre reprise fin Ao\\u00fbt.<\\\/p>\\n<p><!-- \\\/wp:paragraph --> <!-- wp:paragraph --><\\\/p>\\n<p>Bel \\u00e9t\\u00e9 (ensoleill\\u00e9)!<\\\/p>\\n<p><!-- \\\/wp:paragraph --><\\\/p>\u00ab\u00a0}},{\u00ab\u00a0type\u00a0\u00bb:\u00a0\u00bbimage\u00a0\u00bb,\u00a0\u00bbprops\u00a0\u00bb:{\u00ab\u00a0margin\u00a0\u00bb:\u00a0\u00bblarge\u00a0\u00bb,\u00a0\u00bbimage_svg_color\u00a0\u00bb:\u00a0\u00bbemphasis\u00a0\u00bb,\u00a0\u00bbimage\u00a0\u00bb:\u00a0\u00bbwp-content\\\/uploads\\\/2024\\\/08\\\/Recrutement-techniciens-2.jpg\u00a0\u00bb,\u00a0\u00bbmaxwidth\u00a0\u00bb:\u00a0\u00bblarge\u00a0\u00bb,\u00a0\u00bbblock_align\u00a0\u00bb:\u00a0\u00bbcenter\u00a0\u00bb}},{\u00ab\u00a0type\u00a0\u00bb:\u00a0\u00bbgallery\u00a0\u00bb,\u00a0\u00bbprops\u00a0\u00bb:{\u00ab\u00a0show_title\u00a0\u00bb:true,\u00a0\u00bbshow_meta\u00a0\u00bb:true,\u00a0\u00bbshow_content\u00a0\u00bb:true,\u00a0\u00bbshow_link\u00a0\u00bb:true,\u00a0\u00bbshow_hover_image\u00a0\u00bb:true,\u00a0\u00bbgrid_default\u00a0\u00bb:\u00a0\u00bb1&Prime;,\u00a0\u00bbgrid_medium\u00a0\u00bb:\u00a0\u00bb3&Prime;,\u00a0\u00bbfilter_style\u00a0\u00bb:\u00a0\u00bbtab\u00a0\u00bb,\u00a0\u00bbfilter_all\u00a0\u00bb:true,\u00a0\u00bbfilter_position\u00a0\u00bb:\u00a0\u00bbtop\u00a0\u00bb,\u00a0\u00bbfilter_align\u00a0\u00bb:\u00a0\u00bbleft\u00a0\u00bb,\u00a0\u00bbfilter_grid_width\u00a0\u00bb:\u00a0\u00bbauto\u00a0\u00bb,\u00a0\u00bbfilter_grid_breakpoint\u00a0\u00bb:\u00a0\u00bbm\u00a0\u00bb,\u00a0\u00bboverlay_mode\u00a0\u00bb:\u00a0\u00bbcover\u00a0\u00bb,\u00a0\u00bboverlay_hover\u00a0\u00bb:true,\u00a0\u00bboverlay_style\u00a0\u00bb:\u00a0\u00bboverlay-primary\u00a0\u00bb,\u00a0\u00bbtext_color\u00a0\u00bb:\u00a0\u00bblight\u00a0\u00bb,\u00a0\u00bboverlay_position\u00a0\u00bb:\u00a0\u00bbcenter\u00a0\u00bb,\u00a0\u00bboverlay_transition\u00a0\u00bb:\u00a0\u00bbfade\u00a0\u00bb,\u00a0\u00bbtitle_hover_style\u00a0\u00bb:\u00a0\u00bbreset\u00a0\u00bb,\u00a0\u00bbtitle_element\u00a0\u00bb:\u00a0\u00bbh3&Prime;,\u00a0\u00bbmeta_style\u00a0\u00bb:\u00a0\u00bbmeta\u00a0\u00bb,\u00a0\u00bbmeta_align\u00a0\u00bb:\u00a0\u00bbbelow-title\u00a0\u00bb,\u00a0\u00bbmeta_element\u00a0\u00bb:\u00a0\u00bbdiv\u00a0\u00bb,\u00a0\u00bblink_text\u00a0\u00bb:\u00a0\u00bbRead more\u00a0\u00bb,\u00a0\u00bblink_style\u00a0\u00bb:\u00a0\u00bbdefault\u00a0\u00bb,\u00a0\u00bbtext_align\u00a0\u00bb:\u00a0\u00bbcenter\u00a0\u00bb,\u00a0\u00bbmargin\u00a0\u00bb:\u00a0\u00bbdefault\u00a0\u00bb,\u00a0\u00bbitem_animation\u00a0\u00bb:\u00a0\u00bb\u00a0\u00bb},\u00a0\u00bbchildren\u00a0\u00bb:[{\u00ab\u00a0type\u00a0\u00bb:\u00a0\u00bbgallery_item\u00a0\u00bb,\u00a0\u00bbprops\u00a0\u00bb:{\u00ab\u00a0image\u00a0\u00bb:\u00a0\u00bbwp-content\\\/uploads\\\/2024\\\/03\\\/ipiccy_image-3.jpg\u00a0\u00bb}},{\u00ab\u00a0type\u00a0\u00bb:\u00a0\u00bbgallery_item\u00a0\u00bb,\u00a0\u00bbprops\u00a0\u00bb:{\u00ab\u00a0image\u00a0\u00bb:\u00a0\u00bbwp-content\\\/uploads\\\/2024\\\/08\\\/Brest.jpg\u00a0\u00bb}},{\u00ab\u00a0type\u00a0\u00bb:\u00a0\u00bbgallery_item\u00a0\u00bb,\u00a0\u00bbprops\u00a0\u00bb:{\u00ab\u00a0image\u00a0\u00bb:\u00a0\u00bbwp-content\\\/uploads\\\/2024\\\/06\\\/ipiccy_image2-1.jpg\u00a0\u00bb}}]}]}]}]}],\u00a0\u00bbversion\u00a0\u00bb:\u00a0\u00bb2.3.25&Prime;} &#8211;><!-- \/wp:post-content --><\\\/p>\\n<p><strong>Dans le cadre d&rsquo;une ouverture d&rsquo;agence \\u00e0 PLABENNEC, Solaire Avantages recrute <em>2 Technicien(ne)s Photovolta\\u00efques<\\\/em>:<\\\/strong><\\\/p>\\n<p><!-- \\\/wp:paragraph --><\\\/p>\u00ab\u00a0}},{\u00ab\u00a0type\u00a0\u00bb:\u00a0\u00bbtext\u00a0\u00bb,\u00a0\u00bbprops\u00a0\u00bb:{\u00ab\u00a0margin\u00a0\u00bb:\u00a0\u00bbdefault\u00a0\u00bb,\u00a0\u00bbcolumn_breakpoint\u00a0\u00bb:\u00a0\u00bbm\u00a0\u00bb,\u00a0\u00bbcontent\u00a0\u00bb:\u00a0\u00bb<ul id=\\\"block-9d11f5f0-7cce-4641-9295-8f9abb2e6244\\\" class=\\\"block-editor-rich-text__editable block-editor-block-list__block wp-block is-selected rich-text\\\" tabindex=\\\"0\\\" role=\\\"group\\\" contenteditable=\\\"true\\\" aria-multiline=\\\"true\\\" aria-label=\\\"Bloc\\u00a0: Liste\\\" data-block=\\\"9d11f5f0-7cce-4641-9295-8f9abb2e6244\\\" data-type=\\\"core\\\/list\\\" data-title=\\\"Liste\\\">\\n<li>1 poste \\u00e0 PLOUESCAT, 1 poste \\u00e0 PLABENNEC<\\\/li>\\n<li>Profil: Couvreur, Electricien, D\\u00e9butant -&gt; Formation en interne<\\\/li>\\n<li>Prise de poste: Septembre 2024<\\\/li>\\n<li>Pose de panneaux photovolta\\u00efques sur tout type de toiture: ardoise, toit plat: membrane.., bac acier et \\u00e9vrites<\\\/li>\\n<li>Partie \\u00e9lectrique<\\\/li>\\n<li>Pr\\u00e9paration de chantiers \\u00e0 l&rsquo;atelier<\\\/li>\\n<li>Chantiers \\u00e0 30km autour de l&rsquo;entreprise<\\\/li>\\n<li>&#8230;<\\\/li>\\n<\\\/ul>\u00ab\u00a0}},{\u00ab\u00a0type\u00a0\u00bb:\u00a0\u00bbtext\u00a0\u00bb,\u00a0\u00bbprops\u00a0\u00bb:{\u00ab\u00a0margin\u00a0\u00bb:\u00a0\u00bbdefault\u00a0\u00bb,\u00a0\u00bbcolumn_breakpoint\u00a0\u00bb:\u00a0\u00bbm\u00a0\u00bb,\u00a0\u00bbcontent\u00a0\u00bb:\u00a0\u00bb<p><\\\/p>\\n<p><strong>Merci de nous envoyer un CV \\u00e0 solaire-avantages@orange.fr<\\\/strong><\\\/p>\\n<p><!-- \\\/wp:paragraph --> <\\\/p>\\n<p>Nous vous contacterons \\u00e0 notre reprise fin Ao\\u00fbt.<\\\/p>\\n<p><!-- \\\/wp:paragraph --> <\\\/p>\\n<p>Bel \\u00e9t\\u00e9 (ensoleill\\u00e9)!<\\\/p>\\n<p><!-- \\\/wp:paragraph --><\\\/p>\u00ab\u00a0}},{\u00ab\u00a0type\u00a0\u00bb:\u00a0\u00bbimage\u00a0\u00bb,\u00a0\u00bbprops\u00a0\u00bb:{\u00ab\u00a0margin\u00a0\u00bb:\u00a0\u00bblarge\u00a0\u00bb,\u00a0\u00bbimage_svg_color\u00a0\u00bb:\u00a0\u00bbemphasis\u00a0\u00bb,\u00a0\u00bbimage\u00a0\u00bb:\u00a0\u00bbwp-content\\\/uploads\\\/2024\\\/08\\\/Recrutement-techniciens-2.jpg\u00a0\u00bb,\u00a0\u00bbmaxwidth\u00a0\u00bb:\u00a0\u00bblarge\u00a0\u00bb,\u00a0\u00bbblock_align\u00a0\u00bb:\u00a0\u00bbcenter\u00a0\u00bb}},{\u00ab\u00a0type\u00a0\u00bb:\u00a0\u00bbgallery\u00a0\u00bb,\u00a0\u00bbprops\u00a0\u00bb:{\u00ab\u00a0show_title\u00a0\u00bb:true,\u00a0\u00bbshow_meta\u00a0\u00bb:true,\u00a0\u00bbshow_content\u00a0\u00bb:true,\u00a0\u00bbshow_link\u00a0\u00bb:true,\u00a0\u00bbshow_hover_image\u00a0\u00bb:true,\u00a0\u00bbgrid_default\u00a0\u00bb:\u00a0\u00bb1&Prime;,\u00a0\u00bbgrid_medium\u00a0\u00bb:\u00a0\u00bb3&Prime;,\u00a0\u00bbfilter_style\u00a0\u00bb:\u00a0\u00bbtab\u00a0\u00bb,\u00a0\u00bbfilter_all\u00a0\u00bb:true,\u00a0\u00bbfilter_position\u00a0\u00bb:\u00a0\u00bbtop\u00a0\u00bb,\u00a0\u00bbfilter_align\u00a0\u00bb:\u00a0\u00bbleft\u00a0\u00bb,\u00a0\u00bbfilter_grid_width\u00a0\u00bb:\u00a0\u00bbauto\u00a0\u00bb,\u00a0\u00bbfilter_grid_breakpoint\u00a0\u00bb:\u00a0\u00bbm\u00a0\u00bb,\u00a0\u00bboverlay_mode\u00a0\u00bb:\u00a0\u00bbcover\u00a0\u00bb,\u00a0\u00bboverlay_hover\u00a0\u00bb:true,\u00a0\u00bboverlay_style\u00a0\u00bb:\u00a0\u00bboverlay-primary\u00a0\u00bb,\u00a0\u00bbtext_color\u00a0\u00bb:\u00a0\u00bblight\u00a0\u00bb,\u00a0\u00bboverlay_position\u00a0\u00bb:\u00a0\u00bbcenter\u00a0\u00bb,\u00a0\u00bboverlay_transition\u00a0\u00bb:\u00a0\u00bbfade\u00a0\u00bb,\u00a0\u00bbtitle_hover_style\u00a0\u00bb:\u00a0\u00bbreset\u00a0\u00bb,\u00a0\u00bbtitle_element\u00a0\u00bb:\u00a0\u00bbh3&Prime;,\u00a0\u00bbmeta_style\u00a0\u00bb:\u00a0\u00bbmeta\u00a0\u00bb,\u00a0\u00bbmeta_align\u00a0\u00bb:\u00a0\u00bbbelow-title\u00a0\u00bb,\u00a0\u00bbmeta_element\u00a0\u00bb:\u00a0\u00bbdiv\u00a0\u00bb,\u00a0\u00bblink_text\u00a0\u00bb:\u00a0\u00bbRead more\u00a0\u00bb,\u00a0\u00bblink_style\u00a0\u00bb:\u00a0\u00bbdefault\u00a0\u00bb,\u00a0\u00bbtext_align\u00a0\u00bb:\u00a0\u00bbcenter\u00a0\u00bb,\u00a0\u00bbmargin\u00a0\u00bb:\u00a0\u00bbdefault\u00a0\u00bb,\u00a0\u00bbitem_animation\u00a0\u00bb:\u00a0\u00bb\u00a0\u00bb},\u00a0\u00bbchildren\u00a0\u00bb:[{\u00ab\u00a0type\u00a0\u00bb:\u00a0\u00bbgallery_item\u00a0\u00bb,\u00a0\u00bbprops\u00a0\u00bb:{\u00ab\u00a0image\u00a0\u00bb:\u00a0\u00bbwp-content\\\/uploads\\\/2024\\\/03\\\/ipiccy_image-3.jpg\u00a0\u00bb}},{\u00ab\u00a0type\u00a0\u00bb:\u00a0\u00bbgallery_item\u00a0\u00bb,\u00a0\u00bbprops\u00a0\u00bb:{\u00ab\u00a0image\u00a0\u00bb:\u00a0\u00bbwp-content\\\/uploads\\\/2024\\\/08\\\/Brest.jpg\u00a0\u00bb}},{\u00ab\u00a0type\u00a0\u00bb:\u00a0\u00bbgallery_item\u00a0\u00bb,\u00a0\u00bbprops\u00a0\u00bb:{\u00ab\u00a0image\u00a0\u00bb:\u00a0\u00bbwp-content\\\/uploads\\\/2024\\\/06\\\/ipiccy_image2-1.jpg\u00a0\u00bb}}]}]}]}]}],\u00a0\u00bbversion\u00a0\u00bb:\u00a0\u00bb2.3.25&Prime;} &#8211;><\/p><\/div>\n<img decoding=\"async\" src=\"\/wp-content\/uploads\/2024\/08\/Recrutement-techniciens-2.jpg\" alt=\"\">\n<ul>\n        <li>\n\n        <img decoding=\"async\" src=\"\/wp-content\/uploads\/2024\/03\/ipiccy_image-3.jpg\" alt=\"\">\n\n\n\n\n\n    <\/li>\n        <li>\n\n        <img decoding=\"async\" src=\"\/wp-content\/uploads\/2024\/08\/Brest.jpg\" alt=\"\">\n\n\n\n\n\n    <\/li>\n        <li>\n\n        <img decoding=\"async\" src=\"\/wp-content\/uploads\/2024\/06\/ipiccy_image2-1.jpg\" alt=\"\">\n\n\n\n\n\n    <\/li>\n    <\/ul>\n\n<!-- {\"type\":\"layout\",\"children\":[{\"type\":\"section\",\"props\":{\"style\":\"default\",\"width\":\"default\",\"vertical_align\":\"middle\",\"title_position\":\"top-left\",\"title_rotation\":\"left\",\"title_breakpoint\":\"xl\",\"image_position\":\"center-center\"},\"children\":[{\"type\":\"row\",\"children\":[{\"type\":\"column\",\"props\":{\"image_position\":\"center-center\",\"media_overlay_gradient\":\"\"},\"children\":[{\"type\":\"text\",\"props\":{\"margin\":\"default\",\"column_breakpoint\":\"m\",\"content\":\"<h3><strong>REJOIGNEZ-NOUS!<\\\/strong><\\\/h3>\"}},{\"type\":\"text\",\"props\":{\"margin\":\"default\",\"column_breakpoint\":\"m\",\"content\":\"<p><!-- wp:paragraph --><\\\/p>\\n<p><strong>Le 01\\\/08\\\/2024:<\\\/strong><\\\/p>\\n<p><!-- \\\/wp:paragraph --> <!-- wp:paragraph --><\\\/p>\\n<p><strong>Dans le cadre d&rsquo;une ouverture d&rsquo;agence \\u00e0 PLABENNEC, Solaire Avantages recrute <em>2 Technicien(ne)s Photovolta\\u00efques<\\\/em>:<\\\/strong><\\\/p>\\n<p><!-- \\\/wp:paragraph --><\\\/p>\u00ab\u00a0}},{\u00ab\u00a0type\u00a0\u00bb:\u00a0\u00bbtext\u00a0\u00bb,\u00a0\u00bbprops\u00a0\u00bb:{\u00ab\u00a0margin\u00a0\u00bb:\u00a0\u00bbdefault\u00a0\u00bb,\u00a0\u00bbcolumn_breakpoint\u00a0\u00bb:\u00a0\u00bbm\u00a0\u00bb,\u00a0\u00bbcontent\u00a0\u00bb:\u00a0\u00bb<ul id=\\\"block-9d11f5f0-7cce-4641-9295-8f9abb2e6244\\\" class=\\\"block-editor-rich-text__editable block-editor-block-list__block wp-block is-selected rich-text\\\" tabindex=\\\"0\\\" role=\\\"group\\\" contenteditable=\\\"true\\\" aria-multiline=\\\"true\\\" aria-label=\\\"Bloc\\u00a0: Liste\\\" data-block=\\\"9d11f5f0-7cce-4641-9295-8f9abb2e6244\\\" data-type=\\\"core\\\/list\\\" data-title=\\\"Liste\\\">\\n<li>1 poste \\u00e0 PLOUESCAT, 1 poste \\u00e0 PLABENNEC<\\\/li>\\n<li>Profil: Couvreur, Electricien, D\\u00e9butant -&gt; Formation en interne<\\\/li>\\n<li>Prise de poste: Septembre 2024<\\\/li>\\n<li>Pose de panneaux photovolta\\u00efques sur tout type de toiture: ardoise, toit plat: membrane.., bac acier et \\u00e9vrites<\\\/li>\\n<li>Partie \\u00e9lectrique<\\\/li>\\n<li>Pr\\u00e9paration de chantiers \\u00e0 l&rsquo;atelier<\\\/li>\\n<li>Chantiers \\u00e0 30km autour de l&rsquo;entreprise<\\\/li>\\n<li>&#8230;<\\\/li>\\n<\\\/ul>\u00ab\u00a0}},{\u00ab\u00a0type\u00a0\u00bb:\u00a0\u00bbtext\u00a0\u00bb,\u00a0\u00bbprops\u00a0\u00bb:{\u00ab\u00a0margin\u00a0\u00bb:\u00a0\u00bbdefault\u00a0\u00bb,\u00a0\u00bbcolumn_breakpoint\u00a0\u00bb:\u00a0\u00bbm\u00a0\u00bb,\u00a0\u00bbcontent\u00a0\u00bb:\u00a0\u00bb<p><!-- wp:paragraph --><\\\/p>\\n<p><strong>Merci de nous envoyer un CV \\u00e0 solaire-avantages@orange.fr<\\\/strong><\\\/p>\\n<p><!-- \\\/wp:paragraph --> <!-- wp:paragraph --><\\\/p>\\n<p>Nous vous contacterons \\u00e0 notre reprise fin Ao\\u00fbt.<\\\/p>\\n<p><!-- \\\/wp:paragraph --> <!-- wp:paragraph --><\\\/p>\\n<p>Bel \\u00e9t\\u00e9 (ensoleill\\u00e9)!<\\\/p>\\n<p><!-- \\\/wp:paragraph --><\\\/p>\u00ab\u00a0}},{\u00ab\u00a0type\u00a0\u00bb:\u00a0\u00bbimage\u00a0\u00bb,\u00a0\u00bbprops\u00a0\u00bb:{\u00ab\u00a0margin\u00a0\u00bb:\u00a0\u00bblarge\u00a0\u00bb,\u00a0\u00bbimage_svg_color\u00a0\u00bb:\u00a0\u00bbemphasis\u00a0\u00bb,\u00a0\u00bbimage\u00a0\u00bb:\u00a0\u00bbwp-content\\\/uploads\\\/2024\\\/08\\\/Recrutement-techniciens-2.jpg\u00a0\u00bb,\u00a0\u00bbmaxwidth\u00a0\u00bb:\u00a0\u00bblarge\u00a0\u00bb,\u00a0\u00bbblock_align\u00a0\u00bb:\u00a0\u00bbcenter\u00a0\u00bb}},{\u00ab\u00a0type\u00a0\u00bb:\u00a0\u00bbgallery\u00a0\u00bb,\u00a0\u00bbprops\u00a0\u00bb:{\u00ab\u00a0show_title\u00a0\u00bb:true,\u00a0\u00bbshow_meta\u00a0\u00bb:true,\u00a0\u00bbshow_content\u00a0\u00bb:true,\u00a0\u00bbshow_link\u00a0\u00bb:true,\u00a0\u00bbshow_hover_image\u00a0\u00bb:true,\u00a0\u00bbgrid_default\u00a0\u00bb:\u00a0\u00bb1&Prime;,\u00a0\u00bbgrid_medium\u00a0\u00bb:\u00a0\u00bb3&Prime;,\u00a0\u00bbfilter_style\u00a0\u00bb:\u00a0\u00bbtab\u00a0\u00bb,\u00a0\u00bbfilter_all\u00a0\u00bb:true,\u00a0\u00bbfilter_position\u00a0\u00bb:\u00a0\u00bbtop\u00a0\u00bb,\u00a0\u00bbfilter_align\u00a0\u00bb:\u00a0\u00bbleft\u00a0\u00bb,\u00a0\u00bbfilter_grid_width\u00a0\u00bb:\u00a0\u00bbauto\u00a0\u00bb,\u00a0\u00bbfilter_grid_breakpoint\u00a0\u00bb:\u00a0\u00bbm\u00a0\u00bb,\u00a0\u00bboverlay_mode\u00a0\u00bb:\u00a0\u00bbcover\u00a0\u00bb,\u00a0\u00bboverlay_hover\u00a0\u00bb:true,\u00a0\u00bboverlay_style\u00a0\u00bb:\u00a0\u00bboverlay-primary\u00a0\u00bb,\u00a0\u00bbtext_color\u00a0\u00bb:\u00a0\u00bblight\u00a0\u00bb,\u00a0\u00bboverlay_position\u00a0\u00bb:\u00a0\u00bbcenter\u00a0\u00bb,\u00a0\u00bboverlay_transition\u00a0\u00bb:\u00a0\u00bbfade\u00a0\u00bb,\u00a0\u00bbtitle_hover_style\u00a0\u00bb:\u00a0\u00bbreset\u00a0\u00bb,\u00a0\u00bbtitle_element\u00a0\u00bb:\u00a0\u00bbh3&Prime;,\u00a0\u00bbmeta_style\u00a0\u00bb:\u00a0\u00bbmeta\u00a0\u00bb,\u00a0\u00bbmeta_align\u00a0\u00bb:\u00a0\u00bbbelow-title\u00a0\u00bb,\u00a0\u00bbmeta_element\u00a0\u00bb:\u00a0\u00bbdiv\u00a0\u00bb,\u00a0\u00bblink_text\u00a0\u00bb:\u00a0\u00bbRead more\u00a0\u00bb,\u00a0\u00bblink_style\u00a0\u00bb:\u00a0\u00bbdefault\u00a0\u00bb,\u00a0\u00bbtext_align\u00a0\u00bb:\u00a0\u00bbcenter\u00a0\u00bb,\u00a0\u00bbmargin\u00a0\u00bb:\u00a0\u00bbdefault\u00a0\u00bb,\u00a0\u00bbitem_animation\u00a0\u00bb:\u00a0\u00bb\u00a0\u00bb},\u00a0\u00bbchildren\u00a0\u00bb:[{\u00ab\u00a0type\u00a0\u00bb:\u00a0\u00bbgallery_item\u00a0\u00bb,\u00a0\u00bbprops\u00a0\u00bb:{\u00ab\u00a0image\u00a0\u00bb:\u00a0\u00bbwp-content\\\/uploads\\\/2024\\\/03\\\/ipiccy_image-3.jpg\u00a0\u00bb}},{\u00ab\u00a0type\u00a0\u00bb:\u00a0\u00bbgallery_item\u00a0\u00bb,\u00a0\u00bbprops\u00a0\u00bb:{\u00ab\u00a0image\u00a0\u00bb:\u00a0\u00bbwp-content\\\/uploads\\\/2024\\\/08\\\/Brest.jpg\u00a0\u00bb}},{\u00ab\u00a0type\u00a0\u00bb:\u00a0\u00bbgallery_item\u00a0\u00bb,\u00a0\u00bbprops\u00a0\u00bb:{\u00ab\u00a0image\u00a0\u00bb:\u00a0\u00bbwp-content\\\/uploads\\\/2024\\\/06\\\/ipiccy_image2-1.jpg\u00a0\u00bb}}]}]}]}]}],\u00a0\u00bbversion\u00a0\u00bb:\u00a0\u00bb2.3.25&Prime;} &#8211;><!-- \/wp:post-content --><!-- \/wp:paragraph --><!-- wp:post-content --><div><h3><strong>REJOIGNEZ-NOUS!<\/strong><\/h3><\/div>\n<div><p><!-- wp:paragraph --><\/p>\n<p><strong>Le 01\/08\/2024:<\/strong><\/p>\n<p><!-- \/wp:paragraph --> <!-- wp:paragraph --><\/p>\n<p><strong>Dans le cadre d&rsquo;une ouverture d&rsquo;agence \u00e0 PLABENNEC, Solaire Avantages recrute <em>2 Technicien(ne)s Photovolta\u00efques<\/em>:<\/strong><\/p>\n<p><!-- \/wp:paragraph --><\/p><\/div>\n<div><ul id=\"block-9d11f5f0-7cce-4641-9295-8f9abb2e6244\" class=\"block-editor-rich-text__editable block-editor-block-list__block wp-block is-selected rich-text\" tabindex=\"0\" role=\"group\" contenteditable=\"true\" aria-multiline=\"true\" aria-label=\"Bloc\u00a0: Liste\" data-block=\"9d11f5f0-7cce-4641-9295-8f9abb2e6244\" data-type=\"core\/list\" data-title=\"Liste\">\n<li>1 poste \u00e0 PLOUESCAT, 1 poste \u00e0 PLABENNEC<\/li>\n<li>Profil: Couvreur, Electricien, D\u00e9butant -&gt; Formation en interne<\/li>\n<li>Prise de poste: Septembre 2024<\/li>\n<li>Pose de panneaux photovolta\u00efques sur tout type de toiture: ardoise, toit plat: membrane.., bac acier et \u00e9vrites<\/li>\n<li>Partie \u00e9lectrique<\/li>\n<li>Pr\u00e9paration de chantiers \u00e0 l&rsquo;atelier<\/li>\n<li>Chantiers \u00e0 30km autour de l&rsquo;entreprise<\/li>\n<li>&#8230;<\/li>\n<\/ul><\/div>\n<div><p><!-- wp:paragraph --><\/p>\n<p><strong>Merci de nous envoyer un CV \u00e0 solaire-avantages@orange.fr<\/strong><\/p>\n<p><!-- \/wp:paragraph --> <!-- wp:paragraph --><\/p>\n<p>Nous vous contacterons \u00e0 notre reprise fin Ao\u00fbt.<\/p>\n<p><!-- \/wp:paragraph --> <!-- wp:paragraph --><\/p>\n<p>Bel \u00e9t\u00e9 (ensoleill\u00e9)!<\/p>\n<p><!-- \/wp:paragraph --><\/p><\/div>\n<img decoding=\"async\" src=\"\/wp-content\/uploads\/2024\/08\/Recrutement-techniciens-2.jpg\" alt=\"\">\n<ul>\n        <li>\n\n        <img decoding=\"async\" src=\"\/wp-content\/uploads\/2024\/03\/ipiccy_image-3.jpg\" alt=\"\">\n\n\n\n\n\n    <\/li>\n        <li>\n\n        <img decoding=\"async\" src=\"\/wp-content\/uploads\/2024\/08\/Brest.jpg\" alt=\"\">\n\n\n\n\n\n    <\/li>\n        <li>\n\n        <img decoding=\"async\" src=\"\/wp-content\/uploads\/2024\/06\/ipiccy_image2-1.jpg\" alt=\"\">\n\n\n\n\n\n    <\/li>\n    <\/ul>\n\n<!-- {\"type\":\"layout\",\"children\":[{\"type\":\"section\",\"props\":{\"style\":\"default\",\"width\":\"default\",\"vertical_align\":\"middle\",\"title_position\":\"top-left\",\"title_rotation\":\"left\",\"title_breakpoint\":\"xl\",\"image_position\":\"center-center\"},\"children\":[{\"type\":\"row\",\"children\":[{\"type\":\"column\",\"props\":{\"image_position\":\"center-center\",\"media_overlay_gradient\":\"\"},\"children\":[{\"type\":\"text\",\"props\":{\"margin\":\"default\",\"column_breakpoint\":\"m\",\"content\":\"<h3><strong>REJOIGNEZ-NOUS!<\\\/strong><\\\/h3>\"}},{\"type\":\"text\",\"props\":{\"margin\":\"default\",\"column_breakpoint\":\"m\",\"content\":\"<p><!-- wp:paragraph --><\\\/p>\\n<p><strong>Le 01\\\/08\\\/2024:<\\\/strong><\\\/p>\\n<p><!-- \\\/wp:paragraph --> <!-- wp:paragraph --><\\\/p>\\n<p><strong>Dans le cadre d&rsquo;une ouverture d&rsquo;agence \\u00e0 PLABENNEC, Solaire Avantages recrute <em>2 Technicien(ne)s Photovolta\\u00efques<\\\/em>:<\\\/strong><\\\/p>\\n<p><!-- \\\/wp:paragraph --><\\\/p>\u00ab\u00a0}},{\u00ab\u00a0type\u00a0\u00bb:\u00a0\u00bbtext\u00a0\u00bb,\u00a0\u00bbprops\u00a0\u00bb:{\u00ab\u00a0margin\u00a0\u00bb:\u00a0\u00bbdefault\u00a0\u00bb,\u00a0\u00bbcolumn_breakpoint\u00a0\u00bb:\u00a0\u00bbm\u00a0\u00bb,\u00a0\u00bbcontent\u00a0\u00bb:\u00a0\u00bb<ul id=\\\"block-9d11f5f0-7cce-4641-9295-8f9abb2e6244\\\" class=\\\"block-editor-rich-text__editable block-editor-block-list__block wp-block is-selected rich-text\\\" tabindex=\\\"0\\\" role=\\\"group\\\" contenteditable=\\\"true\\\" aria-multiline=\\\"true\\\" aria-label=\\\"Bloc\\u00a0: Liste\\\" data-block=\\\"9d11f5f0-7cce-4641-9295-8f9abb2e6244\\\" data-type=\\\"core\\\/list\\\" data-title=\\\"Liste\\\">\\n<li>1 poste \\u00e0 PLOUESCAT, 1 poste \\u00e0 PLABENNEC<\\\/li>\\n<li>Profil: Couvreur, Electricien, D\\u00e9butant -&gt; Formation en interne<\\\/li>\\n<li>Prise de poste: Septembre 2024<\\\/li>\\n<li>Pose de panneaux photovolta\\u00efques sur tout type de toiture: ardoise, toit plat: membrane.., bac acier et \\u00e9vrites<\\\/li>\\n<li>Partie \\u00e9lectrique<\\\/li>\\n<li>Pr\\u00e9paration de chantiers \\u00e0 l&rsquo;atelier<\\\/li>\\n<li>Chantiers \\u00e0 30km autour de l&rsquo;entreprise<\\\/li>\\n<li>&#8230;<\\\/li>\\n<\\\/ul>\u00ab\u00a0}},{\u00ab\u00a0type\u00a0\u00bb:\u00a0\u00bbtext\u00a0\u00bb,\u00a0\u00bbprops\u00a0\u00bb:{\u00ab\u00a0margin\u00a0\u00bb:\u00a0\u00bbdefault\u00a0\u00bb,\u00a0\u00bbcolumn_breakpoint\u00a0\u00bb:\u00a0\u00bbm\u00a0\u00bb,\u00a0\u00bbcontent\u00a0\u00bb:\u00a0\u00bb<p><!-- wp:paragraph --><\\\/p>\\n<p><strong>Merci de nous envoyer un CV \\u00e0 solaire-avantages@orange.fr<\\\/strong><\\\/p>\\n<p><!-- \\\/wp:paragraph --> <!-- wp:paragraph --><\\\/p>\\n<p>Nous vous contacterons \\u00e0 notre reprise fin Ao\\u00fbt.<\\\/p>\\n<p><!-- \\\/wp:paragraph --> <!-- wp:paragraph --><\\\/p>\\n<p>Bel \\u00e9t\\u00e9 (ensoleill\\u00e9)!<\\\/p>\\n<p><!-- \\\/wp:paragraph --><\\\/p>\u00ab\u00a0}},{\u00ab\u00a0type\u00a0\u00bb:\u00a0\u00bbimage\u00a0\u00bb,\u00a0\u00bbprops\u00a0\u00bb:{\u00ab\u00a0margin\u00a0\u00bb:\u00a0\u00bblarge\u00a0\u00bb,\u00a0\u00bbimage_svg_color\u00a0\u00bb:\u00a0\u00bbemphasis\u00a0\u00bb,\u00a0\u00bbimage\u00a0\u00bb:\u00a0\u00bbwp-content\\\/uploads\\\/2024\\\/08\\\/Recrutement-techniciens-2.jpg\u00a0\u00bb,\u00a0\u00bbmaxwidth\u00a0\u00bb:\u00a0\u00bblarge\u00a0\u00bb,\u00a0\u00bbblock_align\u00a0\u00bb:\u00a0\u00bbcenter\u00a0\u00bb}},{\u00ab\u00a0type\u00a0\u00bb:\u00a0\u00bbgallery\u00a0\u00bb,\u00a0\u00bbprops\u00a0\u00bb:{\u00ab\u00a0show_title\u00a0\u00bb:true,\u00a0\u00bbshow_meta\u00a0\u00bb:true,\u00a0\u00bbshow_content\u00a0\u00bb:true,\u00a0\u00bbshow_link\u00a0\u00bb:true,\u00a0\u00bbshow_hover_image\u00a0\u00bb:true,\u00a0\u00bbgrid_default\u00a0\u00bb:\u00a0\u00bb1&Prime;,\u00a0\u00bbgrid_medium\u00a0\u00bb:\u00a0\u00bb3&Prime;,\u00a0\u00bbfilter_style\u00a0\u00bb:\u00a0\u00bbtab\u00a0\u00bb,\u00a0\u00bbfilter_all\u00a0\u00bb:true,\u00a0\u00bbfilter_position\u00a0\u00bb:\u00a0\u00bbtop\u00a0\u00bb,\u00a0\u00bbfilter_align\u00a0\u00bb:\u00a0\u00bbleft\u00a0\u00bb,\u00a0\u00bbfilter_grid_width\u00a0\u00bb:\u00a0\u00bbauto\u00a0\u00bb,\u00a0\u00bbfilter_grid_breakpoint\u00a0\u00bb:\u00a0\u00bbm\u00a0\u00bb,\u00a0\u00bboverlay_mode\u00a0\u00bb:\u00a0\u00bbcover\u00a0\u00bb,\u00a0\u00bboverlay_hover\u00a0\u00bb:true,\u00a0\u00bboverlay_style\u00a0\u00bb:\u00a0\u00bboverlay-primary\u00a0\u00bb,\u00a0\u00bbtext_color\u00a0\u00bb:\u00a0\u00bblight\u00a0\u00bb,\u00a0\u00bboverlay_position\u00a0\u00bb:\u00a0\u00bbcenter\u00a0\u00bb,\u00a0\u00bboverlay_transition\u00a0\u00bb:\u00a0\u00bbfade\u00a0\u00bb,\u00a0\u00bbtitle_hover_style\u00a0\u00bb:\u00a0\u00bbreset\u00a0\u00bb,\u00a0\u00bbtitle_element\u00a0\u00bb:\u00a0\u00bbh3&Prime;,\u00a0\u00bbmeta_style\u00a0\u00bb:\u00a0\u00bbmeta\u00a0\u00bb,\u00a0\u00bbmeta_align\u00a0\u00bb:\u00a0\u00bbbelow-title\u00a0\u00bb,\u00a0\u00bbmeta_element\u00a0\u00bb:\u00a0\u00bbdiv\u00a0\u00bb,\u00a0\u00bblink_text\u00a0\u00bb:\u00a0\u00bbRead more\u00a0\u00bb,\u00a0\u00bblink_style\u00a0\u00bb:\u00a0\u00bbdefault\u00a0\u00bb,\u00a0\u00bbtext_align\u00a0\u00bb:\u00a0\u00bbcenter\u00a0\u00bb,\u00a0\u00bbmargin\u00a0\u00bb:\u00a0\u00bbdefault\u00a0\u00bb,\u00a0\u00bbitem_animation\u00a0\u00bb:\u00a0\u00bb\u00a0\u00bb},\u00a0\u00bbchildren\u00a0\u00bb:[{\u00ab\u00a0type\u00a0\u00bb:\u00a0\u00bbgallery_item\u00a0\u00bb,\u00a0\u00bbprops\u00a0\u00bb:{\u00ab\u00a0image\u00a0\u00bb:\u00a0\u00bbwp-content\\\/uploads\\\/2024\\\/03\\\/ipiccy_image-3.jpg\u00a0\u00bb}},{\u00ab\u00a0type\u00a0\u00bb:\u00a0\u00bbgallery_item\u00a0\u00bb,\u00a0\u00bbprops\u00a0\u00bb:{\u00ab\u00a0image\u00a0\u00bb:\u00a0\u00bbwp-content\\\/uploads\\\/2024\\\/08\\\/Brest.jpg\u00a0\u00bb}},{\u00ab\u00a0type\u00a0\u00bb:\u00a0\u00bbgallery_item\u00a0\u00bb,\u00a0\u00bbprops\u00a0\u00bb:{\u00ab\u00a0image\u00a0\u00bb:\u00a0\u00bbwp-content\\\/uploads\\\/2024\\\/06\\\/ipiccy_image2-1.jpg\u00a0\u00bb}}]}]}]}]}],\u00a0\u00bbversion\u00a0\u00bb:\u00a0\u00bb2.3.25&Prime;} &#8211;><!-- \/wp:post-content --><\\\/p>\\n<p><strong>Le 01\\\/08\\\/2024:<\\\/strong><\\\/p>\\n<p><!-- \\\/wp:paragraph --> <\\\/p>\\n<p><strong>Dans le cadre d&rsquo;une ouverture d&rsquo;agence \\u00e0 PLABENNEC, Solaire Avantages recrute <em>2 Technicien(ne)s Photovolta\\u00efques<\\\/em>:<\\\/strong><\\\/p>\\n<p><!-- \\\/wp:paragraph --><\\\/p>\u00ab\u00a0}},{\u00ab\u00a0type\u00a0\u00bb:\u00a0\u00bbtext\u00a0\u00bb,\u00a0\u00bbprops\u00a0\u00bb:{\u00ab\u00a0margin\u00a0\u00bb:\u00a0\u00bbdefault\u00a0\u00bb,\u00a0\u00bbcolumn_breakpoint\u00a0\u00bb:\u00a0\u00bbm\u00a0\u00bb,\u00a0\u00bbcontent\u00a0\u00bb:\u00a0\u00bb<ul id=\\\"block-9d11f5f0-7cce-4641-9295-8f9abb2e6244\\\" class=\\\"block-editor-rich-text__editable block-editor-block-list__block wp-block is-selected rich-text\\\" tabindex=\\\"0\\\" role=\\\"group\\\" contenteditable=\\\"true\\\" aria-multiline=\\\"true\\\" aria-label=\\\"Bloc\\u00a0: Liste\\\" data-block=\\\"9d11f5f0-7cce-4641-9295-8f9abb2e6244\\\" data-type=\\\"core\\\/list\\\" data-title=\\\"Liste\\\">\\n<li>1 poste \\u00e0 PLOUESCAT, 1 poste \\u00e0 PLABENNEC<\\\/li>\\n<li>Profil: Couvreur, Electricien, D\\u00e9butant -&gt; Formation en interne<\\\/li>\\n<li>Prise de poste: Septembre 2024<\\\/li>\\n<li>Pose de panneaux photovolta\\u00efques sur tout type de toiture: ardoise, toit plat: membrane.., bac acier et \\u00e9vrites<\\\/li>\\n<li>Partie \\u00e9lectrique<\\\/li>\\n<li>Pr\\u00e9paration de chantiers \\u00e0 l&rsquo;atelier<\\\/li>\\n<li>Chantiers \\u00e0 30km autour de l&rsquo;entreprise<\\\/li>\\n<li>&#8230;<\\\/li>\\n<\\\/ul>\u00ab\u00a0}},{\u00ab\u00a0type\u00a0\u00bb:\u00a0\u00bbtext\u00a0\u00bb,\u00a0\u00bbprops\u00a0\u00bb:{\u00ab\u00a0margin\u00a0\u00bb:\u00a0\u00bbdefault\u00a0\u00bb,\u00a0\u00bbcolumn_breakpoint\u00a0\u00bb:\u00a0\u00bbm\u00a0\u00bb,\u00a0\u00bbcontent\u00a0\u00bb:\u00a0\u00bb<p><!-- wp:paragraph --><\\\/p>\\n<p><strong>Merci de nous envoyer un CV \\u00e0 solaire-avantages@orange.fr<\\\/strong><\\\/p>\\n<p><!-- \\\/wp:paragraph --> <!-- wp:paragraph --><\\\/p>\\n<p>Nous vous contacterons \\u00e0 notre reprise fin Ao\\u00fbt.<\\\/p>\\n<p><!-- \\\/wp:paragraph --> <!-- wp:paragraph --><\\\/p>\\n<p>Bel \\u00e9t\\u00e9 (ensoleill\\u00e9)!<\\\/p>\\n<p><!-- \\\/wp:paragraph --><\\\/p>\u00ab\u00a0}},{\u00ab\u00a0type\u00a0\u00bb:\u00a0\u00bbimage\u00a0\u00bb,\u00a0\u00bbprops\u00a0\u00bb:{\u00ab\u00a0margin\u00a0\u00bb:\u00a0\u00bblarge\u00a0\u00bb,\u00a0\u00bbimage_svg_color\u00a0\u00bb:\u00a0\u00bbemphasis\u00a0\u00bb,\u00a0\u00bbimage\u00a0\u00bb:\u00a0\u00bbwp-content\\\/uploads\\\/2024\\\/08\\\/Recrutement-techniciens-2.jpg\u00a0\u00bb,\u00a0\u00bbmaxwidth\u00a0\u00bb:\u00a0\u00bblarge\u00a0\u00bb,\u00a0\u00bbblock_align\u00a0\u00bb:\u00a0\u00bbcenter\u00a0\u00bb}},{\u00ab\u00a0type\u00a0\u00bb:\u00a0\u00bbgallery\u00a0\u00bb,\u00a0\u00bbprops\u00a0\u00bb:{\u00ab\u00a0show_title\u00a0\u00bb:true,\u00a0\u00bbshow_meta\u00a0\u00bb:true,\u00a0\u00bbshow_content\u00a0\u00bb:true,\u00a0\u00bbshow_link\u00a0\u00bb:true,\u00a0\u00bbshow_hover_image\u00a0\u00bb:true,\u00a0\u00bbgrid_default\u00a0\u00bb:\u00a0\u00bb1&Prime;,\u00a0\u00bbgrid_medium\u00a0\u00bb:\u00a0\u00bb3&Prime;,\u00a0\u00bbfilter_style\u00a0\u00bb:\u00a0\u00bbtab\u00a0\u00bb,\u00a0\u00bbfilter_all\u00a0\u00bb:true,\u00a0\u00bbfilter_position\u00a0\u00bb:\u00a0\u00bbtop\u00a0\u00bb,\u00a0\u00bbfilter_align\u00a0\u00bb:\u00a0\u00bbleft\u00a0\u00bb,\u00a0\u00bbfilter_grid_width\u00a0\u00bb:\u00a0\u00bbauto\u00a0\u00bb,\u00a0\u00bbfilter_grid_breakpoint\u00a0\u00bb:\u00a0\u00bbm\u00a0\u00bb,\u00a0\u00bboverlay_mode\u00a0\u00bb:\u00a0\u00bbcover\u00a0\u00bb,\u00a0\u00bboverlay_hover\u00a0\u00bb:true,\u00a0\u00bboverlay_style\u00a0\u00bb:\u00a0\u00bboverlay-primary\u00a0\u00bb,\u00a0\u00bbtext_color\u00a0\u00bb:\u00a0\u00bblight\u00a0\u00bb,\u00a0\u00bboverlay_position\u00a0\u00bb:\u00a0\u00bbcenter\u00a0\u00bb,\u00a0\u00bboverlay_transition\u00a0\u00bb:\u00a0\u00bbfade\u00a0\u00bb,\u00a0\u00bbtitle_hover_style\u00a0\u00bb:\u00a0\u00bbreset\u00a0\u00bb,\u00a0\u00bbtitle_element\u00a0\u00bb:\u00a0\u00bbh3&Prime;,\u00a0\u00bbmeta_style\u00a0\u00bb:\u00a0\u00bbmeta\u00a0\u00bb,\u00a0\u00bbmeta_align\u00a0\u00bb:\u00a0\u00bbbelow-title\u00a0\u00bb,\u00a0\u00bbmeta_element\u00a0\u00bb:\u00a0\u00bbdiv\u00a0\u00bb,\u00a0\u00bblink_text\u00a0\u00bb:\u00a0\u00bbRead more\u00a0\u00bb,\u00a0\u00bblink_style\u00a0\u00bb:\u00a0\u00bbdefault\u00a0\u00bb,\u00a0\u00bbtext_align\u00a0\u00bb:\u00a0\u00bbcenter\u00a0\u00bb,\u00a0\u00bbmargin\u00a0\u00bb:\u00a0\u00bbdefault\u00a0\u00bb,\u00a0\u00bbitem_animation\u00a0\u00bb:\u00a0\u00bb\u00a0\u00bb},\u00a0\u00bbchildren\u00a0\u00bb:[{\u00ab\u00a0type\u00a0\u00bb:\u00a0\u00bbgallery_item\u00a0\u00bb,\u00a0\u00bbprops\u00a0\u00bb:{\u00ab\u00a0image\u00a0\u00bb:\u00a0\u00bbwp-content\\\/uploads\\\/2024\\\/03\\\/ipiccy_image-3.jpg\u00a0\u00bb}},{\u00ab\u00a0type\u00a0\u00bb:\u00a0\u00bbgallery_item\u00a0\u00bb,\u00a0\u00bbprops\u00a0\u00bb:{\u00ab\u00a0image\u00a0\u00bb:\u00a0\u00bbwp-content\\\/uploads\\\/2024\\\/08\\\/Brest.jpg\u00a0\u00bb}},{\u00ab\u00a0type\u00a0\u00bb:\u00a0\u00bbgallery_item\u00a0\u00bb,\u00a0\u00bbprops\u00a0\u00bb:{\u00ab\u00a0image\u00a0\u00bb:\u00a0\u00bbwp-content\\\/uploads\\\/2024\\\/06\\\/ipiccy_image2-1.jpg\u00a0\u00bb}}]}]}]}]}],\u00a0\u00bbversion\u00a0\u00bb:\u00a0\u00bb2.3.25&Prime;} &#8211;><!-- \/wp:post-content --><!-- \/wp:paragraph --><\/p><\/div>\n<img decoding=\"async\" src=\"\/wp-content\/uploads\/2024\/08\/Recrutement-techniciens-2.jpg\" alt=\"\">\n<ul>\n        <li>\n\n        <img decoding=\"async\" src=\"\/wp-content\/uploads\/2024\/03\/ipiccy_image-3.jpg\" alt=\"\">\n\n\n\n\n\n    <\/li>\n        <li>\n\n        <img decoding=\"async\" src=\"\/wp-content\/uploads\/2024\/08\/Brest.jpg\" alt=\"\">\n\n\n\n\n\n    <\/li>\n        <li>\n\n        <img decoding=\"async\" src=\"\/wp-content\/uploads\/2024\/06\/ipiccy_image2-1.jpg\" alt=\"\">\n\n\n\n\n\n    <\/li>\n    <\/ul>\n\n<!-- {\"type\":\"layout\",\"children\":[{\"type\":\"section\",\"props\":{\"style\":\"default\",\"width\":\"default\",\"vertical_align\":\"middle\",\"title_position\":\"top-left\",\"title_rotation\":\"left\",\"title_breakpoint\":\"xl\",\"image_position\":\"center-center\"},\"children\":[{\"type\":\"row\",\"children\":[{\"type\":\"column\",\"props\":{\"image_position\":\"center-center\",\"media_overlay_gradient\":\"\"},\"children\":[{\"type\":\"text\",\"props\":{\"margin\":\"default\",\"column_breakpoint\":\"m\",\"content\":\"<h3><strong>REJOIGNEZ-NOUS!<\\\/strong><\\\/h3>\"}},{\"type\":\"text\",\"props\":{\"margin\":\"default\",\"column_breakpoint\":\"m\",\"content\":\"<p><!-- wp:paragraph --><\\\/p>\\n<p><strong>Le 01\\\/08\\\/2024:<\\\/strong><\\\/p>\\n<p><!-- \\\/wp:paragraph --> <!-- wp:paragraph --><\\\/p>\\n<p><strong>Dans le cadre d&rsquo;une ouverture d&rsquo;agence \\u00e0 PLABENNEC, Solaire Avantages recrute <em>2 Technicien(ne)s Photovolta\\u00efques<\\\/em>:<\\\/strong><\\\/p>\\n<p><!-- \\\/wp:paragraph --><\\\/p>\u00ab\u00a0}},{\u00ab\u00a0type\u00a0\u00bb:\u00a0\u00bbtext\u00a0\u00bb,\u00a0\u00bbprops\u00a0\u00bb:{\u00ab\u00a0margin\u00a0\u00bb:\u00a0\u00bbdefault\u00a0\u00bb,\u00a0\u00bbcolumn_breakpoint\u00a0\u00bb:\u00a0\u00bbm\u00a0\u00bb,\u00a0\u00bbcontent\u00a0\u00bb:\u00a0\u00bb<ul id=\\\"block-9d11f5f0-7cce-4641-9295-8f9abb2e6244\\\" class=\\\"block-editor-rich-text__editable block-editor-block-list__block wp-block is-selected rich-text\\\" tabindex=\\\"0\\\" role=\\\"group\\\" contenteditable=\\\"true\\\" aria-multiline=\\\"true\\\" aria-label=\\\"Bloc\\u00a0: Liste\\\" data-block=\\\"9d11f5f0-7cce-4641-9295-8f9abb2e6244\\\" data-type=\\\"core\\\/list\\\" data-title=\\\"Liste\\\">\\n<li>1 poste \\u00e0 PLOUESCAT, 1 poste \\u00e0 PLABENNEC<\\\/li>\\n<li>Profil: Couvreur, Electricien, D\\u00e9butant -&gt; Formation en interne<\\\/li>\\n<li>Prise de poste: Septembre 2024<\\\/li>\\n<li>Pose de panneaux photovolta\\u00efques sur tout type de toiture: ardoise, toit plat: membrane.., bac acier et \\u00e9vrites<\\\/li>\\n<li>Partie \\u00e9lectrique<\\\/li>\\n<li>Pr\\u00e9paration de chantiers \\u00e0 l&rsquo;atelier<\\\/li>\\n<li>Chantiers \\u00e0 30km autour de l&rsquo;entreprise<\\\/li>\\n<li>&#8230;<\\\/li>\\n<\\\/ul>\u00ab\u00a0}},{\u00ab\u00a0type\u00a0\u00bb:\u00a0\u00bbtext\u00a0\u00bb,\u00a0\u00bbprops\u00a0\u00bb:{\u00ab\u00a0margin\u00a0\u00bb:\u00a0\u00bbdefault\u00a0\u00bb,\u00a0\u00bbcolumn_breakpoint\u00a0\u00bb:\u00a0\u00bbm\u00a0\u00bb,\u00a0\u00bbcontent\u00a0\u00bb:\u00a0\u00bb<p><!-- wp:paragraph --><\\\/p>\\n<p><strong>Merci de nous envoyer un CV \\u00e0 solaire-avantages@orange.fr<\\\/strong><\\\/p>\\n<p><!-- \\\/wp:paragraph --> <!-- wp:paragraph --><\\\/p>\\n<p>Nous vous contacterons \\u00e0 notre reprise fin Ao\\u00fbt.<\\\/p>\\n<p><!-- \\\/wp:paragraph --> <!-- wp:paragraph --><\\\/p>\\n<p>Bel \\u00e9t\\u00e9 (ensoleill\\u00e9)!<\\\/p>\\n<p><!-- \\\/wp:paragraph --><\\\/p>\u00ab\u00a0}},{\u00ab\u00a0type\u00a0\u00bb:\u00a0\u00bbimage\u00a0\u00bb,\u00a0\u00bbprops\u00a0\u00bb:{\u00ab\u00a0margin\u00a0\u00bb:\u00a0\u00bblarge\u00a0\u00bb,\u00a0\u00bbimage_svg_color\u00a0\u00bb:\u00a0\u00bbemphasis\u00a0\u00bb,\u00a0\u00bbimage\u00a0\u00bb:\u00a0\u00bbwp-content\\\/uploads\\\/2024\\\/08\\\/Recrutement-techniciens-2.jpg\u00a0\u00bb,\u00a0\u00bbmaxwidth\u00a0\u00bb:\u00a0\u00bblarge\u00a0\u00bb,\u00a0\u00bbblock_align\u00a0\u00bb:\u00a0\u00bbcenter\u00a0\u00bb}},{\u00ab\u00a0type\u00a0\u00bb:\u00a0\u00bbgallery\u00a0\u00bb,\u00a0\u00bbprops\u00a0\u00bb:{\u00ab\u00a0show_title\u00a0\u00bb:true,\u00a0\u00bbshow_meta\u00a0\u00bb:true,\u00a0\u00bbshow_content\u00a0\u00bb:true,\u00a0\u00bbshow_link\u00a0\u00bb:true,\u00a0\u00bbshow_hover_image\u00a0\u00bb:true,\u00a0\u00bbgrid_default\u00a0\u00bb:\u00a0\u00bb1&Prime;,\u00a0\u00bbgrid_medium\u00a0\u00bb:\u00a0\u00bb3&Prime;,\u00a0\u00bbfilter_style\u00a0\u00bb:\u00a0\u00bbtab\u00a0\u00bb,\u00a0\u00bbfilter_all\u00a0\u00bb:true,\u00a0\u00bbfilter_position\u00a0\u00bb:\u00a0\u00bbtop\u00a0\u00bb,\u00a0\u00bbfilter_align\u00a0\u00bb:\u00a0\u00bbleft\u00a0\u00bb,\u00a0\u00bbfilter_grid_width\u00a0\u00bb:\u00a0\u00bbauto\u00a0\u00bb,\u00a0\u00bbfilter_grid_breakpoint\u00a0\u00bb:\u00a0\u00bbm\u00a0\u00bb,\u00a0\u00bboverlay_mode\u00a0\u00bb:\u00a0\u00bbcover\u00a0\u00bb,\u00a0\u00bboverlay_hover\u00a0\u00bb:true,\u00a0\u00bboverlay_style\u00a0\u00bb:\u00a0\u00bboverlay-primary\u00a0\u00bb,\u00a0\u00bbtext_color\u00a0\u00bb:\u00a0\u00bblight\u00a0\u00bb,\u00a0\u00bboverlay_position\u00a0\u00bb:\u00a0\u00bbcenter\u00a0\u00bb,\u00a0\u00bboverlay_transition\u00a0\u00bb:\u00a0\u00bbfade\u00a0\u00bb,\u00a0\u00bbtitle_hover_style\u00a0\u00bb:\u00a0\u00bbreset\u00a0\u00bb,\u00a0\u00bbtitle_element\u00a0\u00bb:\u00a0\u00bbh3&Prime;,\u00a0\u00bbmeta_style\u00a0\u00bb:\u00a0\u00bbmeta\u00a0\u00bb,\u00a0\u00bbmeta_align\u00a0\u00bb:\u00a0\u00bbbelow-title\u00a0\u00bb,\u00a0\u00bbmeta_element\u00a0\u00bb:\u00a0\u00bbdiv\u00a0\u00bb,\u00a0\u00bblink_text\u00a0\u00bb:\u00a0\u00bbRead more\u00a0\u00bb,\u00a0\u00bblink_style\u00a0\u00bb:\u00a0\u00bbdefault\u00a0\u00bb,\u00a0\u00bbtext_align\u00a0\u00bb:\u00a0\u00bbcenter\u00a0\u00bb,\u00a0\u00bbmargin\u00a0\u00bb:\u00a0\u00bbdefault\u00a0\u00bb,\u00a0\u00bbitem_animation\u00a0\u00bb:\u00a0\u00bb\u00a0\u00bb},\u00a0\u00bbchildren\u00a0\u00bb:[{\u00ab\u00a0type\u00a0\u00bb:\u00a0\u00bbgallery_item\u00a0\u00bb,\u00a0\u00bbprops\u00a0\u00bb:{\u00ab\u00a0image\u00a0\u00bb:\u00a0\u00bbwp-content\\\/uploads\\\/2024\\\/03\\\/ipiccy_image-3.jpg\u00a0\u00bb}},{\u00ab\u00a0type\u00a0\u00bb:\u00a0\u00bbgallery_item\u00a0\u00bb,\u00a0\u00bbprops\u00a0\u00bb:{\u00ab\u00a0image\u00a0\u00bb:\u00a0\u00bbwp-content\\\/uploads\\\/2024\\\/08\\\/Brest.jpg\u00a0\u00bb}},{\u00ab\u00a0type\u00a0\u00bb:\u00a0\u00bbgallery_item\u00a0\u00bb,\u00a0\u00bbprops\u00a0\u00bb:{\u00ab\u00a0image\u00a0\u00bb:\u00a0\u00bbwp-content\\\/uploads\\\/2024\\\/06\\\/ipiccy_image2-1.jpg\u00a0\u00bb}}]}]}]}]}],\u00a0\u00bbversion\u00a0\u00bb:\u00a0\u00bb2.3.25&Prime;} &#8211;><!-- \/wp:post-content --><!-- \/wp:paragraph --><!-- wp:post-content --><div><h3><strong>REJOIGNEZ-NOUS!<\/strong><\/h3><\/div>\n<div><p><!-- wp:paragraph --><\/p>\n<p><strong>Le 01\/08\/2024:<\/strong><\/p>\n<p><!-- \/wp:paragraph --> <!-- wp:paragraph --><\/p>\n<p><strong>Dans le cadre d&rsquo;une ouverture d&rsquo;agence \u00e0 PLABENNEC, Solaire Avantages recrute <em>2 Technicien(ne)s Photovolta\u00efques<\/em>:<\/strong><\/p>\n<p><!-- \/wp:paragraph --><\/p><\/div>\n<div><ul id=\"block-9d11f5f0-7cce-4641-9295-8f9abb2e6244\" class=\"block-editor-rich-text__editable block-editor-block-list__block wp-block is-selected rich-text\" tabindex=\"0\" role=\"group\" contenteditable=\"true\" aria-multiline=\"true\" aria-label=\"Bloc\u00a0: Liste\" data-block=\"9d11f5f0-7cce-4641-9295-8f9abb2e6244\" data-type=\"core\/list\" data-title=\"Liste\">\n<li>1 poste \u00e0 PLOUESCAT, 1 poste \u00e0 PLABENNEC<\/li>\n<li>Profil: Couvreur, Electricien, D\u00e9butant -&gt; Formation en interne<\/li>\n<li>Prise de poste: Septembre 2024<\/li>\n<li>Pose de panneaux photovolta\u00efques sur tout type de toiture: ardoise, toit plat: membrane.., bac acier et \u00e9vrites<\/li>\n<li>Partie \u00e9lectrique<\/li>\n<li>Pr\u00e9paration de chantiers \u00e0 l&rsquo;atelier<\/li>\n<li>Chantiers \u00e0 30km autour de l&rsquo;entreprise<\/li>\n<li>&#8230;<\/li>\n<\/ul><\/div>\n<div><p><!-- wp:paragraph --><\/p>\n<p><strong>Merci de nous envoyer un CV \u00e0 solaire-avantages@orange.fr<\/strong><\/p>\n<p><!-- \/wp:paragraph --> <!-- wp:paragraph --><\/p>\n<p>Nous vous contacterons \u00e0 notre reprise fin Ao\u00fbt.<\/p>\n<p><!-- \/wp:paragraph --> <!-- wp:paragraph --><\/p>\n<p>Bel \u00e9t\u00e9 (ensoleill\u00e9)!<\/p>\n<p><!-- \/wp:paragraph --><\/p><\/div>\n<img decoding=\"async\" src=\"\/wp-content\/uploads\/2024\/08\/Recrutement-techniciens-2.jpg\" alt=\"\">\n<ul>\n        <li>\n\n        <img decoding=\"async\" src=\"\/wp-content\/uploads\/2024\/03\/ipiccy_image-3.jpg\" alt=\"\">\n\n\n\n\n\n    <\/li>\n        <li>\n\n        <img decoding=\"async\" src=\"\/wp-content\/uploads\/2024\/08\/Brest.jpg\" alt=\"\">\n\n\n\n\n\n    <\/li>\n        <li>\n\n        <img decoding=\"async\" src=\"\/wp-content\/uploads\/2024\/06\/ipiccy_image2-1.jpg\" alt=\"\">\n\n\n\n\n\n    <\/li>\n    <\/ul>\n\n<!-- {\"type\":\"layout\",\"children\":[{\"type\":\"section\",\"props\":{\"style\":\"default\",\"width\":\"default\",\"vertical_align\":\"middle\",\"title_position\":\"top-left\",\"title_rotation\":\"left\",\"title_breakpoint\":\"xl\",\"image_position\":\"center-center\"},\"children\":[{\"type\":\"row\",\"children\":[{\"type\":\"column\",\"props\":{\"image_position\":\"center-center\",\"media_overlay_gradient\":\"\"},\"children\":[{\"type\":\"text\",\"props\":{\"margin\":\"default\",\"column_breakpoint\":\"m\",\"content\":\"<h3><strong>REJOIGNEZ-NOUS!<\\\/strong><\\\/h3>\"}},{\"type\":\"text\",\"props\":{\"margin\":\"default\",\"column_breakpoint\":\"m\",\"content\":\"<p><!-- wp:paragraph --><\\\/p>\\n<p><strong>Le 01\\\/08\\\/2024:<\\\/strong><\\\/p>\\n<p><!-- \\\/wp:paragraph --> <!-- wp:paragraph --><\\\/p>\\n<p><strong>Dans le cadre d&rsquo;une ouverture d&rsquo;agence \\u00e0 PLABENNEC, Solaire Avantages recrute <em>2 Technicien(ne)s Photovolta\\u00efques<\\\/em>:<\\\/strong><\\\/p>\\n<p><!-- \\\/wp:paragraph --><\\\/p>\u00ab\u00a0}},{\u00ab\u00a0type\u00a0\u00bb:\u00a0\u00bbtext\u00a0\u00bb,\u00a0\u00bbprops\u00a0\u00bb:{\u00ab\u00a0margin\u00a0\u00bb:\u00a0\u00bbdefault\u00a0\u00bb,\u00a0\u00bbcolumn_breakpoint\u00a0\u00bb:\u00a0\u00bbm\u00a0\u00bb,\u00a0\u00bbcontent\u00a0\u00bb:\u00a0\u00bb<ul id=\\\"block-9d11f5f0-7cce-4641-9295-8f9abb2e6244\\\" class=\\\"block-editor-rich-text__editable block-editor-block-list__block wp-block is-selected rich-text\\\" tabindex=\\\"0\\\" role=\\\"group\\\" contenteditable=\\\"true\\\" aria-multiline=\\\"true\\\" aria-label=\\\"Bloc\\u00a0: Liste\\\" data-block=\\\"9d11f5f0-7cce-4641-9295-8f9abb2e6244\\\" data-type=\\\"core\\\/list\\\" data-title=\\\"Liste\\\">\\n<li>1 poste \\u00e0 PLOUESCAT, 1 poste \\u00e0 PLABENNEC<\\\/li>\\n<li>Profil: Couvreur, Electricien, D\\u00e9butant -&gt; Formation en interne<\\\/li>\\n<li>Prise de poste: Septembre 2024<\\\/li>\\n<li>Pose de panneaux photovolta\\u00efques sur tout type de toiture: ardoise, toit plat: membrane.., bac acier et \\u00e9vrites<\\\/li>\\n<li>Partie \\u00e9lectrique<\\\/li>\\n<li>Pr\\u00e9paration de chantiers \\u00e0 l&rsquo;atelier<\\\/li>\\n<li>Chantiers \\u00e0 30km autour de l&rsquo;entreprise<\\\/li>\\n<li>&#8230;<\\\/li>\\n<\\\/ul>\u00ab\u00a0}},{\u00ab\u00a0type\u00a0\u00bb:\u00a0\u00bbtext\u00a0\u00bb,\u00a0\u00bbprops\u00a0\u00bb:{\u00ab\u00a0margin\u00a0\u00bb:\u00a0\u00bbdefault\u00a0\u00bb,\u00a0\u00bbcolumn_breakpoint\u00a0\u00bb:\u00a0\u00bbm\u00a0\u00bb,\u00a0\u00bbcontent\u00a0\u00bb:\u00a0\u00bb<p><!-- wp:paragraph --><\\\/p>\\n<p><strong>Merci de nous envoyer un CV \\u00e0 solaire-avantages@orange.fr<\\\/strong><\\\/p>\\n<p><!-- \\\/wp:paragraph --> <!-- wp:paragraph --><\\\/p>\\n<p>Nous vous contacterons \\u00e0 notre reprise fin Ao\\u00fbt.<\\\/p>\\n<p><!-- \\\/wp:paragraph --> <!-- wp:paragraph --><\\\/p>\\n<p>Bel \\u00e9t\\u00e9 (ensoleill\\u00e9)!<\\\/p>\\n<p><!-- \\\/wp:paragraph --><\\\/p>\u00ab\u00a0}},{\u00ab\u00a0type\u00a0\u00bb:\u00a0\u00bbimage\u00a0\u00bb,\u00a0\u00bbprops\u00a0\u00bb:{\u00ab\u00a0margin\u00a0\u00bb:\u00a0\u00bblarge\u00a0\u00bb,\u00a0\u00bbimage_svg_color\u00a0\u00bb:\u00a0\u00bbemphasis\u00a0\u00bb,\u00a0\u00bbimage\u00a0\u00bb:\u00a0\u00bbwp-content\\\/uploads\\\/2024\\\/08\\\/Recrutement-techniciens-2.jpg\u00a0\u00bb,\u00a0\u00bbmaxwidth\u00a0\u00bb:\u00a0\u00bblarge\u00a0\u00bb,\u00a0\u00bbblock_align\u00a0\u00bb:\u00a0\u00bbcenter\u00a0\u00bb}},{\u00ab\u00a0type\u00a0\u00bb:\u00a0\u00bbgallery\u00a0\u00bb,\u00a0\u00bbprops\u00a0\u00bb:{\u00ab\u00a0show_title\u00a0\u00bb:true,\u00a0\u00bbshow_meta\u00a0\u00bb:true,\u00a0\u00bbshow_content\u00a0\u00bb:true,\u00a0\u00bbshow_link\u00a0\u00bb:true,\u00a0\u00bbshow_hover_image\u00a0\u00bb:true,\u00a0\u00bbgrid_default\u00a0\u00bb:\u00a0\u00bb1&Prime;,\u00a0\u00bbgrid_medium\u00a0\u00bb:\u00a0\u00bb3&Prime;,\u00a0\u00bbfilter_style\u00a0\u00bb:\u00a0\u00bbtab\u00a0\u00bb,\u00a0\u00bbfilter_all\u00a0\u00bb:true,\u00a0\u00bbfilter_position\u00a0\u00bb:\u00a0\u00bbtop\u00a0\u00bb,\u00a0\u00bbfilter_align\u00a0\u00bb:\u00a0\u00bbleft\u00a0\u00bb,\u00a0\u00bbfilter_grid_width\u00a0\u00bb:\u00a0\u00bbauto\u00a0\u00bb,\u00a0\u00bbfilter_grid_breakpoint\u00a0\u00bb:\u00a0\u00bbm\u00a0\u00bb,\u00a0\u00bboverlay_mode\u00a0\u00bb:\u00a0\u00bbcover\u00a0\u00bb,\u00a0\u00bboverlay_hover\u00a0\u00bb:true,\u00a0\u00bboverlay_style\u00a0\u00bb:\u00a0\u00bboverlay-primary\u00a0\u00bb,\u00a0\u00bbtext_color\u00a0\u00bb:\u00a0\u00bblight\u00a0\u00bb,\u00a0\u00bboverlay_position\u00a0\u00bb:\u00a0\u00bbcenter\u00a0\u00bb,\u00a0\u00bboverlay_transition\u00a0\u00bb:\u00a0\u00bbfade\u00a0\u00bb,\u00a0\u00bbtitle_hover_style\u00a0\u00bb:\u00a0\u00bbreset\u00a0\u00bb,\u00a0\u00bbtitle_element\u00a0\u00bb:\u00a0\u00bbh3&Prime;,\u00a0\u00bbmeta_style\u00a0\u00bb:\u00a0\u00bbmeta\u00a0\u00bb,\u00a0\u00bbmeta_align\u00a0\u00bb:\u00a0\u00bbbelow-title\u00a0\u00bb,\u00a0\u00bbmeta_element\u00a0\u00bb:\u00a0\u00bbdiv\u00a0\u00bb,\u00a0\u00bblink_text\u00a0\u00bb:\u00a0\u00bbRead more\u00a0\u00bb,\u00a0\u00bblink_style\u00a0\u00bb:\u00a0\u00bbdefault\u00a0\u00bb,\u00a0\u00bbtext_align\u00a0\u00bb:\u00a0\u00bbcenter\u00a0\u00bb,\u00a0\u00bbmargin\u00a0\u00bb:\u00a0\u00bbdefault\u00a0\u00bb,\u00a0\u00bbitem_animation\u00a0\u00bb:\u00a0\u00bb\u00a0\u00bb},\u00a0\u00bbchildren\u00a0\u00bb:[{\u00ab\u00a0type\u00a0\u00bb:\u00a0\u00bbgallery_item\u00a0\u00bb,\u00a0\u00bbprops\u00a0\u00bb:{\u00ab\u00a0image\u00a0\u00bb:\u00a0\u00bbwp-content\\\/uploads\\\/2024\\\/03\\\/ipiccy_image-3.jpg\u00a0\u00bb}},{\u00ab\u00a0type\u00a0\u00bb:\u00a0\u00bbgallery_item\u00a0\u00bb,\u00a0\u00bbprops\u00a0\u00bb:{\u00ab\u00a0image\u00a0\u00bb:\u00a0\u00bbwp-content\\\/uploads\\\/2024\\\/08\\\/Brest.jpg\u00a0\u00bb}},{\u00ab\u00a0type\u00a0\u00bb:\u00a0\u00bbgallery_item\u00a0\u00bb,\u00a0\u00bbprops\u00a0\u00bb:{\u00ab\u00a0image\u00a0\u00bb:\u00a0\u00bbwp-content\\\/uploads\\\/2024\\\/06\\\/ipiccy_image2-1.jpg\u00a0\u00bb}}]}]}]}]}],\u00a0\u00bbversion\u00a0\u00bb:\u00a0\u00bb2.3.25&Prime;} &#8211;><!-- \/wp:post-content --><\\\/p>\\n<p><strong>Dans le cadre d&rsquo;une ouverture d&rsquo;agence \\u00e0 PLABENNEC, Solaire Avantages recrute <em>2 Technicien(ne)s Photovolta\\u00efques<\\\/em>:<\\\/strong><\\\/p>\\n<p><!-- \\\/wp:paragraph --><\\\/p>\u00ab\u00a0}},{\u00ab\u00a0type\u00a0\u00bb:\u00a0\u00bbtext\u00a0\u00bb,\u00a0\u00bbprops\u00a0\u00bb:{\u00ab\u00a0margin\u00a0\u00bb:\u00a0\u00bbdefault\u00a0\u00bb,\u00a0\u00bbcolumn_breakpoint\u00a0\u00bb:\u00a0\u00bbm\u00a0\u00bb,\u00a0\u00bbcontent\u00a0\u00bb:\u00a0\u00bb<ul id=\\\"block-9d11f5f0-7cce-4641-9295-8f9abb2e6244\\\" class=\\\"block-editor-rich-text__editable block-editor-block-list__block wp-block is-selected rich-text\\\" tabindex=\\\"0\\\" role=\\\"group\\\" contenteditable=\\\"true\\\" aria-multiline=\\\"true\\\" aria-label=\\\"Bloc\\u00a0: Liste\\\" data-block=\\\"9d11f5f0-7cce-4641-9295-8f9abb2e6244\\\" data-type=\\\"core\\\/list\\\" data-title=\\\"Liste\\\">\\n<li>1 poste \\u00e0 PLOUESCAT, 1 poste \\u00e0 PLABENNEC<\\\/li>\\n<li>Profil: Couvreur, Electricien, D\\u00e9butant -&gt; Formation en interne<\\\/li>\\n<li>Prise de poste: Septembre 2024<\\\/li>\\n<li>Pose de panneaux photovolta\\u00efques sur tout type de toiture: ardoise, toit plat: membrane.., bac acier et \\u00e9vrites<\\\/li>\\n<li>Partie \\u00e9lectrique<\\\/li>\\n<li>Pr\\u00e9paration de chantiers \\u00e0 l&rsquo;atelier<\\\/li>\\n<li>Chantiers \\u00e0 30km autour de l&rsquo;entreprise<\\\/li>\\n<li>&#8230;<\\\/li>\\n<\\\/ul>\u00ab\u00a0}},{\u00ab\u00a0type\u00a0\u00bb:\u00a0\u00bbtext\u00a0\u00bb,\u00a0\u00bbprops\u00a0\u00bb:{\u00ab\u00a0margin\u00a0\u00bb:\u00a0\u00bbdefault\u00a0\u00bb,\u00a0\u00bbcolumn_breakpoint\u00a0\u00bb:\u00a0\u00bbm\u00a0\u00bb,\u00a0\u00bbcontent\u00a0\u00bb:\u00a0\u00bb<p><\\\/p>\\n<p><strong>Merci de nous envoyer un CV \\u00e0 solaire-avantages@orange.fr<\\\/strong><\\\/p>\\n<p><!-- \\\/wp:paragraph --> <\\\/p>\\n<p>Nous vous contacterons \\u00e0 notre reprise fin Ao\\u00fbt.<\\\/p>\\n<p><!-- \\\/wp:paragraph --> <\\\/p>\\n<p>Bel \\u00e9t\\u00e9 (ensoleill\\u00e9)!<\\\/p>\\n<p><!-- \\\/wp:paragraph --><\\\/p>\u00ab\u00a0}},{\u00ab\u00a0type\u00a0\u00bb:\u00a0\u00bbimage\u00a0\u00bb,\u00a0\u00bbprops\u00a0\u00bb:{\u00ab\u00a0margin\u00a0\u00bb:\u00a0\u00bblarge\u00a0\u00bb,\u00a0\u00bbimage_svg_color\u00a0\u00bb:\u00a0\u00bbemphasis\u00a0\u00bb,\u00a0\u00bbimage\u00a0\u00bb:\u00a0\u00bbwp-content\\\/uploads\\\/2024\\\/08\\\/Recrutement-techniciens-2.jpg\u00a0\u00bb,\u00a0\u00bbmaxwidth\u00a0\u00bb:\u00a0\u00bblarge\u00a0\u00bb,\u00a0\u00bbblock_align\u00a0\u00bb:\u00a0\u00bbcenter\u00a0\u00bb}},{\u00ab\u00a0type\u00a0\u00bb:\u00a0\u00bbgallery\u00a0\u00bb,\u00a0\u00bbprops\u00a0\u00bb:{\u00ab\u00a0show_title\u00a0\u00bb:true,\u00a0\u00bbshow_meta\u00a0\u00bb:true,\u00a0\u00bbshow_content\u00a0\u00bb:true,\u00a0\u00bbshow_link\u00a0\u00bb:true,\u00a0\u00bbshow_hover_image\u00a0\u00bb:true,\u00a0\u00bbgrid_default\u00a0\u00bb:\u00a0\u00bb1&Prime;,\u00a0\u00bbgrid_medium\u00a0\u00bb:\u00a0\u00bb3&Prime;,\u00a0\u00bbfilter_style\u00a0\u00bb:\u00a0\u00bbtab\u00a0\u00bb,\u00a0\u00bbfilter_all\u00a0\u00bb:true,\u00a0\u00bbfilter_position\u00a0\u00bb:\u00a0\u00bbtop\u00a0\u00bb,\u00a0\u00bbfilter_align\u00a0\u00bb:\u00a0\u00bbleft\u00a0\u00bb,\u00a0\u00bbfilter_grid_width\u00a0\u00bb:\u00a0\u00bbauto\u00a0\u00bb,\u00a0\u00bbfilter_grid_breakpoint\u00a0\u00bb:\u00a0\u00bbm\u00a0\u00bb,\u00a0\u00bboverlay_mode\u00a0\u00bb:\u00a0\u00bbcover\u00a0\u00bb,\u00a0\u00bboverlay_hover\u00a0\u00bb:true,\u00a0\u00bboverlay_style\u00a0\u00bb:\u00a0\u00bboverlay-primary\u00a0\u00bb,\u00a0\u00bbtext_color\u00a0\u00bb:\u00a0\u00bblight\u00a0\u00bb,\u00a0\u00bboverlay_position\u00a0\u00bb:\u00a0\u00bbcenter\u00a0\u00bb,\u00a0\u00bboverlay_transition\u00a0\u00bb:\u00a0\u00bbfade\u00a0\u00bb,\u00a0\u00bbtitle_hover_style\u00a0\u00bb:\u00a0\u00bbreset\u00a0\u00bb,\u00a0\u00bbtitle_element\u00a0\u00bb:\u00a0\u00bbh3&Prime;,\u00a0\u00bbmeta_style\u00a0\u00bb:\u00a0\u00bbmeta\u00a0\u00bb,\u00a0\u00bbmeta_align\u00a0\u00bb:\u00a0\u00bbbelow-title\u00a0\u00bb,\u00a0\u00bbmeta_element\u00a0\u00bb:\u00a0\u00bbdiv\u00a0\u00bb,\u00a0\u00bblink_text\u00a0\u00bb:\u00a0\u00bbRead more\u00a0\u00bb,\u00a0\u00bblink_style\u00a0\u00bb:\u00a0\u00bbdefault\u00a0\u00bb,\u00a0\u00bbtext_align\u00a0\u00bb:\u00a0\u00bbcenter\u00a0\u00bb,\u00a0\u00bbmargin\u00a0\u00bb:\u00a0\u00bbdefault\u00a0\u00bb,\u00a0\u00bbitem_animation\u00a0\u00bb:\u00a0\u00bb\u00a0\u00bb},\u00a0\u00bbchildren\u00a0\u00bb:[{\u00ab\u00a0type\u00a0\u00bb:\u00a0\u00bbgallery_item\u00a0\u00bb,\u00a0\u00bbprops\u00a0\u00bb:{\u00ab\u00a0image\u00a0\u00bb:\u00a0\u00bbwp-content\\\/uploads\\\/2024\\\/03\\\/ipiccy_image-3.jpg\u00a0\u00bb}},{\u00ab\u00a0type\u00a0\u00bb:\u00a0\u00bbgallery_item\u00a0\u00bb,\u00a0\u00bbprops\u00a0\u00bb:{\u00ab\u00a0image\u00a0\u00bb:\u00a0\u00bbwp-content\\\/uploads\\\/2024\\\/08\\\/Brest.jpg\u00a0\u00bb}},{\u00ab\u00a0type\u00a0\u00bb:\u00a0\u00bbgallery_item\u00a0\u00bb,\u00a0\u00bbprops\u00a0\u00bb:{\u00ab\u00a0image\u00a0\u00bb:\u00a0\u00bbwp-content\\\/uploads\\\/2024\\\/06\\\/ipiccy_image2-1.jpg\u00a0\u00bb}}]}]}]}]}],\u00a0\u00bbversion\u00a0\u00bb:\u00a0\u00bb2.3.25&Prime;} &#8211;><\\\/p>\\n<p><strong>Le 01\\\/08\\\/2024:<\\\/strong><\\\/p>\\n<p><!-- \\\/wp:paragraph --> <!-- wp:paragraph --><\\\/p>\\n<p><strong>Dans le cadre d&rsquo;une ouverture d&rsquo;agence \\u00e0 PLABENNEC, Solaire Avantages recrute <em>2 Technicien(ne)s Photovolta\\u00efques<\\\/em>:<\\\/strong><\\\/p>\\n<p><!-- \\\/wp:paragraph --><\\\/p>\u00ab\u00a0}},{\u00ab\u00a0type\u00a0\u00bb:\u00a0\u00bbtext\u00a0\u00bb,\u00a0\u00bbprops\u00a0\u00bb:{\u00ab\u00a0margin\u00a0\u00bb:\u00a0\u00bbdefault\u00a0\u00bb,\u00a0\u00bbcolumn_breakpoint\u00a0\u00bb:\u00a0\u00bbm\u00a0\u00bb,\u00a0\u00bbcontent\u00a0\u00bb:\u00a0\u00bb<ul id=\\\"block-9d11f5f0-7cce-4641-9295-8f9abb2e6244\\\" class=\\\"block-editor-rich-text__editable block-editor-block-list__block wp-block is-selected rich-text\\\" tabindex=\\\"0\\\" role=\\\"group\\\" contenteditable=\\\"true\\\" aria-multiline=\\\"true\\\" aria-label=\\\"Bloc\\u00a0: Liste\\\" data-block=\\\"9d11f5f0-7cce-4641-9295-8f9abb2e6244\\\" data-type=\\\"core\\\/list\\\" data-title=\\\"Liste\\\">\\n<li>1 poste \\u00e0 PLOUESCAT, 1 poste \\u00e0 PLABENNEC<\\\/li>\\n<li>Profil: Couvreur, Electricien, D\\u00e9butant -&gt; Formation en interne<\\\/li>\\n<li>Prise de poste: Septembre 2024<\\\/li>\\n<li>Pose de panneaux photovolta\\u00efques sur tout type de toiture: ardoise, toit plat: membrane.., bac acier et \\u00e9vrites<\\\/li>\\n<li>Partie \\u00e9lectrique<\\\/li>\\n<li>Pr\\u00e9paration de chantiers \\u00e0 l&rsquo;atelier<\\\/li>\\n<li>Chantiers \\u00e0 30km autour de l&rsquo;entreprise<\\\/li>\\n<li>&#8230;<\\\/li>\\n<\\\/ul>\u00ab\u00a0}},{\u00ab\u00a0type\u00a0\u00bb:\u00a0\u00bbtext\u00a0\u00bb,\u00a0\u00bbprops\u00a0\u00bb:{\u00ab\u00a0margin\u00a0\u00bb:\u00a0\u00bbdefault\u00a0\u00bb,\u00a0\u00bbcolumn_breakpoint\u00a0\u00bb:\u00a0\u00bbm\u00a0\u00bb,\u00a0\u00bbcontent\u00a0\u00bb:\u00a0\u00bb<p><!-- wp:paragraph --><\\\/p>\\n<p><strong>Merci de nous envoyer un CV \\u00e0 solaire-avantages@orange.fr<\\\/strong><\\\/p>\\n<p><!-- \\\/wp:paragraph --> <!-- wp:paragraph --><\\\/p>\\n<p>Nous vous contacterons \\u00e0 notre reprise fin Ao\\u00fbt.<\\\/p>\\n<p><!-- \\\/wp:paragraph --> <!-- wp:paragraph --><\\\/p>\\n<p>Bel \\u00e9t\\u00e9 (ensoleill\\u00e9)!<\\\/p>\\n<p><!-- \\\/wp:paragraph --><\\\/p>\u00ab\u00a0}},{\u00ab\u00a0type\u00a0\u00bb:\u00a0\u00bbimage\u00a0\u00bb,\u00a0\u00bbprops\u00a0\u00bb:{\u00ab\u00a0margin\u00a0\u00bb:\u00a0\u00bblarge\u00a0\u00bb,\u00a0\u00bbimage_svg_color\u00a0\u00bb:\u00a0\u00bbemphasis\u00a0\u00bb,\u00a0\u00bbimage\u00a0\u00bb:\u00a0\u00bbwp-content\\\/uploads\\\/2024\\\/08\\\/Recrutement-techniciens-2.jpg\u00a0\u00bb,\u00a0\u00bbmaxwidth\u00a0\u00bb:\u00a0\u00bblarge\u00a0\u00bb,\u00a0\u00bbblock_align\u00a0\u00bb:\u00a0\u00bbcenter\u00a0\u00bb}},{\u00ab\u00a0type\u00a0\u00bb:\u00a0\u00bbgallery\u00a0\u00bb,\u00a0\u00bbprops\u00a0\u00bb:{\u00ab\u00a0show_title\u00a0\u00bb:true,\u00a0\u00bbshow_meta\u00a0\u00bb:true,\u00a0\u00bbshow_content\u00a0\u00bb:true,\u00a0\u00bbshow_link\u00a0\u00bb:true,\u00a0\u00bbshow_hover_image\u00a0\u00bb:true,\u00a0\u00bbgrid_default\u00a0\u00bb:\u00a0\u00bb1&Prime;,\u00a0\u00bbgrid_medium\u00a0\u00bb:\u00a0\u00bb3&Prime;,\u00a0\u00bbfilter_style\u00a0\u00bb:\u00a0\u00bbtab\u00a0\u00bb,\u00a0\u00bbfilter_all\u00a0\u00bb:true,\u00a0\u00bbfilter_position\u00a0\u00bb:\u00a0\u00bbtop\u00a0\u00bb,\u00a0\u00bbfilter_align\u00a0\u00bb:\u00a0\u00bbleft\u00a0\u00bb,\u00a0\u00bbfilter_grid_width\u00a0\u00bb:\u00a0\u00bbauto\u00a0\u00bb,\u00a0\u00bbfilter_grid_breakpoint\u00a0\u00bb:\u00a0\u00bbm\u00a0\u00bb,\u00a0\u00bboverlay_mode\u00a0\u00bb:\u00a0\u00bbcover\u00a0\u00bb,\u00a0\u00bboverlay_hover\u00a0\u00bb:true,\u00a0\u00bboverlay_style\u00a0\u00bb:\u00a0\u00bboverlay-primary\u00a0\u00bb,\u00a0\u00bbtext_color\u00a0\u00bb:\u00a0\u00bblight\u00a0\u00bb,\u00a0\u00bboverlay_position\u00a0\u00bb:\u00a0\u00bbcenter\u00a0\u00bb,\u00a0\u00bboverlay_transition\u00a0\u00bb:\u00a0\u00bbfade\u00a0\u00bb,\u00a0\u00bbtitle_hover_style\u00a0\u00bb:\u00a0\u00bbreset\u00a0\u00bb,\u00a0\u00bbtitle_element\u00a0\u00bb:\u00a0\u00bbh3&Prime;,\u00a0\u00bbmeta_style\u00a0\u00bb:\u00a0\u00bbmeta\u00a0\u00bb,\u00a0\u00bbmeta_align\u00a0\u00bb:\u00a0\u00bbbelow-title\u00a0\u00bb,\u00a0\u00bbmeta_element\u00a0\u00bb:\u00a0\u00bbdiv\u00a0\u00bb,\u00a0\u00bblink_text\u00a0\u00bb:\u00a0\u00bbRead more\u00a0\u00bb,\u00a0\u00bblink_style\u00a0\u00bb:\u00a0\u00bbdefault\u00a0\u00bb,\u00a0\u00bbtext_align\u00a0\u00bb:\u00a0\u00bbcenter\u00a0\u00bb,\u00a0\u00bbmargin\u00a0\u00bb:\u00a0\u00bbdefault\u00a0\u00bb,\u00a0\u00bbitem_animation\u00a0\u00bb:\u00a0\u00bb\u00a0\u00bb},\u00a0\u00bbchildren\u00a0\u00bb:[{\u00ab\u00a0type\u00a0\u00bb:\u00a0\u00bbgallery_item\u00a0\u00bb,\u00a0\u00bbprops\u00a0\u00bb:{\u00ab\u00a0image\u00a0\u00bb:\u00a0\u00bbwp-content\\\/uploads\\\/2024\\\/03\\\/ipiccy_image-3.jpg\u00a0\u00bb}},{\u00ab\u00a0type\u00a0\u00bb:\u00a0\u00bbgallery_item\u00a0\u00bb,\u00a0\u00bbprops\u00a0\u00bb:{\u00ab\u00a0image\u00a0\u00bb:\u00a0\u00bbwp-content\\\/uploads\\\/2024\\\/08\\\/Brest.jpg\u00a0\u00bb}},{\u00ab\u00a0type\u00a0\u00bb:\u00a0\u00bbgallery_item\u00a0\u00bb,\u00a0\u00bbprops\u00a0\u00bb:{\u00ab\u00a0image\u00a0\u00bb:\u00a0\u00bbwp-content\\\/uploads\\\/2024\\\/06\\\/ipiccy_image2-1.jpg\u00a0\u00bb}}]}]}]}]}],\u00a0\u00bbversion\u00a0\u00bb:\u00a0\u00bb2.3.25&Prime;} &#8211;><!-- \/wp:post-content --><!-- \/wp:paragraph --><\/p><\/div>\n<img decoding=\"async\" src=\"\/wp-content\/uploads\/2024\/08\/Recrutement-techniciens-2.jpg\" alt=\"\">\n<ul>\n        <li>\n\n        <img decoding=\"async\" src=\"\/wp-content\/uploads\/2024\/03\/ipiccy_image-3.jpg\" alt=\"\">\n\n\n\n\n\n    <\/li>\n        <li>\n\n        <img decoding=\"async\" src=\"\/wp-content\/uploads\/2024\/08\/Brest.jpg\" alt=\"\">\n\n\n\n\n\n    <\/li>\n        <li>\n\n        <img decoding=\"async\" src=\"\/wp-content\/uploads\/2024\/06\/ipiccy_image2-1.jpg\" alt=\"\">\n\n\n\n\n\n    <\/li>\n    <\/ul>\n\n<!-- {\"type\":\"layout\",\"children\":[{\"type\":\"section\",\"props\":{\"style\":\"default\",\"width\":\"default\",\"vertical_align\":\"middle\",\"title_position\":\"top-left\",\"title_rotation\":\"left\",\"title_breakpoint\":\"xl\",\"image_position\":\"center-center\"},\"children\":[{\"type\":\"row\",\"children\":[{\"type\":\"column\",\"props\":{\"image_position\":\"center-center\",\"media_overlay_gradient\":\"\"},\"children\":[{\"type\":\"text\",\"props\":{\"margin\":\"default\",\"column_breakpoint\":\"m\",\"content\":\"<h3><strong>REJOIGNEZ-NOUS!<\\\/strong><\\\/h3>\"}},{\"type\":\"text\",\"props\":{\"margin\":\"default\",\"column_breakpoint\":\"m\",\"content\":\"<p><!-- wp:paragraph --><\\\/p>\\n<p><strong>Le 01\\\/08\\\/2024:<\\\/strong><\\\/p>\\n<p><!-- \\\/wp:paragraph --> <!-- wp:paragraph --><\\\/p>\\n<p><strong>Dans le cadre d&rsquo;une ouverture d&rsquo;agence \\u00e0 PLABENNEC, Solaire Avantages recrute <em>2 Technicien(ne)s Photovolta\\u00efques<\\\/em>:<\\\/strong><\\\/p>\\n<p><!-- \\\/wp:paragraph --><\\\/p>\u00ab\u00a0}},{\u00ab\u00a0type\u00a0\u00bb:\u00a0\u00bbtext\u00a0\u00bb,\u00a0\u00bbprops\u00a0\u00bb:{\u00ab\u00a0margin\u00a0\u00bb:\u00a0\u00bbdefault\u00a0\u00bb,\u00a0\u00bbcolumn_breakpoint\u00a0\u00bb:\u00a0\u00bbm\u00a0\u00bb,\u00a0\u00bbcontent\u00a0\u00bb:\u00a0\u00bb<ul id=\\\"block-9d11f5f0-7cce-4641-9295-8f9abb2e6244\\\" class=\\\"block-editor-rich-text__editable block-editor-block-list__block wp-block is-selected rich-text\\\" tabindex=\\\"0\\\" role=\\\"group\\\" contenteditable=\\\"true\\\" aria-multiline=\\\"true\\\" aria-label=\\\"Bloc\\u00a0: Liste\\\" data-block=\\\"9d11f5f0-7cce-4641-9295-8f9abb2e6244\\\" data-type=\\\"core\\\/list\\\" data-title=\\\"Liste\\\">\\n<li>1 poste \\u00e0 PLOUESCAT, 1 poste \\u00e0 PLABENNEC<\\\/li>\\n<li>Profil: Couvreur, Electricien, D\\u00e9butant -&gt; Formation en interne<\\\/li>\\n<li>Prise de poste: Septembre 2024<\\\/li>\\n<li>Pose de panneaux photovolta\\u00efques sur tout type de toiture: ardoise, toit plat: membrane.., bac acier et \\u00e9vrites<\\\/li>\\n<li>Partie \\u00e9lectrique<\\\/li>\\n<li>Pr\\u00e9paration de chantiers \\u00e0 l&rsquo;atelier<\\\/li>\\n<li>Chantiers \\u00e0 30km autour de l&rsquo;entreprise<\\\/li>\\n<li>&#8230;<\\\/li>\\n<\\\/ul>\u00ab\u00a0}},{\u00ab\u00a0type\u00a0\u00bb:\u00a0\u00bbtext\u00a0\u00bb,\u00a0\u00bbprops\u00a0\u00bb:{\u00ab\u00a0margin\u00a0\u00bb:\u00a0\u00bbdefault\u00a0\u00bb,\u00a0\u00bbcolumn_breakpoint\u00a0\u00bb:\u00a0\u00bbm\u00a0\u00bb,\u00a0\u00bbcontent\u00a0\u00bb:\u00a0\u00bb<p><!-- wp:paragraph --><\\\/p>\\n<p><strong>Merci de nous envoyer un CV \\u00e0 solaire-avantages@orange.fr<\\\/strong><\\\/p>\\n<p><!-- \\\/wp:paragraph --> <!-- wp:paragraph --><\\\/p>\\n<p>Nous vous contacterons \\u00e0 notre reprise fin Ao\\u00fbt.<\\\/p>\\n<p><!-- \\\/wp:paragraph --> <!-- wp:paragraph --><\\\/p>\\n<p>Bel \\u00e9t\\u00e9 (ensoleill\\u00e9)!<\\\/p>\\n<p><!-- \\\/wp:paragraph --><\\\/p>\u00ab\u00a0}},{\u00ab\u00a0type\u00a0\u00bb:\u00a0\u00bbimage\u00a0\u00bb,\u00a0\u00bbprops\u00a0\u00bb:{\u00ab\u00a0margin\u00a0\u00bb:\u00a0\u00bblarge\u00a0\u00bb,\u00a0\u00bbimage_svg_color\u00a0\u00bb:\u00a0\u00bbemphasis\u00a0\u00bb,\u00a0\u00bbimage\u00a0\u00bb:\u00a0\u00bbwp-content\\\/uploads\\\/2024\\\/08\\\/Recrutement-techniciens-2.jpg\u00a0\u00bb,\u00a0\u00bbmaxwidth\u00a0\u00bb:\u00a0\u00bblarge\u00a0\u00bb,\u00a0\u00bbblock_align\u00a0\u00bb:\u00a0\u00bbcenter\u00a0\u00bb}},{\u00ab\u00a0type\u00a0\u00bb:\u00a0\u00bbgallery\u00a0\u00bb,\u00a0\u00bbprops\u00a0\u00bb:{\u00ab\u00a0show_title\u00a0\u00bb:true,\u00a0\u00bbshow_meta\u00a0\u00bb:true,\u00a0\u00bbshow_content\u00a0\u00bb:true,\u00a0\u00bbshow_link\u00a0\u00bb:true,\u00a0\u00bbshow_hover_image\u00a0\u00bb:true,\u00a0\u00bbgrid_default\u00a0\u00bb:\u00a0\u00bb1&Prime;,\u00a0\u00bbgrid_medium\u00a0\u00bb:\u00a0\u00bb3&Prime;,\u00a0\u00bbfilter_style\u00a0\u00bb:\u00a0\u00bbtab\u00a0\u00bb,\u00a0\u00bbfilter_all\u00a0\u00bb:true,\u00a0\u00bbfilter_position\u00a0\u00bb:\u00a0\u00bbtop\u00a0\u00bb,\u00a0\u00bbfilter_align\u00a0\u00bb:\u00a0\u00bbleft\u00a0\u00bb,\u00a0\u00bbfilter_grid_width\u00a0\u00bb:\u00a0\u00bbauto\u00a0\u00bb,\u00a0\u00bbfilter_grid_breakpoint\u00a0\u00bb:\u00a0\u00bbm\u00a0\u00bb,\u00a0\u00bboverlay_mode\u00a0\u00bb:\u00a0\u00bbcover\u00a0\u00bb,\u00a0\u00bboverlay_hover\u00a0\u00bb:true,\u00a0\u00bboverlay_style\u00a0\u00bb:\u00a0\u00bboverlay-primary\u00a0\u00bb,\u00a0\u00bbtext_color\u00a0\u00bb:\u00a0\u00bblight\u00a0\u00bb,\u00a0\u00bboverlay_position\u00a0\u00bb:\u00a0\u00bbcenter\u00a0\u00bb,\u00a0\u00bboverlay_transition\u00a0\u00bb:\u00a0\u00bbfade\u00a0\u00bb,\u00a0\u00bbtitle_hover_style\u00a0\u00bb:\u00a0\u00bbreset\u00a0\u00bb,\u00a0\u00bbtitle_element\u00a0\u00bb:\u00a0\u00bbh3&Prime;,\u00a0\u00bbmeta_style\u00a0\u00bb:\u00a0\u00bbmeta\u00a0\u00bb,\u00a0\u00bbmeta_align\u00a0\u00bb:\u00a0\u00bbbelow-title\u00a0\u00bb,\u00a0\u00bbmeta_element\u00a0\u00bb:\u00a0\u00bbdiv\u00a0\u00bb,\u00a0\u00bblink_text\u00a0\u00bb:\u00a0\u00bbRead more\u00a0\u00bb,\u00a0\u00bblink_style\u00a0\u00bb:\u00a0\u00bbdefault\u00a0\u00bb,\u00a0\u00bbtext_align\u00a0\u00bb:\u00a0\u00bbcenter\u00a0\u00bb,\u00a0\u00bbmargin\u00a0\u00bb:\u00a0\u00bbdefault\u00a0\u00bb,\u00a0\u00bbitem_animation\u00a0\u00bb:\u00a0\u00bb\u00a0\u00bb},\u00a0\u00bbchildren\u00a0\u00bb:[{\u00ab\u00a0type\u00a0\u00bb:\u00a0\u00bbgallery_item\u00a0\u00bb,\u00a0\u00bbprops\u00a0\u00bb:{\u00ab\u00a0image\u00a0\u00bb:\u00a0\u00bbwp-content\\\/uploads\\\/2024\\\/03\\\/ipiccy_image-3.jpg\u00a0\u00bb}},{\u00ab\u00a0type\u00a0\u00bb:\u00a0\u00bbgallery_item\u00a0\u00bb,\u00a0\u00bbprops\u00a0\u00bb:{\u00ab\u00a0image\u00a0\u00bb:\u00a0\u00bbwp-content\\\/uploads\\\/2024\\\/08\\\/Brest.jpg\u00a0\u00bb}},{\u00ab\u00a0type\u00a0\u00bb:\u00a0\u00bbgallery_item\u00a0\u00bb,\u00a0\u00bbprops\u00a0\u00bb:{\u00ab\u00a0image\u00a0\u00bb:\u00a0\u00bbwp-content\\\/uploads\\\/2024\\\/06\\\/ipiccy_image2-1.jpg\u00a0\u00bb}}]}]}]}]}],\u00a0\u00bbversion\u00a0\u00bb:\u00a0\u00bb2.3.25&Prime;} &#8211;><!-- \/wp:post-content --><!-- \/wp:paragraph --><!-- wp:post-content --><div><h3><strong>REJOIGNEZ-NOUS!<\/strong><\/h3><\/div>\n<div><p><!-- wp:paragraph --><\/p>\n<p><strong>Le 01\/08\/2024:<\/strong><\/p>\n<p><!-- \/wp:paragraph --> <!-- wp:paragraph --><\/p>\n<p><strong>Dans le cadre d&rsquo;une ouverture d&rsquo;agence \u00e0 PLABENNEC, Solaire Avantages recrute <em>2 Technicien(ne)s Photovolta\u00efques<\/em>:<\/strong><\/p>\n<p><!-- \/wp:paragraph --><\/p><\/div>\n<div><ul id=\"block-9d11f5f0-7cce-4641-9295-8f9abb2e6244\" class=\"block-editor-rich-text__editable block-editor-block-list__block wp-block is-selected rich-text\" tabindex=\"0\" role=\"group\" contenteditable=\"true\" aria-multiline=\"true\" aria-label=\"Bloc\u00a0: Liste\" data-block=\"9d11f5f0-7cce-4641-9295-8f9abb2e6244\" data-type=\"core\/list\" data-title=\"Liste\">\n<li>1 poste \u00e0 PLOUESCAT, 1 poste \u00e0 PLABENNEC<\/li>\n<li>Profil: Couvreur, Electricien, D\u00e9butant -&gt; Formation en interne<\/li>\n<li>Prise de poste: Septembre 2024<\/li>\n<li>Pose de panneaux photovolta\u00efques sur tout type de toiture: ardoise, toit plat: membrane.., bac acier et \u00e9vrites<\/li>\n<li>Partie \u00e9lectrique<\/li>\n<li>Pr\u00e9paration de chantiers \u00e0 l&rsquo;atelier<\/li>\n<li>Chantiers \u00e0 30km autour de l&rsquo;entreprise<\/li>\n<li>&#8230;<\/li>\n<\/ul><\/div>\n<div><p><!-- wp:paragraph --><\/p>\n<p><strong>Merci de nous envoyer un CV \u00e0 solaire-avantages@orange.fr<\/strong><\/p>\n<p><!-- \/wp:paragraph --> <!-- wp:paragraph --><\/p>\n<p>Nous vous contacterons \u00e0 notre reprise fin Ao\u00fbt.<\/p>\n<p><!-- \/wp:paragraph --> <!-- wp:paragraph --><\/p>\n<p>Bel \u00e9t\u00e9 (ensoleill\u00e9)!<\/p>\n<p><!-- \/wp:paragraph --><\/p><\/div>\n<img decoding=\"async\" src=\"\/wp-content\/uploads\/2024\/08\/Recrutement-techniciens-2.jpg\" alt=\"\">\n<ul>\n        <li>\n\n        <img decoding=\"async\" src=\"\/wp-content\/uploads\/2024\/03\/ipiccy_image-3.jpg\" alt=\"\">\n\n\n\n\n\n    <\/li>\n        <li>\n\n        <img decoding=\"async\" src=\"\/wp-content\/uploads\/2024\/08\/Brest.jpg\" alt=\"\">\n\n\n\n\n\n    <\/li>\n        <li>\n\n        <img decoding=\"async\" src=\"\/wp-content\/uploads\/2024\/06\/ipiccy_image2-1.jpg\" alt=\"\">\n\n\n\n\n\n    <\/li>\n    <\/ul>\n\n<!-- {\"type\":\"layout\",\"children\":[{\"type\":\"section\",\"props\":{\"style\":\"default\",\"width\":\"default\",\"vertical_align\":\"middle\",\"title_position\":\"top-left\",\"title_rotation\":\"left\",\"title_breakpoint\":\"xl\",\"image_position\":\"center-center\"},\"children\":[{\"type\":\"row\",\"children\":[{\"type\":\"column\",\"props\":{\"image_position\":\"center-center\",\"media_overlay_gradient\":\"\"},\"children\":[{\"type\":\"text\",\"props\":{\"margin\":\"default\",\"column_breakpoint\":\"m\",\"content\":\"<h3><strong>REJOIGNEZ-NOUS!<\\\/strong><\\\/h3>\"}},{\"type\":\"text\",\"props\":{\"margin\":\"default\",\"column_breakpoint\":\"m\",\"content\":\"<p><!-- wp:paragraph --><\\\/p>\\n<p><strong>Le 01\\\/08\\\/2024:<\\\/strong><\\\/p>\\n<p><!-- \\\/wp:paragraph --> <!-- wp:paragraph --><\\\/p>\\n<p><strong>Dans le cadre d&rsquo;une ouverture d&rsquo;agence \\u00e0 PLABENNEC, Solaire Avantages recrute <em>2 Technicien(ne)s Photovolta\\u00efques<\\\/em>:<\\\/strong><\\\/p>\\n<p><!-- \\\/wp:paragraph --><\\\/p>\u00ab\u00a0}},{\u00ab\u00a0type\u00a0\u00bb:\u00a0\u00bbtext\u00a0\u00bb,\u00a0\u00bbprops\u00a0\u00bb:{\u00ab\u00a0margin\u00a0\u00bb:\u00a0\u00bbdefault\u00a0\u00bb,\u00a0\u00bbcolumn_breakpoint\u00a0\u00bb:\u00a0\u00bbm\u00a0\u00bb,\u00a0\u00bbcontent\u00a0\u00bb:\u00a0\u00bb<ul id=\\\"block-9d11f5f0-7cce-4641-9295-8f9abb2e6244\\\" class=\\\"block-editor-rich-text__editable block-editor-block-list__block wp-block is-selected rich-text\\\" tabindex=\\\"0\\\" role=\\\"group\\\" contenteditable=\\\"true\\\" aria-multiline=\\\"true\\\" aria-label=\\\"Bloc\\u00a0: Liste\\\" data-block=\\\"9d11f5f0-7cce-4641-9295-8f9abb2e6244\\\" data-type=\\\"core\\\/list\\\" data-title=\\\"Liste\\\">\\n<li>1 poste \\u00e0 PLOUESCAT, 1 poste \\u00e0 PLABENNEC<\\\/li>\\n<li>Profil: Couvreur, Electricien, D\\u00e9butant -&gt; Formation en interne<\\\/li>\\n<li>Prise de poste: Septembre 2024<\\\/li>\\n<li>Pose de panneaux photovolta\\u00efques sur tout type de toiture: ardoise, toit plat: membrane.., bac acier et \\u00e9vrites<\\\/li>\\n<li>Partie \\u00e9lectrique<\\\/li>\\n<li>Pr\\u00e9paration de chantiers \\u00e0 l&rsquo;atelier<\\\/li>\\n<li>Chantiers \\u00e0 30km autour de l&rsquo;entreprise<\\\/li>\\n<li>&#8230;<\\\/li>\\n<\\\/ul>\u00ab\u00a0}},{\u00ab\u00a0type\u00a0\u00bb:\u00a0\u00bbtext\u00a0\u00bb,\u00a0\u00bbprops\u00a0\u00bb:{\u00ab\u00a0margin\u00a0\u00bb:\u00a0\u00bbdefault\u00a0\u00bb,\u00a0\u00bbcolumn_breakpoint\u00a0\u00bb:\u00a0\u00bbm\u00a0\u00bb,\u00a0\u00bbcontent\u00a0\u00bb:\u00a0\u00bb<p><!-- wp:paragraph --><\\\/p>\\n<p><strong>Merci de nous envoyer un CV \\u00e0 solaire-avantages@orange.fr<\\\/strong><\\\/p>\\n<p><!-- \\\/wp:paragraph --> <!-- wp:paragraph --><\\\/p>\\n<p>Nous vous contacterons \\u00e0 notre reprise fin Ao\\u00fbt.<\\\/p>\\n<p><!-- \\\/wp:paragraph --> <!-- wp:paragraph --><\\\/p>\\n<p>Bel \\u00e9t\\u00e9 (ensoleill\\u00e9)!<\\\/p>\\n<p><!-- \\\/wp:paragraph --><\\\/p>\u00ab\u00a0}},{\u00ab\u00a0type\u00a0\u00bb:\u00a0\u00bbimage\u00a0\u00bb,\u00a0\u00bbprops\u00a0\u00bb:{\u00ab\u00a0margin\u00a0\u00bb:\u00a0\u00bblarge\u00a0\u00bb,\u00a0\u00bbimage_svg_color\u00a0\u00bb:\u00a0\u00bbemphasis\u00a0\u00bb,\u00a0\u00bbimage\u00a0\u00bb:\u00a0\u00bbwp-content\\\/uploads\\\/2024\\\/08\\\/Recrutement-techniciens-2.jpg\u00a0\u00bb,\u00a0\u00bbmaxwidth\u00a0\u00bb:\u00a0\u00bblarge\u00a0\u00bb,\u00a0\u00bbblock_align\u00a0\u00bb:\u00a0\u00bbcenter\u00a0\u00bb}},{\u00ab\u00a0type\u00a0\u00bb:\u00a0\u00bbgallery\u00a0\u00bb,\u00a0\u00bbprops\u00a0\u00bb:{\u00ab\u00a0show_title\u00a0\u00bb:true,\u00a0\u00bbshow_meta\u00a0\u00bb:true,\u00a0\u00bbshow_content\u00a0\u00bb:true,\u00a0\u00bbshow_link\u00a0\u00bb:true,\u00a0\u00bbshow_hover_image\u00a0\u00bb:true,\u00a0\u00bbgrid_default\u00a0\u00bb:\u00a0\u00bb1&Prime;,\u00a0\u00bbgrid_medium\u00a0\u00bb:\u00a0\u00bb3&Prime;,\u00a0\u00bbfilter_style\u00a0\u00bb:\u00a0\u00bbtab\u00a0\u00bb,\u00a0\u00bbfilter_all\u00a0\u00bb:true,\u00a0\u00bbfilter_position\u00a0\u00bb:\u00a0\u00bbtop\u00a0\u00bb,\u00a0\u00bbfilter_align\u00a0\u00bb:\u00a0\u00bbleft\u00a0\u00bb,\u00a0\u00bbfilter_grid_width\u00a0\u00bb:\u00a0\u00bbauto\u00a0\u00bb,\u00a0\u00bbfilter_grid_breakpoint\u00a0\u00bb:\u00a0\u00bbm\u00a0\u00bb,\u00a0\u00bboverlay_mode\u00a0\u00bb:\u00a0\u00bbcover\u00a0\u00bb,\u00a0\u00bboverlay_hover\u00a0\u00bb:true,\u00a0\u00bboverlay_style\u00a0\u00bb:\u00a0\u00bboverlay-primary\u00a0\u00bb,\u00a0\u00bbtext_color\u00a0\u00bb:\u00a0\u00bblight\u00a0\u00bb,\u00a0\u00bboverlay_position\u00a0\u00bb:\u00a0\u00bbcenter\u00a0\u00bb,\u00a0\u00bboverlay_transition\u00a0\u00bb:\u00a0\u00bbfade\u00a0\u00bb,\u00a0\u00bbtitle_hover_style\u00a0\u00bb:\u00a0\u00bbreset\u00a0\u00bb,\u00a0\u00bbtitle_element\u00a0\u00bb:\u00a0\u00bbh3&Prime;,\u00a0\u00bbmeta_style\u00a0\u00bb:\u00a0\u00bbmeta\u00a0\u00bb,\u00a0\u00bbmeta_align\u00a0\u00bb:\u00a0\u00bbbelow-title\u00a0\u00bb,\u00a0\u00bbmeta_element\u00a0\u00bb:\u00a0\u00bbdiv\u00a0\u00bb,\u00a0\u00bblink_text\u00a0\u00bb:\u00a0\u00bbRead more\u00a0\u00bb,\u00a0\u00bblink_style\u00a0\u00bb:\u00a0\u00bbdefault\u00a0\u00bb,\u00a0\u00bbtext_align\u00a0\u00bb:\u00a0\u00bbcenter\u00a0\u00bb,\u00a0\u00bbmargin\u00a0\u00bb:\u00a0\u00bbdefault\u00a0\u00bb,\u00a0\u00bbitem_animation\u00a0\u00bb:\u00a0\u00bb\u00a0\u00bb},\u00a0\u00bbchildren\u00a0\u00bb:[{\u00ab\u00a0type\u00a0\u00bb:\u00a0\u00bbgallery_item\u00a0\u00bb,\u00a0\u00bbprops\u00a0\u00bb:{\u00ab\u00a0image\u00a0\u00bb:\u00a0\u00bbwp-content\\\/uploads\\\/2024\\\/03\\\/ipiccy_image-3.jpg\u00a0\u00bb}},{\u00ab\u00a0type\u00a0\u00bb:\u00a0\u00bbgallery_item\u00a0\u00bb,\u00a0\u00bbprops\u00a0\u00bb:{\u00ab\u00a0image\u00a0\u00bb:\u00a0\u00bbwp-content\\\/uploads\\\/2024\\\/08\\\/Brest.jpg\u00a0\u00bb}},{\u00ab\u00a0type\u00a0\u00bb:\u00a0\u00bbgallery_item\u00a0\u00bb,\u00a0\u00bbprops\u00a0\u00bb:{\u00ab\u00a0image\u00a0\u00bb:\u00a0\u00bbwp-content\\\/uploads\\\/2024\\\/06\\\/ipiccy_image2-1.jpg\u00a0\u00bb}}]}]}]}]}],\u00a0\u00bbversion\u00a0\u00bb:\u00a0\u00bb2.3.25&Prime;} &#8211;><!-- \/wp:post-content -->","protected":false},"excerpt":{"rendered":"<p>\\n Nous vous contacterons \\u00e0 notre reprise fin Ao\\u00fbt.\\n \\n Bel \\u00e9t\\u00e9 (ensoleill\\u00e9)!\\n \u00ab\u00a0}},{\u00ab\u00a0type\u00a0\u00bb:\u00a0\u00bbimage\u00a0\u00bb,\u00a0\u00bbprops\u00a0\u00bb:{\u00ab\u00a0margin\u00a0\u00bb:\u00a0\u00bblarge\u00a0\u00bb,\u00a0\u00bbimage_svg_color\u00a0\u00bb:\u00a0\u00bbemphasis\u00a0\u00bb,\u00a0\u00bbimage\u00a0\u00bb:\u00a0\u00bbwp-content\\\/uploads\\\/2024\\\/08\\\/Recrutement-techniciens-2.jpg\u00a0\u00bb,\u00a0\u00bbmaxwidth\u00a0\u00bb:\u00a0\u00bblarge\u00a0\u00bb,\u00a0\u00bbblock_align\u00a0\u00bb:\u00a0\u00bbcenter\u00a0\u00bb}},{\u00ab\u00a0type\u00a0\u00bb:\u00a0\u00bbgallery\u00a0\u00bb,\u00a0\u00bbprops\u00a0\u00bb:{\u00ab\u00a0show_title\u00a0\u00bb:true,\u00a0\u00bbshow_meta\u00a0\u00bb:true,\u00a0\u00bbshow_content\u00a0\u00bb:true,\u00a0\u00bbshow_link\u00a0\u00bb:true,\u00a0\u00bbshow_hover_image\u00a0\u00bb:true,\u00a0\u00bbgrid_default\u00a0\u00bb:\u00a0\u00bb1&Prime;,\u00a0\u00bbgrid_medium\u00a0\u00bb:\u00a0\u00bb3&Prime;,\u00a0\u00bbfilter_style\u00a0\u00bb:\u00a0\u00bbtab\u00a0\u00bb,\u00a0\u00bbfilter_all\u00a0\u00bb:true,\u00a0\u00bbfilter_position\u00a0\u00bb:\u00a0\u00bbtop\u00a0\u00bb,\u00a0\u00bbfilter_align\u00a0\u00bb:\u00a0\u00bbleft\u00a0\u00bb,\u00a0\u00bbfilter_grid_width\u00a0\u00bb:\u00a0\u00bbauto\u00a0\u00bb,\u00a0\u00bbfilter_grid_breakpoint\u00a0\u00bb:\u00a0\u00bbm\u00a0\u00bb,\u00a0\u00bboverlay_mode\u00a0\u00bb:\u00a0\u00bbcover\u00a0\u00bb,\u00a0\u00bboverlay_hover\u00a0\u00bb:true,\u00a0\u00bboverlay_style\u00a0\u00bb:\u00a0\u00bboverlay-primary\u00a0\u00bb,\u00a0\u00bbtext_color\u00a0\u00bb:\u00a0\u00bblight\u00a0\u00bb,\u00a0\u00bboverlay_position\u00a0\u00bb:\u00a0\u00bbcenter\u00a0\u00bb,\u00a0\u00bboverlay_transition\u00a0\u00bb:\u00a0\u00bbfade\u00a0\u00bb,\u00a0\u00bbtitle_hover_style\u00a0\u00bb:\u00a0\u00bbreset\u00a0\u00bb,\u00a0\u00bbtitle_element\u00a0\u00bb:\u00a0\u00bbh3&Prime;,\u00a0\u00bbmeta_style\u00a0\u00bb:\u00a0\u00bbmeta\u00a0\u00bb,\u00a0\u00bbmeta_align\u00a0\u00bb:\u00a0\u00bbbelow-title\u00a0\u00bb,\u00a0\u00bbmeta_element\u00a0\u00bb:\u00a0\u00bbdiv\u00a0\u00bb,\u00a0\u00bblink_text\u00a0\u00bb:\u00a0\u00bbRead more\u00a0\u00bb,\u00a0\u00bblink_style\u00a0\u00bb:\u00a0\u00bbdefault\u00a0\u00bb,\u00a0\u00bbtext_align\u00a0\u00bb:\u00a0\u00bbcenter\u00a0\u00bb,\u00a0\u00bbmargin\u00a0\u00bb:\u00a0\u00bbdefault\u00a0\u00bb,\u00a0\u00bbitem_animation\u00a0\u00bb:\u00a0\u00bb\u00a0\u00bb},\u00a0\u00bbchildren\u00a0\u00bb:[{\u00ab\u00a0type\u00a0\u00bb:\u00a0\u00bbgallery_item\u00a0\u00bb,\u00a0\u00bbprops\u00a0\u00bb:{\u00ab\u00a0image\u00a0\u00bb:\u00a0\u00bbwp-content\\\/uploads\\\/2024\\\/03\\\/ipiccy_image-3.jpg\u00a0\u00bb}},{\u00ab\u00a0type\u00a0\u00bb:\u00a0\u00bbgallery_item\u00a0\u00bb,\u00a0\u00bbprops\u00a0\u00bb:{\u00ab\u00a0image\u00a0\u00bb:\u00a0\u00bbwp-content\\\/uploads\\\/2024\\\/08\\\/Brest.jpg\u00a0\u00bb}},{\u00ab\u00a0type\u00a0\u00bb:\u00a0\u00bbgallery_item\u00a0\u00bb,\u00a0\u00bbprops\u00a0\u00bb:{\u00ab\u00a0image\u00a0\u00bb:\u00a0\u00bbwp-content\\\/uploads\\\/2024\\\/06\\\/ipiccy_image2-1.jpg\u00a0\u00bb}}]}]}]}]}],\u00a0\u00bbversion\u00a0\u00bb:\u00a0\u00bb2.3.25&Prime;} &#8211;>\\n Dans le cadre d&rsquo;une ouverture d&rsquo;agence \\u00e0 PLABENNEC, Solaire Avantages recrute 2 Technicien(ne)s Photovolta\\u00efques:\\n \u00ab\u00a0}},{\u00ab\u00a0type\u00a0\u00bb:\u00a0\u00bbtext\u00a0\u00bb,\u00a0\u00bbprops\u00a0\u00bb:{\u00ab\u00a0margin\u00a0\u00bb:\u00a0\u00bbdefault\u00a0\u00bb,\u00a0\u00bbcolumn_breakpoint\u00a0\u00bb:\u00a0\u00bbm\u00a0\u00bb,\u00a0\u00bbcontent\u00a0\u00bb:\u00a0\u00bb \\n 1 poste \\u00e0 PLOUESCAT, 1 poste \\u00e0 PLABENNEC\\n Profil: Couvreur, Electricien, D\\u00e9butant -&gt; Formation en interne\\n Prise de poste: Septembre 2024\\n Pose de [&hellip;]<\/p>\n","protected":false},"author":1,"featured_media":968,"parent":13,"menu_order":0,"comment_status":"closed","ping_status":"closed","template":"","meta":{"footnotes":""},"class_list":["post-963","page","type-page","status-publish","has-post-thumbnail","hentry"],"yoast_head":"<!-- This site is optimized with the Yoast SEO plugin v26.0 - https:\/\/yoast.com\/wordpress\/plugins\/seo\/ -->\n<title>RECRUTEMENT - Solaire Avantages - Installations Photovolta\u00efques<\/title>\n<meta name=\"description\" content=\"Rejoignez-nous ! Dans le cadre d&#039;une ouverture d&#039;agence \u00e0 Plabennec, nous recrutons 2 techniciens photovolta\u00efques: Un poste \u00e0 PLOUESCAT, un \u00e0 PLABENNEC.\" \/>\n<meta name=\"robots\" content=\"index, follow, max-snippet:-1, max-image-preview:large, max-video-preview:-1\" \/>\n<link rel=\"canonical\" href=\"https:\/\/solaire-avantages.com\/?page_id=963\" \/>\n<meta property=\"og:locale\" content=\"fr_FR\" \/>\n<meta property=\"og:type\" content=\"article\" \/>\n<meta property=\"og:title\" content=\"RECRUTEMENT - Solaire Avantages - Installations Photovolta\u00efques\" \/>\n<meta property=\"og:description\" content=\"Rejoignez-nous ! Dans le cadre d&#039;une ouverture d&#039;agence \u00e0 Plabennec, nous recrutons 2 techniciens photovolta\u00efques: Un poste \u00e0 PLOUESCAT, un \u00e0 PLABENNEC.\" \/>\n<meta property=\"og:url\" content=\"https:\/\/solaire-avantages.com\/?page_id=963\" \/>\n<meta property=\"og:site_name\" content=\"Solaire Avantages - Installations Photovolta\u00efques\" \/>\n<meta property=\"article:publisher\" content=\"https:\/\/www.facebook.com\/solaire.avantages29\/\" \/>\n<meta property=\"article:modified_time\" content=\"2024-08-01T14:44:47+00:00\" \/>\n<meta property=\"og:image\" content=\"https:\/\/solaire-avantages.com\/wp-content\/uploads\/2024\/08\/Recrutement-techniciens-2.jpg\" \/>\n\t<meta property=\"og:image:width\" content=\"1414\" \/>\n\t<meta property=\"og:image:height\" content=\"2000\" \/>\n\t<meta property=\"og:image:type\" content=\"image\/jpeg\" \/>\n<meta name=\"twitter:card\" content=\"summary_large_image\" \/>\n<meta name=\"twitter:label1\" content=\"Dur\u00e9e de lecture estim\u00e9e\" \/>\n\t<meta name=\"twitter:data1\" content=\"2 minutes\" \/>\n<script type=\"application\/ld+json\" class=\"yoast-schema-graph\">{\"@context\":\"https:\/\/schema.org\",\"@graph\":[{\"@type\":\"WebPage\",\"@id\":\"https:\/\/solaire-avantages.com\/?page_id=963\",\"url\":\"https:\/\/solaire-avantages.com\/?page_id=963\",\"name\":\"RECRUTEMENT - Solaire Avantages - Installations Photovolta\u00efques\",\"isPartOf\":{\"@id\":\"https:\/\/solaire-avantages.com\/#website\"},\"primaryImageOfPage\":{\"@id\":\"https:\/\/solaire-avantages.com\/?page_id=963#primaryimage\"},\"image\":{\"@id\":\"https:\/\/solaire-avantages.com\/?page_id=963#primaryimage\"},\"thumbnailUrl\":\"https:\/\/solaire-avantages.com\/wp-content\/uploads\/2024\/08\/Recrutement-techniciens-2.jpg\",\"datePublished\":\"2024-08-01T14:23:51+00:00\",\"dateModified\":\"2024-08-01T14:44:47+00:00\",\"description\":\"Rejoignez-nous ! Dans le cadre d'une ouverture d'agence \u00e0 Plabennec, nous recrutons 2 techniciens photovolta\u00efques: Un poste \u00e0 PLOUESCAT, un \u00e0 PLABENNEC.\",\"breadcrumb\":{\"@id\":\"https:\/\/solaire-avantages.com\/?page_id=963#breadcrumb\"},\"inLanguage\":\"fr-FR\",\"potentialAction\":[{\"@type\":\"ReadAction\",\"target\":[\"https:\/\/solaire-avantages.com\/?page_id=963\"]}]},{\"@type\":\"ImageObject\",\"inLanguage\":\"fr-FR\",\"@id\":\"https:\/\/solaire-avantages.com\/?page_id=963#primaryimage\",\"url\":\"https:\/\/solaire-avantages.com\/wp-content\/uploads\/2024\/08\/Recrutement-techniciens-2.jpg\",\"contentUrl\":\"https:\/\/solaire-avantages.com\/wp-content\/uploads\/2024\/08\/Recrutement-techniciens-2.jpg\",\"width\":1414,\"height\":2000},{\"@type\":\"BreadcrumbList\",\"@id\":\"https:\/\/solaire-avantages.com\/?page_id=963#breadcrumb\",\"itemListElement\":[{\"@type\":\"ListItem\",\"position\":1,\"name\":\"Accueil\",\"item\":\"https:\/\/solaire-avantages.com\/\"},{\"@type\":\"ListItem\",\"position\":2,\"name\":\"Solaire Avantages\",\"item\":\"https:\/\/solaire-avantages.com\/?page_id=13\"},{\"@type\":\"ListItem\",\"position\":3,\"name\":\"RECRUTEMENT\"}]},{\"@type\":\"WebSite\",\"@id\":\"https:\/\/solaire-avantages.com\/#website\",\"url\":\"https:\/\/solaire-avantages.com\/\",\"name\":\"Solaire Avantages - Installations Solaires et Photovolta\u00efques\",\"description\":\"Professionnel du solaire et photovolta\u00efque dans le Finist\u00e8re Nord\",\"publisher\":{\"@id\":\"https:\/\/solaire-avantages.com\/#organization\"},\"potentialAction\":[{\"@type\":\"SearchAction\",\"target\":{\"@type\":\"EntryPoint\",\"urlTemplate\":\"https:\/\/solaire-avantages.com\/?s={search_term_string}\"},\"query-input\":{\"@type\":\"PropertyValueSpecification\",\"valueRequired\":true,\"valueName\":\"search_term_string\"}}],\"inLanguage\":\"fr-FR\"},{\"@type\":\"Organization\",\"@id\":\"https:\/\/solaire-avantages.com\/#organization\",\"name\":\"Solaire Avantages\",\"url\":\"https:\/\/solaire-avantages.com\/\",\"logo\":{\"@type\":\"ImageObject\",\"inLanguage\":\"fr-FR\",\"@id\":\"https:\/\/solaire-avantages.com\/#\/schema\/logo\/image\/\",\"url\":\"https:\/\/solaire-avantages.com\/wp-content\/uploads\/2020\/12\/logomini.jpg\",\"contentUrl\":\"https:\/\/solaire-avantages.com\/wp-content\/uploads\/2020\/12\/logomini.jpg\",\"width\":90,\"height\":52,\"caption\":\"Solaire Avantages\"},\"image\":{\"@id\":\"https:\/\/solaire-avantages.com\/#\/schema\/logo\/image\/\"},\"sameAs\":[\"https:\/\/www.facebook.com\/solaire.avantages29\/\",\"https:\/\/www.linkedin.com\/company\/solaire-avantages\"]}]}<\/script>\n<!-- \/ Yoast SEO plugin. -->","yoast_head_json":{"title":"RECRUTEMENT - Solaire Avantages - Installations Photovolta\u00efques","description":"Rejoignez-nous ! Dans le cadre d'une ouverture d'agence \u00e0 Plabennec, nous recrutons 2 techniciens photovolta\u00efques: Un poste \u00e0 PLOUESCAT, un \u00e0 PLABENNEC.","robots":{"index":"index","follow":"follow","max-snippet":"max-snippet:-1","max-image-preview":"max-image-preview:large","max-video-preview":"max-video-preview:-1"},"canonical":"https:\/\/solaire-avantages.com\/?page_id=963","og_locale":"fr_FR","og_type":"article","og_title":"RECRUTEMENT - Solaire Avantages - Installations Photovolta\u00efques","og_description":"Rejoignez-nous ! Dans le cadre d'une ouverture d'agence \u00e0 Plabennec, nous recrutons 2 techniciens photovolta\u00efques: Un poste \u00e0 PLOUESCAT, un \u00e0 PLABENNEC.","og_url":"https:\/\/solaire-avantages.com\/?page_id=963","og_site_name":"Solaire Avantages - Installations Photovolta\u00efques","article_publisher":"https:\/\/www.facebook.com\/solaire.avantages29\/","article_modified_time":"2024-08-01T14:44:47+00:00","og_image":[{"width":1414,"height":2000,"url":"https:\/\/solaire-avantages.com\/wp-content\/uploads\/2024\/08\/Recrutement-techniciens-2.jpg","type":"image\/jpeg"}],"twitter_card":"summary_large_image","twitter_misc":{"Dur\u00e9e de lecture estim\u00e9e":"2 minutes"},"schema":{"@context":"https:\/\/schema.org","@graph":[{"@type":"WebPage","@id":"https:\/\/solaire-avantages.com\/?page_id=963","url":"https:\/\/solaire-avantages.com\/?page_id=963","name":"RECRUTEMENT - Solaire Avantages - Installations Photovolta\u00efques","isPartOf":{"@id":"https:\/\/solaire-avantages.com\/#website"},"primaryImageOfPage":{"@id":"https:\/\/solaire-avantages.com\/?page_id=963#primaryimage"},"image":{"@id":"https:\/\/solaire-avantages.com\/?page_id=963#primaryimage"},"thumbnailUrl":"https:\/\/solaire-avantages.com\/wp-content\/uploads\/2024\/08\/Recrutement-techniciens-2.jpg","datePublished":"2024-08-01T14:23:51+00:00","dateModified":"2024-08-01T14:44:47+00:00","description":"Rejoignez-nous ! Dans le cadre d'une ouverture d'agence \u00e0 Plabennec, nous recrutons 2 techniciens photovolta\u00efques: Un poste \u00e0 PLOUESCAT, un \u00e0 PLABENNEC.","breadcrumb":{"@id":"https:\/\/solaire-avantages.com\/?page_id=963#breadcrumb"},"inLanguage":"fr-FR","potentialAction":[{"@type":"ReadAction","target":["https:\/\/solaire-avantages.com\/?page_id=963"]}]},{"@type":"ImageObject","inLanguage":"fr-FR","@id":"https:\/\/solaire-avantages.com\/?page_id=963#primaryimage","url":"https:\/\/solaire-avantages.com\/wp-content\/uploads\/2024\/08\/Recrutement-techniciens-2.jpg","contentUrl":"https:\/\/solaire-avantages.com\/wp-content\/uploads\/2024\/08\/Recrutement-techniciens-2.jpg","width":1414,"height":2000},{"@type":"BreadcrumbList","@id":"https:\/\/solaire-avantages.com\/?page_id=963#breadcrumb","itemListElement":[{"@type":"ListItem","position":1,"name":"Accueil","item":"https:\/\/solaire-avantages.com\/"},{"@type":"ListItem","position":2,"name":"Solaire Avantages","item":"https:\/\/solaire-avantages.com\/?page_id=13"},{"@type":"ListItem","position":3,"name":"RECRUTEMENT"}]},{"@type":"WebSite","@id":"https:\/\/solaire-avantages.com\/#website","url":"https:\/\/solaire-avantages.com\/","name":"Solaire Avantages - Installations Solaires et Photovolta\u00efques","description":"Professionnel du solaire et photovolta\u00efque dans le Finist\u00e8re Nord","publisher":{"@id":"https:\/\/solaire-avantages.com\/#organization"},"potentialAction":[{"@type":"SearchAction","target":{"@type":"EntryPoint","urlTemplate":"https:\/\/solaire-avantages.com\/?s={search_term_string}"},"query-input":{"@type":"PropertyValueSpecification","valueRequired":true,"valueName":"search_term_string"}}],"inLanguage":"fr-FR"},{"@type":"Organization","@id":"https:\/\/solaire-avantages.com\/#organization","name":"Solaire Avantages","url":"https:\/\/solaire-avantages.com\/","logo":{"@type":"ImageObject","inLanguage":"fr-FR","@id":"https:\/\/solaire-avantages.com\/#\/schema\/logo\/image\/","url":"https:\/\/solaire-avantages.com\/wp-content\/uploads\/2020\/12\/logomini.jpg","contentUrl":"https:\/\/solaire-avantages.com\/wp-content\/uploads\/2020\/12\/logomini.jpg","width":90,"height":52,"caption":"Solaire Avantages"},"image":{"@id":"https:\/\/solaire-avantages.com\/#\/schema\/logo\/image\/"},"sameAs":["https:\/\/www.facebook.com\/solaire.avantages29\/","https:\/\/www.linkedin.com\/company\/solaire-avantages"]}]}},"_links":{"self":[{"href":"https:\/\/solaire-avantages.com\/index.php?rest_route=\/wp\/v2\/pages\/963","targetHints":{"allow":["GET"]}}],"collection":[{"href":"https:\/\/solaire-avantages.com\/index.php?rest_route=\/wp\/v2\/pages"}],"about":[{"href":"https:\/\/solaire-avantages.com\/index.php?rest_route=\/wp\/v2\/types\/page"}],"author":[{"embeddable":true,"href":"https:\/\/solaire-avantages.com\/index.php?rest_route=\/wp\/v2\/users\/1"}],"replies":[{"embeddable":true,"href":"https:\/\/solaire-avantages.com\/index.php?rest_route=%2Fwp%2Fv2%2Fcomments&post=963"}],"version-history":[{"count":8,"href":"https:\/\/solaire-avantages.com\/index.php?rest_route=\/wp\/v2\/pages\/963\/revisions"}],"predecessor-version":[{"id":980,"href":"https:\/\/solaire-avantages.com\/index.php?rest_route=\/wp\/v2\/pages\/963\/revisions\/980"}],"up":[{"embeddable":true,"href":"https:\/\/solaire-avantages.com\/index.php?rest_route=\/wp\/v2\/pages\/13"}],"wp:featuredmedia":[{"embeddable":true,"href":"https:\/\/solaire-avantages.com\/index.php?rest_route=\/wp\/v2\/media\/968"}],"wp:attachment":[{"href":"https:\/\/solaire-avantages.com\/index.php?rest_route=%2Fwp%2Fv2%2Fmedia&parent=963"}],"curies":[{"name":"wp","href":"https:\/\/api.w.org\/{rel}","templated":true}]}}